{"id":5777,"date":"2024-02-16T16:08:26","date_gmt":"2024-02-16T15:08:26","guid":{"rendered":"https:\/\/madeincamp.fr\/le-roc\/?page_id=5777"},"modified":"2025-05-14T11:55:55","modified_gmt":"2025-05-14T09:55:55","slug":"location-emplacement-vaire","status":"publish","type":"page","link":"https:\/\/madeincamp.fr\/le-roc\/location-emplacement-vaire\/","title":{"rendered":"Emplacements de camping \u00e0 Vair\u00e9"},"content":{"rendered":"\n<div class=\"wp-block-group alignwide is-layout-flow wp-block-group-is-layout-flow\" style=\"padding-top:var(--wp--preset--spacing--60);padding-bottom:0\">\n<div class=\"wp-block-columns is-layout-flex wp-container-core-columns-is-layout-28f84493 wp-block-columns-is-layout-flex\">\n<div class=\"wp-block-column is-layout-flow wp-block-column-is-layout-flow\">\n<h2 class=\"wp-block-heading has-base-color has-text-color has-link-color wp-elements-c488e701d01fb1fe7e97ffd542122b90\"><strong>Nos emplacements de camping<\/strong> \u00e0 Vair\u00e9<\/h2>\n\n\n\n<p>Pour des vacances au vert d\u00e9paysantes et ressour\u00e7antes, choisissez la location d\u2019<strong>emplacement en Vend\u00e9e<\/strong> et plantez votre tente !<\/p>\n\n\n\n<p class=\"has-contrast-2-color has-text-color has-link-color wp-elements-714d7573b14c5ff1a799893b3f8cfe4a\">Vous aimez le <strong>camping traditionnel<\/strong> et vous peinez \u00e0 trouver un \u00e9tablissement qui ne se soit pas transform\u00e9 en cit\u00e9 de mobil-homes ? Vous appr\u00e9ciez de <strong>camper en caravane, en tente ou en camping-car <\/strong>dans un cadre pr\u00e9serv\u00e9, au sein d\u2019un camping \u00e0 taille humaine, anim\u00e9 et bien \u00e9quip\u00e9 ?<\/p>\n\n\n\n<p class=\"has-contrast-2-color has-text-color has-link-color wp-elements-247e6cf335b151aeeb091735dc115300\">D\u00e9couvrez les vacances avec <a href=\"https:\/\/madeincamp.fr\/\">Made in Camp<\/a>. Au <a href=\"https:\/\/madeincamp.fr\/le-roc\/\">camping \u00e0 Vair\u00e9<\/a> Le Roc, vous pourrez louer un magnifique emplacement de <a href=\"https:\/\/madeincamp.fr\/camping-vendee\/camping-sables-dolonne\/\">camping aux Sables d&rsquo;Olonne<\/a>. Enherb\u00e9 et entour\u00e9 de haies sur un domaine arbor\u00e9, \u00e0 quelques minutes de l\u2019oc\u00e9an.<\/p>\n\n\n\n<div style=\"height:1rem\" aria-hidden=\"true\" class=\"wp-block-spacer\"><\/div>\n<\/div>\n\n\n\n<div class=\"wp-block-column is-layout-flow wp-container-core-column-is-layout-8a368f38 wp-block-column-is-layout-flow\">\n<div class=\"wp-block-group home-map-ctv is-layout-flow wp-block-group-is-layout-flow\">\n<figure class=\"wp-block-image aligncenter size-full animated fadeInUp slow delay-500ms\"><img decoding=\"async\" src=\"https:\/\/madeincamp.fr\/wp-content\/uploads\/2024\/02\/fleur.png\" alt=\"fleur\" class=\"wp-image-121\" style=\"object-fit:cover\"\/><\/figure>\n<\/div>\n\n\n\n<div class=\"wp-block-group animated fadeIn slow has-global-padding is-layout-constrained wp-block-group-is-layout-constrained\">\n<figure data-wp-context=\"{&quot;imageId&quot;:&quot;69efc5eadc077&quot;}\" data-wp-interactive=\"core\/image\" class=\"wp-block-image size-full wp-lightbox-container\"><img data-dominant-color=\"667253\" data-has-transparency=\"false\" decoding=\"async\" width=\"1537\" height=\"2048\" data-wp-class--hide=\"state.isContentHidden\" data-wp-class--show=\"state.isContentVisible\" data-wp-init=\"callbacks.setButtonStyles\" data-wp-on-async--click=\"actions.showLightbox\" data-wp-on-async--load=\"callbacks.setButtonStyles\" data-wp-on-async-window--resize=\"callbacks.setButtonStyles\" sizes=\"(max-width: 620px) 100vw, 620px\" src=\"https:\/\/madeincamp.fr\/le-roc\/wp-content\/uploads\/sites\/2\/2025\/05\/processed-CADD988D-BD8E-4A11-B8B6-31DED8193BEF-scaled.jpeg\" alt=\"emplacement camping ensoleill\u00e9 au roc made in camp\" class=\"wp-image-9358 not-transparent\" style=\"--dominant-color: #667253; aspect-ratio:1;object-fit:cover\" srcset=\"https:\/\/madeincamp.fr\/le-roc\/wp-content\/uploads\/sites\/2\/2025\/05\/processed-CADD988D-BD8E-4A11-B8B6-31DED8193BEF-scaled.jpeg 1537w, https:\/\/madeincamp.fr\/le-roc\/wp-content\/uploads\/sites\/2\/2025\/05\/processed-CADD988D-BD8E-4A11-B8B6-31DED8193BEF-225x300.jpeg 225w, https:\/\/madeincamp.fr\/le-roc\/wp-content\/uploads\/sites\/2\/2025\/05\/processed-CADD988D-BD8E-4A11-B8B6-31DED8193BEF-768x1023.jpeg 768w, https:\/\/madeincamp.fr\/le-roc\/wp-content\/uploads\/sites\/2\/2025\/05\/processed-CADD988D-BD8E-4A11-B8B6-31DED8193BEF-1153x1536.jpeg 1153w\" \/><button\n\t\t\tclass=\"lightbox-trigger\"\n\t\t\ttype=\"button\"\n\t\t\taria-haspopup=\"dialog\"\n\t\t\taria-label=\"Agrandir\"\n\t\t\tdata-wp-init=\"callbacks.initTriggerButton\"\n\t\t\tdata-wp-on-async--click=\"actions.showLightbox\"\n\t\t\tdata-wp-style--right=\"state.imageButtonRight\"\n\t\t\tdata-wp-style--top=\"state.imageButtonTop\"\n\t\t>\n\t\t\t<svg xmlns=\"http:\/\/www.w3.org\/2000\/svg\" width=\"12\" height=\"12\" fill=\"none\" viewBox=\"0 0 12 12\">\n\t\t\t\t<path fill=\"#fff\" d=\"M2 0a2 2 0 0 0-2 2v2h1.5V2a.5.5 0 0 1 .5-.5h2V0H2Zm2 10.5H2a.5.5 0 0 1-.5-.5V8H0v2a2 2 0 0 0 2 2h2v-1.5ZM8 12v-1.5h2a.5.5 0 0 0 .5-.5V8H12v2a2 2 0 0 1-2 2H8Zm2-12a2 2 0 0 1 2 2v2h-1.5V2a.5.5 0 0 0-.5-.5H8V0h2Z\" \/>\n\t\t\t<\/svg>\n\t\t<\/button><\/figure>\n<\/div>\n<\/div>\n<\/div>\n<\/div>\n\n\n\n<div class=\"wp-block-group alignwide is-content-justification-center is-nowrap is-layout-flex wp-container-core-group-is-layout-23441af8 wp-block-group-is-layout-flex\">\n<div \n    class=\"align wp-block-acf-widget-ctoutvert\">\n\n            <ctv-product data-product-id=\"129105\" ><\/ctv-product>\n    \n    \n<\/div>\n\n\n\n\n\n<div \n    class=\"align wp-block-acf-widget-ctoutvert\">\n\n            <ctv-product data-product-id=\"129093\" ><\/ctv-product>\n    \n    \n<\/div>\n\n\n<\/div>\n\n\n\n<div class=\"wp-block-cover alignfull has-custom-content-position is-position-bottom-left animated fadeIn slow\" style=\"margin-top:var(--wp--preset--spacing--50);padding-top:var(--wp--preset--spacing--40);padding-right:var(--wp--preset--spacing--40);padding-bottom:var(--wp--preset--spacing--40);padding-left:var(--wp--preset--spacing--40);min-height:100vh;aspect-ratio:unset;\"><span aria-hidden=\"true\" class=\"wp-block-cover__background has-background-dim-60 has-background-dim wp-block-cover__gradient-background has-background-gradient\" style=\"background:linear-gradient(135deg,rgb(0,0,0) 0%,rgba(0,0,0,0.59) 100%)\"><\/span><img decoding=\"async\" width=\"2000\" height=\"1121\" sizes=\"100vw\" class=\"wp-block-cover__image-background wp-image-6312\" alt=\"camping car tente emplacement\" src=\"https:\/\/madeincamp.fr\/le-roc\/wp-content\/uploads\/sites\/2\/2024\/03\/camping-car-tente-emplacement.webp\" data-object-fit=\"cover\" srcset=\"https:\/\/madeincamp.fr\/le-roc\/wp-content\/uploads\/sites\/2\/2024\/03\/camping-car-tente-emplacement.webp 2000w, https:\/\/madeincamp.fr\/le-roc\/wp-content\/uploads\/sites\/2\/2024\/03\/camping-car-tente-emplacement-300x168.webp 300w, https:\/\/madeincamp.fr\/le-roc\/wp-content\/uploads\/sites\/2\/2024\/03\/camping-car-tente-emplacement-1024x574.webp 1024w, https:\/\/madeincamp.fr\/le-roc\/wp-content\/uploads\/sites\/2\/2024\/03\/camping-car-tente-emplacement-768x430.webp 768w, https:\/\/madeincamp.fr\/le-roc\/wp-content\/uploads\/sites\/2\/2024\/03\/camping-car-tente-emplacement-1536x861.webp 1536w\" \/><div class=\"wp-block-cover__inner-container is-layout-flow wp-block-cover-is-layout-flow\">\n<div class=\"wp-block-group has-base-2-color has-text-color has-link-color wp-elements-1a3b09cd8b54bd9a25c743e19a08f235 is-layout-flow wp-container-core-group-is-layout-e356762d wp-block-group-is-layout-flow\" style=\"margin-top:0;margin-bottom:0\">\n<div class=\"wp-block-columns is-layout-flex wp-container-core-columns-is-layout-28f84493 wp-block-columns-is-layout-flex\">\n<div class=\"wp-block-column is-vertically-aligned-center is-layout-flow wp-block-column-is-layout-flow\">\n<h2 class=\"wp-block-heading\">Nos <strong>sanitaires de qualit\u00e9<\/strong><\/h2>\n\n\n\n<p>Vous visitez la Vend\u00e9e en camping-car et vous cherchez un emplacement agr\u00e9able, pour une halte d\u2019une nuit\u00e9e ou pour l\u2019ensemble de votre s\u00e9jour ?<\/p>\n\n\n\n<p>Toutes nos parcelles sont accessibles aux camping-cars gr\u00e2ce \u00e0 leur <strong>branchement \u00e9lectrique<\/strong>.<\/p>\n\n\n\n<p>Sur notre site se trouve aussi une<strong> aire de vidange<\/strong>, qui vous permet de s\u00e9journer en toute autonomie en vous servant de vos \u00e9quipements.<\/p>\n\n\n\n<p>Si vous voulez profiter d\u2019une <a href=\"https:\/\/madeincamp.fr\/le-roc\/camping-espace-aquatique-vaire\/\">piscine \u00e0 Vair\u00e9<\/a>, d\u2019<a href=\"https:\/\/madeincamp.fr\/le-roc\/camping-animations-vaire\/\">animations<\/a> et de <a href=\"https:\/\/madeincamp.fr\/le-roc\/camping-familial-vaire\/\">nombreux services camping<\/a>, pensez \u00e0 la <a href=\"https:\/\/madeincamp.fr\/le-roc\/location-mobil-home-vaire\/\">location d\u2019un mobil-home \u00e0 Vair\u00e9<\/a> ou d\u2019un <strong>emplacement pr\u00e8s des Sables d&rsquo;Olonne<\/strong> pour stationner votre camping-car !<\/p>\n\n\n\n<div style=\"height:0.5rem\" aria-hidden=\"true\" class=\"wp-block-spacer\"><\/div>\n<\/div>\n\n\n\n<div class=\"wp-block-column is-layout-flow wp-block-column-is-layout-flow\">\n<div class=\"wp-block-group animated fadeIn slow has-global-padding is-layout-constrained wp-block-group-is-layout-constrained\"><\/div>\n<\/div>\n<\/div>\n<\/div>\n<\/div><\/div>\n\n\n\n<div class=\"wp-block-cover alignfull rellaxed animated fadeIn slow is-style-gt-bg-left has-border-color has-base-2-border-color\" style=\"border-width:2rem;margin-top:var(--wp--preset--spacing--50);margin-bottom:var(--wp--preset--spacing--30);padding-top:0;padding-bottom:0;padding-left:0;min-height:120vh;aspect-ratio:unset;\"><span aria-hidden=\"true\" class=\"wp-block-cover__background has-background-dim-0 has-background-dim\" style=\"background-color:#869085\"><\/span><img data-dominant-color=\"717357\" data-has-transparency=\"false\" decoding=\"async\" width=\"1537\" height=\"2048\" sizes=\"100vw\" class=\"wp-block-cover__image-background wp-image-9361 not-transparent\" alt=\"emplacement camping ensoleill\u00e9 au roc made in camp\" src=\"https:\/\/madeincamp.fr\/le-roc\/wp-content\/uploads\/sites\/2\/2025\/05\/processed-696ACE3B-6122-457C-B519-ACA4E02D9D26-scaled.jpeg\" style=\"--dominant-color: #717357; object-position:66% 0%\" data-object-fit=\"cover\" data-object-position=\"66% 0%\" srcset=\"https:\/\/madeincamp.fr\/le-roc\/wp-content\/uploads\/sites\/2\/2025\/05\/processed-696ACE3B-6122-457C-B519-ACA4E02D9D26-scaled.jpeg 1537w, https:\/\/madeincamp.fr\/le-roc\/wp-content\/uploads\/sites\/2\/2025\/05\/processed-696ACE3B-6122-457C-B519-ACA4E02D9D26-225x300.jpeg 225w, https:\/\/madeincamp.fr\/le-roc\/wp-content\/uploads\/sites\/2\/2025\/05\/processed-696ACE3B-6122-457C-B519-ACA4E02D9D26-768x1023.jpeg 768w, https:\/\/madeincamp.fr\/le-roc\/wp-content\/uploads\/sites\/2\/2025\/05\/processed-696ACE3B-6122-457C-B519-ACA4E02D9D26-1153x1536.jpeg 1153w\" \/><div class=\"wp-block-cover__inner-container has-global-padding is-layout-constrained wp-container-core-cover-is-layout-9ad10da9 wp-block-cover-is-layout-constrained\">\n<div class=\"wp-block-group alignwide is-layout-flow wp-block-group-is-layout-flow\" style=\"padding-top:0;padding-bottom:0;padding-left:20vw\">\n<div class=\"wp-block-columns has-base-2-background-color has-background is-layout-flex wp-container-core-columns-is-layout-271a479c wp-block-columns-is-layout-flex\" style=\"padding-top:var(--wp--preset--spacing--20);padding-right:var(--wp--preset--spacing--20);padding-bottom:var(--wp--preset--spacing--20);padding-left:var(--wp--preset--spacing--20)\">\n<div class=\"wp-block-column is-layout-flow wp-container-core-column-is-layout-22223934 wp-block-column-is-layout-flow\">\n<figure data-wp-context=\"{&quot;imageId&quot;:&quot;69efc5eadce4f&quot;}\" data-wp-interactive=\"core\/image\" class=\"wp-block-image size-full animated fadeIn slow is-style-gt-full-height wp-lightbox-container\"><img decoding=\"async\" width=\"800\" height=\"1427\" data-wp-class--hide=\"state.isContentHidden\" data-wp-class--show=\"state.isContentVisible\" data-wp-init=\"callbacks.setButtonStyles\" data-wp-on-async--click=\"actions.showLightbox\" data-wp-on-async--load=\"callbacks.setButtonStyles\" data-wp-on-async-window--resize=\"callbacks.setButtonStyles\" sizes=\"(max-width: 620px) 100vw, 620px\" src=\"https:\/\/madeincamp.fr\/le-roc\/wp-content\/uploads\/sites\/2\/2024\/03\/laverie-homme.webp\" alt=\"laverie homme\" class=\"wp-image-6318\" style=\"aspect-ratio:9\/16;object-fit:cover\" srcset=\"https:\/\/madeincamp.fr\/le-roc\/wp-content\/uploads\/sites\/2\/2024\/03\/laverie-homme.webp 800w, https:\/\/madeincamp.fr\/le-roc\/wp-content\/uploads\/sites\/2\/2024\/03\/laverie-homme-168x300.webp 168w, https:\/\/madeincamp.fr\/le-roc\/wp-content\/uploads\/sites\/2\/2024\/03\/laverie-homme-574x1024.webp 574w, https:\/\/madeincamp.fr\/le-roc\/wp-content\/uploads\/sites\/2\/2024\/03\/laverie-homme-768x1370.webp 768w\" \/><button\n\t\t\tclass=\"lightbox-trigger\"\n\t\t\ttype=\"button\"\n\t\t\taria-haspopup=\"dialog\"\n\t\t\taria-label=\"Agrandir\"\n\t\t\tdata-wp-init=\"callbacks.initTriggerButton\"\n\t\t\tdata-wp-on-async--click=\"actions.showLightbox\"\n\t\t\tdata-wp-style--right=\"state.imageButtonRight\"\n\t\t\tdata-wp-style--top=\"state.imageButtonTop\"\n\t\t>\n\t\t\t<svg xmlns=\"http:\/\/www.w3.org\/2000\/svg\" width=\"12\" height=\"12\" fill=\"none\" viewBox=\"0 0 12 12\">\n\t\t\t\t<path fill=\"#fff\" d=\"M2 0a2 2 0 0 0-2 2v2h1.5V2a.5.5 0 0 1 .5-.5h2V0H2Zm2 10.5H2a.5.5 0 0 1-.5-.5V8H0v2a2 2 0 0 0 2 2h2v-1.5ZM8 12v-1.5h2a.5.5 0 0 0 .5-.5V8H12v2a2 2 0 0 1-2 2H8Zm2-12a2 2 0 0 1 2 2v2h-1.5V2a.5.5 0 0 0-.5-.5H8V0h2Z\" \/>\n\t\t\t<\/svg>\n\t\t<\/button><\/figure>\n<\/div>\n\n\n\n<div class=\"wp-block-column is-layout-flow wp-block-column-is-layout-flow\">\n<h2 class=\"wp-block-heading\">Nos <strong>\u00e9quipements en location<\/strong><\/h2>\n\n\n\n<p class=\"has-contrast-2-color has-text-color has-link-color wp-elements-3522c02a7953db9742ef6a5ca3285aee\">Pour un s\u00e9jour id\u00e9al entre nature et confort, le <a href=\"https:\/\/madeincamp.fr\/le-roc\/camping-pas-cher-vaire\/\">camping \u00e0 petit prix \u00e0 Vair\u00e9<\/a> propose la location d\u2019emplacements en Vend\u00e9e avec des<strong> sanitaires de haute qualit\u00e9<\/strong>.<\/p>\n\n\n\n<p class=\"has-contrast-2-color has-text-color has-link-color wp-elements-74c14c234f2b293e938a00a28dd742ca\">Lorsque vous s\u00e9journez au <a href=\"https:\/\/madeincamp.fr\/camping-vendee\/\">camping en Vend\u00e9e<\/a> en tente, en caravane ou en camping-car pr\u00e8s des Sables d&rsquo;Olonne, vous avez acc\u00e8s \u00e0 <strong>deux blocs sanitaires chauff\u00e9s en \u00e9t\u00e9<\/strong>, et un<strong> bloc sanitaire chauff\u00e9 en basse saison<\/strong>.<\/p>\n\n\n\n<p class=\"has-contrast-2-color has-text-color has-link-color wp-elements-74ebac9b5b798ddc06a3106eccee1cc8\">Pour le quotidien, vous disposez ainsi de lavabos individuels, de douches, d\u2019une <strong>cabine b\u00e9b\u00e9<\/strong>.<\/p>\n\n\n\n<p class=\"has-contrast-2-color has-text-color has-link-color wp-elements-0bf0e42318c076fa490967385c51bb0a\">Un <strong>espace laverie <\/strong>est \u00e9galement pr\u00e9sent, avec lave-linge et s\u00e8che-linge. L\u2019id\u00e9al pour le retour de plage ou pour les vacances avec un tout jeune enfant !<\/p>\n<\/div>\n<\/div>\n<\/div>\n<\/div><\/div>\n\n\n\n<div class=\"wp-block-group alignfull has-global-padding is-layout-constrained wp-block-group-is-layout-constrained\">\n<div \n    class=\"alignwide wp-block-acf-widget-ctoutvert\">\n\n            <ctv-availability data-product-id=\"\" ><\/ctv-availability>\n    \n    \n<\/div>\n\n\n<\/div>\n\n\n\n<div class=\"wp-block-group alignwide has-base-color has-text-color has-link-color has-black-crow-font-family wp-elements-45959d2bf25f884e60c1ccdf3e5e288e is-content-justification-center is-layout-flex wp-container-core-group-is-layout-1d21e971 wp-block-group-is-layout-flex\" style=\"padding-top:var(--wp--preset--spacing--40);padding-bottom:var(--wp--preset--spacing--40);font-size:clamp(3.8rem, 3.8rem + ((1vw - 0.2rem) * 7), 8rem);line-height:0.9;text-transform:uppercase\">\n<p class=\"has-text-align-center animated fadeIn slow\">MADE IN <\/p>\n\n\n\n<p class=\"o-typing-slow animated fadeIn delay-200ms slow has-contrast-color has-text-color has-link-color wp-elements-354cf7411f79a31802927e7990e1f3c6\">nature<\/p>\n<\/div>\n\n\n\n<div class=\"wp-block-group alignfull is-style-gt-ctas is-content-justification-space-between is-nowrap is-layout-flex wp-container-core-group-is-layout-4e2e7437 wp-block-group-is-layout-flex\"><a href=\"https:\/\/madeincamp.fr\/le-roc\/location-mobil-home-vaire\/\"    class=\"no-icon animated fadeIn slow wp-block-tiptip-hyperlink-group-block\" >\n<div class=\"wp-block-cover has-custom-content-position is-position-bottom-right has-contrast-2-color has-text-color has-link-color wp-elements-d39c0db46b81ad0b827737145932c6d1\" style=\"padding-top:var(--wp--preset--spacing--40);padding-right:var(--wp--preset--spacing--40);padding-bottom:var(--wp--preset--spacing--40);padding-left:var(--wp--preset--spacing--40);min-height:65vh;aspect-ratio:unset;\"><span aria-hidden=\"true\" class=\"wp-block-cover__background has-background-dim-100 has-background-dim wp-block-cover__gradient-background has-background-gradient\" style=\"background:linear-gradient(180deg,rgba(255,255,255,0) 17%,rgb(255,255,255) 83%)\"><\/span><img decoding=\"async\" width=\"1456\" height=\"832\" sizes=\"(max-width: 620px) 100vw, 620px\" class=\"wp-block-cover__image-background wp-image-5885\" alt=\"famille dort au matin warm\" src=\"https:\/\/madeincamp.fr\/le-roc\/wp-content\/uploads\/sites\/2\/2024\/02\/famille-dort-au-matin-warm.webp\" data-object-fit=\"cover\" srcset=\"https:\/\/madeincamp.fr\/le-roc\/wp-content\/uploads\/sites\/2\/2024\/02\/famille-dort-au-matin-warm.webp 1456w, https:\/\/madeincamp.fr\/le-roc\/wp-content\/uploads\/sites\/2\/2024\/02\/famille-dort-au-matin-warm-300x171.webp 300w, https:\/\/madeincamp.fr\/le-roc\/wp-content\/uploads\/sites\/2\/2024\/02\/famille-dort-au-matin-warm-1024x585.webp 1024w, https:\/\/madeincamp.fr\/le-roc\/wp-content\/uploads\/sites\/2\/2024\/02\/famille-dort-au-matin-warm-768x439.webp 768w\" \/><div class=\"wp-block-cover__inner-container has-global-padding is-layout-constrained wp-container-core-cover-is-layout-52009084 wp-block-cover-is-layout-constrained\">\n<div class=\"wp-block-group has-contrast-2-color has-text-color has-link-color wp-elements-b5f5873c95012a195cae5ecb18591045 is-vertical is-content-justification-right is-layout-flex wp-container-core-group-is-layout-05e4ae02 wp-block-group-is-layout-flex\" style=\"margin-top:0;margin-bottom:0\">\n<p class=\"has-text-align-right animated fadeIn slow has-base-color has-text-color has-link-color has-chennai-font-family has-large-font-size wp-elements-6e6fea75a2527a73f45c77ee9634a86f\" style=\"line-height:1.2\">Les mobil homes<\/p>\n\n\n\n<div class=\"wp-block-group is-nowrap is-layout-flex wp-container-core-group-is-layout-542c142b wp-block-group-is-layout-flex\">\n<figure class=\"wp-block-image size-full is-resized animated fadeInLeft delay-500ms slow wp-duotone-222323-222323-2\"><img decoding=\"async\" src=\"https:\/\/madeincamp.fr\/wp-content\/uploads\/2024\/02\/arrow-big.png\" alt=\"arrow big\" class=\"wp-image-422\" style=\"width:28px;height:auto\"\/><\/figure>\n<\/div>\n<\/div>\n<\/div><\/div>\n<\/a>\n\n<a href=\"https:\/\/madeincamp.fr\/le-roc\/camping-pas-cher-vaire\/\"    style=\"padding-top:4rem;\" class=\"no-icon animated fadeIn delay-200ms slow wp-block-tiptip-hyperlink-group-block\" >\n<div class=\"wp-block-cover has-custom-content-position is-position-bottom-right has-contrast-2-color has-text-color has-link-color wp-elements-489f77a6ea7c523aaf75707e6286abfa\" style=\"padding-top:var(--wp--preset--spacing--40);padding-right:var(--wp--preset--spacing--40);padding-bottom:var(--wp--preset--spacing--40);padding-left:var(--wp--preset--spacing--40);min-height:75vh;aspect-ratio:unset;\"><span aria-hidden=\"true\" class=\"wp-block-cover__background has-background-dim-100 has-background-dim wp-block-cover__gradient-background has-background-gradient\" style=\"background:linear-gradient(180deg,rgba(255,255,255,0) 17%,rgb(255,255,255) 83%)\"><\/span><img decoding=\"async\" width=\"1280\" height=\"960\" sizes=\"(max-width: 620px) 100vw, 620px\" class=\"wp-block-cover__image-background wp-image-5723\" alt=\"camping le roc vendee6\" src=\"https:\/\/madeincamp.fr\/le-roc\/wp-content\/uploads\/sites\/2\/2024\/02\/camping-le-roc-vendee6.webp\" data-object-fit=\"cover\" srcset=\"https:\/\/madeincamp.fr\/le-roc\/wp-content\/uploads\/sites\/2\/2024\/02\/camping-le-roc-vendee6.webp 1280w, https:\/\/madeincamp.fr\/le-roc\/wp-content\/uploads\/sites\/2\/2024\/02\/camping-le-roc-vendee6-300x225.webp 300w, https:\/\/madeincamp.fr\/le-roc\/wp-content\/uploads\/sites\/2\/2024\/02\/camping-le-roc-vendee6-1024x768.webp 1024w, https:\/\/madeincamp.fr\/le-roc\/wp-content\/uploads\/sites\/2\/2024\/02\/camping-le-roc-vendee6-768x576.webp 768w\" \/><div class=\"wp-block-cover__inner-container has-global-padding is-layout-constrained wp-container-core-cover-is-layout-52009084 wp-block-cover-is-layout-constrained\">\n<div class=\"wp-block-group has-contrast-2-color has-text-color has-link-color wp-elements-2fbae0a0f5e44ca158fceedffe94bd76 is-vertical is-content-justification-right is-layout-flex wp-container-core-group-is-layout-05e4ae02 wp-block-group-is-layout-flex\" style=\"margin-top:0;margin-bottom:0\">\n<p class=\"has-text-align-right animated fadeIn slow has-base-color has-text-color has-link-color has-chennai-font-family has-large-font-size wp-elements-28150482ee14c7051402d32522e0cb13\" style=\"line-height:1.2\">Tarifs<\/p>\n\n\n\n<div class=\"wp-block-group is-nowrap is-layout-flex wp-container-core-group-is-layout-542c142b wp-block-group-is-layout-flex\">\n<figure class=\"wp-block-image size-full is-resized animated fadeInLeft delay-500ms slow wp-duotone-222323-222323-4\"><img decoding=\"async\" src=\"https:\/\/madeincamp.fr\/wp-content\/uploads\/2024\/02\/arrow-big.png\" alt=\"arrow big\" class=\"wp-image-422\" style=\"width:28px;height:auto\"\/><\/figure>\n<\/div>\n<\/div>\n<\/div><\/div>\n<\/a>\n\n<a href=\"https:\/\/madeincamp.fr\/le-roc\/devenir-proprietaire-vaire\/\"    style=\"padding-bottom:0;padding-top:8rem;\" class=\"no-icon animated fadeIn delay-500ms slow wp-block-tiptip-hyperlink-group-block\" >\n<div class=\"wp-block-cover has-custom-content-position is-position-bottom-right has-contrast-2-color has-text-color has-link-color wp-elements-30bafdacd9854eb28d99f625f4085999\" style=\"padding-top:var(--wp--preset--spacing--40);padding-right:var(--wp--preset--spacing--40);padding-bottom:var(--wp--preset--spacing--40);padding-left:var(--wp--preset--spacing--40);min-height:85vh;aspect-ratio:unset;\"><span aria-hidden=\"true\" class=\"wp-block-cover__background has-background-dim-100 has-background-dim wp-block-cover__gradient-background has-background-gradient\" style=\"background:linear-gradient(180deg,rgba(255,255,255,0) 17%,rgb(255,255,255) 83%)\"><\/span><img decoding=\"async\" width=\"1280\" height=\"960\" sizes=\"(max-width: 620px) 100vw, 620px\" class=\"wp-block-cover__image-background wp-image-5724\" alt=\"camping le roc vendee7\" src=\"https:\/\/madeincamp.fr\/le-roc\/wp-content\/uploads\/sites\/2\/2024\/02\/camping-le-roc-vendee7.webp\" data-object-fit=\"cover\" srcset=\"https:\/\/madeincamp.fr\/le-roc\/wp-content\/uploads\/sites\/2\/2024\/02\/camping-le-roc-vendee7.webp 1280w, https:\/\/madeincamp.fr\/le-roc\/wp-content\/uploads\/sites\/2\/2024\/02\/camping-le-roc-vendee7-300x225.webp 300w, https:\/\/madeincamp.fr\/le-roc\/wp-content\/uploads\/sites\/2\/2024\/02\/camping-le-roc-vendee7-1024x768.webp 1024w, https:\/\/madeincamp.fr\/le-roc\/wp-content\/uploads\/sites\/2\/2024\/02\/camping-le-roc-vendee7-768x576.webp 768w\" \/><div class=\"wp-block-cover__inner-container has-global-padding is-layout-constrained wp-container-core-cover-is-layout-52009084 wp-block-cover-is-layout-constrained\">\n<div class=\"wp-block-group has-contrast-2-color has-text-color has-link-color wp-elements-896a3d7efd7e4f7e72e56d6e8ce46aab is-vertical is-content-justification-right is-layout-flex wp-container-core-group-is-layout-05e4ae02 wp-block-group-is-layout-flex\" style=\"margin-top:0;margin-bottom:0\">\n<p class=\"has-text-align-right animated fadeIn slow has-base-color has-text-color has-link-color has-chennai-font-family has-large-font-size wp-elements-b1f48f589c214d2187bf290d0b71919a\" style=\"line-height:1.2\">Devenir propri\u00e9taire<\/p>\n\n\n\n<div class=\"wp-block-group is-nowrap is-layout-flex wp-container-core-group-is-layout-542c142b wp-block-group-is-layout-flex\">\n<figure class=\"wp-block-image size-full is-resized animated fadeInLeft delay-500ms slow wp-duotone-222323-222323-6\"><img decoding=\"async\" src=\"https:\/\/madeincamp.fr\/wp-content\/uploads\/2024\/02\/arrow-big.png\" alt=\"arrow big\" class=\"wp-image-422\" style=\"width:28px;height:auto\"\/><\/figure>\n<\/div>\n<\/div>\n<\/div><\/div>\n<\/a><\/div>\n","protected":false},"excerpt":{"rendered":"<p>Nos emplacements de camping \u00e0 Vair\u00e9 Pour des vacances au vert d\u00e9paysantes et ressour\u00e7antes, choisissez la location d\u2019emplacement en Vend\u00e9e et plantez votre tente ! Vous aimez le camping traditionnel et vous peinez \u00e0 trouver un \u00e9tablissement qui ne se soit pas transform\u00e9 en cit\u00e9 de mobil-homes ? Vous appr\u00e9ciez de camper en caravane, en [&hellip;]<\/p>\n","protected":false},"author":1,"featured_media":9356,"parent":0,"menu_order":0,"comment_status":"closed","ping_status":"closed","template":"","meta":{"_acf_changed":false,"footnotes":""},"class_list":["post-5777","page","type-page","status-publish","has-post-thumbnail","hentry"],"acf":[],"yoast_head":"<!-- This site is optimized with the Yoast SEO plugin v24.5 - https:\/\/yoast.com\/wordpress\/plugins\/seo\/ -->\n<title>Emplacement de camping \u00e0 Vair\u00e9 : Campez en Roc en Vend\u00e9e<\/title>\n<meta name=\"description\" content=\"R\u00e9servez votre emplacement au Camping Le Roc aux Sables d&#039;Olonne. Profitez d&#039;un cadre naturel exceptionnel, de services de qualit\u00e9.\" \/>\n<meta name=\"robots\" content=\"index, follow, max-snippet:-1, max-image-preview:large, max-video-preview:-1\" \/>\n<link rel=\"canonical\" href=\"https:\/\/madeincamp.fr\/le-roc\/location-emplacement-vaire\/\" \/>\n<meta property=\"og:locale\" content=\"fr_FR\" \/>\n<meta property=\"og:type\" content=\"article\" \/>\n<meta property=\"og:title\" content=\"Emplacement de camping \u00e0 Vair\u00e9 : Campez en Roc en Vend\u00e9e\" \/>\n<meta property=\"og:description\" content=\"R\u00e9servez votre emplacement au Camping Le Roc aux Sables d&#039;Olonne. Profitez d&#039;un cadre naturel exceptionnel, de services de qualit\u00e9.\" \/>\n<meta property=\"og:url\" content=\"https:\/\/madeincamp.fr\/le-roc\/location-emplacement-vaire\/\" \/>\n<meta property=\"og:site_name\" content=\"Made in camp Le Roc\" \/>\n<meta property=\"article:modified_time\" content=\"2025-05-14T09:55:55+00:00\" \/>\n<meta property=\"og:image\" content=\"https:\/\/madeincamp.fr\/le-roc\/wp-content\/uploads\/sites\/2\/2025\/05\/dji_fly_20250331_161248_221_1743430376512_photo_optimized-scaled.jpeg\" \/>\n\t<meta property=\"og:image:width\" content=\"2048\" \/>\n\t<meta property=\"og:image:height\" content=\"1152\" \/>\n\t<meta property=\"og:image:type\" content=\"image\/jpeg\" \/>\n<meta name=\"twitter:card\" content=\"summary_large_image\" \/>\n<meta name=\"twitter:label1\" content=\"Dur\u00e9e de lecture estim\u00e9e\" \/>\n\t<meta name=\"twitter:data1\" content=\"5 minutes\" \/>\n<script type=\"application\/ld+json\" class=\"yoast-schema-graph\">{\"@context\":\"https:\/\/schema.org\",\"@graph\":[{\"@type\":\"WebPage\",\"@id\":\"https:\/\/madeincamp.fr\/le-roc\/location-emplacement-vaire\/\",\"url\":\"https:\/\/madeincamp.fr\/le-roc\/location-emplacement-vaire\/\",\"name\":\"Emplacement de camping \u00e0 Vair\u00e9 : Campez en Roc en Vend\u00e9e\",\"isPartOf\":{\"@id\":\"https:\/\/madeincamp.fr\/le-roc\/#website\"},\"primaryImageOfPage\":{\"@id\":\"https:\/\/madeincamp.fr\/le-roc\/location-emplacement-vaire\/#primaryimage\"},\"image\":{\"@id\":\"https:\/\/madeincamp.fr\/le-roc\/location-emplacement-vaire\/#primaryimage\"},\"thumbnailUrl\":\"https:\/\/madeincamp.fr\/le-roc\/wp-content\/uploads\/sites\/2\/2025\/05\/dji_fly_20250331_161248_221_1743430376512_photo_optimized-scaled.jpeg\",\"datePublished\":\"2024-02-16T15:08:26+00:00\",\"dateModified\":\"2025-05-14T09:55:55+00:00\",\"description\":\"R\u00e9servez votre emplacement au Camping Le Roc aux Sables d'Olonne. Profitez d'un cadre naturel exceptionnel, de services de qualit\u00e9.\",\"breadcrumb\":{\"@id\":\"https:\/\/madeincamp.fr\/le-roc\/location-emplacement-vaire\/#breadcrumb\"},\"inLanguage\":\"fr-FR\",\"potentialAction\":[{\"@type\":\"ReadAction\",\"target\":[\"https:\/\/madeincamp.fr\/le-roc\/location-emplacement-vaire\/\"]}]},{\"@type\":\"ImageObject\",\"inLanguage\":\"fr-FR\",\"@id\":\"https:\/\/madeincamp.fr\/le-roc\/location-emplacement-vaire\/#primaryimage\",\"url\":\"https:\/\/madeincamp.fr\/le-roc\/wp-content\/uploads\/sites\/2\/2025\/05\/dji_fly_20250331_161248_221_1743430376512_photo_optimized-scaled.jpeg\",\"contentUrl\":\"https:\/\/madeincamp.fr\/le-roc\/wp-content\/uploads\/sites\/2\/2025\/05\/dji_fly_20250331_161248_221_1743430376512_photo_optimized-scaled.jpeg\",\"width\":2048,\"height\":1152,\"caption\":\"les plus belles plages de vend\u00e9e pr\u00e8s du camping\"},{\"@type\":\"BreadcrumbList\",\"@id\":\"https:\/\/madeincamp.fr\/le-roc\/location-emplacement-vaire\/#breadcrumb\",\"itemListElement\":[{\"@type\":\"ListItem\",\"position\":1,\"name\":\"Made in Camp Le Roc\",\"item\":\"https:\/\/madeincamp.fr\/le-roc\/\"},{\"@type\":\"ListItem\",\"position\":2,\"name\":\"Nos emplacements\"}]},{\"@type\":\"WebSite\",\"@id\":\"https:\/\/madeincamp.fr\/le-roc\/#website\",\"url\":\"https:\/\/madeincamp.fr\/le-roc\/\",\"name\":\"Made in camp Le Roc\",\"description\":\"Artisans de vos vacances\",\"publisher\":{\"@id\":\"https:\/\/madeincamp.fr\/le-roc\/#organization\"},\"inLanguage\":\"fr-FR\"},{\"@type\":\"Organization\",\"@id\":\"https:\/\/madeincamp.fr\/le-roc\/#organization\",\"name\":\"Made in camp Le Roc\",\"url\":\"https:\/\/madeincamp.fr\/le-roc\/\",\"logo\":{\"@type\":\"ImageObject\",\"inLanguage\":\"fr-FR\",\"@id\":\"https:\/\/madeincamp.fr\/le-roc\/#\/schema\/logo\/image\/\",\"url\":\"https:\/\/madeincamp.fr\/le-roc\/wp-content\/uploads\/sites\/2\/2024\/02\/made-in-camp-logo.png\",\"contentUrl\":\"https:\/\/madeincamp.fr\/le-roc\/wp-content\/uploads\/sites\/2\/2024\/02\/made-in-camp-logo.png\",\"width\":224,\"height\":91,\"caption\":\"Made in camp Le Roc\"},\"image\":{\"@id\":\"https:\/\/madeincamp.fr\/le-roc\/#\/schema\/logo\/image\/\"}}]}<\/script>\n<!-- \/ Yoast SEO plugin. -->","yoast_head_json":{"title":"Emplacement de camping \u00e0 Vair\u00e9 : Campez en Roc en Vend\u00e9e","description":"R\u00e9servez votre emplacement au Camping Le Roc aux Sables d'Olonne. Profitez d'un cadre naturel exceptionnel, de services de qualit\u00e9.","robots":{"index":"index","follow":"follow","max-snippet":"max-snippet:-1","max-image-preview":"max-image-preview:large","max-video-preview":"max-video-preview:-1"},"canonical":"https:\/\/madeincamp.fr\/le-roc\/location-emplacement-vaire\/","og_locale":"fr_FR","og_type":"article","og_title":"Emplacement de camping \u00e0 Vair\u00e9 : Campez en Roc en Vend\u00e9e","og_description":"R\u00e9servez votre emplacement au Camping Le Roc aux Sables d'Olonne. Profitez d'un cadre naturel exceptionnel, de services de qualit\u00e9.","og_url":"https:\/\/madeincamp.fr\/le-roc\/location-emplacement-vaire\/","og_site_name":"Made in camp Le Roc","article_modified_time":"2025-05-14T09:55:55+00:00","og_image":[{"width":2048,"height":1152,"url":"https:\/\/madeincamp.fr\/le-roc\/wp-content\/uploads\/sites\/2\/2025\/05\/dji_fly_20250331_161248_221_1743430376512_photo_optimized-scaled.jpeg","type":"image\/jpeg"}],"twitter_card":"summary_large_image","twitter_misc":{"Dur\u00e9e de lecture estim\u00e9e":"5 minutes"},"schema":{"@context":"https:\/\/schema.org","@graph":[{"@type":"WebPage","@id":"https:\/\/madeincamp.fr\/le-roc\/location-emplacement-vaire\/","url":"https:\/\/madeincamp.fr\/le-roc\/location-emplacement-vaire\/","name":"Emplacement de camping \u00e0 Vair\u00e9 : Campez en Roc en Vend\u00e9e","isPartOf":{"@id":"https:\/\/madeincamp.fr\/le-roc\/#website"},"primaryImageOfPage":{"@id":"https:\/\/madeincamp.fr\/le-roc\/location-emplacement-vaire\/#primaryimage"},"image":{"@id":"https:\/\/madeincamp.fr\/le-roc\/location-emplacement-vaire\/#primaryimage"},"thumbnailUrl":"https:\/\/madeincamp.fr\/le-roc\/wp-content\/uploads\/sites\/2\/2025\/05\/dji_fly_20250331_161248_221_1743430376512_photo_optimized-scaled.jpeg","datePublished":"2024-02-16T15:08:26+00:00","dateModified":"2025-05-14T09:55:55+00:00","description":"R\u00e9servez votre emplacement au Camping Le Roc aux Sables d'Olonne. Profitez d'un cadre naturel exceptionnel, de services de qualit\u00e9.","breadcrumb":{"@id":"https:\/\/madeincamp.fr\/le-roc\/location-emplacement-vaire\/#breadcrumb"},"inLanguage":"fr-FR","potentialAction":[{"@type":"ReadAction","target":["https:\/\/madeincamp.fr\/le-roc\/location-emplacement-vaire\/"]}]},{"@type":"ImageObject","inLanguage":"fr-FR","@id":"https:\/\/madeincamp.fr\/le-roc\/location-emplacement-vaire\/#primaryimage","url":"https:\/\/madeincamp.fr\/le-roc\/wp-content\/uploads\/sites\/2\/2025\/05\/dji_fly_20250331_161248_221_1743430376512_photo_optimized-scaled.jpeg","contentUrl":"https:\/\/madeincamp.fr\/le-roc\/wp-content\/uploads\/sites\/2\/2025\/05\/dji_fly_20250331_161248_221_1743430376512_photo_optimized-scaled.jpeg","width":2048,"height":1152,"caption":"les plus belles plages de vend\u00e9e pr\u00e8s du camping"},{"@type":"BreadcrumbList","@id":"https:\/\/madeincamp.fr\/le-roc\/location-emplacement-vaire\/#breadcrumb","itemListElement":[{"@type":"ListItem","position":1,"name":"Made in Camp Le Roc","item":"https:\/\/madeincamp.fr\/le-roc\/"},{"@type":"ListItem","position":2,"name":"Nos emplacements"}]},{"@type":"WebSite","@id":"https:\/\/madeincamp.fr\/le-roc\/#website","url":"https:\/\/madeincamp.fr\/le-roc\/","name":"Made in camp Le Roc","description":"Artisans de vos vacances","publisher":{"@id":"https:\/\/madeincamp.fr\/le-roc\/#organization"},"inLanguage":"fr-FR"},{"@type":"Organization","@id":"https:\/\/madeincamp.fr\/le-roc\/#organization","name":"Made in camp Le Roc","url":"https:\/\/madeincamp.fr\/le-roc\/","logo":{"@type":"ImageObject","inLanguage":"fr-FR","@id":"https:\/\/madeincamp.fr\/le-roc\/#\/schema\/logo\/image\/","url":"https:\/\/madeincamp.fr\/le-roc\/wp-content\/uploads\/sites\/2\/2024\/02\/made-in-camp-logo.png","contentUrl":"https:\/\/madeincamp.fr\/le-roc\/wp-content\/uploads\/sites\/2\/2024\/02\/made-in-camp-logo.png","width":224,"height":91,"caption":"Made in camp Le Roc"},"image":{"@id":"https:\/\/madeincamp.fr\/le-roc\/#\/schema\/logo\/image\/"}}]}},"_links":{"self":[{"href":"https:\/\/madeincamp.fr\/le-roc\/wp-json\/wp\/v2\/pages\/5777","targetHints":{"allow":["GET"]}}],"collection":[{"href":"https:\/\/madeincamp.fr\/le-roc\/wp-json\/wp\/v2\/pages"}],"about":[{"href":"https:\/\/madeincamp.fr\/le-roc\/wp-json\/wp\/v2\/types\/page"}],"author":[{"embeddable":true,"href":"https:\/\/madeincamp.fr\/le-roc\/wp-json\/wp\/v2\/users\/1"}],"replies":[{"embeddable":true,"href":"https:\/\/madeincamp.fr\/le-roc\/wp-json\/wp\/v2\/comments?post=5777"}],"version-history":[{"count":61,"href":"https:\/\/madeincamp.fr\/le-roc\/wp-json\/wp\/v2\/pages\/5777\/revisions"}],"predecessor-version":[{"id":9365,"href":"https:\/\/madeincamp.fr\/le-roc\/wp-json\/wp\/v2\/pages\/5777\/revisions\/9365"}],"wp:featuredmedia":[{"embeddable":true,"href":"https:\/\/madeincamp.fr\/le-roc\/wp-json\/wp\/v2\/media\/9356"}],"wp:attachment":[{"href":"https:\/\/madeincamp.fr\/le-roc\/wp-json\/wp\/v2\/media?parent=5777"}],"curies":[{"name":"wp","href":"https:\/\/api.w.org\/{rel}","templated":true}]}}