{"id":5960,"date":"2024-03-11T10:18:37","date_gmt":"2024-03-11T09:18:37","guid":{"rendered":"https:\/\/madeincamp.fr\/le-fief-melin\/?page_id=5960"},"modified":"2025-03-12T11:16:32","modified_gmt":"2025-03-12T10:16:32","slug":"tourisme-ile-oleron","status":"publish","type":"page","link":"https:\/\/madeincamp.fr\/le-fief-melin\/tourisme-ile-oleron\/","title":{"rendered":"Bienvenue sur l&rsquo;\u00eele d&rsquo;Ol\u00e9ron en Charente-Maritime !"},"content":{"rendered":"\n<div class=\"wp-block-group alignwide is-layout-flow wp-block-group-is-layout-flow\" style=\"padding-top:var(--wp--preset--spacing--50);padding-bottom:var(--wp--preset--spacing--50)\">\n<div class=\"wp-block-columns is-layout-flex wp-container-core-columns-is-layout-28f84493 wp-block-columns-is-layout-flex\">\n<div class=\"wp-block-column is-vertically-aligned-center is-layout-flow wp-block-column-is-layout-flow\">\n<p>Venez d\u00e9couvrir depuis le <a href=\"https:\/\/madeincamp.fr\/le-fief-melin\/\">camping du Fief Melin<\/a> les <strong>cabanes ostr\u00e9icoles color\u00e9es<\/strong> ainsi que la <strong>citadelle Vauban<\/strong>, vestige du XVIIe si\u00e8cle, class\u00e9e monument historique et surplombant le port du Ch\u00e2teau-d\u2019Ol\u00e9ron.<\/p>\n\n\n\n<p>Montez les 244 marches du <strong>phare de Chassiron<\/strong>, naviguez jusqu\u2019\u00e0 l\u2019\u00eele d\u2019Aix en passant par Fort Boyard, visitez le port de p\u00eache de la Cotini\u00e8re et sa c\u00e9l\u00e8bre cri\u00e9e. Enfin, les <strong>plages de sable fin<\/strong> vous invitent \u00e0 la baignade et la d\u00e9tente tandis que les nombreux chemins de randonn\u00e9e vous feront d\u00e9couvrir nos c\u00f4tes et for\u00eats domaniales.<\/p>\n\n\n\n<p>L\u2019<a href=\"https:\/\/www.ile-oleron-marennes.com\/\" target=\"_blank\" rel=\"noreferrer noopener\">\u00eele d\u2019Ol\u00e9ron<\/a> est la <strong>plus grande \u00eele fran\u00e7aise<\/strong> de la fa\u00e7ade Atlantique. Elle est aussi appel\u00e9e \u00ab\u00a0La Lumineuse\u00a0\u00bb, connue pour ses merveilleuses plages de sable fin et pour son <strong>environnement naturel<\/strong> riche en faune et flore. <\/p>\n\n\n\n<p>Elle abrite \u00e9galement plusieurs communes toutes aussi charmantes les unes que les autres. Si vous souhaitez visiter les 10 incontournables de l\u2019\u00eele d\u2019Ol\u00e9ron, voici les villes que vous pourrez d\u00e9couvrir pendant vos vacances dans notre <a href=\"https:\/\/madeincamp.fr\/camping-charente-maritime\/camping-ile-oleron\/\">camping Ile d\u2019Ol\u00e9ron 4 \u00e9toiles<\/a>.<\/p>\n<\/div>\n\n\n\n<div class=\"wp-block-column is-layout-flow wp-container-core-column-is-layout-8a368f38 wp-block-column-is-layout-flow\">\n<div class=\"wp-block-group home-map-ctv is-layout-flow wp-block-group-is-layout-flow\">\n<figure class=\"wp-block-image aligncenter size-full animated fadeInUp slow delay-500ms\"><img decoding=\"async\" src=\"https:\/\/madeincamp.fr\/wp-content\/uploads\/2024\/02\/fleur.png\" alt=\"fleur\" class=\"wp-image-121\" style=\"object-fit:cover\" \/><\/figure>\n<\/div>\n\n\n\n<div class=\"wp-block-group animated fadeIn slow has-global-padding is-layout-constrained wp-block-group-is-layout-constrained\">\n<figure data-wp-context=\"{&quot;imageId&quot;:&quot;69ef8ddfe4d30&quot;}\" data-wp-interactive=\"core\/image\" class=\"wp-block-image size-full wp-lightbox-container\"><img data-dominant-color=\"938b77\" data-has-transparency=\"false\" loading=\"lazy\" decoding=\"async\" width=\"1200\" height=\"1600\" data-wp-class--hide=\"state.isContentHidden\" data-wp-class--show=\"state.isContentVisible\" data-wp-init=\"callbacks.setButtonStyles\" data-wp-on-async--click=\"actions.showLightbox\" data-wp-on-async--load=\"callbacks.setButtonStyles\" data-wp-on-async-window--resize=\"callbacks.setButtonStyles\" sizes=\"auto, (max-width: 620px) 100vw, 620px\" src=\"https:\/\/madeincamp.fr\/le-fief-melin\/wp-content\/uploads\/sites\/5\/2024\/07\/rue-chateau-oleron-fief-melin.jpg\" alt=\"rue chateau ole\u0301ron fief melin\" class=\"wp-image-10238 not-transparent\" style=\"--dominant-color: #938b77; aspect-ratio:1;object-fit:cover\" srcset=\"https:\/\/madeincamp.fr\/le-fief-melin\/wp-content\/uploads\/sites\/5\/2024\/07\/rue-chateau-oleron-fief-melin.jpg 1200w, https:\/\/madeincamp.fr\/le-fief-melin\/wp-content\/uploads\/sites\/5\/2024\/07\/rue-chateau-oleron-fief-melin-225x300.jpg 225w, https:\/\/madeincamp.fr\/le-fief-melin\/wp-content\/uploads\/sites\/5\/2024\/07\/rue-chateau-oleron-fief-melin-768x1024.jpg 768w, https:\/\/madeincamp.fr\/le-fief-melin\/wp-content\/uploads\/sites\/5\/2024\/07\/rue-chateau-oleron-fief-melin-1152x1536.jpg 1152w\" \/><button\n\t\t\tclass=\"lightbox-trigger\"\n\t\t\ttype=\"button\"\n\t\t\taria-haspopup=\"dialog\"\n\t\t\taria-label=\"Agrandir\"\n\t\t\tdata-wp-init=\"callbacks.initTriggerButton\"\n\t\t\tdata-wp-on-async--click=\"actions.showLightbox\"\n\t\t\tdata-wp-style--right=\"state.imageButtonRight\"\n\t\t\tdata-wp-style--top=\"state.imageButtonTop\"\n\t\t>\n\t\t\t<svg xmlns=\"http:\/\/www.w3.org\/2000\/svg\" width=\"12\" height=\"12\" fill=\"none\" viewBox=\"0 0 12 12\">\n\t\t\t\t<path fill=\"#fff\" d=\"M2 0a2 2 0 0 0-2 2v2h1.5V2a.5.5 0 0 1 .5-.5h2V0H2Zm2 10.5H2a.5.5 0 0 1-.5-.5V8H0v2a2 2 0 0 0 2 2h2v-1.5ZM8 12v-1.5h2a.5.5 0 0 0 .5-.5V8H12v2a2 2 0 0 1-2 2H8Zm2-12a2 2 0 0 1 2 2v2h-1.5V2a.5.5 0 0 0-.5-.5H8V0h2Z\" \/>\n\t\t\t<\/svg>\n\t\t<\/button><\/figure>\n<\/div>\n<\/div>\n<\/div>\n<\/div>\n\n\n\n<div class=\"wp-block-cover alignfull is-light rellaxed animated fadeIn slow is-style-gt-bg-left has-border-color has-base-2-border-color\" style=\"border-width:2rem;margin-top:var(--wp--preset--spacing--50);padding-top:0;padding-bottom:0;padding-left:0;min-height:120vh;aspect-ratio:unset;\"><span aria-hidden=\"true\" class=\"wp-block-cover__background has-background-dim-0 has-background-dim\" style=\"background-color:#767169\"><\/span><img data-dominant-color=\"a19f9d\" data-has-transparency=\"false\" style=\"--dominant-color: #a19f9d;\" loading=\"lazy\" decoding=\"async\" width=\"1536\" height=\"2048\" sizes=\"auto, 100vw\" class=\"wp-block-cover__image-background wp-image-10375 not-transparent\" alt=\"Jeune femme marchant sur le sable mouille 40174\" src=\"https:\/\/madeincamp.fr\/le-fief-melin\/wp-content\/uploads\/sites\/5\/2024\/07\/Jeune_femme_marchant_sur_le_sable_mouille_40174-scaled.webp\" data-object-fit=\"cover\" srcset=\"https:\/\/madeincamp.fr\/le-fief-melin\/wp-content\/uploads\/sites\/5\/2024\/07\/Jeune_femme_marchant_sur_le_sable_mouille_40174-scaled.webp 1536w, https:\/\/madeincamp.fr\/le-fief-melin\/wp-content\/uploads\/sites\/5\/2024\/07\/Jeune_femme_marchant_sur_le_sable_mouille_40174-225x300.webp 225w, https:\/\/madeincamp.fr\/le-fief-melin\/wp-content\/uploads\/sites\/5\/2024\/07\/Jeune_femme_marchant_sur_le_sable_mouille_40174-768x1024.webp 768w, https:\/\/madeincamp.fr\/le-fief-melin\/wp-content\/uploads\/sites\/5\/2024\/07\/Jeune_femme_marchant_sur_le_sable_mouille_40174-1152x1536.webp 1152w\" \/><div class=\"wp-block-cover__inner-container has-global-padding is-layout-constrained wp-container-core-cover-is-layout-dbbe9912 wp-block-cover-is-layout-constrained\">\n<div class=\"wp-block-group alignwide is-layout-flow wp-block-group-is-layout-flow\" style=\"padding-top:0;padding-bottom:0;padding-left:20vw\">\n<div class=\"wp-block-columns are-vertically-aligned-center has-base-2-background-color has-background is-layout-flex wp-container-core-columns-is-layout-271a479c wp-block-columns-is-layout-flex\" style=\"padding-top:var(--wp--preset--spacing--20);padding-right:var(--wp--preset--spacing--20);padding-bottom:var(--wp--preset--spacing--20);padding-left:var(--wp--preset--spacing--20)\">\n<div class=\"wp-block-column is-vertically-aligned-center is-layout-flow wp-container-core-column-is-layout-22223934 wp-block-column-is-layout-flow\">\n<figure data-wp-context=\"{&quot;imageId&quot;:&quot;69ef8ddfe5103&quot;}\" data-wp-interactive=\"core\/image\" class=\"wp-block-image size-full animated fadeIn slow wp-lightbox-container\"><img data-dominant-color=\"ada390\" data-has-transparency=\"false\" loading=\"lazy\" decoding=\"async\" width=\"1920\" height=\"1200\" data-wp-class--hide=\"state.isContentHidden\" data-wp-class--show=\"state.isContentVisible\" data-wp-init=\"callbacks.setButtonStyles\" data-wp-on-async--click=\"actions.showLightbox\" data-wp-on-async--load=\"callbacks.setButtonStyles\" data-wp-on-async-window--resize=\"callbacks.setButtonStyles\" sizes=\"auto, (max-width: 620px) 100vw, 620px\" src=\"https:\/\/madeincamp.fr\/le-fief-melin\/wp-content\/uploads\/sites\/5\/2024\/07\/cabanes-colores-oleron-charente-maritime.webp\" alt=\"cabanes colores oleron charente maritime\" class=\"wp-image-10156 not-transparent\" style=\"--dominant-color: #ada390; aspect-ratio:9\/16;object-fit:cover\" srcset=\"https:\/\/madeincamp.fr\/le-fief-melin\/wp-content\/uploads\/sites\/5\/2024\/07\/cabanes-colores-oleron-charente-maritime.webp 1920w, https:\/\/madeincamp.fr\/le-fief-melin\/wp-content\/uploads\/sites\/5\/2024\/07\/cabanes-colores-oleron-charente-maritime-300x188.webp 300w, https:\/\/madeincamp.fr\/le-fief-melin\/wp-content\/uploads\/sites\/5\/2024\/07\/cabanes-colores-oleron-charente-maritime-1024x640.webp 1024w, https:\/\/madeincamp.fr\/le-fief-melin\/wp-content\/uploads\/sites\/5\/2024\/07\/cabanes-colores-oleron-charente-maritime-768x480.webp 768w, https:\/\/madeincamp.fr\/le-fief-melin\/wp-content\/uploads\/sites\/5\/2024\/07\/cabanes-colores-oleron-charente-maritime-1536x960.webp 1536w\" \/><button\n\t\t\tclass=\"lightbox-trigger\"\n\t\t\ttype=\"button\"\n\t\t\taria-haspopup=\"dialog\"\n\t\t\taria-label=\"Agrandir\"\n\t\t\tdata-wp-init=\"callbacks.initTriggerButton\"\n\t\t\tdata-wp-on-async--click=\"actions.showLightbox\"\n\t\t\tdata-wp-style--right=\"state.imageButtonRight\"\n\t\t\tdata-wp-style--top=\"state.imageButtonTop\"\n\t\t>\n\t\t\t<svg xmlns=\"http:\/\/www.w3.org\/2000\/svg\" width=\"12\" height=\"12\" fill=\"none\" viewBox=\"0 0 12 12\">\n\t\t\t\t<path fill=\"#fff\" d=\"M2 0a2 2 0 0 0-2 2v2h1.5V2a.5.5 0 0 1 .5-.5h2V0H2Zm2 10.5H2a.5.5 0 0 1-.5-.5V8H0v2a2 2 0 0 0 2 2h2v-1.5ZM8 12v-1.5h2a.5.5 0 0 0 .5-.5V8H12v2a2 2 0 0 1-2 2H8Zm2-12a2 2 0 0 1 2 2v2h-1.5V2a.5.5 0 0 0-.5-.5H8V0h2Z\" \/>\n\t\t\t<\/svg>\n\t\t<\/button><\/figure>\n<\/div>\n\n\n\n<div class=\"wp-block-column is-vertically-aligned-center is-layout-flow wp-block-column-is-layout-flow\">\n<h2 class=\"wp-block-heading has-contrast-color has-text-color has-link-color wp-elements-3b1450c0bc0c928cd08aa777ce2d1bef\"><strong>Les villes \u00e0 visiter<\/strong> sur l&rsquo;\u00eele d&rsquo;Ol\u00e9ron<\/h2>\n\n\n\n<h3 class=\"wp-block-heading has-base-color has-text-color has-link-color wp-elements-63080de2bf5223c003f3855f95224b2f\"><strong>Le Grand-Village-Plage<\/strong><\/h3>\n\n\n\n<p class=\"has-base-color has-text-color has-link-color wp-elements-41411807da2f98f6ff1d2c1dbc43b8d2\">Petite station baln\u00e9aire, <a href=\"https:\/\/madeincamp.fr\/camping-charente-maritime\/camping-ile-oleron\/grand-village-plage\/\">Le Grand-Village-Plage <\/a>attire avec sa grande plage de sable fin et son <strong>marais salant<\/strong> avec son typique <strong>Port des Salines<\/strong>. Le p\u00f4le nature du Port des Salines est consacr\u00e9 \u00e0 la saliculture.<\/p>\n<\/div>\n<\/div>\n<\/div>\n<\/div><\/div>\n\n\n\n<div class=\"wp-block-cover alignfull is-light has-custom-content-position is-position-bottom-left animated fadeIn slow\" style=\"margin-top:var(--wp--preset--spacing--50);padding-top:var(--wp--preset--spacing--40);padding-right:var(--wp--preset--spacing--40);padding-bottom:var(--wp--preset--spacing--40);padding-left:var(--wp--preset--spacing--40);min-height:968px;aspect-ratio:unset;\"><span aria-hidden=\"true\" class=\"wp-block-cover__background has-background-dim-60 has-background-dim wp-block-cover__gradient-background has-background-gradient\" style=\"background-color:#6f7f7f;background:linear-gradient(135deg,rgb(0,0,0) 0%,rgba(0,0,0,0.59) 100%)\"><\/span><img data-dominant-color=\"a7b8ae\" data-has-transparency=\"false\" style=\"--dominant-color: #a7b8ae;\" loading=\"lazy\" decoding=\"async\" width=\"2000\" height=\"1121\" sizes=\"auto, 100vw\" class=\"wp-block-cover__image-background wp-image-10276 not-transparent\" alt=\"vacances plage idylique\" src=\"https:\/\/madeincamp.fr\/le-fief-melin\/wp-content\/uploads\/sites\/5\/2024\/07\/vacances-plage-idylique.webp\" data-object-fit=\"cover\" srcset=\"https:\/\/madeincamp.fr\/le-fief-melin\/wp-content\/uploads\/sites\/5\/2024\/07\/vacances-plage-idylique.webp 2000w, https:\/\/madeincamp.fr\/le-fief-melin\/wp-content\/uploads\/sites\/5\/2024\/07\/vacances-plage-idylique-300x168.webp 300w, https:\/\/madeincamp.fr\/le-fief-melin\/wp-content\/uploads\/sites\/5\/2024\/07\/vacances-plage-idylique-1024x574.webp 1024w, https:\/\/madeincamp.fr\/le-fief-melin\/wp-content\/uploads\/sites\/5\/2024\/07\/vacances-plage-idylique-768x430.webp 768w, https:\/\/madeincamp.fr\/le-fief-melin\/wp-content\/uploads\/sites\/5\/2024\/07\/vacances-plage-idylique-1536x861.webp 1536w\" \/><div class=\"wp-block-cover__inner-container has-global-padding is-layout-constrained wp-container-core-cover-is-layout-1657d9e4 wp-block-cover-is-layout-constrained\">\n<div class=\"wp-block-group has-base-2-color has-text-color has-link-color wp-elements-d776c59383ec152d9e34bf635e49b1d0 is-layout-flow wp-container-core-group-is-layout-e356762d wp-block-group-is-layout-flow\" style=\"margin-top:0;margin-bottom:0\">\n<h3 class=\"wp-block-heading has-base-2-color has-text-color has-link-color wp-elements-f9f0392ad8c9202f40cf591c21df45d8\">Saint-Trojan-les-Bains<\/h3>\n\n\n\n<p>Situ\u00e9e dans la partie m\u00e9ridionale de l\u2019\u00eele, <a href=\"https:\/\/madeincamp.fr\/camping-charente-maritime\/camping-ile-oleron\/saint-trojan-les-bains\/\">Saint-Trojan-les-Bains<\/a> est au c\u0153ur d\u2019une <strong>vaste pin\u00e8de<\/strong>. Cette cit\u00e9 est l\u2019une des principales stations baln\u00e9aires de l\u2019\u00eele. Nature et bien-\u00eatre caract\u00e9risent cette station. Le site de la pointe de Gatseau, v\u00e9ritable \u00e9crin naturel, reste un des sites incontournables de l\u2019\u00eele, riche par sa faune et sa flore. \u00c0 c\u00f4t\u00e9 de cette <strong>plage aux allures sauvages<\/strong>, vous pourrez profiter de la seule Thalasso de l\u2019\u00eele, calme et reposante.<\/p>\n\n\n\n<p>Vous pouvez \u00e9galement d\u00e9couvrir cette <strong>for\u00eat domaniale<\/strong> \u00e0 v\u00e9lo ou en petit train sur rail. Un vrai plaisir pour les enfants. <\/p>\n<\/div>\n<\/div><\/div>\n\n\n\n<div class=\"wp-block-cover alignfull is-light rellaxed animated fadeIn slow is-style-gt-bg-right has-border-color has-base-2-border-color\" style=\"border-width:2rem;margin-top:var(--wp--preset--spacing--50);padding-top:0;padding-bottom:0;padding-left:0;min-height:1121px;aspect-ratio:unset;\"><span aria-hidden=\"true\" class=\"wp-block-cover__background has-background-dim-0 has-background-dim\" style=\"background-color:#968e85\"><\/span><img data-dominant-color=\"5b878e\" data-has-transparency=\"false\" style=\"--dominant-color: #5b878e;\" loading=\"lazy\" decoding=\"async\" width=\"545\" height=\"968\" sizes=\"auto, 100vw\" class=\"wp-block-cover__image-background wp-image-10284 not-transparent\" alt=\"visiter fort boyard\" src=\"https:\/\/madeincamp.fr\/le-fief-melin\/wp-content\/uploads\/sites\/5\/2024\/07\/visiter-fort-boyard.webp\" data-object-fit=\"cover\" srcset=\"https:\/\/madeincamp.fr\/le-fief-melin\/wp-content\/uploads\/sites\/5\/2024\/07\/visiter-fort-boyard.webp 545w, https:\/\/madeincamp.fr\/le-fief-melin\/wp-content\/uploads\/sites\/5\/2024\/07\/visiter-fort-boyard-169x300.webp 169w\" \/><div class=\"wp-block-cover__inner-container has-global-padding is-layout-constrained wp-container-core-cover-is-layout-dbbe9912 wp-block-cover-is-layout-constrained\">\n<div class=\"wp-block-group alignwide is-layout-flow wp-block-group-is-layout-flow\" style=\"padding-top:0;padding-right:20vw;padding-bottom:0\">\n<div class=\"wp-block-columns are-vertically-aligned-center has-base-2-background-color has-background is-layout-flex wp-container-core-columns-is-layout-271a479c wp-block-columns-is-layout-flex\" style=\"padding-top:var(--wp--preset--spacing--20);padding-right:var(--wp--preset--spacing--20);padding-bottom:var(--wp--preset--spacing--20);padding-left:var(--wp--preset--spacing--20)\">\n<div class=\"wp-block-column is-vertically-aligned-center is-layout-flow wp-block-column-is-layout-flow\">\n<h3 class=\"wp-block-heading has-base-color has-text-color has-link-color wp-elements-86ba418580a3a6c056afae786f313dab\"><strong>Dolus-d&rsquo;Ol\u00e9ron<\/strong><\/h3>\n\n\n\n<p>Cette charmante petite ville comporte une double fa\u00e7ade maritime, sur l\u2019oc\u00e9an Atlantique, \u00e0 l\u2019ouest, et sur la <strong>rocade des Basques<\/strong>, \u00e0 l\u2019est. <\/p>\n\n\n\n<p><a href=\"https:\/\/madeincamp.fr\/camping-charente-maritime\/camping-ile-oleron\/dolus-oleron\/\">Dolus-d\u2019Ol\u00e9ron<\/a> se partage entre bois, mar\u00e9es et culture, elle b\u00e9n\u00e9ficie de plusieurs plages dont certaines d\u00e9di\u00e9es au surf.<\/p>\n\n\n\n<p>Le coup de c\u0153ur du l&rsquo;\u00e9quipe du Fief Melin : la plage de Vert-Bois !<\/p>\n<\/div>\n\n\n\n<div class=\"wp-block-column is-vertically-aligned-center is-layout-flow wp-container-core-column-is-layout-22223934 wp-block-column-is-layout-flow\">\n<figure data-wp-context=\"{&quot;imageId&quot;:&quot;69ef8ddfe5898&quot;}\" data-wp-interactive=\"core\/image\" class=\"wp-block-image size-full animated fadeIn slow wp-lightbox-container\"><img data-dominant-color=\"816968\" data-has-transparency=\"false\" loading=\"lazy\" decoding=\"async\" width=\"2000\" height=\"1121\" data-wp-class--hide=\"state.isContentHidden\" data-wp-class--show=\"state.isContentVisible\" data-wp-init=\"callbacks.setButtonStyles\" data-wp-on-async--click=\"actions.showLightbox\" data-wp-on-async--load=\"callbacks.setButtonStyles\" data-wp-on-async-window--resize=\"callbacks.setButtonStyles\" sizes=\"auto, (max-width: 620px) 100vw, 620px\" src=\"https:\/\/madeincamp.fr\/le-fief-melin\/wp-content\/uploads\/sites\/5\/2024\/07\/plage-sable-fin-ile-d-oleron.webp\" alt=\"plage sable fin ile d oleron\" class=\"wp-image-10076 not-transparent\" style=\"--dominant-color: #816968; aspect-ratio:9\/16;object-fit:cover\" srcset=\"https:\/\/madeincamp.fr\/le-fief-melin\/wp-content\/uploads\/sites\/5\/2024\/07\/plage-sable-fin-ile-d-oleron.webp 2000w, https:\/\/madeincamp.fr\/le-fief-melin\/wp-content\/uploads\/sites\/5\/2024\/07\/plage-sable-fin-ile-d-oleron-300x168.webp 300w, https:\/\/madeincamp.fr\/le-fief-melin\/wp-content\/uploads\/sites\/5\/2024\/07\/plage-sable-fin-ile-d-oleron-1024x574.webp 1024w, https:\/\/madeincamp.fr\/le-fief-melin\/wp-content\/uploads\/sites\/5\/2024\/07\/plage-sable-fin-ile-d-oleron-768x430.webp 768w, https:\/\/madeincamp.fr\/le-fief-melin\/wp-content\/uploads\/sites\/5\/2024\/07\/plage-sable-fin-ile-d-oleron-1536x861.webp 1536w\" \/><button\n\t\t\tclass=\"lightbox-trigger\"\n\t\t\ttype=\"button\"\n\t\t\taria-haspopup=\"dialog\"\n\t\t\taria-label=\"Agrandir\"\n\t\t\tdata-wp-init=\"callbacks.initTriggerButton\"\n\t\t\tdata-wp-on-async--click=\"actions.showLightbox\"\n\t\t\tdata-wp-style--right=\"state.imageButtonRight\"\n\t\t\tdata-wp-style--top=\"state.imageButtonTop\"\n\t\t>\n\t\t\t<svg xmlns=\"http:\/\/www.w3.org\/2000\/svg\" width=\"12\" height=\"12\" fill=\"none\" viewBox=\"0 0 12 12\">\n\t\t\t\t<path fill=\"#fff\" d=\"M2 0a2 2 0 0 0-2 2v2h1.5V2a.5.5 0 0 1 .5-.5h2V0H2Zm2 10.5H2a.5.5 0 0 1-.5-.5V8H0v2a2 2 0 0 0 2 2h2v-1.5ZM8 12v-1.5h2a.5.5 0 0 0 .5-.5V8H12v2a2 2 0 0 1-2 2H8Zm2-12a2 2 0 0 1 2 2v2h-1.5V2a.5.5 0 0 0-.5-.5H8V0h2Z\" \/>\n\t\t\t<\/svg>\n\t\t<\/button><\/figure>\n<\/div>\n<\/div>\n<\/div>\n<\/div><\/div>\n\n\n\n<div class=\"wp-block-cover alignfull is-light has-custom-content-position is-position-top-center animated fadeIn slow has-border-color has-base-2-border-color\" style=\"border-width:2rem;padding-top:0;padding-right:0;padding-bottom:0;padding-left:0;min-height:816px;aspect-ratio:unset;\"><span aria-hidden=\"true\" class=\"wp-block-cover__background has-base-2-background-color has-background-dim-0 has-background-dim\"><\/span><img data-dominant-color=\"aab9b6\" data-has-transparency=\"false\" style=\"--dominant-color: #aab9b6;\" loading=\"lazy\" decoding=\"async\" width=\"545\" height=\"968\" sizes=\"auto, 100vw\" class=\"wp-block-cover__image-background wp-image-10153 not-transparent\" alt=\"plage boyardville\" src=\"https:\/\/madeincamp.fr\/le-fief-melin\/wp-content\/uploads\/sites\/5\/2024\/07\/plage-boyardville.webp\" data-object-fit=\"cover\" srcset=\"https:\/\/madeincamp.fr\/le-fief-melin\/wp-content\/uploads\/sites\/5\/2024\/07\/plage-boyardville.webp 545w, https:\/\/madeincamp.fr\/le-fief-melin\/wp-content\/uploads\/sites\/5\/2024\/07\/plage-boyardville-169x300.webp 169w\" \/><div class=\"wp-block-cover__inner-container has-global-padding is-layout-constrained wp-container-core-cover-is-layout-da604d14 wp-block-cover-is-layout-constrained\">\n<div class=\"wp-block-group alignfull has-base-2-background-color has-background has-global-padding is-layout-constrained wp-block-group-is-layout-constrained\" style=\"min-height:3rem;padding-top:0;padding-bottom:0\"><\/div>\n\n\n\n<div class=\"wp-block-group alignfull gt-cover-top-title has-base-2-background-color has-background is-layout-flow wp-block-group-is-layout-flow\" style=\"padding-right:var(--wp--preset--spacing--40);padding-left:var(--wp--preset--spacing--40)\">\n<h3 class=\"wp-block-heading has-text-align-center has-base-color has-text-color has-link-color wp-elements-a01898b5a1cc5bc8f682f84637980989\"><strong>Boyardville<\/strong><\/h3>\n<\/div>\n\n\n\n<div class=\"wp-block-group alignfull gt-drop-bottom has-background has-global-padding is-layout-constrained wp-block-group-is-layout-constrained\" style=\"background:linear-gradient(0deg,rgb(255,255,255) 47%,rgba(255,255,255,0) 47%)\">\n<figure class=\"wp-block-image aligncenter size-full animated fadeInUp slow\"><img decoding=\"async\" src=\"https:\/\/madeincamp.fr\/wp-content\/uploads\/2024\/02\/drop.png\" alt=\"drop\" class=\"wp-image-212\" \/><\/figure>\n<\/div>\n<\/div><\/div>\n\n\n\n<div class=\"wp-block-group alignwide is-layout-flow wp-block-group-is-layout-flow\" style=\"padding-bottom:var(--wp--preset--spacing--40)\">\n<p class=\"has-text-align-center\">Situ\u00e9 en face au Fort Boyard, la <a href=\"https:\/\/madeincamp.fr\/tourisme-cote-atlantique\/boyardville-oleron\/\">ville de Boyardville<\/a> est connu pour son <strong>port de plaisance<\/strong> d\u2019o\u00f9 partent de nombreux bateaux de croisi\u00e8res direction la Rochelle entre autre. Lieu privil\u00e9gi\u00e9 des familles bord\u00e9 par de tr\u00e8s belles plages ainsi que la belle for\u00eat des Saumonards.<\/p>\n<\/div>\n\n\n\n<div class=\"wp-block-group alignfull animated fadeIn slow has-border-color has-base-2-border-color has-base-2-color has-text-color has-background has-link-color wp-elements-1f7c7c84c41ca1d2e5162ba49b22cea1 has-global-padding is-layout-constrained wp-container-core-group-is-layout-c8529e06 wp-block-group-is-layout-constrained\" style=\"border-width:2rem;background:linear-gradient(0deg,rgb(56,78,90) 87%,rgb(255,255,255) 87%);margin-top:var(--wp--preset--spacing--50);padding-top:0;padding-right:var(--wp--preset--spacing--50);padding-bottom:0;padding-left:var(--wp--preset--spacing--50)\">\n<div class=\"wp-block-columns alignfull is-layout-flex wp-container-core-columns-is-layout-59e203da wp-block-columns-is-layout-flex\" style=\"padding-right:0;padding-left:0\">\n<div class=\"wp-block-column is-vertically-aligned-top is-layout-flow wp-block-column-is-layout-flow\" style=\"flex-basis:50%\">\n<figure data-wp-context=\"{&quot;imageId&quot;:&quot;69ef8ddfe5e5a&quot;}\" data-wp-interactive=\"core\/image\" class=\"wp-block-image size-full wp-lightbox-container\"><img loading=\"lazy\" decoding=\"async\" width=\"1536\" height=\"2040\" data-wp-class--hide=\"state.isContentHidden\" data-wp-class--show=\"state.isContentVisible\" data-wp-init=\"callbacks.setButtonStyles\" data-wp-on-async--click=\"actions.showLightbox\" data-wp-on-async--load=\"callbacks.setButtonStyles\" data-wp-on-async-window--resize=\"callbacks.setButtonStyles\" sizes=\"auto, (max-width: 620px) 100vw, 620px\" src=\"https:\/\/madeincamp.fr\/le-fief-melin\/wp-content\/uploads\/sites\/5\/2024\/03\/Ile-de-Noirmoutier.webp\" alt=\"Ile de Noirmoutier\" class=\"wp-image-6401\" style=\"aspect-ratio:1;object-fit:cover\" srcset=\"https:\/\/madeincamp.fr\/le-fief-melin\/wp-content\/uploads\/sites\/5\/2024\/03\/Ile-de-Noirmoutier.webp 1536w, https:\/\/madeincamp.fr\/le-fief-melin\/wp-content\/uploads\/sites\/5\/2024\/03\/Ile-de-Noirmoutier-226x300.webp 226w, https:\/\/madeincamp.fr\/le-fief-melin\/wp-content\/uploads\/sites\/5\/2024\/03\/Ile-de-Noirmoutier-771x1024.webp 771w, https:\/\/madeincamp.fr\/le-fief-melin\/wp-content\/uploads\/sites\/5\/2024\/03\/Ile-de-Noirmoutier-768x1020.webp 768w, https:\/\/madeincamp.fr\/le-fief-melin\/wp-content\/uploads\/sites\/5\/2024\/03\/Ile-de-Noirmoutier-1157x1536.webp 1157w\" \/><button\n\t\t\tclass=\"lightbox-trigger\"\n\t\t\ttype=\"button\"\n\t\t\taria-haspopup=\"dialog\"\n\t\t\taria-label=\"Agrandir\"\n\t\t\tdata-wp-init=\"callbacks.initTriggerButton\"\n\t\t\tdata-wp-on-async--click=\"actions.showLightbox\"\n\t\t\tdata-wp-style--right=\"state.imageButtonRight\"\n\t\t\tdata-wp-style--top=\"state.imageButtonTop\"\n\t\t>\n\t\t\t<svg xmlns=\"http:\/\/www.w3.org\/2000\/svg\" width=\"12\" height=\"12\" fill=\"none\" viewBox=\"0 0 12 12\">\n\t\t\t\t<path fill=\"#fff\" d=\"M2 0a2 2 0 0 0-2 2v2h1.5V2a.5.5 0 0 1 .5-.5h2V0H2Zm2 10.5H2a.5.5 0 0 1-.5-.5V8H0v2a2 2 0 0 0 2 2h2v-1.5ZM8 12v-1.5h2a.5.5 0 0 0 .5-.5V8H12v2a2 2 0 0 1-2 2H8Zm2-12a2 2 0 0 1 2 2v2h-1.5V2a.5.5 0 0 0-.5-.5H8V0h2Z\" \/>\n\t\t\t<\/svg>\n\t\t<\/button><\/figure>\n<\/div>\n\n\n\n<div class=\"wp-block-column is-vertically-aligned-center is-layout-flow wp-block-column-is-layout-flow\" style=\"padding-right:var(--wp--preset--spacing--40);padding-bottom:0;padding-left:var(--wp--preset--spacing--40);flex-basis:50%\">\n<div style=\"height:1rem\" aria-hidden=\"true\" class=\"wp-block-spacer\"><\/div>\n\n\n\n<div style=\"height:4rem\" aria-hidden=\"true\" class=\"wp-block-spacer is-style-gt-hidden-mobile\"><\/div>\n\n\n\n<h3 class=\"wp-block-heading has-base-2-color has-text-color has-link-color wp-elements-e782aa708a4b99ae9c71b835b4404dd2\"><strong>Saint-Pierre-d&rsquo;Ol\u00e9ron<\/strong><\/h3>\n\n\n\n<p>Principale agglom\u00e9ration de l\u2019\u00eele d\u2019Ol\u00e9ron, souvent consid\u00e9r\u00e9e comme la capitale, elle est dot\u00e9e d\u2019importantes activit\u00e9s \u00e9conomiques et commerciales telles que de nombreux hypermarch\u00e9s.<\/p>\n\n\n\n<p>Son centre historique en partie pi\u00e9tonnier est structur\u00e9 autour de quelques <strong>monuments embl\u00e9matiques<\/strong> tels que l\u2019\u00e9glise de <a href=\"https:\/\/madeincamp.fr\/camping-charente-maritime\/camping-ile-oleron\/saint-pierre-doleron\/\">Saint-Pierre-d\u2019Ol\u00e9ron<\/a>, la lanterne des morts et la maison des a\u00efeuls ou repose l\u2019\u00e9crivain Pierre Loti.<\/p>\n\n\n\n<p>Vous ne manquerez pas de contempler la flottille multicolore avant la cri\u00e9e, au port de p\u00eache la cotini\u00e8re.<\/p>\n<\/div>\n<\/div>\n<\/div>\n\n\n\n<div class=\"wp-block-group alignwide is-layout-flow wp-block-group-is-layout-flow\" style=\"padding-top:var(--wp--preset--spacing--60);padding-bottom:var(--wp--preset--spacing--60)\">\n<div class=\"wp-block-columns are-vertically-aligned-center is-layout-flex wp-container-core-columns-is-layout-7fc3d43a wp-block-columns-is-layout-flex\">\n<div class=\"wp-block-column is-vertically-aligned-center is-layout-flow wp-container-core-column-is-layout-8a368f38 wp-block-column-is-layout-flow\">\n<div class=\"wp-block-group home-map-ctv is-layout-flow wp-block-group-is-layout-flow\">\n<figure class=\"wp-block-image aligncenter size-full animated fadeInUp slow delay-500ms\"><img decoding=\"async\" src=\"https:\/\/madeincamp.fr\/wp-content\/uploads\/2024\/02\/fleur.png\" alt=\"fleur\" class=\"wp-image-121\" style=\"object-fit:cover\" \/><\/figure>\n<\/div>\n\n\n\n<div class=\"wp-block-group animated fadeIn slow has-global-padding is-layout-constrained wp-block-group-is-layout-constrained\">\n<figure data-wp-context=\"{&quot;imageId&quot;:&quot;69ef8ddfe6296&quot;}\" data-wp-interactive=\"core\/image\" class=\"wp-block-image size-full wp-lightbox-container\"><img data-dominant-color=\"657c7a\" data-has-transparency=\"false\" loading=\"lazy\" decoding=\"async\" width=\"816\" height=\"1456\" data-wp-class--hide=\"state.isContentHidden\" data-wp-class--show=\"state.isContentVisible\" data-wp-init=\"callbacks.setButtonStyles\" data-wp-on-async--click=\"actions.showLightbox\" data-wp-on-async--load=\"callbacks.setButtonStyles\" data-wp-on-async-window--resize=\"callbacks.setButtonStyles\" sizes=\"auto, (max-width: 620px) 100vw, 620px\" src=\"https:\/\/madeincamp.fr\/le-fief-melin\/wp-content\/uploads\/sites\/5\/2024\/07\/couple-heureux-velo-ocean.png\" alt=\"couple heureux velo ocean\" class=\"wp-image-10030 not-transparent\" style=\"--dominant-color: #657c7a; aspect-ratio:1;object-fit:cover\" srcset=\"https:\/\/madeincamp.fr\/le-fief-melin\/wp-content\/uploads\/sites\/5\/2024\/07\/couple-heureux-velo-ocean.png 816w, https:\/\/madeincamp.fr\/le-fief-melin\/wp-content\/uploads\/sites\/5\/2024\/07\/couple-heureux-velo-ocean-168x300.png 168w, https:\/\/madeincamp.fr\/le-fief-melin\/wp-content\/uploads\/sites\/5\/2024\/07\/couple-heureux-velo-ocean-574x1024.png 574w, https:\/\/madeincamp.fr\/le-fief-melin\/wp-content\/uploads\/sites\/5\/2024\/07\/couple-heureux-velo-ocean-768x1370.png 768w\" \/><button\n\t\t\tclass=\"lightbox-trigger\"\n\t\t\ttype=\"button\"\n\t\t\taria-haspopup=\"dialog\"\n\t\t\taria-label=\"Agrandir\"\n\t\t\tdata-wp-init=\"callbacks.initTriggerButton\"\n\t\t\tdata-wp-on-async--click=\"actions.showLightbox\"\n\t\t\tdata-wp-style--right=\"state.imageButtonRight\"\n\t\t\tdata-wp-style--top=\"state.imageButtonTop\"\n\t\t>\n\t\t\t<svg xmlns=\"http:\/\/www.w3.org\/2000\/svg\" width=\"12\" height=\"12\" fill=\"none\" viewBox=\"0 0 12 12\">\n\t\t\t\t<path fill=\"#fff\" d=\"M2 0a2 2 0 0 0-2 2v2h1.5V2a.5.5 0 0 1 .5-.5h2V0H2Zm2 10.5H2a.5.5 0 0 1-.5-.5V8H0v2a2 2 0 0 0 2 2h2v-1.5ZM8 12v-1.5h2a.5.5 0 0 0 .5-.5V8H12v2a2 2 0 0 1-2 2H8Zm2-12a2 2 0 0 1 2 2v2h-1.5V2a.5.5 0 0 0-.5-.5H8V0h2Z\" \/>\n\t\t\t<\/svg>\n\t\t<\/button><\/figure>\n<\/div>\n<\/div>\n\n\n\n<div class=\"wp-block-column is-vertically-aligned-center is-layout-flow wp-block-column-is-layout-flow\">\n<h3 class=\"wp-block-heading has-base-color has-text-color has-link-color wp-elements-3f9e082a02039d7217b49d613a24abe8\"><strong>Saint-Georges-d&rsquo;Ol\u00e9ron<\/strong><\/h3>\n\n\n\n<p>Situ\u00e9 \u00e0 l\u2019\u00e9cart de l\u2019axe principal de l\u2019\u00eele, le bourg de <a href=\"https:\/\/madeincamp.fr\/camping-charente-maritime\/camping-ile-oleron\/saint-georges-oleron\/\">Saint-Georges-d\u2019Ol\u00e9ron<\/a> m\u00e9rite que l\u2019on s\u2019y arr\u00eate pour se laisser aller au gr\u00e9 des ruelles, des halles et de son \u00e9glise romane. La commune poss\u00e8de une multitude de villages typiques tels que Boyardville lieu incontournable de l\u2019\u00eele, Chaucre, Domino et les sables Vignier bordant de tr\u00e8s belles plages c\u00f4t\u00e9 oc\u00e9an. Le Douhet o\u00f9 se situe son port.<\/p>\n\n\n\n<p><strong>\u00c0 d\u00e9couvrir :<\/strong> son port de p\u00eache et de plaisance, ses vieux quartiers, ses march\u00e9s, son patrimoine et sans oublier ses belles plages de sable fin.<\/p>\n<\/div>\n<\/div>\n<\/div>\n\n\n\n<div class=\"wp-block-cover alignfull is-light rellaxed animated fadeIn slow is-style-gt-bg-right has-border-color has-base-2-border-color\" style=\"border-width:2rem;margin-top:var(--wp--preset--spacing--50);padding-top:0;padding-bottom:0;padding-left:0;min-height:1121px;aspect-ratio:unset;\"><span aria-hidden=\"true\" class=\"wp-block-cover__background has-background-dim-0 has-background-dim\" style=\"background-color:#8d9596\"><\/span><img data-dominant-color=\"717f84\" data-has-transparency=\"false\" style=\"--dominant-color: #717f84;\" loading=\"lazy\" decoding=\"async\" width=\"1920\" height=\"1200\" sizes=\"auto, 100vw\" class=\"wp-block-cover__image-background wp-image-10169 not-transparent\" alt=\"la plage oleron\" src=\"https:\/\/madeincamp.fr\/le-fief-melin\/wp-content\/uploads\/sites\/5\/2024\/07\/la-plage-oleron.webp\" data-object-fit=\"cover\" srcset=\"https:\/\/madeincamp.fr\/le-fief-melin\/wp-content\/uploads\/sites\/5\/2024\/07\/la-plage-oleron.webp 1920w, https:\/\/madeincamp.fr\/le-fief-melin\/wp-content\/uploads\/sites\/5\/2024\/07\/la-plage-oleron-300x188.webp 300w, https:\/\/madeincamp.fr\/le-fief-melin\/wp-content\/uploads\/sites\/5\/2024\/07\/la-plage-oleron-1024x640.webp 1024w, https:\/\/madeincamp.fr\/le-fief-melin\/wp-content\/uploads\/sites\/5\/2024\/07\/la-plage-oleron-768x480.webp 768w, https:\/\/madeincamp.fr\/le-fief-melin\/wp-content\/uploads\/sites\/5\/2024\/07\/la-plage-oleron-1536x960.webp 1536w\" \/><div class=\"wp-block-cover__inner-container has-global-padding is-layout-constrained wp-container-core-cover-is-layout-dbbe9912 wp-block-cover-is-layout-constrained\">\n<div class=\"wp-block-group alignwide is-layout-flow wp-block-group-is-layout-flow\" style=\"padding-top:0;padding-right:20vw;padding-bottom:0\">\n<div class=\"wp-block-columns are-vertically-aligned-center has-base-2-background-color has-background is-layout-flex wp-container-core-columns-is-layout-271a479c wp-block-columns-is-layout-flex\" style=\"padding-top:var(--wp--preset--spacing--20);padding-right:var(--wp--preset--spacing--20);padding-bottom:var(--wp--preset--spacing--20);padding-left:var(--wp--preset--spacing--20)\">\n<div class=\"wp-block-column is-vertically-aligned-center is-layout-flow wp-block-column-is-layout-flow\">\n<h3 class=\"wp-block-heading has-base-color has-text-color has-link-color wp-elements-2ff8557dc15e9b6f02d2e0d837372a1f\"><strong>La Br\u00e9e-les-Bains<\/strong><\/h3>\n\n\n\n<p>La <a href=\"https:\/\/madeincamp.fr\/camping-charente-maritime\/camping-ile-oleron\/la-bree-les-bains\/\">Br\u00e9e-les-Bains<\/a> est une commune r\u00e9cente (1953) au charme authentique, <strong>station baln\u00e9aire<\/strong>, baignant dans le pertuis d\u2019Antioche et faisant face \u00e0 l\u2019\u00eele de R\u00e9 et \u00e0 La Rochelle.<\/p>\n\n\n\n<p>C\u2019est un v\u00e9ritable <strong>havre de paix<\/strong> entre marais et venelles color\u00e9es. \u00c0 l\u2019entr\u00e9e du village, vous ne manquerez pas le Moulin de La Fontaine datant du XVe si\u00e8cle, l\u2019un des mieux conserv\u00e9s de l\u2019\u00eele d\u2019Ol\u00e9ron.<\/p>\n<\/div>\n\n\n\n<div class=\"wp-block-column is-vertically-aligned-center is-layout-flow wp-container-core-column-is-layout-22223934 wp-block-column-is-layout-flow\">\n<figure data-wp-context=\"{&quot;imageId&quot;:&quot;69ef8ddfe669d&quot;}\" data-wp-interactive=\"core\/image\" class=\"wp-block-image size-full animated fadeIn slow wp-lightbox-container\"><img data-dominant-color=\"889689\" data-has-transparency=\"false\" loading=\"lazy\" decoding=\"async\" width=\"1920\" height=\"899\" data-wp-class--hide=\"state.isContentHidden\" data-wp-class--show=\"state.isContentVisible\" data-wp-init=\"callbacks.setButtonStyles\" data-wp-on-async--click=\"actions.showLightbox\" data-wp-on-async--load=\"callbacks.setButtonStyles\" data-wp-on-async-window--resize=\"callbacks.setButtonStyles\" sizes=\"auto, (max-width: 620px) 100vw, 620px\" src=\"https:\/\/madeincamp.fr\/le-fief-melin\/wp-content\/uploads\/sites\/5\/2024\/07\/Dune-a-la-Cotiniere.webp\" alt=\"Dune a la Cotiniere\" class=\"wp-image-10145 not-transparent\" style=\"--dominant-color: #889689; aspect-ratio:2\/3;object-fit:cover\" srcset=\"https:\/\/madeincamp.fr\/le-fief-melin\/wp-content\/uploads\/sites\/5\/2024\/07\/Dune-a-la-Cotiniere.webp 1920w, https:\/\/madeincamp.fr\/le-fief-melin\/wp-content\/uploads\/sites\/5\/2024\/07\/Dune-a-la-Cotiniere-300x140.webp 300w, https:\/\/madeincamp.fr\/le-fief-melin\/wp-content\/uploads\/sites\/5\/2024\/07\/Dune-a-la-Cotiniere-1024x479.webp 1024w, https:\/\/madeincamp.fr\/le-fief-melin\/wp-content\/uploads\/sites\/5\/2024\/07\/Dune-a-la-Cotiniere-768x360.webp 768w, https:\/\/madeincamp.fr\/le-fief-melin\/wp-content\/uploads\/sites\/5\/2024\/07\/Dune-a-la-Cotiniere-1536x719.webp 1536w\" \/><button\n\t\t\tclass=\"lightbox-trigger\"\n\t\t\ttype=\"button\"\n\t\t\taria-haspopup=\"dialog\"\n\t\t\taria-label=\"Agrandir\"\n\t\t\tdata-wp-init=\"callbacks.initTriggerButton\"\n\t\t\tdata-wp-on-async--click=\"actions.showLightbox\"\n\t\t\tdata-wp-style--right=\"state.imageButtonRight\"\n\t\t\tdata-wp-style--top=\"state.imageButtonTop\"\n\t\t>\n\t\t\t<svg xmlns=\"http:\/\/www.w3.org\/2000\/svg\" width=\"12\" height=\"12\" fill=\"none\" viewBox=\"0 0 12 12\">\n\t\t\t\t<path fill=\"#fff\" d=\"M2 0a2 2 0 0 0-2 2v2h1.5V2a.5.5 0 0 1 .5-.5h2V0H2Zm2 10.5H2a.5.5 0 0 1-.5-.5V8H0v2a2 2 0 0 0 2 2h2v-1.5ZM8 12v-1.5h2a.5.5 0 0 0 .5-.5V8H12v2a2 2 0 0 1-2 2H8Zm2-12a2 2 0 0 1 2 2v2h-1.5V2a.5.5 0 0 0-.5-.5H8V0h2Z\" \/>\n\t\t\t<\/svg>\n\t\t<\/button><\/figure>\n<\/div>\n<\/div>\n<\/div>\n<\/div><\/div>\n\n\n\n<div class=\"wp-block-group alignwide is-layout-flow wp-block-group-is-layout-flow\" style=\"padding-top:var(--wp--preset--spacing--60);padding-bottom:var(--wp--preset--spacing--60)\">\n<div class=\"wp-block-columns are-vertically-aligned-center is-layout-flex wp-container-core-columns-is-layout-7fc3d43a wp-block-columns-is-layout-flex\">\n<div class=\"wp-block-column is-vertically-aligned-center is-layout-flow wp-container-core-column-is-layout-8a368f38 wp-block-column-is-layout-flow\">\n<div class=\"wp-block-group home-map-ctv is-layout-flow wp-block-group-is-layout-flow\">\n<figure class=\"wp-block-image aligncenter size-full animated fadeInUp slow delay-500ms\"><img decoding=\"async\" src=\"https:\/\/madeincamp.fr\/wp-content\/uploads\/2024\/02\/fleur.png\" alt=\"fleur\" class=\"wp-image-121\" style=\"object-fit:cover\" \/><\/figure>\n<\/div>\n\n\n\n<div class=\"wp-block-group animated fadeIn slow has-global-padding is-layout-constrained wp-block-group-is-layout-constrained\">\n<figure data-wp-context=\"{&quot;imageId&quot;:&quot;69ef8ddfe69c8&quot;}\" data-wp-interactive=\"core\/image\" class=\"wp-block-image size-full wp-lightbox-container\"><img data-dominant-color=\"a19f9d\" data-has-transparency=\"false\" loading=\"lazy\" decoding=\"async\" width=\"1536\" height=\"2048\" data-wp-class--hide=\"state.isContentHidden\" data-wp-class--show=\"state.isContentVisible\" data-wp-init=\"callbacks.setButtonStyles\" data-wp-on-async--click=\"actions.showLightbox\" data-wp-on-async--load=\"callbacks.setButtonStyles\" data-wp-on-async-window--resize=\"callbacks.setButtonStyles\" sizes=\"auto, (max-width: 620px) 100vw, 620px\" src=\"https:\/\/madeincamp.fr\/le-fief-melin\/wp-content\/uploads\/sites\/5\/2024\/07\/Jeune_femme_marchant_sur_le_sable_mouille_40174-scaled.webp\" alt=\"Jeune femme marchant sur le sable mouille 40174\" class=\"wp-image-10375 not-transparent\" style=\"--dominant-color: #a19f9d; aspect-ratio:1;object-fit:cover\" srcset=\"https:\/\/madeincamp.fr\/le-fief-melin\/wp-content\/uploads\/sites\/5\/2024\/07\/Jeune_femme_marchant_sur_le_sable_mouille_40174-scaled.webp 1536w, https:\/\/madeincamp.fr\/le-fief-melin\/wp-content\/uploads\/sites\/5\/2024\/07\/Jeune_femme_marchant_sur_le_sable_mouille_40174-225x300.webp 225w, https:\/\/madeincamp.fr\/le-fief-melin\/wp-content\/uploads\/sites\/5\/2024\/07\/Jeune_femme_marchant_sur_le_sable_mouille_40174-768x1024.webp 768w, https:\/\/madeincamp.fr\/le-fief-melin\/wp-content\/uploads\/sites\/5\/2024\/07\/Jeune_femme_marchant_sur_le_sable_mouille_40174-1152x1536.webp 1152w\" \/><button\n\t\t\tclass=\"lightbox-trigger\"\n\t\t\ttype=\"button\"\n\t\t\taria-haspopup=\"dialog\"\n\t\t\taria-label=\"Agrandir\"\n\t\t\tdata-wp-init=\"callbacks.initTriggerButton\"\n\t\t\tdata-wp-on-async--click=\"actions.showLightbox\"\n\t\t\tdata-wp-style--right=\"state.imageButtonRight\"\n\t\t\tdata-wp-style--top=\"state.imageButtonTop\"\n\t\t>\n\t\t\t<svg xmlns=\"http:\/\/www.w3.org\/2000\/svg\" width=\"12\" height=\"12\" fill=\"none\" viewBox=\"0 0 12 12\">\n\t\t\t\t<path fill=\"#fff\" d=\"M2 0a2 2 0 0 0-2 2v2h1.5V2a.5.5 0 0 1 .5-.5h2V0H2Zm2 10.5H2a.5.5 0 0 1-.5-.5V8H0v2a2 2 0 0 0 2 2h2v-1.5ZM8 12v-1.5h2a.5.5 0 0 0 .5-.5V8H12v2a2 2 0 0 1-2 2H8Zm2-12a2 2 0 0 1 2 2v2h-1.5V2a.5.5 0 0 0-.5-.5H8V0h2Z\" \/>\n\t\t\t<\/svg>\n\t\t<\/button><\/figure>\n<\/div>\n<\/div>\n\n\n\n<div class=\"wp-block-column is-vertically-aligned-center is-layout-flow wp-block-column-is-layout-flow\">\n<h3 class=\"wp-block-heading has-base-color has-text-color has-link-color wp-elements-6433e4ebf8b5125e45deda16d5b923fe\"><strong>Saint-Denis-d&rsquo;Ol\u00e9ron<\/strong><\/h3>\n\n\n\n<p><a href=\"https:\/\/madeincamp.fr\/camping-charente-maritime\/camping-ile-oleron\/saint-denis-oleron\/\">Saint-Denis-d\u2019Ol\u00e9ron<\/a> est un <strong>environnement exceptionnel<\/strong> o\u00f9 se m\u00ealent nature, authenticit\u00e9 et loisirs. Dans cette commune, la plus septentrionale de l\u2019\u00eele, vous profiterez de divers loisirs dans un cadre naturel. La plage abrit\u00e9e de la Boirie est id\u00e9ale pour une baignade familiale. Les plus sportifs trouveront leur bonheur \u00e0 la plage des Huttes, dans des parties de p\u00eache ou \u00e0 travers les pistes cyclables qui longent les c\u00f4tes. Profitez-en \u00e9galement pour vous promener sur le port de plaisance ou faire une des croisi\u00e8res quotidiennes.<\/p>\n<\/div>\n<\/div>\n<\/div>\n\n\n\n<div class=\"wp-block-cover alignfull has-custom-content-position is-position-bottom-left animated fadeIn slow\" style=\"margin-top:0;padding-top:var(--wp--preset--spacing--40);padding-right:var(--wp--preset--spacing--40);padding-bottom:var(--wp--preset--spacing--40);padding-left:var(--wp--preset--spacing--40);min-height:968px;aspect-ratio:unset;\"><span aria-hidden=\"true\" class=\"wp-block-cover__background has-background-dim-60 has-background-dim wp-block-cover__gradient-background has-background-gradient\" style=\"background:linear-gradient(135deg,rgb(0,0,0) 0%,rgba(0,0,0,0.59) 100%)\"><\/span><img loading=\"lazy\" decoding=\"async\" width=\"1536\" height=\"960\" sizes=\"auto, 100vw\" class=\"wp-block-cover__image-background wp-image-6413\" alt=\"velo bord mer\" src=\"https:\/\/madeincamp.fr\/le-fief-melin\/wp-content\/uploads\/sites\/5\/2024\/03\/velo-bord-mer.webp\" style=\"object-position:0% 98%\" data-object-fit=\"cover\" data-object-position=\"0% 98%\" srcset=\"https:\/\/madeincamp.fr\/le-fief-melin\/wp-content\/uploads\/sites\/5\/2024\/03\/velo-bord-mer.webp 1536w, https:\/\/madeincamp.fr\/le-fief-melin\/wp-content\/uploads\/sites\/5\/2024\/03\/velo-bord-mer-300x188.webp 300w, https:\/\/madeincamp.fr\/le-fief-melin\/wp-content\/uploads\/sites\/5\/2024\/03\/velo-bord-mer-1024x640.webp 1024w, https:\/\/madeincamp.fr\/le-fief-melin\/wp-content\/uploads\/sites\/5\/2024\/03\/velo-bord-mer-768x480.webp 768w\" \/><div class=\"wp-block-cover__inner-container has-global-padding is-layout-constrained wp-container-core-cover-is-layout-26a7d37c wp-block-cover-is-layout-constrained\">\n<div class=\"wp-block-group has-base-2-color has-text-color has-link-color wp-elements-1f1de7e6fe20d7e4b98c976df6779768 is-layout-flow wp-container-core-group-is-layout-e356762d wp-block-group-is-layout-flow\" style=\"margin-top:0;margin-bottom:0\">\n<h2 class=\"wp-block-heading\"><strong>Les sites de l&rsquo;\u00eele d&rsquo;Ol\u00e9ron \u00e0 ne pas manquer !<\/strong><\/h2>\n\n\n\n<p>Envie de faire du tourisme sur l\u2019\u00eele d\u2019Ol\u00e9ron ? Voici les <strong>principaux lieux d\u2019int\u00e9r\u00eat incontournables <\/strong>\u00e0 ne pas rater pendant votre s\u00e9jour en camping sur l\u2019\u00eele d\u2019Ol\u00e9ron !&nbsp;<\/p>\n\n\n\n<h3 class=\"wp-block-heading has-base-2-color has-text-color has-link-color wp-elements-c240771612cac676ce6ed786815bf6e3\"><strong>Le Fort Boyard<\/strong><\/h3>\n\n\n\n<p>Le <a href=\"https:\/\/madeincamp.fr\/tourisme-cote-atlantique\/fort-boyard\/\">Fort Boyard<\/a> est \u00e9tabli sur un <strong>banc de sable et de roc<\/strong> du m\u00eame nom r\u00e9alis\u00e9 sous Napol\u00e9on entre 1801 et 1859. Il fut \u00e9difi\u00e9 pour prot\u00e9ger l\u2019embouchure de la Charente et le port de Rochefort des Anglais. Il ne se visite pas puisqu\u2019il est devenu un <strong>lieu de tournage<\/strong> d\u2019une \u00e9mission de TV tr\u00e8s connue !! Cependant, nous vous conseillons les <strong>croisi\u00e8res comment\u00e9es<\/strong> au d\u00e9part de Boyardville ou de Saint-Denis-d\u2019Ol\u00e9ron.<\/p>\n<\/div>\n<\/div><\/div>\n\n\n\n<div class=\"wp-block-cover alignfull is-light rellaxed animated fadeIn slow is-style-gt-bg-left has-border-color has-base-2-border-color\" style=\"border-width:2rem;margin-top:var(--wp--preset--spacing--50);padding-top:0;padding-bottom:0;padding-left:0;min-height:120vh;aspect-ratio:unset;\"><span aria-hidden=\"true\" class=\"wp-block-cover__background has-background-dim-0 has-background-dim\" style=\"background-color:#90a6b6\"><\/span><img decoding=\"async\" class=\"wp-block-cover__image-background wp-image-10937\" alt=\"Bord de mer rocailleux pr\u00e8s du phare de Chassiron\" src=\"https:\/\/madeincamp.fr\/le-fief-melin\/wp-content\/uploads\/sites\/5\/2024\/10\/IMG_8454.jpeg\" data-object-fit=\"cover\" \/><div class=\"wp-block-cover__inner-container has-global-padding is-layout-constrained wp-container-core-cover-is-layout-dbbe9912 wp-block-cover-is-layout-constrained\">\n<div class=\"wp-block-group alignwide is-layout-flow wp-block-group-is-layout-flow\" style=\"padding-top:0;padding-bottom:0;padding-left:20vw\">\n<div class=\"wp-block-columns are-vertically-aligned-center has-base-2-background-color has-background is-layout-flex wp-container-core-columns-is-layout-271a479c wp-block-columns-is-layout-flex\" style=\"padding-top:var(--wp--preset--spacing--20);padding-right:var(--wp--preset--spacing--20);padding-bottom:var(--wp--preset--spacing--20);padding-left:var(--wp--preset--spacing--20)\">\n<div class=\"wp-block-column is-vertically-aligned-center is-layout-flow wp-container-core-column-is-layout-22223934 wp-block-column-is-layout-flow\">\n<figure data-wp-context=\"{&quot;imageId&quot;:&quot;69ef8ddfe6eee&quot;}\" data-wp-interactive=\"core\/image\" class=\"wp-block-image size-full animated fadeIn slow wp-lightbox-container\"><img data-dominant-color=\"668689\" data-has-transparency=\"false\" loading=\"lazy\" decoding=\"async\" width=\"1920\" height=\"1200\" data-wp-class--hide=\"state.isContentHidden\" data-wp-class--show=\"state.isContentVisible\" data-wp-init=\"callbacks.setButtonStyles\" data-wp-on-async--click=\"actions.showLightbox\" data-wp-on-async--load=\"callbacks.setButtonStyles\" data-wp-on-async-window--resize=\"callbacks.setButtonStyles\" sizes=\"auto, (max-width: 620px) 100vw, 620px\" src=\"https:\/\/madeincamp.fr\/le-fief-melin\/wp-content\/uploads\/sites\/5\/2024\/06\/visiter-phare-chassiron.webp\" alt=\"visiter phare chassiron\" class=\"wp-image-9583 not-transparent\" style=\"--dominant-color: #668689; aspect-ratio:9\/16;object-fit:cover\" srcset=\"https:\/\/madeincamp.fr\/le-fief-melin\/wp-content\/uploads\/sites\/5\/2024\/06\/visiter-phare-chassiron.webp 1920w, https:\/\/madeincamp.fr\/le-fief-melin\/wp-content\/uploads\/sites\/5\/2024\/06\/visiter-phare-chassiron-300x188.webp 300w, https:\/\/madeincamp.fr\/le-fief-melin\/wp-content\/uploads\/sites\/5\/2024\/06\/visiter-phare-chassiron-1024x640.webp 1024w, https:\/\/madeincamp.fr\/le-fief-melin\/wp-content\/uploads\/sites\/5\/2024\/06\/visiter-phare-chassiron-768x480.webp 768w, https:\/\/madeincamp.fr\/le-fief-melin\/wp-content\/uploads\/sites\/5\/2024\/06\/visiter-phare-chassiron-1536x960.webp 1536w\" \/><button\n\t\t\tclass=\"lightbox-trigger\"\n\t\t\ttype=\"button\"\n\t\t\taria-haspopup=\"dialog\"\n\t\t\taria-label=\"Agrandir\"\n\t\t\tdata-wp-init=\"callbacks.initTriggerButton\"\n\t\t\tdata-wp-on-async--click=\"actions.showLightbox\"\n\t\t\tdata-wp-style--right=\"state.imageButtonRight\"\n\t\t\tdata-wp-style--top=\"state.imageButtonTop\"\n\t\t>\n\t\t\t<svg xmlns=\"http:\/\/www.w3.org\/2000\/svg\" width=\"12\" height=\"12\" fill=\"none\" viewBox=\"0 0 12 12\">\n\t\t\t\t<path fill=\"#fff\" d=\"M2 0a2 2 0 0 0-2 2v2h1.5V2a.5.5 0 0 1 .5-.5h2V0H2Zm2 10.5H2a.5.5 0 0 1-.5-.5V8H0v2a2 2 0 0 0 2 2h2v-1.5ZM8 12v-1.5h2a.5.5 0 0 0 .5-.5V8H12v2a2 2 0 0 1-2 2H8Zm2-12a2 2 0 0 1 2 2v2h-1.5V2a.5.5 0 0 0-.5-.5H8V0h2Z\" \/>\n\t\t\t<\/svg>\n\t\t<\/button><\/figure>\n<\/div>\n\n\n\n<div class=\"wp-block-column is-vertically-aligned-center is-layout-flow wp-block-column-is-layout-flow\">\n<h3 class=\"wp-block-heading has-base-color has-text-color has-link-color wp-elements-ae0eea3798a2d05bcfbefa2654d1ae1a\"><strong>Le phare de Chassiron<\/strong><\/h3>\n\n\n\n<p>Situ\u00e9 dans la pointe de l\u2019\u00eele, le <a href=\"https:\/\/madeincamp.fr\/tourisme-cote-atlantique\/phare-de-chassiron\/\">phare de Chassiron<\/a> aide depuis toujours les p\u00eacheurs et marins \u00e0 se rep\u00e9rer, puis \u00e0 naviguer dans les eaux du pertuis d\u2019Antioche.<\/p>\n\n\n\n<p>Si vous souhaitez le visiter, commencez par d\u00e9couvrir l\u2019<strong>\u00e9comus\u00e9e<\/strong> qui d\u00e9livrera tous les secrets des habitants de la c\u00f4te, au premier \u00e9tage. Puis, gravissez les 224 marches et profitez du <strong>de la vue unique<\/strong> que vous offre le phare.<\/p>\n<\/div>\n<\/div>\n<\/div>\n<\/div><\/div>\n\n\n\n<div class=\"wp-block-cover alignfull is-light has-custom-content-position is-position-bottom-left animated fadeIn slow\" style=\"margin-top:var(--wp--preset--spacing--50);padding-top:var(--wp--preset--spacing--40);padding-right:var(--wp--preset--spacing--40);padding-bottom:var(--wp--preset--spacing--40);padding-left:var(--wp--preset--spacing--40);min-height:968px;aspect-ratio:unset;\"><span aria-hidden=\"true\" class=\"wp-block-cover__background has-background-dim-60 has-background-dim wp-block-cover__gradient-background has-background-gradient\" style=\"background-color:#9da4ae;background:linear-gradient(135deg,rgb(0,0,0) 0%,rgba(0,0,0,0.59) 100%)\"><\/span><img data-dominant-color=\"abbcbb\" data-has-transparency=\"false\" style=\"--dominant-color: #abbcbb;\" loading=\"lazy\" decoding=\"async\" width=\"1920\" height=\"1200\" sizes=\"auto, 100vw\" class=\"wp-block-cover__image-background wp-image-10053 not-transparent\" alt=\"Phare de La Cotiniere\" src=\"https:\/\/madeincamp.fr\/le-fief-melin\/wp-content\/uploads\/sites\/5\/2024\/07\/Phare-de-La-Cotiniere.webp\" data-object-fit=\"cover\" srcset=\"https:\/\/madeincamp.fr\/le-fief-melin\/wp-content\/uploads\/sites\/5\/2024\/07\/Phare-de-La-Cotiniere.webp 1920w, https:\/\/madeincamp.fr\/le-fief-melin\/wp-content\/uploads\/sites\/5\/2024\/07\/Phare-de-La-Cotiniere-300x188.webp 300w, https:\/\/madeincamp.fr\/le-fief-melin\/wp-content\/uploads\/sites\/5\/2024\/07\/Phare-de-La-Cotiniere-1024x640.webp 1024w, https:\/\/madeincamp.fr\/le-fief-melin\/wp-content\/uploads\/sites\/5\/2024\/07\/Phare-de-La-Cotiniere-768x480.webp 768w, https:\/\/madeincamp.fr\/le-fief-melin\/wp-content\/uploads\/sites\/5\/2024\/07\/Phare-de-La-Cotiniere-1536x960.webp 1536w\" \/><div class=\"wp-block-cover__inner-container has-global-padding is-layout-constrained wp-container-core-cover-is-layout-1657d9e4 wp-block-cover-is-layout-constrained\">\n<div class=\"wp-block-group has-base-2-color has-text-color has-link-color wp-elements-9f4f519b71e36df7a9328efdf73a7d27 is-layout-flow wp-container-core-group-is-layout-e356762d wp-block-group-is-layout-flow\" style=\"margin-top:0;margin-bottom:0\">\n<h3 class=\"wp-block-heading has-base-2-color has-text-color has-link-color wp-elements-560c6d13e0a893fd7fa58507f15badcd\"><strong>Le port de La Cotini\u00e8re<\/strong><\/h3>\n\n\n\n<p>Situ\u00e9 \u00e0 l\u2019ouest de l\u2019\u00eele d\u2019Ol\u00e9ron, le port de La Cotini\u00e8re est <strong>le premier port de p\u00eache artisanal de Charente-Maritime<\/strong>. Malgr\u00e9 sa taille, il est class\u00e9 parmi les 10 premiers ports de France. Pour en d\u00e9couvrir tous ses secrets, des visites guid\u00e9es sont organis\u00e9es, notamment celle de la cri\u00e9e cours de laquelle vous pourrez acc\u00e9der \u00e0 la vente aux c\u00f4t\u00e9s des mareyeurs. <\/p>\n\n\n\n<p><a href=\"https:\/\/madeincamp.fr\/tourisme-cote-atlantique\/port-de-la-cotiniere\/\">La Cotini\u00e8re<\/a> est aussi une ville tr\u00e8s dynamique avec tous ses commerces et petits restaurants qui lui donnent tant de charme. Promenez-vous le long du front de mer ou d\u00e9couvrez les march\u00e9s nocturnes tout en d\u00e9gustant une glace artisanale !<\/p>\n<\/div>\n<\/div><\/div>\n\n\n\n<div class=\"wp-block-cover alignfull is-light rellaxed animated fadeIn slow is-style-gt-bg-right has-border-color has-base-2-border-color\" style=\"border-width:2rem;margin-top:var(--wp--preset--spacing--50);padding-top:0;padding-bottom:0;padding-left:0;min-height:1121px;aspect-ratio:unset;\"><span aria-hidden=\"true\" class=\"wp-block-cover__background has-background-dim-0 has-background-dim\" style=\"background-color:#888e81\"><\/span><img data-dominant-color=\"7597a1\" data-has-transparency=\"false\" style=\"--dominant-color: #7597a1;\" loading=\"lazy\" decoding=\"async\" width=\"1920\" height=\"1200\" sizes=\"auto, 100vw\" class=\"wp-block-cover__image-background wp-image-9995 not-transparent\" alt=\"les marais salants ile d oleron\" src=\"https:\/\/madeincamp.fr\/le-fief-melin\/wp-content\/uploads\/sites\/5\/2024\/07\/les-marais-salants-ile-d-oleron.webp\" data-object-fit=\"cover\" srcset=\"https:\/\/madeincamp.fr\/le-fief-melin\/wp-content\/uploads\/sites\/5\/2024\/07\/les-marais-salants-ile-d-oleron.webp 1920w, https:\/\/madeincamp.fr\/le-fief-melin\/wp-content\/uploads\/sites\/5\/2024\/07\/les-marais-salants-ile-d-oleron-300x188.webp 300w, https:\/\/madeincamp.fr\/le-fief-melin\/wp-content\/uploads\/sites\/5\/2024\/07\/les-marais-salants-ile-d-oleron-1024x640.webp 1024w, https:\/\/madeincamp.fr\/le-fief-melin\/wp-content\/uploads\/sites\/5\/2024\/07\/les-marais-salants-ile-d-oleron-768x480.webp 768w, https:\/\/madeincamp.fr\/le-fief-melin\/wp-content\/uploads\/sites\/5\/2024\/07\/les-marais-salants-ile-d-oleron-1536x960.webp 1536w\" \/><div class=\"wp-block-cover__inner-container has-global-padding is-layout-constrained wp-container-core-cover-is-layout-dbbe9912 wp-block-cover-is-layout-constrained\">\n<div class=\"wp-block-group alignwide is-layout-flow wp-block-group-is-layout-flow\" style=\"padding-top:0;padding-right:20vw;padding-bottom:0\">\n<div class=\"wp-block-columns are-vertically-aligned-center has-base-2-background-color has-background is-layout-flex wp-container-core-columns-is-layout-271a479c wp-block-columns-is-layout-flex\" style=\"padding-top:var(--wp--preset--spacing--20);padding-right:var(--wp--preset--spacing--20);padding-bottom:var(--wp--preset--spacing--20);padding-left:var(--wp--preset--spacing--20)\">\n<div class=\"wp-block-column is-vertically-aligned-center is-layout-flow wp-block-column-is-layout-flow\">\n<h3 class=\"wp-block-heading has-base-color has-text-color has-link-color wp-elements-46cecc0ed113b700f6c78ed64098e8ec\"><strong>Le Port des Salines<\/strong><\/h3>\n\n\n\n<p><a href=\"https:\/\/madeincamp.fr\/tourisme-cote-atlantique\/port-de-salines\/\">Le Port des Salines<\/a> est situ\u00e9 au Grand-Village-Plage. N\u2019h\u00e9sitez pas \u00e0 venir faire un d\u00e9tour dans les plus beaux salins de l\u2019\u00eele ! <strong>Labellis\u00e9 p\u00f4le nature<\/strong>, le Port des Salines propose un petit coin naturel et calme.<\/p>\n\n\n\n<p>De l\u2019\u00e9comus\u00e9e aux visites comment\u00e9es, en passant par la promenade en barque, vous d\u00e9couvrirez toute l\u2019histoire du sel de l\u2019\u00eele d\u2019Ol\u00e9ron ainsi que le savoir-faire inimitable des sauniers.<\/p>\n<\/div>\n\n\n\n<div class=\"wp-block-column is-vertically-aligned-center is-layout-flow wp-container-core-column-is-layout-22223934 wp-block-column-is-layout-flow\">\n<figure data-wp-context=\"{&quot;imageId&quot;:&quot;69ef8ddfe7500&quot;}\" data-wp-interactive=\"core\/image\" class=\"wp-block-image size-full animated fadeIn slow wp-lightbox-container\"><img data-dominant-color=\"6d5951\" data-has-transparency=\"false\" loading=\"lazy\" decoding=\"async\" width=\"1920\" height=\"1200\" data-wp-class--hide=\"state.isContentHidden\" data-wp-class--show=\"state.isContentVisible\" data-wp-init=\"callbacks.setButtonStyles\" data-wp-on-async--click=\"actions.showLightbox\" data-wp-on-async--load=\"callbacks.setButtonStyles\" data-wp-on-async-window--resize=\"callbacks.setButtonStyles\" sizes=\"auto, (max-width: 620px) 100vw, 620px\" src=\"https:\/\/madeincamp.fr\/le-fief-melin\/wp-content\/uploads\/sites\/5\/2024\/07\/marais-salants-ile-d-oleron-coucher-de-soleil.webp\" alt=\"marais salants ile d oleron coucher de soleil\" class=\"wp-image-10002 not-transparent\" style=\"--dominant-color: #6d5951; aspect-ratio:9\/16;object-fit:cover\" srcset=\"https:\/\/madeincamp.fr\/le-fief-melin\/wp-content\/uploads\/sites\/5\/2024\/07\/marais-salants-ile-d-oleron-coucher-de-soleil.webp 1920w, https:\/\/madeincamp.fr\/le-fief-melin\/wp-content\/uploads\/sites\/5\/2024\/07\/marais-salants-ile-d-oleron-coucher-de-soleil-300x188.webp 300w, https:\/\/madeincamp.fr\/le-fief-melin\/wp-content\/uploads\/sites\/5\/2024\/07\/marais-salants-ile-d-oleron-coucher-de-soleil-1024x640.webp 1024w, https:\/\/madeincamp.fr\/le-fief-melin\/wp-content\/uploads\/sites\/5\/2024\/07\/marais-salants-ile-d-oleron-coucher-de-soleil-768x480.webp 768w, https:\/\/madeincamp.fr\/le-fief-melin\/wp-content\/uploads\/sites\/5\/2024\/07\/marais-salants-ile-d-oleron-coucher-de-soleil-1536x960.webp 1536w\" \/><button\n\t\t\tclass=\"lightbox-trigger\"\n\t\t\ttype=\"button\"\n\t\t\taria-haspopup=\"dialog\"\n\t\t\taria-label=\"Agrandir\"\n\t\t\tdata-wp-init=\"callbacks.initTriggerButton\"\n\t\t\tdata-wp-on-async--click=\"actions.showLightbox\"\n\t\t\tdata-wp-style--right=\"state.imageButtonRight\"\n\t\t\tdata-wp-style--top=\"state.imageButtonTop\"\n\t\t>\n\t\t\t<svg xmlns=\"http:\/\/www.w3.org\/2000\/svg\" width=\"12\" height=\"12\" fill=\"none\" viewBox=\"0 0 12 12\">\n\t\t\t\t<path fill=\"#fff\" d=\"M2 0a2 2 0 0 0-2 2v2h1.5V2a.5.5 0 0 1 .5-.5h2V0H2Zm2 10.5H2a.5.5 0 0 1-.5-.5V8H0v2a2 2 0 0 0 2 2h2v-1.5ZM8 12v-1.5h2a.5.5 0 0 0 .5-.5V8H12v2a2 2 0 0 1-2 2H8Zm2-12a2 2 0 0 1 2 2v2h-1.5V2a.5.5 0 0 0-.5-.5H8V0h2Z\" \/>\n\t\t\t<\/svg>\n\t\t<\/button><\/figure>\n<\/div>\n<\/div>\n<\/div>\n<\/div><\/div>\n\n\n\n<div class=\"wp-block-cover alignfull is-light has-custom-content-position is-position-top-center animated fadeIn slow has-border-color has-base-2-border-color\" style=\"border-width:2rem;padding-top:0;padding-right:0;padding-bottom:0;padding-left:0;min-height:816px;aspect-ratio:unset;\"><span aria-hidden=\"true\" class=\"wp-block-cover__background has-base-2-background-color has-background-dim-0 has-background-dim\"><\/span><img data-dominant-color=\"9299a0\" data-has-transparency=\"false\" style=\"--dominant-color: #9299a0;\" loading=\"lazy\" decoding=\"async\" width=\"1920\" height=\"1200\" sizes=\"auto, 100vw\" class=\"wp-block-cover__image-background wp-image-10138 not-transparent\" alt=\"Boyardville Charente Maritime\" src=\"https:\/\/madeincamp.fr\/le-fief-melin\/wp-content\/uploads\/sites\/5\/2024\/07\/Boyardville-Charente-Maritime.webp\" data-object-fit=\"cover\" srcset=\"https:\/\/madeincamp.fr\/le-fief-melin\/wp-content\/uploads\/sites\/5\/2024\/07\/Boyardville-Charente-Maritime.webp 1920w, https:\/\/madeincamp.fr\/le-fief-melin\/wp-content\/uploads\/sites\/5\/2024\/07\/Boyardville-Charente-Maritime-300x188.webp 300w, https:\/\/madeincamp.fr\/le-fief-melin\/wp-content\/uploads\/sites\/5\/2024\/07\/Boyardville-Charente-Maritime-1024x640.webp 1024w, https:\/\/madeincamp.fr\/le-fief-melin\/wp-content\/uploads\/sites\/5\/2024\/07\/Boyardville-Charente-Maritime-768x480.webp 768w, https:\/\/madeincamp.fr\/le-fief-melin\/wp-content\/uploads\/sites\/5\/2024\/07\/Boyardville-Charente-Maritime-1536x960.webp 1536w\" \/><div class=\"wp-block-cover__inner-container has-global-padding is-layout-constrained wp-container-core-cover-is-layout-da604d14 wp-block-cover-is-layout-constrained\">\n<div class=\"wp-block-group alignfull has-base-2-background-color has-background has-global-padding is-layout-constrained wp-block-group-is-layout-constrained\" style=\"min-height:3rem;padding-top:0;padding-bottom:0\"><\/div>\n\n\n\n<div class=\"wp-block-group alignfull gt-cover-top-title has-base-2-background-color has-background is-layout-flow wp-block-group-is-layout-flow\" style=\"padding-right:var(--wp--preset--spacing--40);padding-left:var(--wp--preset--spacing--40)\">\n<h3 class=\"wp-block-heading has-text-align-center has-base-color has-text-color has-link-color wp-elements-a01898b5a1cc5bc8f682f84637980989\"><strong>Boyardville<\/strong><\/h3>\n<\/div>\n\n\n\n<div class=\"wp-block-group alignfull gt-drop-bottom has-background has-global-padding is-layout-constrained wp-block-group-is-layout-constrained\" style=\"background:linear-gradient(0deg,rgb(255,255,255) 47%,rgba(255,255,255,0) 47%)\">\n<figure class=\"wp-block-image aligncenter size-full animated fadeInUp slow\"><img decoding=\"async\" src=\"https:\/\/madeincamp.fr\/wp-content\/uploads\/2024\/02\/drop.png\" alt=\"drop\" class=\"wp-image-212\" \/><\/figure>\n<\/div>\n<\/div><\/div>\n\n\n\n<div class=\"wp-block-group alignwide is-layout-flow wp-block-group-is-layout-flow\" style=\"padding-bottom:var(--wp--preset--spacing--40)\">\n<p class=\"has-text-align-center\">Avec sa <strong>vue imprenable<\/strong> sur Fort Boyard depuis sa plage, d\u00e9couvrez <a href=\"https:\/\/madeincamp.fr\/tourisme-cote-atlantique\/boyardville-oleron\/\">Boyardville<\/a> et embarquez pour une balade en mer vers Fort Boyard, l\u2019\u00eele d\u2019Aix, La Rochelle. C\u2019est aussi un <strong>port de plaisance<\/strong>, son immense plage de sable fin, sa for\u00eat domaniale de 600 ha. V\u00e9ritable station baln\u00e9aire ax\u00e9e sur le nautisme.<\/p>\n<\/div>\n\n\n\n<div class=\"wp-block-group alignfull animated fadeIn slow has-border-color has-base-2-border-color has-base-2-color has-text-color has-background has-link-color wp-elements-77b3ad456eda69749ab3ab7d3fc57aa2 has-global-padding is-layout-constrained wp-container-core-group-is-layout-c8529e06 wp-block-group-is-layout-constrained\" style=\"border-width:2rem;background:linear-gradient(0deg,rgb(56,78,90) 87%,rgb(255,255,255) 87%);margin-top:var(--wp--preset--spacing--50);padding-top:0;padding-right:var(--wp--preset--spacing--50);padding-bottom:0;padding-left:var(--wp--preset--spacing--50)\">\n<div class=\"wp-block-columns alignfull is-layout-flex wp-container-core-columns-is-layout-59e203da wp-block-columns-is-layout-flex\" style=\"padding-right:0;padding-left:0\">\n<div class=\"wp-block-column is-vertically-aligned-top is-layout-flow wp-block-column-is-layout-flow\" style=\"flex-basis:50%\">\n<figure data-wp-context=\"{&quot;imageId&quot;:&quot;69ef8ddfe7adf&quot;}\" data-wp-interactive=\"core\/image\" class=\"wp-block-image size-full wp-lightbox-container\"><img data-dominant-color=\"a9a693\" data-has-transparency=\"false\" loading=\"lazy\" decoding=\"async\" width=\"896\" height=\"1344\" data-wp-class--hide=\"state.isContentHidden\" data-wp-class--show=\"state.isContentVisible\" data-wp-init=\"callbacks.setButtonStyles\" data-wp-on-async--click=\"actions.showLightbox\" data-wp-on-async--load=\"callbacks.setButtonStyles\" data-wp-on-async-window--resize=\"callbacks.setButtonStyles\" sizes=\"auto, (max-width: 620px) 100vw, 620px\" src=\"https:\/\/madeincamp.fr\/le-fief-melin\/wp-content\/uploads\/sites\/5\/2024\/07\/grand-soleil-sur-la-plage.png\" alt=\"grand soleil sur la plage\" class=\"wp-image-9834 not-transparent\" style=\"--dominant-color: #a9a693; aspect-ratio:1;object-fit:cover\" srcset=\"https:\/\/madeincamp.fr\/le-fief-melin\/wp-content\/uploads\/sites\/5\/2024\/07\/grand-soleil-sur-la-plage.png 896w, https:\/\/madeincamp.fr\/le-fief-melin\/wp-content\/uploads\/sites\/5\/2024\/07\/grand-soleil-sur-la-plage-200x300.png 200w, https:\/\/madeincamp.fr\/le-fief-melin\/wp-content\/uploads\/sites\/5\/2024\/07\/grand-soleil-sur-la-plage-683x1024.png 683w, https:\/\/madeincamp.fr\/le-fief-melin\/wp-content\/uploads\/sites\/5\/2024\/07\/grand-soleil-sur-la-plage-768x1152.png 768w\" \/><button\n\t\t\tclass=\"lightbox-trigger\"\n\t\t\ttype=\"button\"\n\t\t\taria-haspopup=\"dialog\"\n\t\t\taria-label=\"Agrandir\"\n\t\t\tdata-wp-init=\"callbacks.initTriggerButton\"\n\t\t\tdata-wp-on-async--click=\"actions.showLightbox\"\n\t\t\tdata-wp-style--right=\"state.imageButtonRight\"\n\t\t\tdata-wp-style--top=\"state.imageButtonTop\"\n\t\t>\n\t\t\t<svg xmlns=\"http:\/\/www.w3.org\/2000\/svg\" width=\"12\" height=\"12\" fill=\"none\" viewBox=\"0 0 12 12\">\n\t\t\t\t<path fill=\"#fff\" d=\"M2 0a2 2 0 0 0-2 2v2h1.5V2a.5.5 0 0 1 .5-.5h2V0H2Zm2 10.5H2a.5.5 0 0 1-.5-.5V8H0v2a2 2 0 0 0 2 2h2v-1.5ZM8 12v-1.5h2a.5.5 0 0 0 .5-.5V8H12v2a2 2 0 0 1-2 2H8Zm2-12a2 2 0 0 1 2 2v2h-1.5V2a.5.5 0 0 0-.5-.5H8V0h2Z\" \/>\n\t\t\t<\/svg>\n\t\t<\/button><\/figure>\n<\/div>\n\n\n\n<div class=\"wp-block-column is-vertically-aligned-center is-layout-flow wp-block-column-is-layout-flow\" style=\"padding-right:var(--wp--preset--spacing--40);padding-bottom:0;padding-left:var(--wp--preset--spacing--40);flex-basis:50%\">\n<div style=\"height:4rem\" aria-hidden=\"true\" class=\"wp-block-spacer is-style-gt-hidden-mobile\"><\/div>\n\n\n\n<h3 class=\"wp-block-heading has-base-2-color has-text-color has-link-color wp-elements-9a177267b1a6b916cc4dd1760b5380d2\"><strong>La plage de Gatseau<\/strong><\/h3>\n\n\n\n<p>Lieu \u00e0 la fois authentique et sauvage, la plage de Gatseau situ\u00e9e \u00e0 Saint-Trojan-les-Bains au sud de l\u2019\u00eele d\u2019Ol\u00e9ron, est entour\u00e9e d\u2019une grande for\u00eat. Dirig\u00e9e face au continent, elle b\u00e9n\u00e9ficie d\u2019une faible exposition \u00e0 l\u2019oc\u00e9an qui la rend s\u00e9curisante. En toute tranquillit\u00e9, vous pourrez vous distraire en famille, mais aussi vous balader en bord de mer. Laissez votre voiture dans le centre de Saint-Trojan et acc\u00e9dez \u00e0 la plage de Gatseau et au Pertuis de Maumusson en empruntant le petit train.<\/p>\n<\/div>\n<\/div>\n<\/div>\n\n\n\n<div class=\"wp-block-group alignwide is-layout-flow wp-block-group-is-layout-flow\" style=\"padding-top:var(--wp--preset--spacing--60);padding-bottom:var(--wp--preset--spacing--60)\">\n<div class=\"wp-block-columns are-vertically-aligned-center is-layout-flex wp-container-core-columns-is-layout-7fc3d43a wp-block-columns-is-layout-flex\">\n<div class=\"wp-block-column is-vertically-aligned-center is-layout-flow wp-container-core-column-is-layout-8a368f38 wp-block-column-is-layout-flow\">\n<div class=\"wp-block-group home-map-ctv is-layout-flow wp-block-group-is-layout-flow\">\n<figure class=\"wp-block-image aligncenter size-full animated fadeInUp slow delay-500ms\"><img decoding=\"async\" src=\"https:\/\/madeincamp.fr\/wp-content\/uploads\/2024\/02\/fleur.png\" alt=\"fleur\" class=\"wp-image-121\" style=\"object-fit:cover\" \/><\/figure>\n<\/div>\n\n\n\n<div class=\"wp-block-group animated fadeIn slow has-global-padding is-layout-constrained wp-block-group-is-layout-constrained\">\n<figure data-wp-context=\"{&quot;imageId&quot;:&quot;69ef8ddfe7efc&quot;}\" data-wp-interactive=\"core\/image\" class=\"wp-block-image size-full wp-lightbox-container\"><img loading=\"lazy\" decoding=\"async\" width=\"2000\" height=\"1121\" data-wp-class--hide=\"state.isContentHidden\" data-wp-class--show=\"state.isContentVisible\" data-wp-init=\"callbacks.setButtonStyles\" data-wp-on-async--click=\"actions.showLightbox\" data-wp-on-async--load=\"callbacks.setButtonStyles\" data-wp-on-async-window--resize=\"callbacks.setButtonStyles\" sizes=\"auto, (max-width: 620px) 100vw, 620px\" src=\"https:\/\/madeincamp.fr\/le-fief-melin\/wp-content\/uploads\/sites\/5\/2024\/03\/belle-plage-vendee.webp\" alt=\"belle plage vendee\" class=\"wp-image-6244\" style=\"aspect-ratio:1;object-fit:cover\" srcset=\"https:\/\/madeincamp.fr\/le-fief-melin\/wp-content\/uploads\/sites\/5\/2024\/03\/belle-plage-vendee.webp 2000w, https:\/\/madeincamp.fr\/le-fief-melin\/wp-content\/uploads\/sites\/5\/2024\/03\/belle-plage-vendee-300x168.webp 300w, https:\/\/madeincamp.fr\/le-fief-melin\/wp-content\/uploads\/sites\/5\/2024\/03\/belle-plage-vendee-1024x574.webp 1024w, https:\/\/madeincamp.fr\/le-fief-melin\/wp-content\/uploads\/sites\/5\/2024\/03\/belle-plage-vendee-768x430.webp 768w, https:\/\/madeincamp.fr\/le-fief-melin\/wp-content\/uploads\/sites\/5\/2024\/03\/belle-plage-vendee-1536x861.webp 1536w\" \/><button\n\t\t\tclass=\"lightbox-trigger\"\n\t\t\ttype=\"button\"\n\t\t\taria-haspopup=\"dialog\"\n\t\t\taria-label=\"Agrandir\"\n\t\t\tdata-wp-init=\"callbacks.initTriggerButton\"\n\t\t\tdata-wp-on-async--click=\"actions.showLightbox\"\n\t\t\tdata-wp-style--right=\"state.imageButtonRight\"\n\t\t\tdata-wp-style--top=\"state.imageButtonTop\"\n\t\t>\n\t\t\t<svg xmlns=\"http:\/\/www.w3.org\/2000\/svg\" width=\"12\" height=\"12\" fill=\"none\" viewBox=\"0 0 12 12\">\n\t\t\t\t<path fill=\"#fff\" d=\"M2 0a2 2 0 0 0-2 2v2h1.5V2a.5.5 0 0 1 .5-.5h2V0H2Zm2 10.5H2a.5.5 0 0 1-.5-.5V8H0v2a2 2 0 0 0 2 2h2v-1.5ZM8 12v-1.5h2a.5.5 0 0 0 .5-.5V8H12v2a2 2 0 0 1-2 2H8Zm2-12a2 2 0 0 1 2 2v2h-1.5V2a.5.5 0 0 0-.5-.5H8V0h2Z\" \/>\n\t\t\t<\/svg>\n\t\t<\/button><\/figure>\n<\/div>\n<\/div>\n\n\n\n<div class=\"wp-block-column is-vertically-aligned-center is-layout-flow wp-block-column-is-layout-flow\">\n<h3 class=\"wp-block-heading has-base-color has-text-color has-link-color wp-elements-bbc46030a0dce7a1c66966b4e307cf88\"><strong>La plage de Vert-Bois<\/strong><\/h3>\n\n\n\n<p>La plage de Vert-Bois est l\u2019une de nos plages coup de c\u0153ur ! Elle fait partie des plages les plus appr\u00e9ci\u00e9es de l\u2019\u00eele d\u2019Ol\u00e9ron gr\u00e2ce \u00e0 son pavillon bleu et son sable fin. Nich\u00e9e en bordure de for\u00eat, cette plage atypique reste pour autant un endroit sauvage. Si vous aimez les sports de glisse, cette plage est faite pour vous !<\/p>\n\n\n\n<p><strong>Le petit truc en plus<\/strong> : cette plage se situe \u00e0 moins de 15 minutes \u00e0 v\u00e9lo de notre camping et fait partie des arr\u00eats de la navette estivale gratuite qui passe au pied du Fief Melin !<\/p>\n<\/div>\n<\/div>\n<\/div>\n\n\n\n<div class=\"wp-block-cover alignfull is-light rellaxed animated fadeIn slow is-style-gt-bg-right has-border-color has-base-2-border-color\" style=\"border-width:2rem;margin-top:var(--wp--preset--spacing--50);padding-top:0;padding-bottom:0;padding-left:0;min-height:1121px;aspect-ratio:unset;\"><span aria-hidden=\"true\" class=\"wp-block-cover__background has-background-dim-0 has-background-dim\" style=\"background-color:#9da6ab\"><\/span><img data-dominant-color=\"949c99\" data-has-transparency=\"false\" style=\"--dominant-color: #949c99;\" loading=\"lazy\" decoding=\"async\" width=\"1000\" height=\"1500\" sizes=\"auto, 100vw\" class=\"wp-block-cover__image-background wp-image-10280 not-transparent\" alt=\"velo bord de mer oleron\" src=\"https:\/\/madeincamp.fr\/le-fief-melin\/wp-content\/uploads\/sites\/5\/2024\/07\/velo-bord-de-mer-oleron.webp\" data-object-fit=\"cover\" srcset=\"https:\/\/madeincamp.fr\/le-fief-melin\/wp-content\/uploads\/sites\/5\/2024\/07\/velo-bord-de-mer-oleron.webp 1000w, https:\/\/madeincamp.fr\/le-fief-melin\/wp-content\/uploads\/sites\/5\/2024\/07\/velo-bord-de-mer-oleron-200x300.webp 200w, https:\/\/madeincamp.fr\/le-fief-melin\/wp-content\/uploads\/sites\/5\/2024\/07\/velo-bord-de-mer-oleron-683x1024.webp 683w, https:\/\/madeincamp.fr\/le-fief-melin\/wp-content\/uploads\/sites\/5\/2024\/07\/velo-bord-de-mer-oleron-768x1152.webp 768w\" \/><div class=\"wp-block-cover__inner-container has-global-padding is-layout-constrained wp-container-core-cover-is-layout-dbbe9912 wp-block-cover-is-layout-constrained\">\n<div class=\"wp-block-group alignwide is-layout-flow wp-block-group-is-layout-flow\" style=\"padding-top:0;padding-right:20vw;padding-bottom:0\">\n<div class=\"wp-block-columns are-vertically-aligned-center has-base-2-background-color has-background is-layout-flex wp-container-core-columns-is-layout-271a479c wp-block-columns-is-layout-flex\" style=\"padding-top:var(--wp--preset--spacing--20);padding-right:var(--wp--preset--spacing--20);padding-bottom:var(--wp--preset--spacing--20);padding-left:var(--wp--preset--spacing--20)\">\n<div class=\"wp-block-column is-vertically-aligned-center is-layout-flow wp-block-column-is-layout-flow\">\n<h3 class=\"wp-block-heading has-base-color has-text-color has-link-color wp-elements-e622dfacf9bb8e1540c64485adecd09f\"><strong>160 km de pistes cyclables<\/strong><\/h3>\n\n\n\n<p>D\u00e9couvrez les pistes cyclables de l\u2019\u00eele d\u2019Ol\u00e9ron et du bassin de Marennes d\u2019Ol\u00e9ron : des itin\u00e9raires traversant marais, for\u00eats et longeant le bord de mer, vous laissant appr\u00e9cier la diversit\u00e9 des paysages. Accessibles aux sportifs comme aux amateurs, ces pistes cyclables vous permettront de rejoindre la plage de Vert-Bois, la citadelle au Ch\u00e2teau d&rsquo;Ol\u00e9ron, de traverser la for\u00eat domaniale des Saumonards ou encore les marais. Les plus courageux d&rsquo;entre vous pourront tenter la travers\u00e9e de l&rsquo;\u00eele jusqu&rsquo;au phare de Chassiron !<\/p>\n\n\n\n<p><strong>Bon \u00e0 savoir :<\/strong> le camping Le Fief Melin vous propose <a href=\"https:\/\/madeincamp.fr\/tourisme-cote-atlantique\/ile-oleron-a-velo\/\">des v\u00e9los \u00e0 la location<\/a> et vous trouverez \u00e0 l&rsquo;accueil le plan des pistes cyclables pour bien vous rep\u00e9rer et pr\u00e9parer vos balades !<\/p>\n<\/div>\n\n\n\n<div class=\"wp-block-column is-vertically-aligned-center is-layout-flow wp-container-core-column-is-layout-22223934 wp-block-column-is-layout-flow\">\n<figure data-wp-context=\"{&quot;imageId&quot;:&quot;69ef8ddfe82e1&quot;}\" data-wp-interactive=\"core\/image\" class=\"wp-block-image size-full animated fadeIn slow wp-lightbox-container\"><img loading=\"lazy\" decoding=\"async\" width=\"1536\" height=\"960\" data-wp-class--hide=\"state.isContentHidden\" data-wp-class--show=\"state.isContentVisible\" data-wp-init=\"callbacks.setButtonStyles\" data-wp-on-async--click=\"actions.showLightbox\" data-wp-on-async--load=\"callbacks.setButtonStyles\" data-wp-on-async-window--resize=\"callbacks.setButtonStyles\" sizes=\"auto, (max-width: 620px) 100vw, 620px\" src=\"https:\/\/madeincamp.fr\/le-fief-melin\/wp-content\/uploads\/sites\/5\/2024\/03\/velo-bord-mer.webp\" alt=\"velo bord mer\" class=\"wp-image-6413\" style=\"aspect-ratio:2\/3;object-fit:cover\" srcset=\"https:\/\/madeincamp.fr\/le-fief-melin\/wp-content\/uploads\/sites\/5\/2024\/03\/velo-bord-mer.webp 1536w, https:\/\/madeincamp.fr\/le-fief-melin\/wp-content\/uploads\/sites\/5\/2024\/03\/velo-bord-mer-300x188.webp 300w, https:\/\/madeincamp.fr\/le-fief-melin\/wp-content\/uploads\/sites\/5\/2024\/03\/velo-bord-mer-1024x640.webp 1024w, https:\/\/madeincamp.fr\/le-fief-melin\/wp-content\/uploads\/sites\/5\/2024\/03\/velo-bord-mer-768x480.webp 768w\" \/><button\n\t\t\tclass=\"lightbox-trigger\"\n\t\t\ttype=\"button\"\n\t\t\taria-haspopup=\"dialog\"\n\t\t\taria-label=\"Agrandir\"\n\t\t\tdata-wp-init=\"callbacks.initTriggerButton\"\n\t\t\tdata-wp-on-async--click=\"actions.showLightbox\"\n\t\t\tdata-wp-style--right=\"state.imageButtonRight\"\n\t\t\tdata-wp-style--top=\"state.imageButtonTop\"\n\t\t>\n\t\t\t<svg xmlns=\"http:\/\/www.w3.org\/2000\/svg\" width=\"12\" height=\"12\" fill=\"none\" viewBox=\"0 0 12 12\">\n\t\t\t\t<path fill=\"#fff\" d=\"M2 0a2 2 0 0 0-2 2v2h1.5V2a.5.5 0 0 1 .5-.5h2V0H2Zm2 10.5H2a.5.5 0 0 1-.5-.5V8H0v2a2 2 0 0 0 2 2h2v-1.5ZM8 12v-1.5h2a.5.5 0 0 0 .5-.5V8H12v2a2 2 0 0 1-2 2H8Zm2-12a2 2 0 0 1 2 2v2h-1.5V2a.5.5 0 0 0-.5-.5H8V0h2Z\" \/>\n\t\t\t<\/svg>\n\t\t<\/button><\/figure>\n<\/div>\n<\/div>\n<\/div>\n<\/div><\/div>\n\n\n\n<div class=\"wp-block-group alignwide is-layout-flow wp-block-group-is-layout-flow\" style=\"padding-top:var(--wp--preset--spacing--60);padding-bottom:var(--wp--preset--spacing--60)\">\n<div class=\"wp-block-columns are-vertically-aligned-center is-layout-flex wp-container-core-columns-is-layout-7fc3d43a wp-block-columns-is-layout-flex\">\n<div class=\"wp-block-column is-vertically-aligned-center is-layout-flow wp-container-core-column-is-layout-8a368f38 wp-block-column-is-layout-flow\">\n<div class=\"wp-block-group home-map-ctv is-layout-flow wp-block-group-is-layout-flow\">\n<figure class=\"wp-block-image aligncenter size-full animated fadeInUp slow delay-500ms\"><img decoding=\"async\" src=\"https:\/\/madeincamp.fr\/wp-content\/uploads\/2024\/02\/fleur.png\" alt=\"fleur\" class=\"wp-image-121\" style=\"object-fit:cover\" \/><\/figure>\n<\/div>\n\n\n\n<div class=\"wp-block-group animated fadeIn slow has-global-padding is-layout-constrained wp-block-group-is-layout-constrained\">\n<figure data-wp-context=\"{&quot;imageId&quot;:&quot;69ef8ddfe861b&quot;}\" data-wp-interactive=\"core\/image\" class=\"wp-block-image size-full wp-lightbox-container\"><img data-dominant-color=\"88767d\" data-has-transparency=\"false\" loading=\"lazy\" decoding=\"async\" width=\"1280\" height=\"828\" data-wp-class--hide=\"state.isContentHidden\" data-wp-class--show=\"state.isContentVisible\" data-wp-init=\"callbacks.setButtonStyles\" data-wp-on-async--click=\"actions.showLightbox\" data-wp-on-async--load=\"callbacks.setButtonStyles\" data-wp-on-async-window--resize=\"callbacks.setButtonStyles\" sizes=\"auto, (max-width: 620px) 100vw, 620px\" src=\"https:\/\/madeincamp.fr\/le-fief-melin\/wp-content\/uploads\/sites\/5\/2024\/06\/petit-oiseau-de-lile-doleron.webp\" alt=\"petit oiseau de l'\u00eele d'ol\u00e9ron\" class=\"wp-image-9765 not-transparent\" style=\"--dominant-color: #88767d; aspect-ratio:1;object-fit:cover\" srcset=\"https:\/\/madeincamp.fr\/le-fief-melin\/wp-content\/uploads\/sites\/5\/2024\/06\/petit-oiseau-de-lile-doleron.webp 1280w, https:\/\/madeincamp.fr\/le-fief-melin\/wp-content\/uploads\/sites\/5\/2024\/06\/petit-oiseau-de-lile-doleron-300x194.webp 300w, https:\/\/madeincamp.fr\/le-fief-melin\/wp-content\/uploads\/sites\/5\/2024\/06\/petit-oiseau-de-lile-doleron-1024x662.webp 1024w, https:\/\/madeincamp.fr\/le-fief-melin\/wp-content\/uploads\/sites\/5\/2024\/06\/petit-oiseau-de-lile-doleron-768x497.webp 768w\" \/><button\n\t\t\tclass=\"lightbox-trigger\"\n\t\t\ttype=\"button\"\n\t\t\taria-haspopup=\"dialog\"\n\t\t\taria-label=\"Agrandir\"\n\t\t\tdata-wp-init=\"callbacks.initTriggerButton\"\n\t\t\tdata-wp-on-async--click=\"actions.showLightbox\"\n\t\t\tdata-wp-style--right=\"state.imageButtonRight\"\n\t\t\tdata-wp-style--top=\"state.imageButtonTop\"\n\t\t>\n\t\t\t<svg xmlns=\"http:\/\/www.w3.org\/2000\/svg\" width=\"12\" height=\"12\" fill=\"none\" viewBox=\"0 0 12 12\">\n\t\t\t\t<path fill=\"#fff\" d=\"M2 0a2 2 0 0 0-2 2v2h1.5V2a.5.5 0 0 1 .5-.5h2V0H2Zm2 10.5H2a.5.5 0 0 1-.5-.5V8H0v2a2 2 0 0 0 2 2h2v-1.5ZM8 12v-1.5h2a.5.5 0 0 0 .5-.5V8H12v2a2 2 0 0 1-2 2H8Zm2-12a2 2 0 0 1 2 2v2h-1.5V2a.5.5 0 0 0-.5-.5H8V0h2Z\" \/>\n\t\t\t<\/svg>\n\t\t<\/button><\/figure>\n<\/div>\n<\/div>\n\n\n\n<div class=\"wp-block-column is-vertically-aligned-center is-layout-flow wp-block-column-is-layout-flow\">\n<h3 class=\"wp-block-heading has-base-color has-text-color has-link-color wp-elements-e05655fa52008d0d47af3520cf24e207\"><strong>Le marais des oiseaux<\/strong><\/h3>\n\n\n\n<p>Sur plus de 130 ha, le <a href=\"https:\/\/madeincamp.fr\/tourisme-cote-atlantique\/marais-aux-oiseaux\/\">marais des oiseaux<\/a> est un <strong>espace naturel<\/strong> au c\u0153ur de l\u2019\u00eele d\u2019Ol\u00e9ron. Son parc de 10 ha vous offre la possibilit\u00e9 de d\u00e9couvrir la faune sauvage et domestique \u00e0 but p\u00e9dagogique. Tout au long du 1,5 km de sentier, vous trouverez la mini ferme, les esp\u00e8ces sauvages de nos marais, des canards, oies, rapaces et bien d\u2019autres, qui raviront toute la famille.<\/p>\n\n\n\n<p><strong>\u00c0 savoir :<\/strong> situ\u00e9 entre les communes de Dolus-d\u2019Ol\u00e9ron et de Saint-Pierre-d\u2019Ol\u00e9ron, il est ouvert tous les jours du 1\u1d49\u02b3 juillet au 31 ao\u00fbt.<\/p>\n<\/div>\n<\/div>\n<\/div>\n\n\n\n<div class=\"wp-block-group alignwide has-base-color has-text-color has-link-color has-black-crow-font-family wp-elements-a8e499e2fff0d71e727dfa2f0d8874e2 is-content-justification-center is-layout-flex wp-container-core-group-is-layout-1d21e971 wp-block-group-is-layout-flex\" style=\"padding-top:var(--wp--preset--spacing--40);padding-bottom:var(--wp--preset--spacing--40);font-size:clamp(3.8rem, 3.8rem + ((1vw - 0.2rem) * 7), 8rem);line-height:0.9;text-transform:uppercase\">\n<p class=\"has-text-align-center\">made in  <\/p>\n\n\n\n<p class=\"has-text-align-center o-typing-slow animated fadeIn delay-200ms slow has-contrast-color has-text-color has-link-color wp-elements-4646c24fc63f359eac3e7e3d48e84083\">CHARENTE<\/p>\n<\/div>\n\n\n\n<div class=\"wp-block-group alignfull is-style-gt-ctas is-content-justification-space-between is-nowrap is-layout-flex wp-container-core-group-is-layout-4e2e7437 wp-block-group-is-layout-flex\"><a href=\"https:\/\/madeincamp.fr\/le-fief-melin\/location-emplacements-ile-oleron\/\"    class=\"no-icon animated fadeIn slow wp-block-tiptip-hyperlink-group-block\" >\n<div class=\"wp-block-cover has-custom-content-position is-position-bottom-right has-contrast-2-color has-text-color has-link-color wp-elements-3d811c153725a5b31c6816ee76628e1c\" style=\"padding-top:var(--wp--preset--spacing--40);padding-right:var(--wp--preset--spacing--40);padding-bottom:var(--wp--preset--spacing--40);padding-left:var(--wp--preset--spacing--40);min-height:65vh;aspect-ratio:unset;\"><span aria-hidden=\"true\" class=\"wp-block-cover__background has-background-dim-100 has-background-dim wp-block-cover__gradient-background has-background-gradient\" style=\"background:linear-gradient(180deg,rgba(255,255,255,0) 17%,rgb(255,255,255) 83%)\"><\/span><img loading=\"lazy\" decoding=\"async\" width=\"2000\" height=\"1121\" sizes=\"auto, (max-width: 620px) 100vw, 620px\" class=\"wp-block-cover__image-background wp-image-6329\" alt=\"camping car emplacement camping made in nature\" src=\"https:\/\/madeincamp.fr\/le-fief-melin\/wp-content\/uploads\/sites\/5\/2024\/03\/camping-car-emplacement-camping-made-in-nature.webp\" data-object-fit=\"cover\" srcset=\"https:\/\/madeincamp.fr\/le-fief-melin\/wp-content\/uploads\/sites\/5\/2024\/03\/camping-car-emplacement-camping-made-in-nature.webp 2000w, https:\/\/madeincamp.fr\/le-fief-melin\/wp-content\/uploads\/sites\/5\/2024\/03\/camping-car-emplacement-camping-made-in-nature-300x168.webp 300w, https:\/\/madeincamp.fr\/le-fief-melin\/wp-content\/uploads\/sites\/5\/2024\/03\/camping-car-emplacement-camping-made-in-nature-1024x574.webp 1024w, https:\/\/madeincamp.fr\/le-fief-melin\/wp-content\/uploads\/sites\/5\/2024\/03\/camping-car-emplacement-camping-made-in-nature-768x430.webp 768w, https:\/\/madeincamp.fr\/le-fief-melin\/wp-content\/uploads\/sites\/5\/2024\/03\/camping-car-emplacement-camping-made-in-nature-1536x861.webp 1536w\" \/><div class=\"wp-block-cover__inner-container is-layout-flow wp-block-cover-is-layout-flow\">\n<div class=\"wp-block-group has-contrast-2-color has-text-color has-link-color wp-elements-2313da8faa46d15e980d6a0b79547624 is-vertical is-content-justification-right is-layout-flex wp-container-core-group-is-layout-05e4ae02 wp-block-group-is-layout-flex\" style=\"margin-top:0;margin-bottom:0\">\n<p class=\"has-text-align-right animated fadeIn slow has-base-color has-text-color has-link-color has-chennai-font-family has-large-font-size wp-elements-b03d1889525fb0ec6ef4527188cd5013\" style=\"line-height:1.2\">Made in<br>Nature<\/p>\n\n\n\n<p class=\"has-text-align-right animated fadeIn slow delay-100ms has-small-font-size\">D\u00e9couvrez les emplacements<br>du camping Le Fief Melin<\/p>\n\n\n\n<div class=\"wp-block-group is-nowrap is-layout-flex wp-container-core-group-is-layout-542c142b wp-block-group-is-layout-flex\">\n<p class=\"has-text-align-right animated fadeIn delay-200ms slow has-small-font-size\" style=\"margin-top:var(--wp--preset--spacing--10)\"><strong>Nos emplacements<\/strong><\/p>\n\n\n\n<figure class=\"wp-block-image size-full is-resized animated fadeInLeft delay-500ms slow wp-duotone-222323-222323-2\"><img decoding=\"async\" src=\"https:\/\/madeincamp.fr\/wp-content\/uploads\/2024\/02\/arrow-big.png\" alt=\"arrow big\" class=\"wp-image-422\" style=\"width:28px;height:auto\" \/><\/figure>\n<\/div>\n<\/div>\n<\/div><\/div>\n<\/a>\n\n<a href=\"https:\/\/madeincamp.fr\/le-fief-melin\/locations-mobil-home-ile-oleron\/\"    style=\"padding-top:4rem;\" class=\"no-icon animated fadeIn delay-200ms slow wp-block-tiptip-hyperlink-group-block\" >\n<div class=\"wp-block-cover has-custom-content-position is-position-bottom-right has-contrast-2-color has-text-color has-link-color wp-elements-891e85dbeec98933de4689ae64fe2c81\" style=\"padding-top:var(--wp--preset--spacing--40);padding-right:var(--wp--preset--spacing--40);padding-bottom:var(--wp--preset--spacing--40);padding-left:var(--wp--preset--spacing--40);min-height:75vh;aspect-ratio:unset;\"><span aria-hidden=\"true\" class=\"wp-block-cover__background has-background-dim-100 has-background-dim wp-block-cover__gradient-background has-background-gradient\" style=\"background:linear-gradient(180deg,rgba(255,255,255,0) 17%,rgb(255,255,255) 83%)\"><\/span><img loading=\"lazy\" decoding=\"async\" width=\"2000\" height=\"1121\" sizes=\"auto, (max-width: 620px) 100vw, 620px\" class=\"wp-block-cover__image-background wp-image-6301\" alt=\"famille lit detente confort\" src=\"https:\/\/madeincamp.fr\/le-fief-melin\/wp-content\/uploads\/sites\/5\/2024\/03\/famille-lit-detente-confort.webp\" data-object-fit=\"cover\" srcset=\"https:\/\/madeincamp.fr\/le-fief-melin\/wp-content\/uploads\/sites\/5\/2024\/03\/famille-lit-detente-confort.webp 2000w, https:\/\/madeincamp.fr\/le-fief-melin\/wp-content\/uploads\/sites\/5\/2024\/03\/famille-lit-detente-confort-300x168.webp 300w, https:\/\/madeincamp.fr\/le-fief-melin\/wp-content\/uploads\/sites\/5\/2024\/03\/famille-lit-detente-confort-1024x574.webp 1024w, https:\/\/madeincamp.fr\/le-fief-melin\/wp-content\/uploads\/sites\/5\/2024\/03\/famille-lit-detente-confort-768x430.webp 768w, https:\/\/madeincamp.fr\/le-fief-melin\/wp-content\/uploads\/sites\/5\/2024\/03\/famille-lit-detente-confort-1536x861.webp 1536w\" \/><div class=\"wp-block-cover__inner-container is-layout-flow wp-block-cover-is-layout-flow\">\n<div class=\"wp-block-group has-contrast-2-color has-text-color has-link-color wp-elements-315d7df2d61e67342df6ad48ad348b8c is-vertical is-content-justification-right is-layout-flex wp-container-core-group-is-layout-05e4ae02 wp-block-group-is-layout-flex\" style=\"margin-top:0;margin-bottom:0\">\n<p class=\"has-text-align-right animated fadeIn slow has-base-color has-text-color has-link-color has-chennai-font-family has-large-font-size wp-elements-49ffb95360df2b3a0c5646d257ccc76f\" style=\"line-height:1.2\">Made in<br>Comfort<\/p>\n\n\n\n<p class=\"has-text-align-right animated fadeIn slow delay-100ms has-small-font-size\">D\u00e9couvrez les locations<br>du camping Le Fief Melin<\/p>\n\n\n\n<div class=\"wp-block-group is-nowrap is-layout-flex wp-container-core-group-is-layout-542c142b wp-block-group-is-layout-flex\">\n<p class=\"has-text-align-right animated fadeIn delay-200ms slow has-small-font-size\" style=\"margin-top:var(--wp--preset--spacing--10)\"><strong>Nos locations<\/strong><\/p>\n\n\n\n<figure class=\"wp-block-image size-full is-resized animated fadeInLeft delay-500ms slow wp-duotone-222323-222323-4\"><img decoding=\"async\" src=\"https:\/\/madeincamp.fr\/wp-content\/uploads\/2024\/02\/arrow-big.png\" alt=\"arrow big\" class=\"wp-image-422\" style=\"width:28px;height:auto\" \/><\/figure>\n<\/div>\n<\/div>\n<\/div><\/div>\n<\/a>\n\n<a href=\"https:\/\/madeincamp.fr\/le-fief-melin\/location-insolite-ile-oleron\/\"    style=\"padding-bottom:0;padding-top:8rem;\" class=\"no-icon animated fadeIn delay-500ms slow wp-block-tiptip-hyperlink-group-block\" >\n<div class=\"wp-block-cover is-light has-custom-content-position is-position-bottom-right has-contrast-2-color has-text-color has-link-color wp-elements-281b43386ab8f366f3f13538c485ed84\" style=\"padding-top:var(--wp--preset--spacing--40);padding-right:var(--wp--preset--spacing--40);padding-bottom:var(--wp--preset--spacing--40);padding-left:var(--wp--preset--spacing--40);min-height:85vh;aspect-ratio:unset;\"><span aria-hidden=\"true\" class=\"wp-block-cover__background has-background-dim wp-block-cover__gradient-background has-background-gradient\" style=\"background-color:#FFF;background:linear-gradient(180deg,rgba(255,255,255,0) 17%,rgb(255,255,255) 83%)\"><\/span><img data-dominant-color=\"6b7c46\" data-has-transparency=\"false\" loading=\"lazy\" decoding=\"async\" width=\"1176\" height=\"882\" sizes=\"auto, (max-width: 620px) 100vw, 620px\" class=\"wp-block-cover__image-background wp-image-10270 not-transparent\" alt=\"campetoile\" src=\"https:\/\/madeincamp.fr\/le-fief-melin\/wp-content\/uploads\/sites\/5\/2024\/07\/campetoile.webp\" style=\"--dominant-color: #6b7c46; object-position:60% 56%\" data-object-fit=\"cover\" data-object-position=\"60% 56%\" srcset=\"https:\/\/madeincamp.fr\/le-fief-melin\/wp-content\/uploads\/sites\/5\/2024\/07\/campetoile.webp 1176w, https:\/\/madeincamp.fr\/le-fief-melin\/wp-content\/uploads\/sites\/5\/2024\/07\/campetoile-300x225.webp 300w, https:\/\/madeincamp.fr\/le-fief-melin\/wp-content\/uploads\/sites\/5\/2024\/07\/campetoile-1024x768.webp 1024w, https:\/\/madeincamp.fr\/le-fief-melin\/wp-content\/uploads\/sites\/5\/2024\/07\/campetoile-768x576.webp 768w\" \/><div class=\"wp-block-cover__inner-container is-layout-flow wp-block-cover-is-layout-flow\">\n<div class=\"wp-block-group has-contrast-2-color has-text-color has-link-color wp-elements-8103fb33d50a71d7491d7a64732c283d is-vertical is-content-justification-right is-layout-flex wp-container-core-group-is-layout-05e4ae02 wp-block-group-is-layout-flex\" style=\"margin-top:0;margin-bottom:0\">\n<p class=\"has-text-align-right animated fadeIn slow has-base-color has-text-color has-link-color has-chennai-font-family has-large-font-size wp-elements-080d817542113a858ed380f36500b36f\" style=\"line-height:1.2\">Made in<br>Unusual<\/p>\n\n\n\n<p class=\"has-text-align-right animated fadeIn slow delay-100ms has-small-font-size\">D\u00e9couvrez les h\u00e9bergements insolites du camping Le Fief Melin<\/p>\n\n\n\n<div class=\"wp-block-group is-nowrap is-layout-flex wp-container-core-group-is-layout-542c142b wp-block-group-is-layout-flex\">\n<p class=\"has-text-align-right animated fadeIn delay-200ms slow has-small-font-size\" style=\"margin-top:var(--wp--preset--spacing--10)\"><strong>Nos insolites<\/strong><\/p>\n\n\n\n<figure class=\"wp-block-image size-full is-resized animated fadeInLeft delay-500ms slow wp-duotone-222323-222323-6\"><img decoding=\"async\" src=\"https:\/\/madeincamp.fr\/wp-content\/uploads\/2024\/02\/arrow-big.png\" alt=\"arrow big\" class=\"wp-image-422\" style=\"width:28px;height:auto\" \/><\/figure>\n<\/div>\n<\/div>\n<\/div><\/div>\n<\/a><\/div>\n","protected":false},"excerpt":{"rendered":"<p>Venez d\u00e9couvrir depuis le camping du Fief Melin les cabanes ostr\u00e9icoles color\u00e9es ainsi que la citadelle Vauban, vestige du XVIIe si\u00e8cle, class\u00e9e monument historique et surplombant le port du Ch\u00e2teau-d\u2019Ol\u00e9ron. Montez les 244 marches du phare de Chassiron, naviguez jusqu\u2019\u00e0 l\u2019\u00eele d\u2019Aix en passant par Fort Boyard, visitez le port de p\u00eache de la Cotini\u00e8re [&hellip;]<\/p>\n","protected":false},"author":1,"featured_media":10290,"parent":0,"menu_order":0,"comment_status":"closed","ping_status":"closed","template":"","meta":{"_acf_changed":false,"footnotes":""},"class_list":["post-5960","page","type-page","status-publish","has-post-thumbnail","hentry"],"acf":[],"yoast_head":"<!-- This site is optimized with the Yoast SEO plugin v24.5 - https:\/\/yoast.com\/wordpress\/plugins\/seo\/ -->\n<title>Ile d&#039;Ol\u00e9ron : D\u00e9couvrez et visitez l&#039;\u00eele d&#039;Ol\u00e9ron pendant vos vacances<\/title>\n<meta name=\"description\" content=\"Vous cherchez une destination de vacances idyllique ? L&#039;\u00eele d&#039;Ol\u00e9ron est la r\u00e9ponse \u00e0 toutes vos attentes ! D\u00e9couvrez la beaut\u00e9 naturelle et les activit\u00e9s palpitantes qu&#039;elle a \u00e0 offrir. R\u00e9servez maintenant !\" \/>\n<meta name=\"robots\" content=\"index, follow, max-snippet:-1, max-image-preview:large, max-video-preview:-1\" \/>\n<link rel=\"canonical\" href=\"https:\/\/madeincamp.fr\/le-fief-melin\/tourisme-ile-oleron\/\" \/>\n<meta property=\"og:locale\" content=\"fr_FR\" \/>\n<meta property=\"og:type\" content=\"article\" \/>\n<meta property=\"og:title\" content=\"Ile d&#039;Ol\u00e9ron : D\u00e9couvrez et visitez l&#039;\u00eele d&#039;Ol\u00e9ron pendant vos vacances\" \/>\n<meta property=\"og:description\" content=\"Vous cherchez une destination de vacances idyllique ? L&#039;\u00eele d&#039;Ol\u00e9ron est la r\u00e9ponse \u00e0 toutes vos attentes ! D\u00e9couvrez la beaut\u00e9 naturelle et les activit\u00e9s palpitantes qu&#039;elle a \u00e0 offrir. R\u00e9servez maintenant !\" \/>\n<meta property=\"og:url\" content=\"https:\/\/madeincamp.fr\/le-fief-melin\/tourisme-ile-oleron\/\" \/>\n<meta property=\"og:site_name\" content=\"Made in camp Le Fief Melin\" \/>\n<meta property=\"article:modified_time\" content=\"2025-03-12T10:16:32+00:00\" \/>\n<meta property=\"og:image\" content=\"https:\/\/madeincamp.fr\/le-fief-melin\/wp-content\/uploads\/sites\/5\/2024\/07\/vue-oleron.webp\" \/>\n\t<meta property=\"og:image:width\" content=\"1596\" \/>\n\t<meta property=\"og:image:height\" content=\"1407\" \/>\n\t<meta property=\"og:image:type\" content=\"image\/webp\" \/>\n<meta name=\"twitter:card\" content=\"summary_large_image\" \/>\n<meta name=\"twitter:label1\" content=\"Dur\u00e9e de lecture estim\u00e9e\" \/>\n\t<meta name=\"twitter:data1\" content=\"16 minutes\" \/>\n<script type=\"application\/ld+json\" class=\"yoast-schema-graph\">{\"@context\":\"https:\/\/schema.org\",\"@graph\":[{\"@type\":\"WebPage\",\"@id\":\"https:\/\/madeincamp.fr\/le-fief-melin\/tourisme-ile-oleron\/\",\"url\":\"https:\/\/madeincamp.fr\/le-fief-melin\/tourisme-ile-oleron\/\",\"name\":\"Ile d'Ol\u00e9ron : D\u00e9couvrez et visitez l'\u00eele d'Ol\u00e9ron pendant vos vacances\",\"isPartOf\":{\"@id\":\"https:\/\/madeincamp.fr\/le-fief-melin\/#website\"},\"primaryImageOfPage\":{\"@id\":\"https:\/\/madeincamp.fr\/le-fief-melin\/tourisme-ile-oleron\/#primaryimage\"},\"image\":{\"@id\":\"https:\/\/madeincamp.fr\/le-fief-melin\/tourisme-ile-oleron\/#primaryimage\"},\"thumbnailUrl\":\"https:\/\/madeincamp.fr\/le-fief-melin\/wp-content\/uploads\/sites\/5\/2024\/07\/vue-oleron.webp\",\"datePublished\":\"2024-03-11T09:18:37+00:00\",\"dateModified\":\"2025-03-12T10:16:32+00:00\",\"description\":\"Vous cherchez une destination de vacances idyllique ? L'\u00eele d'Ol\u00e9ron est la r\u00e9ponse \u00e0 toutes vos attentes ! D\u00e9couvrez la beaut\u00e9 naturelle et les activit\u00e9s palpitantes qu'elle a \u00e0 offrir. R\u00e9servez maintenant !\",\"inLanguage\":\"fr-FR\",\"potentialAction\":[{\"@type\":\"ReadAction\",\"target\":[\"https:\/\/madeincamp.fr\/le-fief-melin\/tourisme-ile-oleron\/\"]}]},{\"@type\":\"ImageObject\",\"inLanguage\":\"fr-FR\",\"@id\":\"https:\/\/madeincamp.fr\/le-fief-melin\/tourisme-ile-oleron\/#primaryimage\",\"url\":\"https:\/\/madeincamp.fr\/le-fief-melin\/wp-content\/uploads\/sites\/5\/2024\/07\/vue-oleron.webp\",\"contentUrl\":\"https:\/\/madeincamp.fr\/le-fief-melin\/wp-content\/uploads\/sites\/5\/2024\/07\/vue-oleron.webp\",\"width\":1596,\"height\":1407,\"caption\":\"vue oleron\"},{\"@type\":\"WebSite\",\"@id\":\"https:\/\/madeincamp.fr\/le-fief-melin\/#website\",\"url\":\"https:\/\/madeincamp.fr\/le-fief-melin\/\",\"name\":\"Made in camp Le Fief Melin\",\"description\":\"Artisans de vos vacances\",\"publisher\":{\"@id\":\"https:\/\/madeincamp.fr\/le-fief-melin\/#organization\"},\"inLanguage\":\"fr-FR\"},{\"@type\":\"Organization\",\"@id\":\"https:\/\/madeincamp.fr\/le-fief-melin\/#organization\",\"name\":\"Made in camp Le Fief Melin\",\"url\":\"https:\/\/madeincamp.fr\/le-fief-melin\/\",\"logo\":{\"@type\":\"ImageObject\",\"inLanguage\":\"fr-FR\",\"@id\":\"https:\/\/madeincamp.fr\/le-fief-melin\/#\/schema\/logo\/image\/\",\"url\":\"https:\/\/madeincamp.fr\/le-fief-melin\/wp-content\/uploads\/sites\/5\/2024\/02\/made-in-camp-logo.png\",\"contentUrl\":\"https:\/\/madeincamp.fr\/le-fief-melin\/wp-content\/uploads\/sites\/5\/2024\/02\/made-in-camp-logo.png\",\"width\":224,\"height\":91,\"caption\":\"Made in camp Le Fief Melin\"},\"image\":{\"@id\":\"https:\/\/madeincamp.fr\/le-fief-melin\/#\/schema\/logo\/image\/\"}}]}<\/script>\n<!-- \/ Yoast SEO plugin. -->","yoast_head_json":{"title":"Ile d'Ol\u00e9ron : D\u00e9couvrez et visitez l'\u00eele d'Ol\u00e9ron pendant vos vacances","description":"Vous cherchez une destination de vacances idyllique ? L'\u00eele d'Ol\u00e9ron est la r\u00e9ponse \u00e0 toutes vos attentes ! D\u00e9couvrez la beaut\u00e9 naturelle et les activit\u00e9s palpitantes qu'elle a \u00e0 offrir. R\u00e9servez maintenant !","robots":{"index":"index","follow":"follow","max-snippet":"max-snippet:-1","max-image-preview":"max-image-preview:large","max-video-preview":"max-video-preview:-1"},"canonical":"https:\/\/madeincamp.fr\/le-fief-melin\/tourisme-ile-oleron\/","og_locale":"fr_FR","og_type":"article","og_title":"Ile d'Ol\u00e9ron : D\u00e9couvrez et visitez l'\u00eele d'Ol\u00e9ron pendant vos vacances","og_description":"Vous cherchez une destination de vacances idyllique ? L'\u00eele d'Ol\u00e9ron est la r\u00e9ponse \u00e0 toutes vos attentes ! D\u00e9couvrez la beaut\u00e9 naturelle et les activit\u00e9s palpitantes qu'elle a \u00e0 offrir. R\u00e9servez maintenant !","og_url":"https:\/\/madeincamp.fr\/le-fief-melin\/tourisme-ile-oleron\/","og_site_name":"Made in camp Le Fief Melin","article_modified_time":"2025-03-12T10:16:32+00:00","og_image":[{"width":1596,"height":1407,"url":"https:\/\/madeincamp.fr\/le-fief-melin\/wp-content\/uploads\/sites\/5\/2024\/07\/vue-oleron.webp","type":"image\/webp"}],"twitter_card":"summary_large_image","twitter_misc":{"Dur\u00e9e de lecture estim\u00e9e":"16 minutes"},"schema":{"@context":"https:\/\/schema.org","@graph":[{"@type":"WebPage","@id":"https:\/\/madeincamp.fr\/le-fief-melin\/tourisme-ile-oleron\/","url":"https:\/\/madeincamp.fr\/le-fief-melin\/tourisme-ile-oleron\/","name":"Ile d'Ol\u00e9ron : D\u00e9couvrez et visitez l'\u00eele d'Ol\u00e9ron pendant vos vacances","isPartOf":{"@id":"https:\/\/madeincamp.fr\/le-fief-melin\/#website"},"primaryImageOfPage":{"@id":"https:\/\/madeincamp.fr\/le-fief-melin\/tourisme-ile-oleron\/#primaryimage"},"image":{"@id":"https:\/\/madeincamp.fr\/le-fief-melin\/tourisme-ile-oleron\/#primaryimage"},"thumbnailUrl":"https:\/\/madeincamp.fr\/le-fief-melin\/wp-content\/uploads\/sites\/5\/2024\/07\/vue-oleron.webp","datePublished":"2024-03-11T09:18:37+00:00","dateModified":"2025-03-12T10:16:32+00:00","description":"Vous cherchez une destination de vacances idyllique ? L'\u00eele d'Ol\u00e9ron est la r\u00e9ponse \u00e0 toutes vos attentes ! D\u00e9couvrez la beaut\u00e9 naturelle et les activit\u00e9s palpitantes qu'elle a \u00e0 offrir. R\u00e9servez maintenant !","inLanguage":"fr-FR","potentialAction":[{"@type":"ReadAction","target":["https:\/\/madeincamp.fr\/le-fief-melin\/tourisme-ile-oleron\/"]}]},{"@type":"ImageObject","inLanguage":"fr-FR","@id":"https:\/\/madeincamp.fr\/le-fief-melin\/tourisme-ile-oleron\/#primaryimage","url":"https:\/\/madeincamp.fr\/le-fief-melin\/wp-content\/uploads\/sites\/5\/2024\/07\/vue-oleron.webp","contentUrl":"https:\/\/madeincamp.fr\/le-fief-melin\/wp-content\/uploads\/sites\/5\/2024\/07\/vue-oleron.webp","width":1596,"height":1407,"caption":"vue oleron"},{"@type":"WebSite","@id":"https:\/\/madeincamp.fr\/le-fief-melin\/#website","url":"https:\/\/madeincamp.fr\/le-fief-melin\/","name":"Made in camp Le Fief Melin","description":"Artisans de vos vacances","publisher":{"@id":"https:\/\/madeincamp.fr\/le-fief-melin\/#organization"},"inLanguage":"fr-FR"},{"@type":"Organization","@id":"https:\/\/madeincamp.fr\/le-fief-melin\/#organization","name":"Made in camp Le Fief Melin","url":"https:\/\/madeincamp.fr\/le-fief-melin\/","logo":{"@type":"ImageObject","inLanguage":"fr-FR","@id":"https:\/\/madeincamp.fr\/le-fief-melin\/#\/schema\/logo\/image\/","url":"https:\/\/madeincamp.fr\/le-fief-melin\/wp-content\/uploads\/sites\/5\/2024\/02\/made-in-camp-logo.png","contentUrl":"https:\/\/madeincamp.fr\/le-fief-melin\/wp-content\/uploads\/sites\/5\/2024\/02\/made-in-camp-logo.png","width":224,"height":91,"caption":"Made in camp Le Fief Melin"},"image":{"@id":"https:\/\/madeincamp.fr\/le-fief-melin\/#\/schema\/logo\/image\/"}}]}},"_links":{"self":[{"href":"https:\/\/madeincamp.fr\/le-fief-melin\/wp-json\/wp\/v2\/pages\/5960","targetHints":{"allow":["GET"]}}],"collection":[{"href":"https:\/\/madeincamp.fr\/le-fief-melin\/wp-json\/wp\/v2\/pages"}],"about":[{"href":"https:\/\/madeincamp.fr\/le-fief-melin\/wp-json\/wp\/v2\/types\/page"}],"author":[{"embeddable":true,"href":"https:\/\/madeincamp.fr\/le-fief-melin\/wp-json\/wp\/v2\/users\/1"}],"replies":[{"embeddable":true,"href":"https:\/\/madeincamp.fr\/le-fief-melin\/wp-json\/wp\/v2\/comments?post=5960"}],"version-history":[{"count":90,"href":"https:\/\/madeincamp.fr\/le-fief-melin\/wp-json\/wp\/v2\/pages\/5960\/revisions"}],"predecessor-version":[{"id":11262,"href":"https:\/\/madeincamp.fr\/le-fief-melin\/wp-json\/wp\/v2\/pages\/5960\/revisions\/11262"}],"wp:featuredmedia":[{"embeddable":true,"href":"https:\/\/madeincamp.fr\/le-fief-melin\/wp-json\/wp\/v2\/media\/10290"}],"wp:attachment":[{"href":"https:\/\/madeincamp.fr\/le-fief-melin\/wp-json\/wp\/v2\/media?parent=5960"}],"curies":[{"name":"wp","href":"https:\/\/api.w.org\/{rel}","templated":true}]}}