{"id":10433,"date":"2024-06-18T11:55:14","date_gmt":"2024-06-18T09:55:14","guid":{"rendered":"https:\/\/madeincamp.fr\/le-fief-melin\/made-in-travel\/camping-la-bree-les-bains\/"},"modified":"2024-10-16T10:21:00","modified_gmt":"2024-10-16T08:21:00","slug":"camping-la-bree-les-bains","status":"publish","type":"page","link":"https:\/\/madeincamp.fr\/le-fief-melin\/en\/tourism-ile-oleron\/camping-la-bree-les-bains\/","title":{"rendered":"Camping La Br\u00e9e-les-Bains"},"content":{"rendered":"\n<div class=\"wp-block-group alignwide is-layout-flow wp-block-group-is-layout-flow\" style=\"padding-top:var(--wp--preset--spacing--50);padding-bottom:var(--wp--preset--spacing--50)\">\n<div class=\"wp-block-columns is-layout-flex wp-container-core-columns-is-layout-28f84493 wp-block-columns-is-layout-flex\">\n<div class=\"wp-block-column is-vertically-aligned-center is-layout-flow wp-block-column-is-layout-flow\">\n<p>Looking for a campsite near La Br\u00e9e-les-Bains? <a href=\"https:\/\/madeincamp.fr\/le-fief-melin\/en\/\">Camping Made in Camp Le Fief Melin on the Ile d&#8217;Ol\u00e9ron<\/a> welcomes you just 20 km from La Br\u00e9e-les-Bains! <\/p>\n\n\n\n<h2 class=\"wp-block-heading\">Mobile home rental near La Br\u00e9e-les-Bains<\/h2>\n\n\n\n<p><strong>RENTALS &amp; PITCHES<\/strong><\/p>\n\n\n\n<p>Would you like to <a href=\"https:\/\/madeincamp.fr\/le-fief-melin\/en\/rentals-mobil-home-ile-oleron\/\">rent a mobile home on the Ile d&#8217;Ol\u00e9ron<\/a>, just a few kilometers from La Br\u00e9e-les-Bains? Camping Made in Camp du Fief Melin invites you to discover a range of mobile homes to suit all budgets. <\/p>\n\n\n\n<p>Are you visiting the Ile d&#8217;Ol\u00e9ron with two, three or four people? Choose between our <strong>economical range of<\/strong> Classic mobile homes or the <strong>latest generation of<\/strong> Confort mobile homes. <\/p>\n\n\n\n<p>The <strong>Classic<\/strong> rental can accommodate up to 4 people. It has one double bedroom and one bedroom with two single beds, ideal for children. Outside, a tiled terrace with garden furniture and parasol awaits you.  <\/p>\n<\/div>\n\n\n\n<div class=\"wp-block-column is-layout-flow wp-container-core-column-is-layout-8a368f38 wp-block-column-is-layout-flow\">\n<div class=\"wp-block-group home-map-ctv is-layout-flow wp-block-group-is-layout-flow\">\n<figure class=\"wp-block-image aligncenter size-full animated fadeInUp slow delay-500ms\"><img decoding=\"async\" src=\"https:\/\/madeincamp.fr\/wp-content\/uploads\/2024\/02\/fleur.png\" alt=\"flower\" class=\"wp-image-121\" style=\"object-fit:cover\" \/><\/figure>\n<\/div>\n\n\n\n<div class=\"wp-block-group animated fadeIn slow has-global-padding is-layout-constrained wp-block-group-is-layout-constrained\">\n<figure data-wp-context=\"{&quot;imageId&quot;:&quot;69f3333e68341&quot;}\" data-wp-interactive=\"core\/image\" class=\"wp-block-image size-full wp-lightbox-container\"><img data-dominant-color=\"72765f\" data-has-transparency=\"false\" loading=\"lazy\" decoding=\"async\" width=\"1176\" height=\"882\" data-wp-class--hide=\"state.isContentHidden\" data-wp-class--show=\"state.isContentVisible\" data-wp-init=\"callbacks.setButtonStyles\" data-wp-on-async--click=\"actions.showLightbox\" data-wp-on-async--load=\"callbacks.setButtonStyles\" data-wp-on-async-window--resize=\"callbacks.setButtonStyles\" sizes=\"auto, (max-width: 620px) 100vw, 620px\" src=\"https:\/\/madeincamp.fr\/le-fief-melin\/wp-content\/uploads\/sites\/5\/2024\/07\/MH-Classique-Large-2Ch-4P.webp\" alt=\"MH Classique Large 2Ch 4P\" class=\"wp-image-10100 not-transparent\" style=\"--dominant-color: #72765f; aspect-ratio:4\/3;object-fit:cover\" srcset=\"https:\/\/madeincamp.fr\/le-fief-melin\/wp-content\/uploads\/sites\/5\/2024\/07\/MH-Classique-Large-2Ch-4P.webp 1176w, https:\/\/madeincamp.fr\/le-fief-melin\/wp-content\/uploads\/sites\/5\/2024\/07\/MH-Classique-Large-2Ch-4P-300x225.webp 300w, https:\/\/madeincamp.fr\/le-fief-melin\/wp-content\/uploads\/sites\/5\/2024\/07\/MH-Classique-Large-2Ch-4P-1024x768.webp 1024w, https:\/\/madeincamp.fr\/le-fief-melin\/wp-content\/uploads\/sites\/5\/2024\/07\/MH-Classique-Large-2Ch-4P-768x576.webp 768w\" \/><button\n\t\t\tclass=\"lightbox-trigger\"\n\t\t\ttype=\"button\"\n\t\t\taria-haspopup=\"dialog\"\n\t\t\taria-label=\"Enlarge\"\n\t\t\tdata-wp-init=\"callbacks.initTriggerButton\"\n\t\t\tdata-wp-on-async--click=\"actions.showLightbox\"\n\t\t\tdata-wp-style--right=\"state.imageButtonRight\"\n\t\t\tdata-wp-style--top=\"state.imageButtonTop\"\n\t\t>\n\t\t\t<svg xmlns=\"http:\/\/www.w3.org\/2000\/svg\" width=\"12\" height=\"12\" fill=\"none\" viewBox=\"0 0 12 12\">\n\t\t\t\t<path fill=\"#fff\" d=\"M2 0a2 2 0 0 0-2 2v2h1.5V2a.5.5 0 0 1 .5-.5h2V0H2Zm2 10.5H2a.5.5 0 0 1-.5-.5V8H0v2a2 2 0 0 0 2 2h2v-1.5ZM8 12v-1.5h2a.5.5 0 0 0 .5-.5V8H12v2a2 2 0 0 1-2 2H8Zm2-12a2 2 0 0 1 2 2v2h-1.5V2a.5.5 0 0 0-.5-.5H8V0h2Z\" \/>\n\t\t\t<\/svg>\n\t\t<\/button><\/figure>\n<\/div>\n<\/div>\n<\/div>\n<\/div>\n\n\n\n<div class=\"wp-block-group alignwide is-layout-flow wp-block-group-is-layout-flow\" style=\"padding-top:var(--wp--preset--spacing--50);padding-bottom:var(--wp--preset--spacing--50)\">\n<div class=\"wp-block-columns is-layout-flex wp-container-core-columns-is-layout-28f84493 wp-block-columns-is-layout-flex\">\n<div class=\"wp-block-column is-layout-flow wp-container-core-column-is-layout-8a368f38 wp-block-column-is-layout-flow\">\n<div class=\"wp-block-group home-map-ctv is-layout-flow wp-block-group-is-layout-flow\">\n<figure class=\"wp-block-image aligncenter size-full animated fadeInUp slow delay-500ms\"><img decoding=\"async\" src=\"https:\/\/madeincamp.fr\/wp-content\/uploads\/2024\/02\/fleur.png\" alt=\"flower\" class=\"wp-image-121\" style=\"object-fit:cover\" \/><\/figure>\n<\/div>\n\n\n\n<div class=\"wp-block-group animated fadeIn slow has-global-padding is-layout-constrained wp-block-group-is-layout-constrained\">\n<figure data-wp-context=\"{&quot;imageId&quot;:&quot;69f3333e6877b&quot;}\" data-wp-interactive=\"core\/image\" class=\"wp-block-image size-full wp-lightbox-container\"><img data-dominant-color=\"767c70\" data-has-transparency=\"false\" loading=\"lazy\" decoding=\"async\" width=\"1176\" height=\"882\" data-wp-class--hide=\"state.isContentHidden\" data-wp-class--show=\"state.isContentVisible\" data-wp-init=\"callbacks.setButtonStyles\" data-wp-on-async--click=\"actions.showLightbox\" data-wp-on-async--load=\"callbacks.setButtonStyles\" data-wp-on-async-window--resize=\"callbacks.setButtonStyles\" sizes=\"auto, (max-width: 620px) 100vw, 620px\" src=\"https:\/\/madeincamp.fr\/le-fief-melin\/wp-content\/uploads\/sites\/5\/2024\/07\/MH-Confort-Large-2Ch-4P-PMR-TV.webp\" alt=\"MH Confort Large 2Ch 4P PMR TV\" class=\"wp-image-10103 not-transparent\" style=\"--dominant-color: #767c70; aspect-ratio:4\/3;object-fit:cover\" srcset=\"https:\/\/madeincamp.fr\/le-fief-melin\/wp-content\/uploads\/sites\/5\/2024\/07\/MH-Confort-Large-2Ch-4P-PMR-TV.webp 1176w, https:\/\/madeincamp.fr\/le-fief-melin\/wp-content\/uploads\/sites\/5\/2024\/07\/MH-Confort-Large-2Ch-4P-PMR-TV-300x225.webp 300w, https:\/\/madeincamp.fr\/le-fief-melin\/wp-content\/uploads\/sites\/5\/2024\/07\/MH-Confort-Large-2Ch-4P-PMR-TV-1024x768.webp 1024w, https:\/\/madeincamp.fr\/le-fief-melin\/wp-content\/uploads\/sites\/5\/2024\/07\/MH-Confort-Large-2Ch-4P-PMR-TV-768x576.webp 768w\" \/><button\n\t\t\tclass=\"lightbox-trigger\"\n\t\t\ttype=\"button\"\n\t\t\taria-haspopup=\"dialog\"\n\t\t\taria-label=\"Enlarge\"\n\t\t\tdata-wp-init=\"callbacks.initTriggerButton\"\n\t\t\tdata-wp-on-async--click=\"actions.showLightbox\"\n\t\t\tdata-wp-style--right=\"state.imageButtonRight\"\n\t\t\tdata-wp-style--top=\"state.imageButtonTop\"\n\t\t>\n\t\t\t<svg xmlns=\"http:\/\/www.w3.org\/2000\/svg\" width=\"12\" height=\"12\" fill=\"none\" viewBox=\"0 0 12 12\">\n\t\t\t\t<path fill=\"#fff\" d=\"M2 0a2 2 0 0 0-2 2v2h1.5V2a.5.5 0 0 1 .5-.5h2V0H2Zm2 10.5H2a.5.5 0 0 1-.5-.5V8H0v2a2 2 0 0 0 2 2h2v-1.5ZM8 12v-1.5h2a.5.5 0 0 0 .5-.5V8H12v2a2 2 0 0 1-2 2H8Zm2-12a2 2 0 0 1 2 2v2h-1.5V2a.5.5 0 0 0-.5-.5H8V0h2Z\" \/>\n\t\t\t<\/svg>\n\t\t<\/button><\/figure>\n<\/div>\n<\/div>\n\n\n\n<div class=\"wp-block-column is-vertically-aligned-center is-layout-flow wp-block-column-is-layout-flow\">\n<p>The <strong>Comfort range<\/strong> includes mobile homes for 4 people with two bedrooms, and mobile homes for 5 people with an extra bed in the living room. They feature a covered wooden terrace, also equipped with outdoor furniture. Are you looking for a large mobile home in La Br\u00e9e-les-Bains to stay with your family or friends? Our 3-bedroom mobile homes in the Confort range can accommodate up to 6 holidaymakers in the best possible conditions.   <\/p>\n\n\n\n<p>Each of our rental units is organized around a <strong>cosy living room<\/strong> with a fully-equipped kitchen. You&#8217;ll also find <a href=\"https:\/\/madeincamp.fr\/le-fief-melin\/en\/camping-pitches-ile-oleron\/\">camping pitches for tents<\/a>, caravans and motorhomes!<\/p>\n<\/div>\n<\/div>\n<\/div>\n\n\n\n<div class=\"wp-block-cover alignfull is-light rellaxed animated fadeIn slow is-style-gt-bg-left has-border-color has-base-2-border-color\" style=\"border-width:2rem;margin-top:var(--wp--preset--spacing--50);padding-top:0;padding-bottom:0;padding-left:0;min-height:120vh;aspect-ratio:unset;\"><span aria-hidden=\"true\" class=\"wp-block-cover__background has-background-dim-0 has-background-dim\" style=\"background-color:#aa9f91\"><\/span><img data-dominant-color=\"a89a89\" data-has-transparency=\"false\" style=\"--dominant-color: #a89a89;\" loading=\"lazy\" decoding=\"async\" width=\"1920\" height=\"1200\" sizes=\"auto, 100vw\" class=\"wp-block-cover__image-background wp-image-10122 not-transparent\" alt=\"farine mais\" src=\"https:\/\/madeincamp.fr\/le-fief-melin\/wp-content\/uploads\/sites\/5\/2024\/07\/farine-mais.webp\" data-object-fit=\"cover\" srcset=\"https:\/\/madeincamp.fr\/le-fief-melin\/wp-content\/uploads\/sites\/5\/2024\/07\/farine-mais.webp 1920w, https:\/\/madeincamp.fr\/le-fief-melin\/wp-content\/uploads\/sites\/5\/2024\/07\/farine-mais-300x188.webp 300w, https:\/\/madeincamp.fr\/le-fief-melin\/wp-content\/uploads\/sites\/5\/2024\/07\/farine-mais-1024x640.webp 1024w, https:\/\/madeincamp.fr\/le-fief-melin\/wp-content\/uploads\/sites\/5\/2024\/07\/farine-mais-768x480.webp 768w, https:\/\/madeincamp.fr\/le-fief-melin\/wp-content\/uploads\/sites\/5\/2024\/07\/farine-mais-1536x960.webp 1536w\" \/><div class=\"wp-block-cover__inner-container has-global-padding is-layout-constrained wp-container-core-cover-is-layout-dbbe9912 wp-block-cover-is-layout-constrained\">\n<div class=\"wp-block-group alignwide is-layout-flow wp-block-group-is-layout-flow\" style=\"padding-top:0;padding-bottom:0;padding-left:20vw\">\n<div class=\"wp-block-columns are-vertically-aligned-center has-base-2-background-color has-background is-layout-flex wp-container-core-columns-is-layout-271a479c wp-block-columns-is-layout-flex\" style=\"padding-top:var(--wp--preset--spacing--20);padding-right:var(--wp--preset--spacing--20);padding-bottom:var(--wp--preset--spacing--20);padding-left:var(--wp--preset--spacing--20)\">\n<div class=\"wp-block-column is-vertically-aligned-center is-layout-flow wp-container-core-column-is-layout-22223934 wp-block-column-is-layout-flow\">\n<figure data-wp-context=\"{&quot;imageId&quot;:&quot;69f3333e68ce2&quot;}\" data-wp-interactive=\"core\/image\" class=\"wp-block-image size-full animated fadeIn slow wp-lightbox-container\"><img data-dominant-color=\"848b95\" data-has-transparency=\"false\" loading=\"lazy\" decoding=\"async\" width=\"545\" height=\"968\" data-wp-class--hide=\"state.isContentHidden\" data-wp-class--show=\"state.isContentVisible\" data-wp-init=\"callbacks.setButtonStyles\" data-wp-on-async--click=\"actions.showLightbox\" data-wp-on-async--load=\"callbacks.setButtonStyles\" data-wp-on-async-window--resize=\"callbacks.setButtonStyles\" sizes=\"auto, (max-width: 545px) 100vw, 545px\" src=\"https:\/\/madeincamp.fr\/le-fief-melin\/wp-content\/uploads\/sites\/5\/2024\/07\/moulin.webp\" alt=\"mill\" class=\"wp-image-10114 not-transparent\" style=\"--dominant-color: #848b95; aspect-ratio:9\/16;object-fit:cover\" srcset=\"https:\/\/madeincamp.fr\/le-fief-melin\/wp-content\/uploads\/sites\/5\/2024\/07\/moulin.webp 545w, https:\/\/madeincamp.fr\/le-fief-melin\/wp-content\/uploads\/sites\/5\/2024\/07\/moulin-169x300.webp 169w\" \/><button\n\t\t\tclass=\"lightbox-trigger\"\n\t\t\ttype=\"button\"\n\t\t\taria-haspopup=\"dialog\"\n\t\t\taria-label=\"Enlarge\"\n\t\t\tdata-wp-init=\"callbacks.initTriggerButton\"\n\t\t\tdata-wp-on-async--click=\"actions.showLightbox\"\n\t\t\tdata-wp-style--right=\"state.imageButtonRight\"\n\t\t\tdata-wp-style--top=\"state.imageButtonTop\"\n\t\t>\n\t\t\t<svg xmlns=\"http:\/\/www.w3.org\/2000\/svg\" width=\"12\" height=\"12\" fill=\"none\" viewBox=\"0 0 12 12\">\n\t\t\t\t<path fill=\"#fff\" d=\"M2 0a2 2 0 0 0-2 2v2h1.5V2a.5.5 0 0 1 .5-.5h2V0H2Zm2 10.5H2a.5.5 0 0 1-.5-.5V8H0v2a2 2 0 0 0 2 2h2v-1.5ZM8 12v-1.5h2a.5.5 0 0 0 .5-.5V8H12v2a2 2 0 0 1-2 2H8Zm2-12a2 2 0 0 1 2 2v2h-1.5V2a.5.5 0 0 0-.5-.5H8V0h2Z\" \/>\n\t\t\t<\/svg>\n\t\t<\/button><\/figure>\n<\/div>\n\n\n\n<div class=\"wp-block-column is-vertically-aligned-center is-layout-flow wp-block-column-is-layout-flow\">\n<h2 class=\"wp-block-heading has-contrast-color has-text-color has-link-color wp-elements-8c1b2b1c47b9a73f8bd45e66bf0fcc12\"><strong>Vacations near La Br\u00e9e-les-Bains<\/strong><\/h2>\n\n\n\n<p>Close to the campsite, come and discover La Br\u00e9e-les-Bains, a <strong>peaceful and tranquil place<\/strong>. Between the Atlantic Ocean and the salt marshes, it lies to the north-east of the<a href=\"https:\/\/madeincamp.fr\/le-fief-melin\/en\/tourism-ile-oleron\/\">Ile d&#8217;Ol\u00e9ron<\/a> in the Poitou-Charentes region. <\/p>\n\n\n\n<p>Make the most of your <a href=\"https:\/\/madeincamp.fr\/le-fief-melin\/en\/camping-famille-ile-oleron\/\">family camping<\/a> vacation on the Ile d&#8217;Ol\u00e9ron to stroll through its <strong>colorful lanes<\/strong>, where you&#8217;ll find art workshops, small shops and craftsmen, as well as the surrounding cycle paths.<\/p>\n\n\n\n<p>In season and during school vacations, the <strong>stalls of the island&#8217;s producers<\/strong> enliven the market square every morning. La <a href=\"https:\/\/www.labreelesbains.com\/\" target=\"_blank\" rel=\"noreferrer noopener\">Br\u00e9e les<\/a> Bains is also home to the best-preserved mill on the island, dating back to the 15\u1d49 century, and now back in operation. Opening it to visitors will allow them to admire the miller&#8217;s work and taste products made from his flours.  <\/p>\n<\/div>\n<\/div>\n<\/div>\n<\/div><\/div>\n\n\n\n<div class=\"wp-block-cover alignfull is-light has-custom-content-position is-position-bottom-left animated fadeIn slow\" style=\"margin-top:var(--wp--preset--spacing--50);padding-top:var(--wp--preset--spacing--40);padding-right:var(--wp--preset--spacing--40);padding-bottom:var(--wp--preset--spacing--40);padding-left:var(--wp--preset--spacing--40);min-height:968px;aspect-ratio:unset;\"><span aria-hidden=\"true\" class=\"wp-block-cover__background has-background-dim-80 has-background-dim wp-block-cover__gradient-background has-background-gradient\" style=\"background-color:#b8bec3;background:linear-gradient(135deg,rgb(0,0,0) 0%,rgba(0,0,0,0.59) 100%)\"><\/span><img data-dominant-color=\"aab1b6\" data-has-transparency=\"false\" style=\"--dominant-color: #aab1b6;\" loading=\"lazy\" decoding=\"async\" width=\"1920\" height=\"1200\" sizes=\"auto, 100vw\" class=\"wp-block-cover__image-background wp-image-10107 not-transparent\" alt=\"jet ski\" src=\"https:\/\/madeincamp.fr\/le-fief-melin\/wp-content\/uploads\/sites\/5\/2024\/07\/jet-ski.webp\" data-object-fit=\"cover\" srcset=\"https:\/\/madeincamp.fr\/le-fief-melin\/wp-content\/uploads\/sites\/5\/2024\/07\/jet-ski.webp 1920w, https:\/\/madeincamp.fr\/le-fief-melin\/wp-content\/uploads\/sites\/5\/2024\/07\/jet-ski-300x188.webp 300w, https:\/\/madeincamp.fr\/le-fief-melin\/wp-content\/uploads\/sites\/5\/2024\/07\/jet-ski-1024x640.webp 1024w, https:\/\/madeincamp.fr\/le-fief-melin\/wp-content\/uploads\/sites\/5\/2024\/07\/jet-ski-768x480.webp 768w, https:\/\/madeincamp.fr\/le-fief-melin\/wp-content\/uploads\/sites\/5\/2024\/07\/jet-ski-1536x960.webp 1536w\" \/><div class=\"wp-block-cover__inner-container has-global-padding is-layout-constrained wp-container-core-cover-is-layout-1657d9e4 wp-block-cover-is-layout-constrained\">\n<div class=\"wp-block-group has-base-2-color has-text-color has-link-color wp-elements-f2cfc3fcfb46fe5413da2af6bcbc9d08 is-layout-flow wp-container-core-group-is-layout-e356762d wp-block-group-is-layout-flow\" style=\"margin-top:0;margin-bottom:0\">\n<p>During your stay at the Made in Camp campsite near La Br\u00e9e-les-Bains, don&#8217;t forget to take advantage of the resort&#8217;s <strong>beautiful beaches<\/strong>, visit the neighboring commune of Saint Georges d&#8217;Ol\u00e9ron and taste the Marennes Ol\u00e9ron oysters.<\/p>\n\n\n\n<p>The <strong>Planginot beach<\/strong> is divided between a supervised swimming area and a jet ski area, ideal for an active vacation with your feet in the water on the Atlantic coast. The beach is bordered by a direct-access bar, beach volleyball courts and a sailing school. A few beach cabins add a touch of old-fashioned charm. The unsupervised <strong>Malaiguille beach<\/strong> is much less crowded. It is particularly interesting for shore fishing at low tide. To the south of the resort, the <strong>Boulassiers beach<\/strong> offers an unspoilt environment and 1,500 meters of fine sand.     <\/p>\n\n\n\n<p><strong>Our favorite:<\/strong> the Mill tour. A walk full of history and discoveries about the mill&#8217;s function. <\/p>\n<\/div>\n<\/div><\/div>\n\n\n\n<div class=\"wp-block-group alignwide is-layout-flow wp-block-group-is-layout-flow\" style=\"padding-top:var(--wp--preset--spacing--50);padding-bottom:var(--wp--preset--spacing--50)\">\n<div class=\"wp-block-columns is-layout-flex wp-container-core-columns-is-layout-28f84493 wp-block-columns-is-layout-flex\">\n<div class=\"wp-block-column is-vertically-aligned-center is-layout-flow wp-block-column-is-layout-flow\">\n<h2 class=\"wp-block-heading\"><strong>Activities in the vicinity of Br\u00e9e-les-Bains<\/strong><\/h2>\n\n\n\n<p>During your stay at the Made in Camp Le Fief Melin campsite, take advantage of the opportunity to visit the must-see sites on the Ile d&#8217;Ol\u00e9ron: Le Grand Village Plage, <a href=\"https:\/\/madeincamp.fr\/le-fief-melin\/en\/tourism-ile-oleron\/campsite-saint-denis-doleron\/\">Saint-Denis-d&#8217;Ol\u00e9ron<\/a>, Saint-Pierre-d&#8217;Ol\u00e9ron, Dolus-d&#8217;Ol\u00e9ron, Saint-Trojan-les-Bains, <a href=\"https:\/\/madeincamp.fr\/le-fief-melin\/en\/tourism-ile-oleron\/camping-saint-georges-doleron\/\">Saint-Georges-d&#8217;Ol\u00e9ron<\/a>, the beautiful sandy beaches where you can indulge in sports such as surfing, and finally the magnificent Fort Boyard, the emblematic jewel of the Poitou-Charentes region!<\/p>\n<\/div>\n\n\n\n<div class=\"wp-block-column is-layout-flow wp-container-core-column-is-layout-8a368f38 wp-block-column-is-layout-flow\">\n<div class=\"wp-block-group home-map-ctv is-layout-flow wp-block-group-is-layout-flow\">\n<figure class=\"wp-block-image aligncenter size-full animated fadeInUp slow delay-500ms\"><img decoding=\"async\" src=\"https:\/\/madeincamp.fr\/wp-content\/uploads\/2024\/02\/fleur.png\" alt=\"flower\" class=\"wp-image-121\" style=\"object-fit:cover\" \/><\/figure>\n<\/div>\n\n\n\n<div class=\"wp-block-group animated fadeIn slow has-global-padding is-layout-constrained wp-block-group-is-layout-constrained\">\n<figure data-wp-context=\"{&quot;imageId&quot;:&quot;69f3333e696ad&quot;}\" data-wp-interactive=\"core\/image\" class=\"wp-block-image size-full wp-lightbox-container\"><img data-dominant-color=\"4c708e\" data-has-transparency=\"true\" loading=\"lazy\" decoding=\"async\" width=\"1920\" height=\"1200\" data-wp-class--hide=\"state.isContentHidden\" data-wp-class--show=\"state.isContentVisible\" data-wp-init=\"callbacks.setButtonStyles\" data-wp-on-async--click=\"actions.showLightbox\" data-wp-on-async--load=\"callbacks.setButtonStyles\" data-wp-on-async-window--resize=\"callbacks.setButtonStyles\" sizes=\"auto, (max-width: 620px) 100vw, 620px\" src=\"https:\/\/madeincamp.fr\/le-fief-melin\/wp-content\/uploads\/sites\/5\/2024\/07\/Poitou-Charentes.png\" alt=\"Poitou Charentes\" class=\"wp-image-10105 has-transparency\" style=\"--dominant-color: #4c708e; aspect-ratio:4\/3;object-fit:cover\" srcset=\"https:\/\/madeincamp.fr\/le-fief-melin\/wp-content\/uploads\/sites\/5\/2024\/07\/Poitou-Charentes.png 1920w, https:\/\/madeincamp.fr\/le-fief-melin\/wp-content\/uploads\/sites\/5\/2024\/07\/Poitou-Charentes-300x188.png 300w, https:\/\/madeincamp.fr\/le-fief-melin\/wp-content\/uploads\/sites\/5\/2024\/07\/Poitou-Charentes-1024x640.png 1024w, https:\/\/madeincamp.fr\/le-fief-melin\/wp-content\/uploads\/sites\/5\/2024\/07\/Poitou-Charentes-768x480.png 768w, https:\/\/madeincamp.fr\/le-fief-melin\/wp-content\/uploads\/sites\/5\/2024\/07\/Poitou-Charentes-1536x960.png 1536w\" \/><button\n\t\t\tclass=\"lightbox-trigger\"\n\t\t\ttype=\"button\"\n\t\t\taria-haspopup=\"dialog\"\n\t\t\taria-label=\"Enlarge\"\n\t\t\tdata-wp-init=\"callbacks.initTriggerButton\"\n\t\t\tdata-wp-on-async--click=\"actions.showLightbox\"\n\t\t\tdata-wp-style--right=\"state.imageButtonRight\"\n\t\t\tdata-wp-style--top=\"state.imageButtonTop\"\n\t\t>\n\t\t\t<svg xmlns=\"http:\/\/www.w3.org\/2000\/svg\" width=\"12\" height=\"12\" fill=\"none\" viewBox=\"0 0 12 12\">\n\t\t\t\t<path fill=\"#fff\" d=\"M2 0a2 2 0 0 0-2 2v2h1.5V2a.5.5 0 0 1 .5-.5h2V0H2Zm2 10.5H2a.5.5 0 0 1-.5-.5V8H0v2a2 2 0 0 0 2 2h2v-1.5ZM8 12v-1.5h2a.5.5 0 0 0 .5-.5V8H12v2a2 2 0 0 1-2 2H8Zm2-12a2 2 0 0 1 2 2v2h-1.5V2a.5.5 0 0 0-.5-.5H8V0h2Z\" \/>\n\t\t\t<\/svg>\n\t\t<\/button><\/figure>\n<\/div>\n<\/div>\n<\/div>\n<\/div>\n\n\n\n<div class=\"wp-block-group alignwide is-layout-flow wp-block-group-is-layout-flow\">\n<h2 class=\"wp-block-heading has-text-align-center\">Visit our region<\/h2>\n\n\n\r\n<div \r\n     \r\n    class=\"gt-maillage-block\" \r\n    style=\"\"\r\n    data-row=\"3\"\r\n>\r\n\r\n                                                    <a class=\"gt-cta \" href=\"https:\/\/madeincamp.fr\/le-fief-melin\/en\/tourism-ile-oleron\/camping-boyardville\/\" title=\"Boyardville Campsite\">\r\n                            <div class=\"wp-block-template-part\">\n<div style=\"aspect-ratio:16\/9;min-height:unset;\" class=\"wp-block-cover is-light has-custom-content-position is-position-bottom-right has-aspect-ratio\"><span aria-hidden=\"true\" class=\"wp-block-cover__background has-black-background-color has-background-dim\"><\/span><img loading=\"lazy\" decoding=\"async\" width=\"1920\" height=\"1200\" src=\"https:\/\/madeincamp.fr\/le-fief-melin\/wp-content\/uploads\/sites\/5\/2024\/07\/cabanes-colores-oleron-charente-maritime.webp\" class=\"wp-block-cover__image-background not-transparent wp-post-image\" alt=\"\" data-object-fit=\"cover\" srcset=\"https:\/\/madeincamp.fr\/le-fief-melin\/wp-content\/uploads\/sites\/5\/2024\/07\/cabanes-colores-oleron-charente-maritime.webp 1920w, https:\/\/madeincamp.fr\/le-fief-melin\/wp-content\/uploads\/sites\/5\/2024\/07\/cabanes-colores-oleron-charente-maritime-300x188.webp 300w, https:\/\/madeincamp.fr\/le-fief-melin\/wp-content\/uploads\/sites\/5\/2024\/07\/cabanes-colores-oleron-charente-maritime-1024x640.webp 1024w, https:\/\/madeincamp.fr\/le-fief-melin\/wp-content\/uploads\/sites\/5\/2024\/07\/cabanes-colores-oleron-charente-maritime-768x480.webp 768w, https:\/\/madeincamp.fr\/le-fief-melin\/wp-content\/uploads\/sites\/5\/2024\/07\/cabanes-colores-oleron-charente-maritime-1536x960.webp 1536w\" sizes=\"auto, (max-width: 1920px) 100vw, 1920px\" data-has-transparency=\"false\" data-dominant-color=\"ada390\" style=\"--dominant-color: #ada390;\" \/><div class=\"wp-block-cover__inner-container has-global-padding is-layout-constrained wp-block-cover-is-layout-constrained\"><h3 class=\"has-text-align-right has-link-color wp-elements-403aff7bcceea32cd2226392e7ec2da7 wp-block-post-title has-text-color has-base-2-color has-large-font-size\">Boyardville Campsite<\/h3><\/div><\/div>\n<\/div>                        <\/a>\r\n                    \r\n                                    <a class=\"gt-cta \" href=\"https:\/\/madeincamp.fr\/le-fief-melin\/en\/tourism-ile-oleron\/citadelle-du-chateau-doleron\/\" title=\"Ch\u00e2teau-d&#8217;Ol\u00e9ron Citadel\">\r\n                            <div class=\"wp-block-template-part\">\n<div style=\"aspect-ratio:16\/9;min-height:unset;\" class=\"wp-block-cover is-light has-custom-content-position is-position-bottom-right has-aspect-ratio\"><span aria-hidden=\"true\" class=\"wp-block-cover__background has-black-background-color has-background-dim\"><\/span><img loading=\"lazy\" decoding=\"async\" width=\"952\" height=\"625\" src=\"https:\/\/madeincamp.fr\/le-fief-melin\/wp-content\/uploads\/sites\/5\/2024\/06\/1_entree-citadelle-2.jpg\" class=\"wp-block-cover__image-background not-transparent wp-post-image\" alt=\"entr\u00e9e citadelle d&#039;ol\u00e9ron\" data-object-fit=\"cover\" srcset=\"https:\/\/madeincamp.fr\/le-fief-melin\/wp-content\/uploads\/sites\/5\/2024\/06\/1_entree-citadelle-2.jpg 952w, https:\/\/madeincamp.fr\/le-fief-melin\/wp-content\/uploads\/sites\/5\/2024\/06\/1_entree-citadelle-2-300x197.jpg 300w, https:\/\/madeincamp.fr\/le-fief-melin\/wp-content\/uploads\/sites\/5\/2024\/06\/1_entree-citadelle-2-768x504.jpg 768w\" sizes=\"auto, (max-width: 952px) 100vw, 952px\" data-has-transparency=\"false\" data-dominant-color=\"848a7c\" style=\"--dominant-color: #848a7c;\" \/><div class=\"wp-block-cover__inner-container has-global-padding is-layout-constrained wp-block-cover-is-layout-constrained\"><h3 class=\"has-text-align-right has-link-color wp-elements-403aff7bcceea32cd2226392e7ec2da7 wp-block-post-title has-text-color has-base-2-color has-large-font-size\">Ch\u00e2teau-d&#8217;Ol\u00e9ron Citadel<\/h3><\/div><\/div>\n<\/div>                        <\/a>\r\n                    \r\n                                    <a class=\"gt-cta \" href=\"https:\/\/madeincamp.fr\/le-fief-melin\/en\/tourism-ile-oleron\/boyardville-oleron\/\" title=\"Boyardville\">\r\n                            <div class=\"wp-block-template-part\">\n<div style=\"aspect-ratio:16\/9;min-height:unset;\" class=\"wp-block-cover is-light has-custom-content-position is-position-bottom-right has-aspect-ratio\"><span aria-hidden=\"true\" class=\"wp-block-cover__background has-black-background-color has-background-dim\"><\/span><img loading=\"lazy\" decoding=\"async\" width=\"2048\" height=\"1365\" src=\"https:\/\/madeincamp.fr\/le-fief-melin\/wp-content\/uploads\/sites\/5\/2024\/07\/Couple_sur_la_plage_de_la_Concurrence_faisant_face_au_port_de_plaisance_49375-scaled.webp\" class=\"wp-block-cover__image-background not-transparent wp-post-image\" alt=\"Couple sur la plage de la Concurrence faisant face au port de plaisance\" data-object-fit=\"cover\" srcset=\"https:\/\/madeincamp.fr\/le-fief-melin\/wp-content\/uploads\/sites\/5\/2024\/07\/Couple_sur_la_plage_de_la_Concurrence_faisant_face_au_port_de_plaisance_49375-scaled.webp 2048w, https:\/\/madeincamp.fr\/le-fief-melin\/wp-content\/uploads\/sites\/5\/2024\/07\/Couple_sur_la_plage_de_la_Concurrence_faisant_face_au_port_de_plaisance_49375-300x200.webp 300w, https:\/\/madeincamp.fr\/le-fief-melin\/wp-content\/uploads\/sites\/5\/2024\/07\/Couple_sur_la_plage_de_la_Concurrence_faisant_face_au_port_de_plaisance_49375-1024x683.webp 1024w, https:\/\/madeincamp.fr\/le-fief-melin\/wp-content\/uploads\/sites\/5\/2024\/07\/Couple_sur_la_plage_de_la_Concurrence_faisant_face_au_port_de_plaisance_49375-768x512.webp 768w, https:\/\/madeincamp.fr\/le-fief-melin\/wp-content\/uploads\/sites\/5\/2024\/07\/Couple_sur_la_plage_de_la_Concurrence_faisant_face_au_port_de_plaisance_49375-1536x1024.webp 1536w\" sizes=\"auto, (max-width: 2048px) 100vw, 2048px\" data-has-transparency=\"false\" data-dominant-color=\"bbb5a4\" style=\"--dominant-color: #bbb5a4;\" \/><div class=\"wp-block-cover__inner-container has-global-padding is-layout-constrained wp-block-cover-is-layout-constrained\"><h3 class=\"has-text-align-right has-link-color wp-elements-403aff7bcceea32cd2226392e7ec2da7 wp-block-post-title has-text-color has-base-2-color has-large-font-size\">Boyardville<\/h3><\/div><\/div>\n<\/div>                        <\/a>\r\n                    \r\n                                    <a class=\"gt-cta \" href=\"https:\/\/madeincamp.fr\/le-fief-melin\/en\/tourism-ile-oleron\/cycle-tracks-of-lile-doleron\/\" title=\"Cycle paths on the Ile d&#8217;Ol\u00e9ron\">\r\n                            <div class=\"wp-block-template-part\">\n<div style=\"aspect-ratio:16\/9;min-height:unset;\" class=\"wp-block-cover is-light has-custom-content-position is-position-bottom-right has-aspect-ratio\"><span aria-hidden=\"true\" class=\"wp-block-cover__background has-black-background-color has-background-dim\"><\/span><img loading=\"lazy\" decoding=\"async\" width=\"1920\" height=\"1076\" src=\"https:\/\/madeincamp.fr\/le-fief-melin\/wp-content\/uploads\/sites\/5\/2024\/06\/family-cycles-oleron-1.webp\" class=\"wp-block-cover__image-background not-transparent wp-post-image\" alt=\"\" data-object-fit=\"cover\" srcset=\"https:\/\/madeincamp.fr\/le-fief-melin\/wp-content\/uploads\/sites\/5\/2024\/06\/family-cycles-oleron-1.webp 1920w, https:\/\/madeincamp.fr\/le-fief-melin\/wp-content\/uploads\/sites\/5\/2024\/06\/family-cycles-oleron-1-300x168.webp 300w, https:\/\/madeincamp.fr\/le-fief-melin\/wp-content\/uploads\/sites\/5\/2024\/06\/family-cycles-oleron-1-1024x574.webp 1024w, https:\/\/madeincamp.fr\/le-fief-melin\/wp-content\/uploads\/sites\/5\/2024\/06\/family-cycles-oleron-1-768x430.webp 768w, https:\/\/madeincamp.fr\/le-fief-melin\/wp-content\/uploads\/sites\/5\/2024\/06\/family-cycles-oleron-1-1536x861.webp 1536w\" sizes=\"auto, (max-width: 1920px) 100vw, 1920px\" data-has-transparency=\"false\" data-dominant-color=\"8f9884\" style=\"--dominant-color: #8f9884;\" \/><div class=\"wp-block-cover__inner-container has-global-padding is-layout-constrained wp-block-cover-is-layout-constrained\"><h3 class=\"has-text-align-right has-link-color wp-elements-403aff7bcceea32cd2226392e7ec2da7 wp-block-post-title has-text-color has-base-2-color has-large-font-size\">Cycle paths on the Ile d&#8217;Ol\u00e9ron<\/h3><\/div><\/div>\n<\/div>                        <\/a>\r\n                    \r\n                                    <a class=\"gt-cta \" href=\"https:\/\/madeincamp.fr\/le-fief-melin\/en\/tourism-ile-oleron\/visit-chateau-doleron\/\" title=\"Visit Ch\u00e2teau-d&#8217;Ol\u00e9ron\">\r\n                            <div class=\"wp-block-template-part\">\n<div style=\"aspect-ratio:16\/9;min-height:unset;\" class=\"wp-block-cover is-light has-custom-content-position is-position-bottom-right has-aspect-ratio\"><span aria-hidden=\"true\" class=\"wp-block-cover__background has-black-background-color has-background-dim\"><\/span><img loading=\"lazy\" decoding=\"async\" width=\"2048\" height=\"1366\" src=\"https:\/\/madeincamp.fr\/le-fief-melin\/wp-content\/uploads\/sites\/5\/2024\/06\/Citadelle_du_Chateau-dOleron_-_Chateau_dOleron-1-scaled.webp\" class=\"wp-block-cover__image-background not-transparent wp-post-image\" alt=\"\" data-object-fit=\"cover\" srcset=\"https:\/\/madeincamp.fr\/le-fief-melin\/wp-content\/uploads\/sites\/5\/2024\/06\/Citadelle_du_Chateau-dOleron_-_Chateau_dOleron-1-scaled.webp 2048w, https:\/\/madeincamp.fr\/le-fief-melin\/wp-content\/uploads\/sites\/5\/2024\/06\/Citadelle_du_Chateau-dOleron_-_Chateau_dOleron-1-300x200.webp 300w, https:\/\/madeincamp.fr\/le-fief-melin\/wp-content\/uploads\/sites\/5\/2024\/06\/Citadelle_du_Chateau-dOleron_-_Chateau_dOleron-1-1024x683.webp 1024w, https:\/\/madeincamp.fr\/le-fief-melin\/wp-content\/uploads\/sites\/5\/2024\/06\/Citadelle_du_Chateau-dOleron_-_Chateau_dOleron-1-768x512.webp 768w, https:\/\/madeincamp.fr\/le-fief-melin\/wp-content\/uploads\/sites\/5\/2024\/06\/Citadelle_du_Chateau-dOleron_-_Chateau_dOleron-1-1536x1024.webp 1536w\" sizes=\"auto, (max-width: 2048px) 100vw, 2048px\" data-has-transparency=\"false\" data-dominant-color=\"87949f\" style=\"--dominant-color: #87949f;\" \/><div class=\"wp-block-cover__inner-container has-global-padding is-layout-constrained wp-block-cover-is-layout-constrained\"><h3 class=\"has-text-align-right has-link-color wp-elements-403aff7bcceea32cd2226392e7ec2da7 wp-block-post-title has-text-color has-base-2-color has-large-font-size\">Visit Ch\u00e2teau-d&#8217;Ol\u00e9ron<\/h3><\/div><\/div>\n<\/div>                        <\/a>\r\n                    \r\n                                    <a class=\"gt-cta \" href=\"https:\/\/madeincamp.fr\/le-fief-melin\/en\/tourism-ile-oleron\/marais-aux-oiseaux\/\" title=\"Le Marais aux oiseaux\">\r\n                            <div class=\"wp-block-template-part\">\n<div style=\"aspect-ratio:16\/9;min-height:unset;\" class=\"wp-block-cover is-light has-custom-content-position is-position-bottom-right has-aspect-ratio\"><span aria-hidden=\"true\" class=\"wp-block-cover__background has-black-background-color has-background-dim\"><\/span><img loading=\"lazy\" decoding=\"async\" width=\"2048\" height=\"1148\" src=\"https:\/\/madeincamp.fr\/le-fief-melin\/wp-content\/uploads\/sites\/5\/2024\/06\/oleron-cicogne-en-migration-scaled-e1719499428790.webp\" class=\"wp-block-cover__image-background not-transparent wp-post-image\" alt=\"\" data-object-fit=\"cover\" data-has-transparency=\"false\" data-dominant-color=\"9d7f5c\" style=\"--dominant-color: #9d7f5c;\" \/><div class=\"wp-block-cover__inner-container has-global-padding is-layout-constrained wp-block-cover-is-layout-constrained\"><h3 class=\"has-text-align-right has-link-color wp-elements-403aff7bcceea32cd2226392e7ec2da7 wp-block-post-title has-text-color has-base-2-color has-large-font-size\">Le Marais aux oiseaux<\/h3><\/div><\/div>\n<\/div>                        <\/a>\r\n                    \r\n                                    <a class=\"gt-cta \" href=\"https:\/\/madeincamp.fr\/le-fief-melin\/en\/tourism-ile-oleron\/port-de-salines\/\" title=\"Port des Salines\">\r\n                            <div class=\"wp-block-template-part\">\n<div style=\"aspect-ratio:16\/9;min-height:unset;\" class=\"wp-block-cover is-light has-custom-content-position is-position-bottom-right has-aspect-ratio\"><span aria-hidden=\"true\" class=\"wp-block-cover__background has-black-background-color has-background-dim\"><\/span><img loading=\"lazy\" decoding=\"async\" width=\"1920\" height=\"1200\" src=\"https:\/\/madeincamp.fr\/le-fief-melin\/wp-content\/uploads\/sites\/5\/2024\/07\/port-de-salines-ile-d-oleron.webp\" class=\"wp-block-cover__image-background not-transparent wp-post-image\" alt=\"\" data-object-fit=\"cover\" srcset=\"https:\/\/madeincamp.fr\/le-fief-melin\/wp-content\/uploads\/sites\/5\/2024\/07\/port-de-salines-ile-d-oleron.webp 1920w, https:\/\/madeincamp.fr\/le-fief-melin\/wp-content\/uploads\/sites\/5\/2024\/07\/port-de-salines-ile-d-oleron-300x188.webp 300w, https:\/\/madeincamp.fr\/le-fief-melin\/wp-content\/uploads\/sites\/5\/2024\/07\/port-de-salines-ile-d-oleron-1024x640.webp 1024w, https:\/\/madeincamp.fr\/le-fief-melin\/wp-content\/uploads\/sites\/5\/2024\/07\/port-de-salines-ile-d-oleron-768x480.webp 768w, https:\/\/madeincamp.fr\/le-fief-melin\/wp-content\/uploads\/sites\/5\/2024\/07\/port-de-salines-ile-d-oleron-1536x960.webp 1536w\" sizes=\"auto, (max-width: 1920px) 100vw, 1920px\" data-has-transparency=\"false\" data-dominant-color=\"82a499\" style=\"--dominant-color: #82a499;\" \/><div class=\"wp-block-cover__inner-container has-global-padding is-layout-constrained wp-block-cover-is-layout-constrained\"><h3 class=\"has-text-align-right has-link-color wp-elements-403aff7bcceea32cd2226392e7ec2da7 wp-block-post-title has-text-color has-base-2-color has-large-font-size\">Port des Salines<\/h3><\/div><\/div>\n<\/div>                        <\/a>\r\n                    \r\n                                    <a class=\"gt-cta \" href=\"https:\/\/madeincamp.fr\/le-fief-melin\/en\/tourism-ile-oleron\/port-de-la-cotiniere\/\" title=\"Port de la Cotini\u00e8re\">\r\n                            <div class=\"wp-block-template-part\">\n<div style=\"aspect-ratio:16\/9;min-height:unset;\" class=\"wp-block-cover is-light has-custom-content-position is-position-bottom-right has-aspect-ratio\"><span aria-hidden=\"true\" class=\"wp-block-cover__background has-black-background-color has-background-dim\"><\/span><img loading=\"lazy\" decoding=\"async\" width=\"1920\" height=\"1200\" src=\"https:\/\/madeincamp.fr\/le-fief-melin\/wp-content\/uploads\/sites\/5\/2024\/07\/le-charmant-port-de-la-cotiniere.webp\" class=\"wp-block-cover__image-background not-transparent wp-post-image\" alt=\"\" data-object-fit=\"cover\" srcset=\"https:\/\/madeincamp.fr\/le-fief-melin\/wp-content\/uploads\/sites\/5\/2024\/07\/le-charmant-port-de-la-cotiniere.webp 1920w, https:\/\/madeincamp.fr\/le-fief-melin\/wp-content\/uploads\/sites\/5\/2024\/07\/le-charmant-port-de-la-cotiniere-300x188.webp 300w, https:\/\/madeincamp.fr\/le-fief-melin\/wp-content\/uploads\/sites\/5\/2024\/07\/le-charmant-port-de-la-cotiniere-1024x640.webp 1024w, https:\/\/madeincamp.fr\/le-fief-melin\/wp-content\/uploads\/sites\/5\/2024\/07\/le-charmant-port-de-la-cotiniere-768x480.webp 768w, https:\/\/madeincamp.fr\/le-fief-melin\/wp-content\/uploads\/sites\/5\/2024\/07\/le-charmant-port-de-la-cotiniere-1536x960.webp 1536w\" sizes=\"auto, (max-width: 1920px) 100vw, 1920px\" data-has-transparency=\"false\" data-dominant-color=\"a9b0aa\" style=\"--dominant-color: #a9b0aa;\" \/><div class=\"wp-block-cover__inner-container has-global-padding is-layout-constrained wp-block-cover-is-layout-constrained\"><h3 class=\"has-text-align-right has-link-color wp-elements-403aff7bcceea32cd2226392e7ec2da7 wp-block-post-title has-text-color has-base-2-color has-large-font-size\">Port de la Cotini\u00e8re<\/h3><\/div><\/div>\n<\/div>                        <\/a>\r\n                    \r\n                                    <a class=\"gt-cta \" href=\"https:\/\/madeincamp.fr\/le-fief-melin\/en\/tourism-ile-oleron\/lighthouse-de-chassiron\/\" title=\"Chassiron lighthouse\">\r\n                            <div class=\"wp-block-template-part\">\n<div style=\"aspect-ratio:16\/9;min-height:unset;\" class=\"wp-block-cover is-light has-custom-content-position is-position-bottom-right has-aspect-ratio\"><span aria-hidden=\"true\" class=\"wp-block-cover__background has-black-background-color has-background-dim\"><\/span><img loading=\"lazy\" decoding=\"async\" width=\"1901\" height=\"450\" src=\"https:\/\/madeincamp.fr\/le-fief-melin\/wp-content\/uploads\/sites\/5\/2024\/06\/phare-chassiron-vue.webp\" class=\"wp-block-cover__image-background not-transparent wp-post-image\" alt=\"\" data-object-fit=\"cover\" srcset=\"https:\/\/madeincamp.fr\/le-fief-melin\/wp-content\/uploads\/sites\/5\/2024\/06\/phare-chassiron-vue.webp 1901w, https:\/\/madeincamp.fr\/le-fief-melin\/wp-content\/uploads\/sites\/5\/2024\/06\/phare-chassiron-vue-300x71.webp 300w, https:\/\/madeincamp.fr\/le-fief-melin\/wp-content\/uploads\/sites\/5\/2024\/06\/phare-chassiron-vue-1024x242.webp 1024w, https:\/\/madeincamp.fr\/le-fief-melin\/wp-content\/uploads\/sites\/5\/2024\/06\/phare-chassiron-vue-768x182.webp 768w, https:\/\/madeincamp.fr\/le-fief-melin\/wp-content\/uploads\/sites\/5\/2024\/06\/phare-chassiron-vue-1536x364.webp 1536w\" sizes=\"auto, (max-width: 1901px) 100vw, 1901px\" data-has-transparency=\"false\" data-dominant-color=\"a1bcd8\" style=\"--dominant-color: #a1bcd8;\" \/><div class=\"wp-block-cover__inner-container has-global-padding is-layout-constrained wp-block-cover-is-layout-constrained\"><h3 class=\"has-text-align-right has-link-color wp-elements-403aff7bcceea32cd2226392e7ec2da7 wp-block-post-title has-text-color has-base-2-color has-large-font-size\">Chassiron lighthouse<\/h3><\/div><\/div>\n<\/div>                        <\/a>\r\n                    \r\n                                    <a class=\"gt-cta \" href=\"https:\/\/madeincamp.fr\/le-fief-melin\/en\/tourism-ile-oleron\/fort-boyard\/\" title=\"Fort Boyard\">\r\n                            <div class=\"wp-block-template-part\">\n<div style=\"aspect-ratio:16\/9;min-height:unset;\" class=\"wp-block-cover is-light has-custom-content-position is-position-bottom-right has-aspect-ratio\"><span aria-hidden=\"true\" class=\"wp-block-cover__background has-black-background-color has-background-dim\"><\/span><img loading=\"lazy\" decoding=\"async\" width=\"1903\" height=\"450\" src=\"https:\/\/madeincamp.fr\/le-fief-melin\/wp-content\/uploads\/sites\/5\/2024\/06\/for-boyard.webp\" class=\"wp-block-cover__image-background not-transparent wp-post-image\" alt=\"\" data-object-fit=\"cover\" srcset=\"https:\/\/madeincamp.fr\/le-fief-melin\/wp-content\/uploads\/sites\/5\/2024\/06\/for-boyard.webp 1903w, https:\/\/madeincamp.fr\/le-fief-melin\/wp-content\/uploads\/sites\/5\/2024\/06\/for-boyard-300x71.webp 300w, https:\/\/madeincamp.fr\/le-fief-melin\/wp-content\/uploads\/sites\/5\/2024\/06\/for-boyard-1024x242.webp 1024w, https:\/\/madeincamp.fr\/le-fief-melin\/wp-content\/uploads\/sites\/5\/2024\/06\/for-boyard-768x182.webp 768w, https:\/\/madeincamp.fr\/le-fief-melin\/wp-content\/uploads\/sites\/5\/2024\/06\/for-boyard-1536x363.webp 1536w\" sizes=\"auto, (max-width: 1903px) 100vw, 1903px\" data-has-transparency=\"false\" data-dominant-color=\"4b6764\" style=\"--dominant-color: #4b6764;\" \/><div class=\"wp-block-cover__inner-container has-global-padding is-layout-constrained wp-block-cover-is-layout-constrained\"><h3 class=\"has-text-align-right has-link-color wp-elements-403aff7bcceea32cd2226392e7ec2da7 wp-block-post-title has-text-color has-base-2-color has-large-font-size\">Fort Boyard<\/h3><\/div><\/div>\n<\/div>                        <\/a>\r\n                    \r\n                                    <a class=\"gt-cta \" href=\"https:\/\/madeincamp.fr\/le-fief-melin\/en\/tourism-ile-oleron\/les-plages-de-lile-oleron\/\" title=\"The beaches of Ile Ol\u00e9ron\">\r\n                            <div class=\"wp-block-template-part\">\n<div style=\"aspect-ratio:16\/9;min-height:unset;\" class=\"wp-block-cover is-light has-custom-content-position is-position-bottom-right has-aspect-ratio\"><span aria-hidden=\"true\" class=\"wp-block-cover__background has-black-background-color has-background-dim\"><\/span><img loading=\"lazy\" decoding=\"async\" width=\"2000\" height=\"1121\" src=\"https:\/\/madeincamp.fr\/le-fief-melin\/wp-content\/uploads\/sites\/5\/2024\/07\/plage-sable-fin-ile-d-oleron.webp\" class=\"wp-block-cover__image-background not-transparent wp-post-image\" alt=\"\" data-object-fit=\"cover\" srcset=\"https:\/\/madeincamp.fr\/le-fief-melin\/wp-content\/uploads\/sites\/5\/2024\/07\/plage-sable-fin-ile-d-oleron.webp 2000w, https:\/\/madeincamp.fr\/le-fief-melin\/wp-content\/uploads\/sites\/5\/2024\/07\/plage-sable-fin-ile-d-oleron-300x168.webp 300w, https:\/\/madeincamp.fr\/le-fief-melin\/wp-content\/uploads\/sites\/5\/2024\/07\/plage-sable-fin-ile-d-oleron-1024x574.webp 1024w, https:\/\/madeincamp.fr\/le-fief-melin\/wp-content\/uploads\/sites\/5\/2024\/07\/plage-sable-fin-ile-d-oleron-768x430.webp 768w, https:\/\/madeincamp.fr\/le-fief-melin\/wp-content\/uploads\/sites\/5\/2024\/07\/plage-sable-fin-ile-d-oleron-1536x861.webp 1536w\" sizes=\"auto, (max-width: 2000px) 100vw, 2000px\" data-has-transparency=\"false\" data-dominant-color=\"816968\" style=\"--dominant-color: #816968;\" \/><div class=\"wp-block-cover__inner-container has-global-padding is-layout-constrained wp-block-cover-is-layout-constrained\"><h3 class=\"has-text-align-right has-link-color wp-elements-403aff7bcceea32cd2226392e7ec2da7 wp-block-post-title has-text-color has-base-2-color has-large-font-size\">The beaches of Ile Ol\u00e9ron<\/h3><\/div><\/div>\n<\/div>                        <\/a>\r\n                    \r\n                                    <a class=\"gt-cta \" href=\"https:\/\/madeincamp.fr\/le-fief-melin\/en\/tourism-ile-oleron\/ile-oleron-a-velo\/\" title=\"Bike rental on the Ile d&#8217;Ol\u00e9ron\">\r\n                            <div class=\"wp-block-template-part\">\n<div style=\"aspect-ratio:16\/9;min-height:unset;\" class=\"wp-block-cover is-light has-custom-content-position is-position-bottom-right has-aspect-ratio\"><span aria-hidden=\"true\" class=\"wp-block-cover__background has-black-background-color has-background-dim\"><\/span><img loading=\"lazy\" decoding=\"async\" width=\"1903\" height=\"938\" src=\"https:\/\/madeincamp.fr\/le-fief-melin\/wp-content\/uploads\/sites\/5\/2024\/07\/velo-ile-oleron.webp\" class=\"wp-block-cover__image-background not-transparent wp-post-image\" alt=\"\" data-object-fit=\"cover\" srcset=\"https:\/\/madeincamp.fr\/le-fief-melin\/wp-content\/uploads\/sites\/5\/2024\/07\/velo-ile-oleron.webp 1903w, https:\/\/madeincamp.fr\/le-fief-melin\/wp-content\/uploads\/sites\/5\/2024\/07\/velo-ile-oleron-300x148.webp 300w, https:\/\/madeincamp.fr\/le-fief-melin\/wp-content\/uploads\/sites\/5\/2024\/07\/velo-ile-oleron-1024x505.webp 1024w, https:\/\/madeincamp.fr\/le-fief-melin\/wp-content\/uploads\/sites\/5\/2024\/07\/velo-ile-oleron-768x379.webp 768w, https:\/\/madeincamp.fr\/le-fief-melin\/wp-content\/uploads\/sites\/5\/2024\/07\/velo-ile-oleron-1536x757.webp 1536w\" sizes=\"auto, (max-width: 1903px) 100vw, 1903px\" data-has-transparency=\"false\" data-dominant-color=\"875b40\" style=\"--dominant-color: #875b40;\" \/><div class=\"wp-block-cover__inner-container has-global-padding is-layout-constrained wp-block-cover-is-layout-constrained\"><h3 class=\"has-text-align-right has-link-color wp-elements-403aff7bcceea32cd2226392e7ec2da7 wp-block-post-title has-text-color has-base-2-color has-large-font-size\">Bike rental on the Ile d&#8217;Ol\u00e9ron<\/h3><\/div><\/div>\n<\/div>                        <\/a>\r\n                    \r\n                                    <a class=\"gt-cta \" href=\"https:\/\/madeincamp.fr\/le-fief-melin\/en\/tourism-ile-oleron\/campsite-saint-denis-doleron\/\" title=\"Campsite Saint-Denis-d&#8217;Ol\u00e9ron\">\r\n                            <div class=\"wp-block-template-part\">\n<div style=\"aspect-ratio:16\/9;min-height:unset;\" class=\"wp-block-cover is-light has-custom-content-position is-position-bottom-right has-aspect-ratio\"><span aria-hidden=\"true\" class=\"wp-block-cover__background has-black-background-color has-background-dim\"><\/span><img loading=\"lazy\" decoding=\"async\" width=\"1920\" height=\"1200\" src=\"https:\/\/madeincamp.fr\/le-fief-melin\/wp-content\/uploads\/sites\/5\/2024\/07\/cabines-de-plage-multicolores-oleron.webp\" class=\"wp-block-cover__image-background not-transparent wp-post-image\" alt=\"\" data-object-fit=\"cover\" srcset=\"https:\/\/madeincamp.fr\/le-fief-melin\/wp-content\/uploads\/sites\/5\/2024\/07\/cabines-de-plage-multicolores-oleron.webp 1920w, https:\/\/madeincamp.fr\/le-fief-melin\/wp-content\/uploads\/sites\/5\/2024\/07\/cabines-de-plage-multicolores-oleron-300x188.webp 300w, https:\/\/madeincamp.fr\/le-fief-melin\/wp-content\/uploads\/sites\/5\/2024\/07\/cabines-de-plage-multicolores-oleron-1024x640.webp 1024w, https:\/\/madeincamp.fr\/le-fief-melin\/wp-content\/uploads\/sites\/5\/2024\/07\/cabines-de-plage-multicolores-oleron-768x480.webp 768w, https:\/\/madeincamp.fr\/le-fief-melin\/wp-content\/uploads\/sites\/5\/2024\/07\/cabines-de-plage-multicolores-oleron-1536x960.webp 1536w\" sizes=\"auto, (max-width: 1920px) 100vw, 1920px\" data-has-transparency=\"false\" data-dominant-color=\"748b9b\" style=\"--dominant-color: #748b9b;\" \/><div class=\"wp-block-cover__inner-container has-global-padding is-layout-constrained wp-block-cover-is-layout-constrained\"><h3 class=\"has-text-align-right has-link-color wp-elements-403aff7bcceea32cd2226392e7ec2da7 wp-block-post-title has-text-color has-base-2-color has-large-font-size\">Campsite Saint-Denis-d&#8217;Ol\u00e9ron<\/h3><\/div><\/div>\n<\/div>                        <\/a>\r\n                    \r\n                                    <a class=\"gt-cta \" href=\"https:\/\/madeincamp.fr\/le-fief-melin\/en\/tourism-ile-oleron\/camping-saint-georges-doleron\/\" title=\"Camping Saint-Georges-d&#8217;Ol\u00e9ron\">\r\n                            <div class=\"wp-block-template-part\">\n<div style=\"aspect-ratio:16\/9;min-height:unset;\" class=\"wp-block-cover is-light has-custom-content-position is-position-bottom-right has-aspect-ratio\"><span aria-hidden=\"true\" class=\"wp-block-cover__background has-black-background-color has-background-dim\"><\/span><img loading=\"lazy\" decoding=\"async\" width=\"1920\" height=\"1200\" src=\"https:\/\/madeincamp.fr\/le-fief-melin\/wp-content\/uploads\/sites\/5\/2024\/07\/Boyardville-Charente-Maritime.webp\" class=\"wp-block-cover__image-background not-transparent wp-post-image\" alt=\"\" data-object-fit=\"cover\" srcset=\"https:\/\/madeincamp.fr\/le-fief-melin\/wp-content\/uploads\/sites\/5\/2024\/07\/Boyardville-Charente-Maritime.webp 1920w, https:\/\/madeincamp.fr\/le-fief-melin\/wp-content\/uploads\/sites\/5\/2024\/07\/Boyardville-Charente-Maritime-300x188.webp 300w, https:\/\/madeincamp.fr\/le-fief-melin\/wp-content\/uploads\/sites\/5\/2024\/07\/Boyardville-Charente-Maritime-1024x640.webp 1024w, https:\/\/madeincamp.fr\/le-fief-melin\/wp-content\/uploads\/sites\/5\/2024\/07\/Boyardville-Charente-Maritime-768x480.webp 768w, https:\/\/madeincamp.fr\/le-fief-melin\/wp-content\/uploads\/sites\/5\/2024\/07\/Boyardville-Charente-Maritime-1536x960.webp 1536w\" sizes=\"auto, (max-width: 1920px) 100vw, 1920px\" data-has-transparency=\"false\" data-dominant-color=\"9299a0\" style=\"--dominant-color: #9299a0;\" \/><div class=\"wp-block-cover__inner-container has-global-padding is-layout-constrained wp-block-cover-is-layout-constrained\"><h3 class=\"has-text-align-right has-link-color wp-elements-403aff7bcceea32cd2226392e7ec2da7 wp-block-post-title has-text-color has-base-2-color has-large-font-size\">Camping Saint-Georges-d&#8217;Ol\u00e9ron<\/h3><\/div><\/div>\n<\/div>                        <\/a>\r\n                    \r\n                                    <a class=\"gt-cta \" href=\"https:\/\/madeincamp.fr\/le-fief-melin\/en\/tourism-ile-oleron\/saint-pierre-doleron-campsite\/\" title=\"Saint-Pierre-d&#8217;Ol\u00e9ron campsite\">\r\n                            <div class=\"wp-block-template-part\">\n<div style=\"aspect-ratio:16\/9;min-height:unset;\" class=\"wp-block-cover is-light has-custom-content-position is-position-bottom-right has-aspect-ratio\"><span aria-hidden=\"true\" class=\"wp-block-cover__background has-black-background-color has-background-dim\"><\/span><img loading=\"lazy\" decoding=\"async\" width=\"1920\" height=\"899\" src=\"https:\/\/madeincamp.fr\/le-fief-melin\/wp-content\/uploads\/sites\/5\/2024\/07\/Dune-a-la-Cotiniere.webp\" class=\"wp-block-cover__image-background not-transparent wp-post-image\" alt=\"\" data-object-fit=\"cover\" srcset=\"https:\/\/madeincamp.fr\/le-fief-melin\/wp-content\/uploads\/sites\/5\/2024\/07\/Dune-a-la-Cotiniere.webp 1920w, https:\/\/madeincamp.fr\/le-fief-melin\/wp-content\/uploads\/sites\/5\/2024\/07\/Dune-a-la-Cotiniere-300x140.webp 300w, https:\/\/madeincamp.fr\/le-fief-melin\/wp-content\/uploads\/sites\/5\/2024\/07\/Dune-a-la-Cotiniere-1024x479.webp 1024w, https:\/\/madeincamp.fr\/le-fief-melin\/wp-content\/uploads\/sites\/5\/2024\/07\/Dune-a-la-Cotiniere-768x360.webp 768w, https:\/\/madeincamp.fr\/le-fief-melin\/wp-content\/uploads\/sites\/5\/2024\/07\/Dune-a-la-Cotiniere-1536x719.webp 1536w\" sizes=\"auto, (max-width: 1920px) 100vw, 1920px\" data-has-transparency=\"false\" data-dominant-color=\"889689\" style=\"--dominant-color: #889689;\" \/><div class=\"wp-block-cover__inner-container has-global-padding is-layout-constrained wp-block-cover-is-layout-constrained\"><h3 class=\"has-text-align-right has-link-color wp-elements-403aff7bcceea32cd2226392e7ec2da7 wp-block-post-title has-text-color has-base-2-color has-large-font-size\">Saint-Pierre-d&#8217;Ol\u00e9ron campsite<\/h3><\/div><\/div>\n<\/div>                        <\/a>\r\n                    \r\n                                    <a class=\"gt-cta \" href=\"https:\/\/madeincamp.fr\/le-fief-melin\/en\/tourism-ile-oleron\/camping-dolus-doleron\/\" title=\"Camping Dolus-d&#8217;Ol\u00e9ron\">\r\n                            <div class=\"wp-block-template-part\">\n<div style=\"aspect-ratio:16\/9;min-height:unset;\" class=\"wp-block-cover is-light has-custom-content-position is-position-bottom-right has-aspect-ratio\"><span aria-hidden=\"true\" class=\"wp-block-cover__background has-black-background-color has-background-dim\"><\/span><img loading=\"lazy\" decoding=\"async\" width=\"1920\" height=\"1200\" src=\"https:\/\/madeincamp.fr\/le-fief-melin\/wp-content\/uploads\/sites\/5\/2024\/07\/la-plage-oleron.webp\" class=\"wp-block-cover__image-background not-transparent wp-post-image\" alt=\"\" data-object-fit=\"cover\" srcset=\"https:\/\/madeincamp.fr\/le-fief-melin\/wp-content\/uploads\/sites\/5\/2024\/07\/la-plage-oleron.webp 1920w, https:\/\/madeincamp.fr\/le-fief-melin\/wp-content\/uploads\/sites\/5\/2024\/07\/la-plage-oleron-300x188.webp 300w, https:\/\/madeincamp.fr\/le-fief-melin\/wp-content\/uploads\/sites\/5\/2024\/07\/la-plage-oleron-1024x640.webp 1024w, https:\/\/madeincamp.fr\/le-fief-melin\/wp-content\/uploads\/sites\/5\/2024\/07\/la-plage-oleron-768x480.webp 768w, https:\/\/madeincamp.fr\/le-fief-melin\/wp-content\/uploads\/sites\/5\/2024\/07\/la-plage-oleron-1536x960.webp 1536w\" sizes=\"auto, (max-width: 1920px) 100vw, 1920px\" data-has-transparency=\"false\" data-dominant-color=\"717f84\" style=\"--dominant-color: #717f84;\" \/><div class=\"wp-block-cover__inner-container has-global-padding is-layout-constrained wp-block-cover-is-layout-constrained\"><h3 class=\"has-text-align-right has-link-color wp-elements-403aff7bcceea32cd2226392e7ec2da7 wp-block-post-title has-text-color has-base-2-color has-large-font-size\">Camping Dolus-d&#8217;Ol\u00e9ron<\/h3><\/div><\/div>\n<\/div>                        <\/a>\r\n                    \r\n                                    <a class=\"gt-cta \" href=\"https:\/\/madeincamp.fr\/le-fief-melin\/en\/tourism-ile-oleron\/camping-saint-trojan-les-bains\/\" title=\"Camping Saint-Trojan-les-Bains\">\r\n                            <div class=\"wp-block-template-part\">\n<div style=\"aspect-ratio:16\/9;min-height:unset;\" class=\"wp-block-cover is-light has-custom-content-position is-position-bottom-right has-aspect-ratio\"><span aria-hidden=\"true\" class=\"wp-block-cover__background has-black-background-color has-background-dim\"><\/span><img loading=\"lazy\" decoding=\"async\" width=\"1920\" height=\"1200\" src=\"https:\/\/madeincamp.fr\/le-fief-melin\/wp-content\/uploads\/sites\/5\/2024\/07\/pere-grandpere-et-fils-surf-ocean.webp\" class=\"wp-block-cover__image-background not-transparent wp-post-image\" alt=\"\" data-object-fit=\"cover\" srcset=\"https:\/\/madeincamp.fr\/le-fief-melin\/wp-content\/uploads\/sites\/5\/2024\/07\/pere-grandpere-et-fils-surf-ocean.webp 1920w, https:\/\/madeincamp.fr\/le-fief-melin\/wp-content\/uploads\/sites\/5\/2024\/07\/pere-grandpere-et-fils-surf-ocean-300x188.webp 300w, https:\/\/madeincamp.fr\/le-fief-melin\/wp-content\/uploads\/sites\/5\/2024\/07\/pere-grandpere-et-fils-surf-ocean-1024x640.webp 1024w, https:\/\/madeincamp.fr\/le-fief-melin\/wp-content\/uploads\/sites\/5\/2024\/07\/pere-grandpere-et-fils-surf-ocean-768x480.webp 768w, https:\/\/madeincamp.fr\/le-fief-melin\/wp-content\/uploads\/sites\/5\/2024\/07\/pere-grandpere-et-fils-surf-ocean-1536x960.webp 1536w\" sizes=\"auto, (max-width: 1920px) 100vw, 1920px\" data-has-transparency=\"false\" data-dominant-color=\"c5b8af\" style=\"--dominant-color: #c5b8af;\" \/><div class=\"wp-block-cover__inner-container has-global-padding is-layout-constrained wp-block-cover-is-layout-constrained\"><h3 class=\"has-text-align-right has-link-color wp-elements-403aff7bcceea32cd2226392e7ec2da7 wp-block-post-title has-text-color has-base-2-color has-large-font-size\">Camping Saint-Trojan-les-Bains<\/h3><\/div><\/div>\n<\/div>                        <\/a>\r\n                    \r\n                                    <a class=\"gt-cta \" href=\"https:\/\/madeincamp.fr\/le-fief-melin\/en\/tourism-ile-oleron\/camping-grand-village-plage\/\" title=\"Camping Le Grand-Village-Plage\">\r\n                            <div class=\"wp-block-template-part\">\n<div style=\"aspect-ratio:16\/9;min-height:unset;\" class=\"wp-block-cover is-light has-custom-content-position is-position-bottom-right has-aspect-ratio\"><span aria-hidden=\"true\" class=\"wp-block-cover__background has-black-background-color has-background-dim\"><\/span><img loading=\"lazy\" decoding=\"async\" width=\"1920\" height=\"1200\" src=\"https:\/\/madeincamp.fr\/le-fief-melin\/wp-content\/uploads\/sites\/5\/2024\/07\/Plage-de-la-Giraudiere.webp\" class=\"wp-block-cover__image-background not-transparent wp-post-image\" alt=\"\" data-object-fit=\"cover\" srcset=\"https:\/\/madeincamp.fr\/le-fief-melin\/wp-content\/uploads\/sites\/5\/2024\/07\/Plage-de-la-Giraudiere.webp 1920w, https:\/\/madeincamp.fr\/le-fief-melin\/wp-content\/uploads\/sites\/5\/2024\/07\/Plage-de-la-Giraudiere-300x188.webp 300w, https:\/\/madeincamp.fr\/le-fief-melin\/wp-content\/uploads\/sites\/5\/2024\/07\/Plage-de-la-Giraudiere-1024x640.webp 1024w, https:\/\/madeincamp.fr\/le-fief-melin\/wp-content\/uploads\/sites\/5\/2024\/07\/Plage-de-la-Giraudiere-768x480.webp 768w, https:\/\/madeincamp.fr\/le-fief-melin\/wp-content\/uploads\/sites\/5\/2024\/07\/Plage-de-la-Giraudiere-1536x960.webp 1536w\" sizes=\"auto, (max-width: 1920px) 100vw, 1920px\" data-has-transparency=\"false\" data-dominant-color=\"7c7a6a\" style=\"--dominant-color: #7c7a6a;\" \/><div class=\"wp-block-cover__inner-container has-global-padding is-layout-constrained wp-block-cover-is-layout-constrained\"><h3 class=\"has-text-align-right has-link-color wp-elements-403aff7bcceea32cd2226392e7ec2da7 wp-block-post-title has-text-color has-base-2-color has-large-font-size\">Camping Le Grand-Village-Plage<\/h3><\/div><\/div>\n<\/div>                        <\/a>\r\n                    \r\n                    \r\n<\/div><\/div>\n","protected":false},"excerpt":{"rendered":"<p>Looking for a campsite near La Br\u00e9e-les-Bains? Camping Made in Camp Le Fief Melin on the Ile d&#8217;Ol\u00e9ron welcomes you just 20 km from La Br\u00e9e-les-Bains! Mobile home rental near La Br\u00e9e-les-Bains RENTALS &amp; PITCHES Would you like to rent a mobile home on the Ile d&#8217;Ol\u00e9ron, just a few kilometers from La Br\u00e9e-les-Bains? Camping [&hellip;]<\/p>\n","protected":false},"author":1,"featured_media":10120,"parent":7537,"menu_order":0,"comment_status":"closed","ping_status":"closed","template":"","meta":{"_acf_changed":false,"footnotes":""},"class_list":["post-10433","page","type-page","status-publish","has-post-thumbnail","hentry"],"acf":[],"yoast_head":"<!-- This site is optimized with the Yoast SEO plugin v24.5 - https:\/\/yoast.com\/wordpress\/plugins\/seo\/ -->\n<title>Camping La Br\u00e9e les Bains: 4-star rental in Br\u00e9e les Bains<\/title>\n<meta name=\"description\" content=\"Looking for the ideal campsite for your family vacation? Discover Camping La Br\u00e9e les Bains, nestled in an exceptional natural setting. Book now for unforgettable moments.\" \/>\n<meta name=\"robots\" content=\"index, follow, max-snippet:-1, max-image-preview:large, max-video-preview:-1\" \/>\n<link rel=\"canonical\" href=\"https:\/\/madeincamp.fr\/le-fief-melin\/en\/tourism-ile-oleron\/camping-la-bree-les-bains\/\" \/>\n<meta property=\"og:locale\" content=\"en_US\" \/>\n<meta property=\"og:type\" content=\"article\" \/>\n<meta property=\"og:title\" content=\"Camping La Br\u00e9e les Bains: 4-star rental in Br\u00e9e les Bains\" \/>\n<meta property=\"og:description\" content=\"Looking for the ideal campsite for your family vacation? Discover Camping La Br\u00e9e les Bains, nestled in an exceptional natural setting. Book now for unforgettable moments.\" \/>\n<meta property=\"og:url\" content=\"https:\/\/madeincamp.fr\/le-fief-melin\/en\/tourism-ile-oleron\/camping-la-bree-les-bains\/\" \/>\n<meta property=\"og:site_name\" content=\"Made in camp Le Fief Melin\" \/>\n<meta property=\"article:modified_time\" content=\"2024-10-16T08:21:00+00:00\" \/>\n<meta property=\"og:image\" content=\"https:\/\/madeincamp.fr\/le-fief-melin\/wp-content\/uploads\/sites\/5\/2024\/07\/Bree-les-Bains-plage-ete.webp\" \/>\n\t<meta property=\"og:image:width\" content=\"2000\" \/>\n\t<meta property=\"og:image:height\" content=\"1121\" \/>\n\t<meta property=\"og:image:type\" content=\"image\/webp\" \/>\n<meta name=\"twitter:card\" content=\"summary_large_image\" \/>\n<meta name=\"twitter:label1\" content=\"Est. reading time\" \/>\n\t<meta name=\"twitter:data1\" content=\"6 minutes\" \/>\n<script type=\"application\/ld+json\" class=\"yoast-schema-graph\">{\"@context\":\"https:\/\/schema.org\",\"@graph\":[{\"@type\":\"WebPage\",\"@id\":\"https:\/\/madeincamp.fr\/le-fief-melin\/en\/tourism-ile-oleron\/camping-la-bree-les-bains\/\",\"url\":\"https:\/\/madeincamp.fr\/le-fief-melin\/en\/tourism-ile-oleron\/camping-la-bree-les-bains\/\",\"name\":\"Camping La Br\u00e9e les Bains: 4-star rental in Br\u00e9e les Bains\",\"isPartOf\":{\"@id\":\"https:\/\/madeincamp.fr\/le-fief-melin\/en\/#website\"},\"primaryImageOfPage\":{\"@id\":\"https:\/\/madeincamp.fr\/le-fief-melin\/en\/tourism-ile-oleron\/camping-la-bree-les-bains\/#primaryimage\"},\"image\":{\"@id\":\"https:\/\/madeincamp.fr\/le-fief-melin\/en\/tourism-ile-oleron\/camping-la-bree-les-bains\/#primaryimage\"},\"thumbnailUrl\":\"https:\/\/madeincamp.fr\/le-fief-melin\/wp-content\/uploads\/sites\/5\/2024\/07\/Bree-les-Bains-plage-ete.webp\",\"datePublished\":\"2024-06-18T09:55:14+00:00\",\"dateModified\":\"2024-10-16T08:21:00+00:00\",\"description\":\"Looking for the ideal campsite for your family vacation? Discover Camping La Br\u00e9e les Bains, nestled in an exceptional natural setting. Book now for unforgettable moments.\",\"breadcrumb\":{\"@id\":\"https:\/\/madeincamp.fr\/le-fief-melin\/en\/tourism-ile-oleron\/camping-la-bree-les-bains\/#breadcrumb\"},\"inLanguage\":\"en-US\",\"potentialAction\":[{\"@type\":\"ReadAction\",\"target\":[\"https:\/\/madeincamp.fr\/le-fief-melin\/en\/tourism-ile-oleron\/camping-la-bree-les-bains\/\"]}]},{\"@type\":\"ImageObject\",\"inLanguage\":\"en-US\",\"@id\":\"https:\/\/madeincamp.fr\/le-fief-melin\/en\/tourism-ile-oleron\/camping-la-bree-les-bains\/#primaryimage\",\"url\":\"https:\/\/madeincamp.fr\/le-fief-melin\/wp-content\/uploads\/sites\/5\/2024\/07\/Bree-les-Bains-plage-ete.webp\",\"contentUrl\":\"https:\/\/madeincamp.fr\/le-fief-melin\/wp-content\/uploads\/sites\/5\/2024\/07\/Bree-les-Bains-plage-ete.webp\",\"width\":2000,\"height\":1121},{\"@type\":\"BreadcrumbList\",\"@id\":\"https:\/\/madeincamp.fr\/le-fief-melin\/en\/tourism-ile-oleron\/camping-la-bree-les-bains\/#breadcrumb\",\"itemListElement\":[{\"@type\":\"ListItem\",\"position\":1,\"name\":\"Discover Ile d'Ol\u00e9ron\",\"item\":\"https:\/\/madeincamp.fr\/le-fief-melin\/en\/tourism-ile-oleron\/\"},{\"@type\":\"ListItem\",\"position\":2,\"name\":\"Discover La Br\u00e9e-les-Bains\"}]},{\"@type\":\"WebSite\",\"@id\":\"https:\/\/madeincamp.fr\/le-fief-melin\/en\/#website\",\"url\":\"https:\/\/madeincamp.fr\/le-fief-melin\/en\/\",\"name\":\"Made in camp Le Fief Melin\",\"description\":\"Artisans of your holidays\",\"publisher\":{\"@id\":\"https:\/\/madeincamp.fr\/le-fief-melin\/en\/#organization\"},\"inLanguage\":\"en-US\"},{\"@type\":\"Organization\",\"@id\":\"https:\/\/madeincamp.fr\/le-fief-melin\/en\/#organization\",\"name\":\"Made in camp Le Fief Melin\",\"url\":\"https:\/\/madeincamp.fr\/le-fief-melin\/en\/\",\"logo\":{\"@type\":\"ImageObject\",\"inLanguage\":\"en-US\",\"@id\":\"https:\/\/madeincamp.fr\/le-fief-melin\/en\/#\/schema\/logo\/image\/\",\"url\":\"https:\/\/madeincamp.fr\/le-fief-melin\/wp-content\/uploads\/sites\/5\/2024\/02\/made-in-camp-logo.png\",\"contentUrl\":\"https:\/\/madeincamp.fr\/le-fief-melin\/wp-content\/uploads\/sites\/5\/2024\/02\/made-in-camp-logo.png\",\"width\":224,\"height\":91,\"caption\":\"Made in camp Le Fief Melin\"},\"image\":{\"@id\":\"https:\/\/madeincamp.fr\/le-fief-melin\/en\/#\/schema\/logo\/image\/\"}}]}<\/script>\n<!-- \/ Yoast SEO plugin. -->","yoast_head_json":{"title":"Camping La Br\u00e9e les Bains: 4-star rental in Br\u00e9e les Bains","description":"Looking for the ideal campsite for your family vacation? Discover Camping La Br\u00e9e les Bains, nestled in an exceptional natural setting. Book now for unforgettable moments.","robots":{"index":"index","follow":"follow","max-snippet":"max-snippet:-1","max-image-preview":"max-image-preview:large","max-video-preview":"max-video-preview:-1"},"canonical":"https:\/\/madeincamp.fr\/le-fief-melin\/en\/tourism-ile-oleron\/camping-la-bree-les-bains\/","og_locale":"en_US","og_type":"article","og_title":"Camping La Br\u00e9e les Bains: 4-star rental in Br\u00e9e les Bains","og_description":"Looking for the ideal campsite for your family vacation? Discover Camping La Br\u00e9e les Bains, nestled in an exceptional natural setting. Book now for unforgettable moments.","og_url":"https:\/\/madeincamp.fr\/le-fief-melin\/en\/tourism-ile-oleron\/camping-la-bree-les-bains\/","og_site_name":"Made in camp Le Fief Melin","article_modified_time":"2024-10-16T08:21:00+00:00","og_image":[{"width":2000,"height":1121,"url":"https:\/\/madeincamp.fr\/le-fief-melin\/wp-content\/uploads\/sites\/5\/2024\/07\/Bree-les-Bains-plage-ete.webp","type":"image\/webp"}],"twitter_card":"summary_large_image","twitter_misc":{"Est. reading time":"6 minutes"},"schema":{"@context":"https:\/\/schema.org","@graph":[{"@type":"WebPage","@id":"https:\/\/madeincamp.fr\/le-fief-melin\/en\/tourism-ile-oleron\/camping-la-bree-les-bains\/","url":"https:\/\/madeincamp.fr\/le-fief-melin\/en\/tourism-ile-oleron\/camping-la-bree-les-bains\/","name":"Camping La Br\u00e9e les Bains: 4-star rental in Br\u00e9e les Bains","isPartOf":{"@id":"https:\/\/madeincamp.fr\/le-fief-melin\/en\/#website"},"primaryImageOfPage":{"@id":"https:\/\/madeincamp.fr\/le-fief-melin\/en\/tourism-ile-oleron\/camping-la-bree-les-bains\/#primaryimage"},"image":{"@id":"https:\/\/madeincamp.fr\/le-fief-melin\/en\/tourism-ile-oleron\/camping-la-bree-les-bains\/#primaryimage"},"thumbnailUrl":"https:\/\/madeincamp.fr\/le-fief-melin\/wp-content\/uploads\/sites\/5\/2024\/07\/Bree-les-Bains-plage-ete.webp","datePublished":"2024-06-18T09:55:14+00:00","dateModified":"2024-10-16T08:21:00+00:00","description":"Looking for the ideal campsite for your family vacation? Discover Camping La Br\u00e9e les Bains, nestled in an exceptional natural setting. Book now for unforgettable moments.","breadcrumb":{"@id":"https:\/\/madeincamp.fr\/le-fief-melin\/en\/tourism-ile-oleron\/camping-la-bree-les-bains\/#breadcrumb"},"inLanguage":"en-US","potentialAction":[{"@type":"ReadAction","target":["https:\/\/madeincamp.fr\/le-fief-melin\/en\/tourism-ile-oleron\/camping-la-bree-les-bains\/"]}]},{"@type":"ImageObject","inLanguage":"en-US","@id":"https:\/\/madeincamp.fr\/le-fief-melin\/en\/tourism-ile-oleron\/camping-la-bree-les-bains\/#primaryimage","url":"https:\/\/madeincamp.fr\/le-fief-melin\/wp-content\/uploads\/sites\/5\/2024\/07\/Bree-les-Bains-plage-ete.webp","contentUrl":"https:\/\/madeincamp.fr\/le-fief-melin\/wp-content\/uploads\/sites\/5\/2024\/07\/Bree-les-Bains-plage-ete.webp","width":2000,"height":1121},{"@type":"BreadcrumbList","@id":"https:\/\/madeincamp.fr\/le-fief-melin\/en\/tourism-ile-oleron\/camping-la-bree-les-bains\/#breadcrumb","itemListElement":[{"@type":"ListItem","position":1,"name":"Discover Ile d'Ol\u00e9ron","item":"https:\/\/madeincamp.fr\/le-fief-melin\/en\/tourism-ile-oleron\/"},{"@type":"ListItem","position":2,"name":"Discover La Br\u00e9e-les-Bains"}]},{"@type":"WebSite","@id":"https:\/\/madeincamp.fr\/le-fief-melin\/en\/#website","url":"https:\/\/madeincamp.fr\/le-fief-melin\/en\/","name":"Made in camp Le Fief Melin","description":"Artisans of your holidays","publisher":{"@id":"https:\/\/madeincamp.fr\/le-fief-melin\/en\/#organization"},"inLanguage":"en-US"},{"@type":"Organization","@id":"https:\/\/madeincamp.fr\/le-fief-melin\/en\/#organization","name":"Made in camp Le Fief Melin","url":"https:\/\/madeincamp.fr\/le-fief-melin\/en\/","logo":{"@type":"ImageObject","inLanguage":"en-US","@id":"https:\/\/madeincamp.fr\/le-fief-melin\/en\/#\/schema\/logo\/image\/","url":"https:\/\/madeincamp.fr\/le-fief-melin\/wp-content\/uploads\/sites\/5\/2024\/02\/made-in-camp-logo.png","contentUrl":"https:\/\/madeincamp.fr\/le-fief-melin\/wp-content\/uploads\/sites\/5\/2024\/02\/made-in-camp-logo.png","width":224,"height":91,"caption":"Made in camp Le Fief Melin"},"image":{"@id":"https:\/\/madeincamp.fr\/le-fief-melin\/en\/#\/schema\/logo\/image\/"}}]}},"_links":{"self":[{"href":"https:\/\/madeincamp.fr\/le-fief-melin\/en\/wp-json\/wp\/v2\/pages\/10433","targetHints":{"allow":["GET"]}}],"collection":[{"href":"https:\/\/madeincamp.fr\/le-fief-melin\/en\/wp-json\/wp\/v2\/pages"}],"about":[{"href":"https:\/\/madeincamp.fr\/le-fief-melin\/en\/wp-json\/wp\/v2\/types\/page"}],"author":[{"embeddable":true,"href":"https:\/\/madeincamp.fr\/le-fief-melin\/en\/wp-json\/wp\/v2\/users\/1"}],"replies":[{"embeddable":true,"href":"https:\/\/madeincamp.fr\/le-fief-melin\/en\/wp-json\/wp\/v2\/comments?post=10433"}],"version-history":[{"count":10,"href":"https:\/\/madeincamp.fr\/le-fief-melin\/en\/wp-json\/wp\/v2\/pages\/10433\/revisions"}],"predecessor-version":[{"id":10763,"href":"https:\/\/madeincamp.fr\/le-fief-melin\/en\/wp-json\/wp\/v2\/pages\/10433\/revisions\/10763"}],"up":[{"embeddable":true,"href":"https:\/\/madeincamp.fr\/le-fief-melin\/en\/wp-json\/wp\/v2\/pages\/7537"}],"wp:featuredmedia":[{"embeddable":true,"href":"https:\/\/madeincamp.fr\/le-fief-melin\/en\/wp-json\/wp\/v2\/media\/10120"}],"wp:attachment":[{"href":"https:\/\/madeincamp.fr\/le-fief-melin\/en\/wp-json\/wp\/v2\/media?parent=10433"}],"curies":[{"name":"wp","href":"https:\/\/api.w.org\/{rel}","templated":true}]}}