{"id":10419,"date":"2024-06-18T11:56:26","date_gmt":"2024-06-18T09:56:26","guid":{"rendered":"https:\/\/madeincamp.fr\/le-fief-melin\/made-in-travel\/campsite-saint-denis-doleron\/"},"modified":"2024-10-16T10:20:16","modified_gmt":"2024-10-16T08:20:16","slug":"campsite-saint-denis-doleron","status":"publish","type":"page","link":"https:\/\/madeincamp.fr\/le-fief-melin\/en\/tourism-ile-oleron\/campsite-saint-denis-doleron\/","title":{"rendered":"Campsite Saint-Denis-d&#8217;Ol\u00e9ron"},"content":{"rendered":"\n<div class=\"wp-block-group alignwide is-layout-flow wp-block-group-is-layout-flow\" style=\"padding-top:var(--wp--preset--spacing--50);padding-bottom:var(--wp--preset--spacing--50)\">\n<div class=\"wp-block-columns is-layout-flex wp-container-core-columns-is-layout-28f84493 wp-block-columns-is-layout-flex\">\n<div class=\"wp-block-column is-vertically-aligned-center is-layout-flow wp-block-column-is-layout-flow\">\n<p>Want to go camping in Saint-Denis-d&#8217;Ol\u00e9ron? Discover Saint-Denis de l&#8217;Ol\u00e9ron, just 25 minutes from the <a href=\"https:\/\/madeincamp.fr\/le-fief-melin\/en\/\">campsite on the Ile d&#8217;Ol\u00e9ron<\/a>. <\/p>\n\n\n\n<h2 class=\"wp-block-heading\"><strong>Mobile home rentals<\/strong> just a few minutes from <strong>Saint-Denis -d&#8217;Ol\u00e9ron<\/strong><\/h2>\n\n\n\n<p><strong>RENTALS &amp; PITCHES<\/strong><\/p>\n\n\n\n<p>Looking for a mobile home rental close to Saint-Denis-d&#8217;Ol\u00e9ron?  <\/p>\n\n\n\n<p>We offer 4 types of comfortable rental units, all equipped with a kitchen, private terrace, water point and toilet. Whether you&#8217;re a family or a couple, each of our offers can be adapted to suit you, so that your seaside camping holiday will be a pleasure. <\/p>\n\n\n\n<p>The 2-bedroom <strong>Classic<\/strong> mobile home sleeps 4, with a tiled terrace on one level. It&#8217;s ideal for economical vacation rentals in Saint-Denis-d&#8217;Ol\u00e9ron.   <\/p>\n<\/div>\n\n\n\n<div class=\"wp-block-column is-layout-flow wp-container-core-column-is-layout-8a368f38 wp-block-column-is-layout-flow\">\n<div class=\"wp-block-group home-map-ctv is-layout-flow wp-block-group-is-layout-flow\">\n<figure class=\"wp-block-image aligncenter size-full animated fadeInUp slow delay-500ms\"><img decoding=\"async\" src=\"https:\/\/madeincamp.fr\/wp-content\/uploads\/2024\/02\/fleur.png\" alt=\"flower\" class=\"wp-image-121\" style=\"object-fit:cover\" \/><\/figure>\n<\/div>\n\n\n\n<div class=\"wp-block-group animated fadeIn slow has-global-padding is-layout-constrained wp-block-group-is-layout-constrained\">\n<figure data-wp-context=\"{&quot;imageId&quot;:&quot;69f3330c0d214&quot;}\" data-wp-interactive=\"core\/image\" class=\"wp-block-image size-full wp-lightbox-container\"><img data-dominant-color=\"797a5f\" data-has-transparency=\"false\" style=\"--dominant-color: #797a5f;\" loading=\"lazy\" decoding=\"async\" width=\"1176\" height=\"882\" data-wp-class--hide=\"state.isContentHidden\" data-wp-class--show=\"state.isContentVisible\" data-wp-init=\"callbacks.setButtonStyles\" data-wp-on-async--click=\"actions.showLightbox\" data-wp-on-async--load=\"callbacks.setButtonStyles\" data-wp-on-async-window--resize=\"callbacks.setButtonStyles\" sizes=\"auto, (max-width: 620px) 100vw, 620px\" src=\"https:\/\/madeincamp.fr\/le-fief-melin\/wp-content\/uploads\/sites\/5\/2024\/07\/mobil-home-le-fief-melin.webp\" alt=\"mobil home le fief melin\" class=\"wp-image-10081 not-transparent\" srcset=\"https:\/\/madeincamp.fr\/le-fief-melin\/wp-content\/uploads\/sites\/5\/2024\/07\/mobil-home-le-fief-melin.webp 1176w, https:\/\/madeincamp.fr\/le-fief-melin\/wp-content\/uploads\/sites\/5\/2024\/07\/mobil-home-le-fief-melin-300x225.webp 300w, https:\/\/madeincamp.fr\/le-fief-melin\/wp-content\/uploads\/sites\/5\/2024\/07\/mobil-home-le-fief-melin-1024x768.webp 1024w, https:\/\/madeincamp.fr\/le-fief-melin\/wp-content\/uploads\/sites\/5\/2024\/07\/mobil-home-le-fief-melin-768x576.webp 768w\" \/><button\n\t\t\tclass=\"lightbox-trigger\"\n\t\t\ttype=\"button\"\n\t\t\taria-haspopup=\"dialog\"\n\t\t\taria-label=\"Enlarge\"\n\t\t\tdata-wp-init=\"callbacks.initTriggerButton\"\n\t\t\tdata-wp-on-async--click=\"actions.showLightbox\"\n\t\t\tdata-wp-style--right=\"state.imageButtonRight\"\n\t\t\tdata-wp-style--top=\"state.imageButtonTop\"\n\t\t>\n\t\t\t<svg xmlns=\"http:\/\/www.w3.org\/2000\/svg\" width=\"12\" height=\"12\" fill=\"none\" viewBox=\"0 0 12 12\">\n\t\t\t\t<path fill=\"#fff\" d=\"M2 0a2 2 0 0 0-2 2v2h1.5V2a.5.5 0 0 1 .5-.5h2V0H2Zm2 10.5H2a.5.5 0 0 1-.5-.5V8H0v2a2 2 0 0 0 2 2h2v-1.5ZM8 12v-1.5h2a.5.5 0 0 0 .5-.5V8H12v2a2 2 0 0 1-2 2H8Zm2-12a2 2 0 0 1 2 2v2h-1.5V2a.5.5 0 0 0-.5-.5H8V0h2Z\" \/>\n\t\t\t<\/svg>\n\t\t<\/button><\/figure>\n<\/div>\n<\/div>\n<\/div>\n<\/div>\n\n\n\n<div class=\"wp-block-group alignwide is-layout-flow wp-block-group-is-layout-flow\" style=\"padding-top:var(--wp--preset--spacing--50);padding-bottom:var(--wp--preset--spacing--50)\">\n<div class=\"wp-block-columns is-layout-flex wp-container-core-columns-is-layout-28f84493 wp-block-columns-is-layout-flex\">\n<div class=\"wp-block-column is-layout-flow wp-container-core-column-is-layout-8a368f38 wp-block-column-is-layout-flow\">\n<div class=\"wp-block-group home-map-ctv is-layout-flow wp-block-group-is-layout-flow\">\n<figure class=\"wp-block-image aligncenter size-full animated fadeInUp slow delay-500ms\"><img decoding=\"async\" src=\"https:\/\/madeincamp.fr\/wp-content\/uploads\/2024\/02\/fleur.png\" alt=\"flower\" class=\"wp-image-121\" style=\"object-fit:cover\" \/><\/figure>\n<\/div>\n\n\n\n<div class=\"wp-block-group animated fadeIn slow has-global-padding is-layout-constrained wp-block-group-is-layout-constrained\">\n<figure data-wp-context=\"{&quot;imageId&quot;:&quot;69f3330c0d624&quot;}\" data-wp-interactive=\"core\/image\" class=\"wp-block-image size-full wp-lightbox-container\"><img data-dominant-color=\"696d68\" data-has-transparency=\"false\" loading=\"lazy\" decoding=\"async\" width=\"1176\" height=\"882\" data-wp-class--hide=\"state.isContentHidden\" data-wp-class--show=\"state.isContentVisible\" data-wp-init=\"callbacks.setButtonStyles\" data-wp-on-async--click=\"actions.showLightbox\" data-wp-on-async--load=\"callbacks.setButtonStyles\" data-wp-on-async-window--resize=\"callbacks.setButtonStyles\" sizes=\"auto, (max-width: 620px) 100vw, 620px\" src=\"https:\/\/madeincamp.fr\/le-fief-melin\/wp-content\/uploads\/sites\/5\/2024\/07\/mobil-home-confort-le-fief-melin.webp\" alt=\"mobil home confort le fief melin\" class=\"wp-image-10083 not-transparent\" style=\"--dominant-color: #696d68; aspect-ratio:4\/3;object-fit:cover\" srcset=\"https:\/\/madeincamp.fr\/le-fief-melin\/wp-content\/uploads\/sites\/5\/2024\/07\/mobil-home-confort-le-fief-melin.webp 1176w, https:\/\/madeincamp.fr\/le-fief-melin\/wp-content\/uploads\/sites\/5\/2024\/07\/mobil-home-confort-le-fief-melin-300x225.webp 300w, https:\/\/madeincamp.fr\/le-fief-melin\/wp-content\/uploads\/sites\/5\/2024\/07\/mobil-home-confort-le-fief-melin-1024x768.webp 1024w, https:\/\/madeincamp.fr\/le-fief-melin\/wp-content\/uploads\/sites\/5\/2024\/07\/mobil-home-confort-le-fief-melin-768x576.webp 768w\" \/><button\n\t\t\tclass=\"lightbox-trigger\"\n\t\t\ttype=\"button\"\n\t\t\taria-haspopup=\"dialog\"\n\t\t\taria-label=\"Enlarge\"\n\t\t\tdata-wp-init=\"callbacks.initTriggerButton\"\n\t\t\tdata-wp-on-async--click=\"actions.showLightbox\"\n\t\t\tdata-wp-style--right=\"state.imageButtonRight\"\n\t\t\tdata-wp-style--top=\"state.imageButtonTop\"\n\t\t>\n\t\t\t<svg xmlns=\"http:\/\/www.w3.org\/2000\/svg\" width=\"12\" height=\"12\" fill=\"none\" viewBox=\"0 0 12 12\">\n\t\t\t\t<path fill=\"#fff\" d=\"M2 0a2 2 0 0 0-2 2v2h1.5V2a.5.5 0 0 1 .5-.5h2V0H2Zm2 10.5H2a.5.5 0 0 1-.5-.5V8H0v2a2 2 0 0 0 2 2h2v-1.5ZM8 12v-1.5h2a.5.5 0 0 0 .5-.5V8H12v2a2 2 0 0 1-2 2H8Zm2-12a2 2 0 0 1 2 2v2h-1.5V2a.5.5 0 0 0-.5-.5H8V0h2Z\" \/>\n\t\t\t<\/svg>\n\t\t<\/button><\/figure>\n<\/div>\n<\/div>\n\n\n\n<div class=\"wp-block-column is-vertically-aligned-center is-layout-flow wp-block-column-is-layout-flow\">\n<p>The <strong>Comfort range<\/strong> mobile homes are more recent and feature a raised wooden terrace. They are available for 4, 5 and 6 people. Mobile homes for 4 people have one double bedroom and one bedroom with two single beds. <a href=\"https:\/\/madeincamp.fr\/le-fief-melin\/en\/rentals-mobil-home-ile-oleron\/\">Mobile homes<\/a> and bungalows <a href=\"https:\/\/madeincamp.fr\/le-fief-melin\/en\/rentals-mobil-home-ile-oleron\/\">on the Ile d&#8217;Ol\u00e9ron<\/a> that can accommodate 5 people also have a bed in the main room. Large mobile homes for 6 people have 3 bedrooms, including a master bedroom. Garden furniture awaits you on the terrace, where you can enjoy your meals and relax in the open air. The terraces of Comfort range mobile homes are protected by an awning. And don&#8217;t forget that your waterfront campsite in Charente Maritime has a heated indoor swimming pool just a stone&#8217;s throw from the cycle paths, so you can enjoy a refreshing swim in a natural setting.       <\/p>\n\n\n\n<p>A parasol is available in the Classic mobile home. Le Fief Melin also offers quiet camping and<a href=\"https:\/\/madeincamp.fr\/le-fief-melin\/en\/camping-pitches-ile-oleron\/\">caravanning sites<\/a> for your tent, camper van or caravan.<\/p>\n<\/div>\n<\/div>\n<\/div>\n\n\n\n<div class=\"wp-block-cover alignfull is-light rellaxed animated fadeIn slow is-style-gt-bg-left has-border-color has-base-2-border-color\" style=\"border-width:2rem;margin-top:var(--wp--preset--spacing--50);padding-top:0;padding-bottom:0;padding-left:0;min-height:120vh;aspect-ratio:unset;\"><span aria-hidden=\"true\" class=\"wp-block-cover__background has-background-dim-0 has-background-dim\" style=\"background-color:#889aae\"><\/span><img data-dominant-color=\"7298ae\" data-has-transparency=\"false\" loading=\"lazy\" decoding=\"async\" width=\"1920\" height=\"1200\" sizes=\"auto, 100vw\" class=\"wp-block-cover__image-background wp-image-10091 not-transparent\" alt=\"plage oleron cabines colores\" src=\"https:\/\/madeincamp.fr\/le-fief-melin\/wp-content\/uploads\/sites\/5\/2024\/07\/plage-oleron-cabines-colores.webp\" style=\"--dominant-color: #7298ae; object-position:61% 52%\" data-object-fit=\"cover\" data-object-position=\"61% 52%\" srcset=\"https:\/\/madeincamp.fr\/le-fief-melin\/wp-content\/uploads\/sites\/5\/2024\/07\/plage-oleron-cabines-colores.webp 1920w, https:\/\/madeincamp.fr\/le-fief-melin\/wp-content\/uploads\/sites\/5\/2024\/07\/plage-oleron-cabines-colores-300x188.webp 300w, https:\/\/madeincamp.fr\/le-fief-melin\/wp-content\/uploads\/sites\/5\/2024\/07\/plage-oleron-cabines-colores-1024x640.webp 1024w, https:\/\/madeincamp.fr\/le-fief-melin\/wp-content\/uploads\/sites\/5\/2024\/07\/plage-oleron-cabines-colores-768x480.webp 768w, https:\/\/madeincamp.fr\/le-fief-melin\/wp-content\/uploads\/sites\/5\/2024\/07\/plage-oleron-cabines-colores-1536x960.webp 1536w\" \/><div class=\"wp-block-cover__inner-container has-global-padding is-layout-constrained wp-container-core-cover-is-layout-dbbe9912 wp-block-cover-is-layout-constrained\">\n<div class=\"wp-block-group alignwide is-layout-flow wp-block-group-is-layout-flow\" style=\"padding-top:0;padding-bottom:0;padding-left:20vw\">\n<div class=\"wp-block-columns are-vertically-aligned-center has-base-2-background-color has-background is-layout-flex wp-container-core-columns-is-layout-271a479c wp-block-columns-is-layout-flex\" style=\"padding-top:var(--wp--preset--spacing--20);padding-right:var(--wp--preset--spacing--20);padding-bottom:var(--wp--preset--spacing--20);padding-left:var(--wp--preset--spacing--20)\">\n<div class=\"wp-block-column is-vertically-aligned-center is-layout-flow wp-container-core-column-is-layout-22223934 wp-block-column-is-layout-flow\">\n<figure data-wp-context=\"{&quot;imageId&quot;:&quot;69f3330c0dab5&quot;}\" data-wp-interactive=\"core\/image\" class=\"wp-block-image size-full animated fadeIn slow wp-lightbox-container\"><img data-dominant-color=\"8d96a2\" data-has-transparency=\"false\" loading=\"lazy\" decoding=\"async\" width=\"545\" height=\"968\" data-wp-class--hide=\"state.isContentHidden\" data-wp-class--show=\"state.isContentVisible\" data-wp-init=\"callbacks.setButtonStyles\" data-wp-on-async--click=\"actions.showLightbox\" data-wp-on-async--load=\"callbacks.setButtonStyles\" data-wp-on-async-window--resize=\"callbacks.setButtonStyles\" sizes=\"auto, (max-width: 545px) 100vw, 545px\" src=\"https:\/\/madeincamp.fr\/le-fief-melin\/wp-content\/uploads\/sites\/5\/2024\/07\/cabines-colores-plage-oleron.webp\" alt=\"colored cabins oleron beach\" class=\"wp-image-10093 not-transparent\" style=\"--dominant-color: #8d96a2; aspect-ratio:9\/16;object-fit:cover\" srcset=\"https:\/\/madeincamp.fr\/le-fief-melin\/wp-content\/uploads\/sites\/5\/2024\/07\/cabines-colores-plage-oleron.webp 545w, https:\/\/madeincamp.fr\/le-fief-melin\/wp-content\/uploads\/sites\/5\/2024\/07\/cabines-colores-plage-oleron-169x300.webp 169w\" \/><button\n\t\t\tclass=\"lightbox-trigger\"\n\t\t\ttype=\"button\"\n\t\t\taria-haspopup=\"dialog\"\n\t\t\taria-label=\"Enlarge\"\n\t\t\tdata-wp-init=\"callbacks.initTriggerButton\"\n\t\t\tdata-wp-on-async--click=\"actions.showLightbox\"\n\t\t\tdata-wp-style--right=\"state.imageButtonRight\"\n\t\t\tdata-wp-style--top=\"state.imageButtonTop\"\n\t\t>\n\t\t\t<svg xmlns=\"http:\/\/www.w3.org\/2000\/svg\" width=\"12\" height=\"12\" fill=\"none\" viewBox=\"0 0 12 12\">\n\t\t\t\t<path fill=\"#fff\" d=\"M2 0a2 2 0 0 0-2 2v2h1.5V2a.5.5 0 0 1 .5-.5h2V0H2Zm2 10.5H2a.5.5 0 0 1-.5-.5V8H0v2a2 2 0 0 0 2 2h2v-1.5ZM8 12v-1.5h2a.5.5 0 0 0 .5-.5V8H12v2a2 2 0 0 1-2 2H8Zm2-12a2 2 0 0 1 2 2v2h-1.5V2a.5.5 0 0 0-.5-.5H8V0h2Z\" \/>\n\t\t\t<\/svg>\n\t\t<\/button><\/figure>\n<\/div>\n\n\n\n<div class=\"wp-block-column is-vertically-aligned-center is-layout-flow wp-block-column-is-layout-flow\">\n<h2 class=\"wp-block-heading has-contrast-color has-text-color has-link-color wp-elements-964d68794b177ca0b943b8097a45e8fe\"><strong>Vacations in Saint-Denis-d&#8217;Ol\u00e9ron<\/strong><\/h2>\n\n\n\n<p>Make the most of your Saint-Denis-d&#8217;Ol\u00e9ron camping vacation and let yourself be charmed by the resort&#8217;s emblematic <strong>multicolored beach huts<\/strong>. On the <strong>Plage de la Boirie<\/strong>, one of the prettiest sandy beaches on the Atlantic coast, they form a cheerful and exotic backdrop. Water sports enthusiasts, such as surfing and kitesurfing, are more at home on <strong>Plage des Huttes<\/strong>, which doubles as a playground.  <\/p>\n\n\n\n<p>At the northern tip of the<a href=\"https:\/\/madeincamp.fr\/le-fief-melin\/en\/tourism-ile-oleron\/\">Ile d&#8217;Ol\u00e9ron<\/a>, Saint-Denis-d&#8217;Ol\u00e9ron faces the Ile de R\u00e9 and La Rochelle. There are many <strong>sites to discover<\/strong> here, starting with the 46-metre-high Chassiron lighthouse, whose 224-step ascent is rewarded by a sublime view of the ocean and mainland. <\/p>\n<\/div>\n<\/div>\n<\/div>\n<\/div><\/div>\n\n\n\n<div class=\"wp-block-cover alignfull is-light has-custom-content-position is-position-bottom-left animated fadeIn slow\" style=\"margin-top:var(--wp--preset--spacing--50);padding-top:var(--wp--preset--spacing--40);padding-right:var(--wp--preset--spacing--40);padding-bottom:var(--wp--preset--spacing--40);padding-left:var(--wp--preset--spacing--40);min-height:968px;aspect-ratio:unset;\"><span aria-hidden=\"true\" class=\"wp-block-cover__background has-background-dim-70 has-background-dim wp-block-cover__gradient-background has-background-gradient\" style=\"background-color:#698ba7;background:linear-gradient(135deg,rgb(0,0,0) 0%,rgba(0,0,0,0.59) 100%)\"><\/span><img data-dominant-color=\"668aa4\" data-has-transparency=\"false\" loading=\"lazy\" decoding=\"async\" width=\"1920\" height=\"1200\" sizes=\"auto, 100vw\" class=\"wp-block-cover__image-background wp-image-10095 not-transparent\" alt=\"Port de plaisance\" src=\"https:\/\/madeincamp.fr\/le-fief-melin\/wp-content\/uploads\/sites\/5\/2024\/07\/Port-de-plaisance.webp\" style=\"--dominant-color: #668aa4; object-position:0% 8%\" data-object-fit=\"cover\" data-object-position=\"0% 8%\" srcset=\"https:\/\/madeincamp.fr\/le-fief-melin\/wp-content\/uploads\/sites\/5\/2024\/07\/Port-de-plaisance.webp 1920w, https:\/\/madeincamp.fr\/le-fief-melin\/wp-content\/uploads\/sites\/5\/2024\/07\/Port-de-plaisance-300x188.webp 300w, https:\/\/madeincamp.fr\/le-fief-melin\/wp-content\/uploads\/sites\/5\/2024\/07\/Port-de-plaisance-1024x640.webp 1024w, https:\/\/madeincamp.fr\/le-fief-melin\/wp-content\/uploads\/sites\/5\/2024\/07\/Port-de-plaisance-768x480.webp 768w, https:\/\/madeincamp.fr\/le-fief-melin\/wp-content\/uploads\/sites\/5\/2024\/07\/Port-de-plaisance-1536x960.webp 1536w\" \/><div class=\"wp-block-cover__inner-container has-global-padding is-layout-constrained wp-container-core-cover-is-layout-1657d9e4 wp-block-cover-is-layout-constrained\">\n<div class=\"wp-block-group has-base-2-color has-text-color has-link-color wp-elements-9bdc7c8ff673e46e2e852bce461f4e5c is-layout-flow wp-container-core-group-is-layout-e356762d wp-block-group-is-layout-flow\" style=\"margin-top:0;margin-bottom:0\">\n<p>On the seaside, <a href=\"https:\/\/www.saintdenisoleron.fr\/\" target=\"_blank\" rel=\"noreferrer noopener\">Saint-Denis-d&#8217;Ol\u00e9ron<\/a> is also home to<strong>ancient fish locks<\/strong>, the former <strong>lifeboat<\/strong> shelter converted into an exhibition hall, and the <strong>dangerous Antioche Rock<\/strong>, now topped by a beacon but responsible in the past for many of the shipwrecks that have marked the island&#8217;s history.<\/p>\n\n\n\n<p>During your stay at the family campsite near Saint-Denis-d&#8217;Ol\u00e9ron, don&#8217;t miss the town&#8217;s <strong>marina<\/strong>, which is also the largest on the island. It&#8217;s the departure point for cruises to La Rochelle, <a href=\"https:\/\/madeincamp.fr\/le-fief-melin\/en\/tourism-ile-oleron\/fort-boyard\/\">Fort Boyard<\/a> or Ile d&#8217;Aix in the Atlantic Ocean. There&#8217;s <strong>plenty to do in<\/strong> Saint-Denis: <strong>water sports<\/strong> are king, from sailing baptisms to stand-up paddle and canoe trips, kitesurfing and sea fishing. And don&#8217;t forget to visit the salt marshes during your family vacation in Poitou-Charentes.   <\/p>\n\n\n\n<p><strong>Our favorite:<\/strong> After a visit to the <a href=\"https:\/\/madeincamp.fr\/le-fief-melin\/en\/tourism-ile-oleron\/lighthouse-de-chassiron\/\">Chassiron lighthouse<\/a>, don&#8217;t hesitate to take advantage of the large Huttes beach, ideal for young and old alike.<\/p>\n<\/div>\n<\/div><\/div>\n\n\n\n<div class=\"wp-block-group alignwide is-layout-flow wp-block-group-is-layout-flow\" style=\"padding-top:var(--wp--preset--spacing--50);padding-bottom:var(--wp--preset--spacing--50)\">\n<div class=\"wp-block-columns is-layout-flex wp-container-core-columns-is-layout-28f84493 wp-block-columns-is-layout-flex\">\n<div class=\"wp-block-column is-vertically-aligned-center is-layout-flow wp-block-column-is-layout-flow\">\n<h2 class=\"wp-block-heading\"><strong>Towns and activities around Saint Denis d&#8217;Ol\u00e9ron<\/strong><\/h2>\n\n\n\n<p>During your vacation on the Ile d&#8217;Ol\u00e9ron at camping Made in Camp Le Fief Melin, take time to visit the towns and places that make up Ol\u00e9ron. You&#8217;ll see the towns of Saint-Georges-d&#8217;Ol\u00e9ron, La Br\u00e9e-les-Bains, Le Grand Village Plage, Saint-Pierre-d&#8217;Ol\u00e9ron, Dolus-d&#8217;Ol\u00e9ron and Saint-Trojan-les-Bains, beautiful sandy beaches and the iconic Fort Boyard! <\/p>\n<\/div>\n\n\n\n<div class=\"wp-block-column is-layout-flow wp-container-core-column-is-layout-8a368f38 wp-block-column-is-layout-flow\">\n<div class=\"wp-block-group home-map-ctv is-layout-flow wp-block-group-is-layout-flow\">\n<figure class=\"wp-block-image aligncenter size-full animated fadeInUp slow delay-500ms\"><img decoding=\"async\" src=\"https:\/\/madeincamp.fr\/wp-content\/uploads\/2024\/02\/fleur.png\" alt=\"flower\" class=\"wp-image-121\" style=\"object-fit:cover\" \/><\/figure>\n<\/div>\n\n\n\n<div class=\"wp-block-group animated fadeIn slow has-global-padding is-layout-constrained wp-block-group-is-layout-constrained\">\n<figure data-wp-context=\"{&quot;imageId&quot;:&quot;69f3330c0e31a&quot;}\" data-wp-interactive=\"core\/image\" class=\"wp-block-image size-full wp-lightbox-container\"><img data-dominant-color=\"5c8ca2\" data-has-transparency=\"false\" loading=\"lazy\" decoding=\"async\" width=\"1920\" height=\"1200\" data-wp-class--hide=\"state.isContentHidden\" data-wp-class--show=\"state.isContentVisible\" data-wp-init=\"callbacks.setButtonStyles\" data-wp-on-async--click=\"actions.showLightbox\" data-wp-on-async--load=\"callbacks.setButtonStyles\" data-wp-on-async-window--resize=\"callbacks.setButtonStyles\" sizes=\"auto, (max-width: 620px) 100vw, 620px\" src=\"https:\/\/madeincamp.fr\/le-fief-melin\/wp-content\/uploads\/sites\/5\/2024\/06\/fort-boyard-embarquer-depuis-l-ile-d-Oleron.webp\" alt=\"fort boyard boarding from ile d'Oleron\" class=\"wp-image-9557 not-transparent\" style=\"--dominant-color: #5c8ca2; aspect-ratio:1;object-fit:cover\" srcset=\"https:\/\/madeincamp.fr\/le-fief-melin\/wp-content\/uploads\/sites\/5\/2024\/06\/fort-boyard-embarquer-depuis-l-ile-d-Oleron.webp 1920w, https:\/\/madeincamp.fr\/le-fief-melin\/wp-content\/uploads\/sites\/5\/2024\/06\/fort-boyard-embarquer-depuis-l-ile-d-Oleron-300x188.webp 300w, https:\/\/madeincamp.fr\/le-fief-melin\/wp-content\/uploads\/sites\/5\/2024\/06\/fort-boyard-embarquer-depuis-l-ile-d-Oleron-1024x640.webp 1024w, https:\/\/madeincamp.fr\/le-fief-melin\/wp-content\/uploads\/sites\/5\/2024\/06\/fort-boyard-embarquer-depuis-l-ile-d-Oleron-768x480.webp 768w, https:\/\/madeincamp.fr\/le-fief-melin\/wp-content\/uploads\/sites\/5\/2024\/06\/fort-boyard-embarquer-depuis-l-ile-d-Oleron-1536x960.webp 1536w\" \/><button\n\t\t\tclass=\"lightbox-trigger\"\n\t\t\ttype=\"button\"\n\t\t\taria-haspopup=\"dialog\"\n\t\t\taria-label=\"Enlarge\"\n\t\t\tdata-wp-init=\"callbacks.initTriggerButton\"\n\t\t\tdata-wp-on-async--click=\"actions.showLightbox\"\n\t\t\tdata-wp-style--right=\"state.imageButtonRight\"\n\t\t\tdata-wp-style--top=\"state.imageButtonTop\"\n\t\t>\n\t\t\t<svg xmlns=\"http:\/\/www.w3.org\/2000\/svg\" width=\"12\" height=\"12\" fill=\"none\" viewBox=\"0 0 12 12\">\n\t\t\t\t<path fill=\"#fff\" d=\"M2 0a2 2 0 0 0-2 2v2h1.5V2a.5.5 0 0 1 .5-.5h2V0H2Zm2 10.5H2a.5.5 0 0 1-.5-.5V8H0v2a2 2 0 0 0 2 2h2v-1.5ZM8 12v-1.5h2a.5.5 0 0 0 .5-.5V8H12v2a2 2 0 0 1-2 2H8Zm2-12a2 2 0 0 1 2 2v2h-1.5V2a.5.5 0 0 0-.5-.5H8V0h2Z\" \/>\n\t\t\t<\/svg>\n\t\t<\/button><\/figure>\n<\/div>\n<\/div>\n<\/div>\n<\/div>\n\n\n\n<div class=\"wp-block-group alignwide is-layout-flow wp-block-group-is-layout-flow\">\n<h2 class=\"wp-block-heading has-text-align-center\">Visit our region<\/h2>\n\n\n\r\n<div \r\n     \r\n    class=\"gt-maillage-block\" \r\n    style=\"\"\r\n    data-row=\"3\"\r\n>\r\n\r\n                                                    <a class=\"gt-cta \" href=\"https:\/\/madeincamp.fr\/le-fief-melin\/en\/tourism-ile-oleron\/camping-boyardville\/\" title=\"Boyardville Campsite\">\r\n                            <div class=\"wp-block-template-part\">\n<div style=\"aspect-ratio:16\/9;min-height:unset;\" class=\"wp-block-cover is-light has-custom-content-position is-position-bottom-right has-aspect-ratio\"><span aria-hidden=\"true\" class=\"wp-block-cover__background has-black-background-color has-background-dim\"><\/span><img loading=\"lazy\" decoding=\"async\" width=\"1920\" height=\"1200\" src=\"https:\/\/madeincamp.fr\/le-fief-melin\/wp-content\/uploads\/sites\/5\/2024\/07\/cabanes-colores-oleron-charente-maritime.webp\" class=\"wp-block-cover__image-background not-transparent wp-post-image\" alt=\"\" data-object-fit=\"cover\" srcset=\"https:\/\/madeincamp.fr\/le-fief-melin\/wp-content\/uploads\/sites\/5\/2024\/07\/cabanes-colores-oleron-charente-maritime.webp 1920w, https:\/\/madeincamp.fr\/le-fief-melin\/wp-content\/uploads\/sites\/5\/2024\/07\/cabanes-colores-oleron-charente-maritime-300x188.webp 300w, https:\/\/madeincamp.fr\/le-fief-melin\/wp-content\/uploads\/sites\/5\/2024\/07\/cabanes-colores-oleron-charente-maritime-1024x640.webp 1024w, https:\/\/madeincamp.fr\/le-fief-melin\/wp-content\/uploads\/sites\/5\/2024\/07\/cabanes-colores-oleron-charente-maritime-768x480.webp 768w, https:\/\/madeincamp.fr\/le-fief-melin\/wp-content\/uploads\/sites\/5\/2024\/07\/cabanes-colores-oleron-charente-maritime-1536x960.webp 1536w\" sizes=\"auto, (max-width: 1920px) 100vw, 1920px\" data-has-transparency=\"false\" data-dominant-color=\"ada390\" style=\"--dominant-color: #ada390;\" \/><div class=\"wp-block-cover__inner-container has-global-padding is-layout-constrained wp-block-cover-is-layout-constrained\"><h3 class=\"has-text-align-right has-link-color wp-elements-403aff7bcceea32cd2226392e7ec2da7 wp-block-post-title has-text-color has-base-2-color has-large-font-size\">Boyardville Campsite<\/h3><\/div><\/div>\n<\/div>                        <\/a>\r\n                    \r\n                                    <a class=\"gt-cta \" href=\"https:\/\/madeincamp.fr\/le-fief-melin\/en\/tourism-ile-oleron\/citadelle-du-chateau-doleron\/\" title=\"Ch\u00e2teau-d&#8217;Ol\u00e9ron Citadel\">\r\n                            <div class=\"wp-block-template-part\">\n<div style=\"aspect-ratio:16\/9;min-height:unset;\" class=\"wp-block-cover is-light has-custom-content-position is-position-bottom-right has-aspect-ratio\"><span aria-hidden=\"true\" class=\"wp-block-cover__background has-black-background-color has-background-dim\"><\/span><img loading=\"lazy\" decoding=\"async\" width=\"952\" height=\"625\" src=\"https:\/\/madeincamp.fr\/le-fief-melin\/wp-content\/uploads\/sites\/5\/2024\/06\/1_entree-citadelle-2.jpg\" class=\"wp-block-cover__image-background not-transparent wp-post-image\" alt=\"entr\u00e9e citadelle d&#039;ol\u00e9ron\" data-object-fit=\"cover\" srcset=\"https:\/\/madeincamp.fr\/le-fief-melin\/wp-content\/uploads\/sites\/5\/2024\/06\/1_entree-citadelle-2.jpg 952w, https:\/\/madeincamp.fr\/le-fief-melin\/wp-content\/uploads\/sites\/5\/2024\/06\/1_entree-citadelle-2-300x197.jpg 300w, https:\/\/madeincamp.fr\/le-fief-melin\/wp-content\/uploads\/sites\/5\/2024\/06\/1_entree-citadelle-2-768x504.jpg 768w\" sizes=\"auto, (max-width: 952px) 100vw, 952px\" data-has-transparency=\"false\" data-dominant-color=\"848a7c\" style=\"--dominant-color: #848a7c;\" \/><div class=\"wp-block-cover__inner-container has-global-padding is-layout-constrained wp-block-cover-is-layout-constrained\"><h3 class=\"has-text-align-right has-link-color wp-elements-403aff7bcceea32cd2226392e7ec2da7 wp-block-post-title has-text-color has-base-2-color has-large-font-size\">Ch\u00e2teau-d&#8217;Ol\u00e9ron Citadel<\/h3><\/div><\/div>\n<\/div>                        <\/a>\r\n                    \r\n                                    <a class=\"gt-cta \" href=\"https:\/\/madeincamp.fr\/le-fief-melin\/en\/tourism-ile-oleron\/boyardville-oleron\/\" title=\"Boyardville\">\r\n                            <div class=\"wp-block-template-part\">\n<div style=\"aspect-ratio:16\/9;min-height:unset;\" class=\"wp-block-cover is-light has-custom-content-position is-position-bottom-right has-aspect-ratio\"><span aria-hidden=\"true\" class=\"wp-block-cover__background has-black-background-color has-background-dim\"><\/span><img loading=\"lazy\" decoding=\"async\" width=\"2048\" height=\"1365\" src=\"https:\/\/madeincamp.fr\/le-fief-melin\/wp-content\/uploads\/sites\/5\/2024\/07\/Couple_sur_la_plage_de_la_Concurrence_faisant_face_au_port_de_plaisance_49375-scaled.webp\" class=\"wp-block-cover__image-background not-transparent wp-post-image\" alt=\"Couple sur la plage de la Concurrence faisant face au port de plaisance\" data-object-fit=\"cover\" srcset=\"https:\/\/madeincamp.fr\/le-fief-melin\/wp-content\/uploads\/sites\/5\/2024\/07\/Couple_sur_la_plage_de_la_Concurrence_faisant_face_au_port_de_plaisance_49375-scaled.webp 2048w, https:\/\/madeincamp.fr\/le-fief-melin\/wp-content\/uploads\/sites\/5\/2024\/07\/Couple_sur_la_plage_de_la_Concurrence_faisant_face_au_port_de_plaisance_49375-300x200.webp 300w, https:\/\/madeincamp.fr\/le-fief-melin\/wp-content\/uploads\/sites\/5\/2024\/07\/Couple_sur_la_plage_de_la_Concurrence_faisant_face_au_port_de_plaisance_49375-1024x683.webp 1024w, https:\/\/madeincamp.fr\/le-fief-melin\/wp-content\/uploads\/sites\/5\/2024\/07\/Couple_sur_la_plage_de_la_Concurrence_faisant_face_au_port_de_plaisance_49375-768x512.webp 768w, https:\/\/madeincamp.fr\/le-fief-melin\/wp-content\/uploads\/sites\/5\/2024\/07\/Couple_sur_la_plage_de_la_Concurrence_faisant_face_au_port_de_plaisance_49375-1536x1024.webp 1536w\" sizes=\"auto, (max-width: 2048px) 100vw, 2048px\" data-has-transparency=\"false\" data-dominant-color=\"bbb5a4\" style=\"--dominant-color: #bbb5a4;\" \/><div class=\"wp-block-cover__inner-container has-global-padding is-layout-constrained wp-block-cover-is-layout-constrained\"><h3 class=\"has-text-align-right has-link-color wp-elements-403aff7bcceea32cd2226392e7ec2da7 wp-block-post-title has-text-color has-base-2-color has-large-font-size\">Boyardville<\/h3><\/div><\/div>\n<\/div>                        <\/a>\r\n                    \r\n                                    <a class=\"gt-cta \" href=\"https:\/\/madeincamp.fr\/le-fief-melin\/en\/tourism-ile-oleron\/cycle-tracks-of-lile-doleron\/\" title=\"Cycle paths on the Ile d&#8217;Ol\u00e9ron\">\r\n                            <div class=\"wp-block-template-part\">\n<div style=\"aspect-ratio:16\/9;min-height:unset;\" class=\"wp-block-cover is-light has-custom-content-position is-position-bottom-right has-aspect-ratio\"><span aria-hidden=\"true\" class=\"wp-block-cover__background has-black-background-color has-background-dim\"><\/span><img loading=\"lazy\" decoding=\"async\" width=\"1920\" height=\"1076\" src=\"https:\/\/madeincamp.fr\/le-fief-melin\/wp-content\/uploads\/sites\/5\/2024\/06\/family-cycles-oleron-1.webp\" class=\"wp-block-cover__image-background not-transparent wp-post-image\" alt=\"\" data-object-fit=\"cover\" srcset=\"https:\/\/madeincamp.fr\/le-fief-melin\/wp-content\/uploads\/sites\/5\/2024\/06\/family-cycles-oleron-1.webp 1920w, https:\/\/madeincamp.fr\/le-fief-melin\/wp-content\/uploads\/sites\/5\/2024\/06\/family-cycles-oleron-1-300x168.webp 300w, https:\/\/madeincamp.fr\/le-fief-melin\/wp-content\/uploads\/sites\/5\/2024\/06\/family-cycles-oleron-1-1024x574.webp 1024w, https:\/\/madeincamp.fr\/le-fief-melin\/wp-content\/uploads\/sites\/5\/2024\/06\/family-cycles-oleron-1-768x430.webp 768w, https:\/\/madeincamp.fr\/le-fief-melin\/wp-content\/uploads\/sites\/5\/2024\/06\/family-cycles-oleron-1-1536x861.webp 1536w\" sizes=\"auto, (max-width: 1920px) 100vw, 1920px\" data-has-transparency=\"false\" data-dominant-color=\"8f9884\" style=\"--dominant-color: #8f9884;\" \/><div class=\"wp-block-cover__inner-container has-global-padding is-layout-constrained wp-block-cover-is-layout-constrained\"><h3 class=\"has-text-align-right has-link-color wp-elements-403aff7bcceea32cd2226392e7ec2da7 wp-block-post-title has-text-color has-base-2-color has-large-font-size\">Cycle paths on the Ile d&#8217;Ol\u00e9ron<\/h3><\/div><\/div>\n<\/div>                        <\/a>\r\n                    \r\n                                    <a class=\"gt-cta \" href=\"https:\/\/madeincamp.fr\/le-fief-melin\/en\/tourism-ile-oleron\/visit-chateau-doleron\/\" title=\"Visit Ch\u00e2teau-d&#8217;Ol\u00e9ron\">\r\n                            <div class=\"wp-block-template-part\">\n<div style=\"aspect-ratio:16\/9;min-height:unset;\" class=\"wp-block-cover is-light has-custom-content-position is-position-bottom-right has-aspect-ratio\"><span aria-hidden=\"true\" class=\"wp-block-cover__background has-black-background-color has-background-dim\"><\/span><img loading=\"lazy\" decoding=\"async\" width=\"2048\" height=\"1366\" src=\"https:\/\/madeincamp.fr\/le-fief-melin\/wp-content\/uploads\/sites\/5\/2024\/06\/Citadelle_du_Chateau-dOleron_-_Chateau_dOleron-1-scaled.webp\" class=\"wp-block-cover__image-background not-transparent wp-post-image\" alt=\"\" data-object-fit=\"cover\" srcset=\"https:\/\/madeincamp.fr\/le-fief-melin\/wp-content\/uploads\/sites\/5\/2024\/06\/Citadelle_du_Chateau-dOleron_-_Chateau_dOleron-1-scaled.webp 2048w, https:\/\/madeincamp.fr\/le-fief-melin\/wp-content\/uploads\/sites\/5\/2024\/06\/Citadelle_du_Chateau-dOleron_-_Chateau_dOleron-1-300x200.webp 300w, https:\/\/madeincamp.fr\/le-fief-melin\/wp-content\/uploads\/sites\/5\/2024\/06\/Citadelle_du_Chateau-dOleron_-_Chateau_dOleron-1-1024x683.webp 1024w, https:\/\/madeincamp.fr\/le-fief-melin\/wp-content\/uploads\/sites\/5\/2024\/06\/Citadelle_du_Chateau-dOleron_-_Chateau_dOleron-1-768x512.webp 768w, https:\/\/madeincamp.fr\/le-fief-melin\/wp-content\/uploads\/sites\/5\/2024\/06\/Citadelle_du_Chateau-dOleron_-_Chateau_dOleron-1-1536x1024.webp 1536w\" sizes=\"auto, (max-width: 2048px) 100vw, 2048px\" data-has-transparency=\"false\" data-dominant-color=\"87949f\" style=\"--dominant-color: #87949f;\" \/><div class=\"wp-block-cover__inner-container has-global-padding is-layout-constrained wp-block-cover-is-layout-constrained\"><h3 class=\"has-text-align-right has-link-color wp-elements-403aff7bcceea32cd2226392e7ec2da7 wp-block-post-title has-text-color has-base-2-color has-large-font-size\">Visit Ch\u00e2teau-d&#8217;Ol\u00e9ron<\/h3><\/div><\/div>\n<\/div>                        <\/a>\r\n                    \r\n                                    <a class=\"gt-cta \" href=\"https:\/\/madeincamp.fr\/le-fief-melin\/en\/tourism-ile-oleron\/marais-aux-oiseaux\/\" title=\"Le Marais aux oiseaux\">\r\n                            <div class=\"wp-block-template-part\">\n<div style=\"aspect-ratio:16\/9;min-height:unset;\" class=\"wp-block-cover is-light has-custom-content-position is-position-bottom-right has-aspect-ratio\"><span aria-hidden=\"true\" class=\"wp-block-cover__background has-black-background-color has-background-dim\"><\/span><img loading=\"lazy\" decoding=\"async\" width=\"2048\" height=\"1148\" src=\"https:\/\/madeincamp.fr\/le-fief-melin\/wp-content\/uploads\/sites\/5\/2024\/06\/oleron-cicogne-en-migration-scaled-e1719499428790.webp\" class=\"wp-block-cover__image-background not-transparent wp-post-image\" alt=\"\" data-object-fit=\"cover\" data-has-transparency=\"false\" data-dominant-color=\"9d7f5c\" style=\"--dominant-color: #9d7f5c;\" \/><div class=\"wp-block-cover__inner-container has-global-padding is-layout-constrained wp-block-cover-is-layout-constrained\"><h3 class=\"has-text-align-right has-link-color wp-elements-403aff7bcceea32cd2226392e7ec2da7 wp-block-post-title has-text-color has-base-2-color has-large-font-size\">Le Marais aux oiseaux<\/h3><\/div><\/div>\n<\/div>                        <\/a>\r\n                    \r\n                                    <a class=\"gt-cta \" href=\"https:\/\/madeincamp.fr\/le-fief-melin\/en\/tourism-ile-oleron\/port-de-salines\/\" title=\"Port des Salines\">\r\n                            <div class=\"wp-block-template-part\">\n<div style=\"aspect-ratio:16\/9;min-height:unset;\" class=\"wp-block-cover is-light has-custom-content-position is-position-bottom-right has-aspect-ratio\"><span aria-hidden=\"true\" class=\"wp-block-cover__background has-black-background-color has-background-dim\"><\/span><img loading=\"lazy\" decoding=\"async\" width=\"1920\" height=\"1200\" src=\"https:\/\/madeincamp.fr\/le-fief-melin\/wp-content\/uploads\/sites\/5\/2024\/07\/port-de-salines-ile-d-oleron.webp\" class=\"wp-block-cover__image-background not-transparent wp-post-image\" alt=\"\" data-object-fit=\"cover\" srcset=\"https:\/\/madeincamp.fr\/le-fief-melin\/wp-content\/uploads\/sites\/5\/2024\/07\/port-de-salines-ile-d-oleron.webp 1920w, https:\/\/madeincamp.fr\/le-fief-melin\/wp-content\/uploads\/sites\/5\/2024\/07\/port-de-salines-ile-d-oleron-300x188.webp 300w, https:\/\/madeincamp.fr\/le-fief-melin\/wp-content\/uploads\/sites\/5\/2024\/07\/port-de-salines-ile-d-oleron-1024x640.webp 1024w, https:\/\/madeincamp.fr\/le-fief-melin\/wp-content\/uploads\/sites\/5\/2024\/07\/port-de-salines-ile-d-oleron-768x480.webp 768w, https:\/\/madeincamp.fr\/le-fief-melin\/wp-content\/uploads\/sites\/5\/2024\/07\/port-de-salines-ile-d-oleron-1536x960.webp 1536w\" sizes=\"auto, (max-width: 1920px) 100vw, 1920px\" data-has-transparency=\"false\" data-dominant-color=\"82a499\" style=\"--dominant-color: #82a499;\" \/><div class=\"wp-block-cover__inner-container has-global-padding is-layout-constrained wp-block-cover-is-layout-constrained\"><h3 class=\"has-text-align-right has-link-color wp-elements-403aff7bcceea32cd2226392e7ec2da7 wp-block-post-title has-text-color has-base-2-color has-large-font-size\">Port des Salines<\/h3><\/div><\/div>\n<\/div>                        <\/a>\r\n                    \r\n                                    <a class=\"gt-cta \" href=\"https:\/\/madeincamp.fr\/le-fief-melin\/en\/tourism-ile-oleron\/port-de-la-cotiniere\/\" title=\"Port de la Cotini\u00e8re\">\r\n                            <div class=\"wp-block-template-part\">\n<div style=\"aspect-ratio:16\/9;min-height:unset;\" class=\"wp-block-cover is-light has-custom-content-position is-position-bottom-right has-aspect-ratio\"><span aria-hidden=\"true\" class=\"wp-block-cover__background has-black-background-color has-background-dim\"><\/span><img loading=\"lazy\" decoding=\"async\" width=\"1920\" height=\"1200\" src=\"https:\/\/madeincamp.fr\/le-fief-melin\/wp-content\/uploads\/sites\/5\/2024\/07\/le-charmant-port-de-la-cotiniere.webp\" class=\"wp-block-cover__image-background not-transparent wp-post-image\" alt=\"\" data-object-fit=\"cover\" srcset=\"https:\/\/madeincamp.fr\/le-fief-melin\/wp-content\/uploads\/sites\/5\/2024\/07\/le-charmant-port-de-la-cotiniere.webp 1920w, https:\/\/madeincamp.fr\/le-fief-melin\/wp-content\/uploads\/sites\/5\/2024\/07\/le-charmant-port-de-la-cotiniere-300x188.webp 300w, https:\/\/madeincamp.fr\/le-fief-melin\/wp-content\/uploads\/sites\/5\/2024\/07\/le-charmant-port-de-la-cotiniere-1024x640.webp 1024w, https:\/\/madeincamp.fr\/le-fief-melin\/wp-content\/uploads\/sites\/5\/2024\/07\/le-charmant-port-de-la-cotiniere-768x480.webp 768w, https:\/\/madeincamp.fr\/le-fief-melin\/wp-content\/uploads\/sites\/5\/2024\/07\/le-charmant-port-de-la-cotiniere-1536x960.webp 1536w\" sizes=\"auto, (max-width: 1920px) 100vw, 1920px\" data-has-transparency=\"false\" data-dominant-color=\"a9b0aa\" style=\"--dominant-color: #a9b0aa;\" \/><div class=\"wp-block-cover__inner-container has-global-padding is-layout-constrained wp-block-cover-is-layout-constrained\"><h3 class=\"has-text-align-right has-link-color wp-elements-403aff7bcceea32cd2226392e7ec2da7 wp-block-post-title has-text-color has-base-2-color has-large-font-size\">Port de la Cotini\u00e8re<\/h3><\/div><\/div>\n<\/div>                        <\/a>\r\n                    \r\n                                    <a class=\"gt-cta \" href=\"https:\/\/madeincamp.fr\/le-fief-melin\/en\/tourism-ile-oleron\/lighthouse-de-chassiron\/\" title=\"Chassiron lighthouse\">\r\n                            <div class=\"wp-block-template-part\">\n<div style=\"aspect-ratio:16\/9;min-height:unset;\" class=\"wp-block-cover is-light has-custom-content-position is-position-bottom-right has-aspect-ratio\"><span aria-hidden=\"true\" class=\"wp-block-cover__background has-black-background-color has-background-dim\"><\/span><img loading=\"lazy\" decoding=\"async\" width=\"1901\" height=\"450\" src=\"https:\/\/madeincamp.fr\/le-fief-melin\/wp-content\/uploads\/sites\/5\/2024\/06\/phare-chassiron-vue.webp\" class=\"wp-block-cover__image-background not-transparent wp-post-image\" alt=\"\" data-object-fit=\"cover\" srcset=\"https:\/\/madeincamp.fr\/le-fief-melin\/wp-content\/uploads\/sites\/5\/2024\/06\/phare-chassiron-vue.webp 1901w, https:\/\/madeincamp.fr\/le-fief-melin\/wp-content\/uploads\/sites\/5\/2024\/06\/phare-chassiron-vue-300x71.webp 300w, https:\/\/madeincamp.fr\/le-fief-melin\/wp-content\/uploads\/sites\/5\/2024\/06\/phare-chassiron-vue-1024x242.webp 1024w, https:\/\/madeincamp.fr\/le-fief-melin\/wp-content\/uploads\/sites\/5\/2024\/06\/phare-chassiron-vue-768x182.webp 768w, https:\/\/madeincamp.fr\/le-fief-melin\/wp-content\/uploads\/sites\/5\/2024\/06\/phare-chassiron-vue-1536x364.webp 1536w\" sizes=\"auto, (max-width: 1901px) 100vw, 1901px\" data-has-transparency=\"false\" data-dominant-color=\"a1bcd8\" style=\"--dominant-color: #a1bcd8;\" \/><div class=\"wp-block-cover__inner-container has-global-padding is-layout-constrained wp-block-cover-is-layout-constrained\"><h3 class=\"has-text-align-right has-link-color wp-elements-403aff7bcceea32cd2226392e7ec2da7 wp-block-post-title has-text-color has-base-2-color has-large-font-size\">Chassiron lighthouse<\/h3><\/div><\/div>\n<\/div>                        <\/a>\r\n                    \r\n                                    <a class=\"gt-cta \" href=\"https:\/\/madeincamp.fr\/le-fief-melin\/en\/tourism-ile-oleron\/fort-boyard\/\" title=\"Fort Boyard\">\r\n                            <div class=\"wp-block-template-part\">\n<div style=\"aspect-ratio:16\/9;min-height:unset;\" class=\"wp-block-cover is-light has-custom-content-position is-position-bottom-right has-aspect-ratio\"><span aria-hidden=\"true\" class=\"wp-block-cover__background has-black-background-color has-background-dim\"><\/span><img loading=\"lazy\" decoding=\"async\" width=\"1903\" height=\"450\" src=\"https:\/\/madeincamp.fr\/le-fief-melin\/wp-content\/uploads\/sites\/5\/2024\/06\/for-boyard.webp\" class=\"wp-block-cover__image-background not-transparent wp-post-image\" alt=\"\" data-object-fit=\"cover\" srcset=\"https:\/\/madeincamp.fr\/le-fief-melin\/wp-content\/uploads\/sites\/5\/2024\/06\/for-boyard.webp 1903w, https:\/\/madeincamp.fr\/le-fief-melin\/wp-content\/uploads\/sites\/5\/2024\/06\/for-boyard-300x71.webp 300w, https:\/\/madeincamp.fr\/le-fief-melin\/wp-content\/uploads\/sites\/5\/2024\/06\/for-boyard-1024x242.webp 1024w, https:\/\/madeincamp.fr\/le-fief-melin\/wp-content\/uploads\/sites\/5\/2024\/06\/for-boyard-768x182.webp 768w, https:\/\/madeincamp.fr\/le-fief-melin\/wp-content\/uploads\/sites\/5\/2024\/06\/for-boyard-1536x363.webp 1536w\" sizes=\"auto, (max-width: 1903px) 100vw, 1903px\" data-has-transparency=\"false\" data-dominant-color=\"4b6764\" style=\"--dominant-color: #4b6764;\" \/><div class=\"wp-block-cover__inner-container has-global-padding is-layout-constrained wp-block-cover-is-layout-constrained\"><h3 class=\"has-text-align-right has-link-color wp-elements-403aff7bcceea32cd2226392e7ec2da7 wp-block-post-title has-text-color has-base-2-color has-large-font-size\">Fort Boyard<\/h3><\/div><\/div>\n<\/div>                        <\/a>\r\n                    \r\n                                    <a class=\"gt-cta \" href=\"https:\/\/madeincamp.fr\/le-fief-melin\/en\/tourism-ile-oleron\/les-plages-de-lile-oleron\/\" title=\"The beaches of Ile Ol\u00e9ron\">\r\n                            <div class=\"wp-block-template-part\">\n<div style=\"aspect-ratio:16\/9;min-height:unset;\" class=\"wp-block-cover is-light has-custom-content-position is-position-bottom-right has-aspect-ratio\"><span aria-hidden=\"true\" class=\"wp-block-cover__background has-black-background-color has-background-dim\"><\/span><img loading=\"lazy\" decoding=\"async\" width=\"2000\" height=\"1121\" src=\"https:\/\/madeincamp.fr\/le-fief-melin\/wp-content\/uploads\/sites\/5\/2024\/07\/plage-sable-fin-ile-d-oleron.webp\" class=\"wp-block-cover__image-background not-transparent wp-post-image\" alt=\"\" data-object-fit=\"cover\" srcset=\"https:\/\/madeincamp.fr\/le-fief-melin\/wp-content\/uploads\/sites\/5\/2024\/07\/plage-sable-fin-ile-d-oleron.webp 2000w, https:\/\/madeincamp.fr\/le-fief-melin\/wp-content\/uploads\/sites\/5\/2024\/07\/plage-sable-fin-ile-d-oleron-300x168.webp 300w, https:\/\/madeincamp.fr\/le-fief-melin\/wp-content\/uploads\/sites\/5\/2024\/07\/plage-sable-fin-ile-d-oleron-1024x574.webp 1024w, https:\/\/madeincamp.fr\/le-fief-melin\/wp-content\/uploads\/sites\/5\/2024\/07\/plage-sable-fin-ile-d-oleron-768x430.webp 768w, https:\/\/madeincamp.fr\/le-fief-melin\/wp-content\/uploads\/sites\/5\/2024\/07\/plage-sable-fin-ile-d-oleron-1536x861.webp 1536w\" sizes=\"auto, (max-width: 2000px) 100vw, 2000px\" data-has-transparency=\"false\" data-dominant-color=\"816968\" style=\"--dominant-color: #816968;\" \/><div class=\"wp-block-cover__inner-container has-global-padding is-layout-constrained wp-block-cover-is-layout-constrained\"><h3 class=\"has-text-align-right has-link-color wp-elements-403aff7bcceea32cd2226392e7ec2da7 wp-block-post-title has-text-color has-base-2-color has-large-font-size\">The beaches of Ile Ol\u00e9ron<\/h3><\/div><\/div>\n<\/div>                        <\/a>\r\n                    \r\n                                    <a class=\"gt-cta \" href=\"https:\/\/madeincamp.fr\/le-fief-melin\/en\/tourism-ile-oleron\/ile-oleron-a-velo\/\" title=\"Bike rental on the Ile d&#8217;Ol\u00e9ron\">\r\n                            <div class=\"wp-block-template-part\">\n<div style=\"aspect-ratio:16\/9;min-height:unset;\" class=\"wp-block-cover is-light has-custom-content-position is-position-bottom-right has-aspect-ratio\"><span aria-hidden=\"true\" class=\"wp-block-cover__background has-black-background-color has-background-dim\"><\/span><img loading=\"lazy\" decoding=\"async\" width=\"1903\" height=\"938\" src=\"https:\/\/madeincamp.fr\/le-fief-melin\/wp-content\/uploads\/sites\/5\/2024\/07\/velo-ile-oleron.webp\" class=\"wp-block-cover__image-background not-transparent wp-post-image\" alt=\"\" data-object-fit=\"cover\" srcset=\"https:\/\/madeincamp.fr\/le-fief-melin\/wp-content\/uploads\/sites\/5\/2024\/07\/velo-ile-oleron.webp 1903w, https:\/\/madeincamp.fr\/le-fief-melin\/wp-content\/uploads\/sites\/5\/2024\/07\/velo-ile-oleron-300x148.webp 300w, https:\/\/madeincamp.fr\/le-fief-melin\/wp-content\/uploads\/sites\/5\/2024\/07\/velo-ile-oleron-1024x505.webp 1024w, https:\/\/madeincamp.fr\/le-fief-melin\/wp-content\/uploads\/sites\/5\/2024\/07\/velo-ile-oleron-768x379.webp 768w, https:\/\/madeincamp.fr\/le-fief-melin\/wp-content\/uploads\/sites\/5\/2024\/07\/velo-ile-oleron-1536x757.webp 1536w\" sizes=\"auto, (max-width: 1903px) 100vw, 1903px\" data-has-transparency=\"false\" data-dominant-color=\"875b40\" style=\"--dominant-color: #875b40;\" \/><div class=\"wp-block-cover__inner-container has-global-padding is-layout-constrained wp-block-cover-is-layout-constrained\"><h3 class=\"has-text-align-right has-link-color wp-elements-403aff7bcceea32cd2226392e7ec2da7 wp-block-post-title has-text-color has-base-2-color has-large-font-size\">Bike rental on the Ile d&#8217;Ol\u00e9ron<\/h3><\/div><\/div>\n<\/div>                        <\/a>\r\n                    \r\n                                    <a class=\"gt-cta \" href=\"https:\/\/madeincamp.fr\/le-fief-melin\/en\/tourism-ile-oleron\/camping-la-bree-les-bains\/\" title=\"Camping La Br\u00e9e-les-Bains\">\r\n                            <div class=\"wp-block-template-part\">\n<div style=\"aspect-ratio:16\/9;min-height:unset;\" class=\"wp-block-cover is-light has-custom-content-position is-position-bottom-right has-aspect-ratio\"><span aria-hidden=\"true\" class=\"wp-block-cover__background has-black-background-color has-background-dim\"><\/span><img loading=\"lazy\" decoding=\"async\" width=\"2000\" height=\"1121\" src=\"https:\/\/madeincamp.fr\/le-fief-melin\/wp-content\/uploads\/sites\/5\/2024\/07\/Bree-les-Bains-plage-ete.webp\" class=\"wp-block-cover__image-background not-transparent wp-post-image\" alt=\"\" data-object-fit=\"cover\" srcset=\"https:\/\/madeincamp.fr\/le-fief-melin\/wp-content\/uploads\/sites\/5\/2024\/07\/Bree-les-Bains-plage-ete.webp 2000w, https:\/\/madeincamp.fr\/le-fief-melin\/wp-content\/uploads\/sites\/5\/2024\/07\/Bree-les-Bains-plage-ete-300x168.webp 300w, https:\/\/madeincamp.fr\/le-fief-melin\/wp-content\/uploads\/sites\/5\/2024\/07\/Bree-les-Bains-plage-ete-1024x574.webp 1024w, https:\/\/madeincamp.fr\/le-fief-melin\/wp-content\/uploads\/sites\/5\/2024\/07\/Bree-les-Bains-plage-ete-768x430.webp 768w, https:\/\/madeincamp.fr\/le-fief-melin\/wp-content\/uploads\/sites\/5\/2024\/07\/Bree-les-Bains-plage-ete-1536x861.webp 1536w\" sizes=\"auto, (max-width: 2000px) 100vw, 2000px\" data-has-transparency=\"false\" data-dominant-color=\"8f968e\" style=\"--dominant-color: #8f968e;\" \/><div class=\"wp-block-cover__inner-container has-global-padding is-layout-constrained wp-block-cover-is-layout-constrained\"><h3 class=\"has-text-align-right has-link-color wp-elements-403aff7bcceea32cd2226392e7ec2da7 wp-block-post-title has-text-color has-base-2-color has-large-font-size\">Camping La Br\u00e9e-les-Bains<\/h3><\/div><\/div>\n<\/div>                        <\/a>\r\n                    \r\n                                    <a class=\"gt-cta \" href=\"https:\/\/madeincamp.fr\/le-fief-melin\/en\/tourism-ile-oleron\/camping-saint-georges-doleron\/\" title=\"Camping Saint-Georges-d&#8217;Ol\u00e9ron\">\r\n                            <div class=\"wp-block-template-part\">\n<div style=\"aspect-ratio:16\/9;min-height:unset;\" class=\"wp-block-cover is-light has-custom-content-position is-position-bottom-right has-aspect-ratio\"><span aria-hidden=\"true\" class=\"wp-block-cover__background has-black-background-color has-background-dim\"><\/span><img loading=\"lazy\" decoding=\"async\" width=\"1920\" height=\"1200\" src=\"https:\/\/madeincamp.fr\/le-fief-melin\/wp-content\/uploads\/sites\/5\/2024\/07\/Boyardville-Charente-Maritime.webp\" class=\"wp-block-cover__image-background not-transparent wp-post-image\" alt=\"\" data-object-fit=\"cover\" srcset=\"https:\/\/madeincamp.fr\/le-fief-melin\/wp-content\/uploads\/sites\/5\/2024\/07\/Boyardville-Charente-Maritime.webp 1920w, https:\/\/madeincamp.fr\/le-fief-melin\/wp-content\/uploads\/sites\/5\/2024\/07\/Boyardville-Charente-Maritime-300x188.webp 300w, https:\/\/madeincamp.fr\/le-fief-melin\/wp-content\/uploads\/sites\/5\/2024\/07\/Boyardville-Charente-Maritime-1024x640.webp 1024w, https:\/\/madeincamp.fr\/le-fief-melin\/wp-content\/uploads\/sites\/5\/2024\/07\/Boyardville-Charente-Maritime-768x480.webp 768w, https:\/\/madeincamp.fr\/le-fief-melin\/wp-content\/uploads\/sites\/5\/2024\/07\/Boyardville-Charente-Maritime-1536x960.webp 1536w\" sizes=\"auto, (max-width: 1920px) 100vw, 1920px\" data-has-transparency=\"false\" data-dominant-color=\"9299a0\" style=\"--dominant-color: #9299a0;\" \/><div class=\"wp-block-cover__inner-container has-global-padding is-layout-constrained wp-block-cover-is-layout-constrained\"><h3 class=\"has-text-align-right has-link-color wp-elements-403aff7bcceea32cd2226392e7ec2da7 wp-block-post-title has-text-color has-base-2-color has-large-font-size\">Camping Saint-Georges-d&#8217;Ol\u00e9ron<\/h3><\/div><\/div>\n<\/div>                        <\/a>\r\n                    \r\n                                    <a class=\"gt-cta \" href=\"https:\/\/madeincamp.fr\/le-fief-melin\/en\/tourism-ile-oleron\/saint-pierre-doleron-campsite\/\" title=\"Saint-Pierre-d&#8217;Ol\u00e9ron campsite\">\r\n                            <div class=\"wp-block-template-part\">\n<div style=\"aspect-ratio:16\/9;min-height:unset;\" class=\"wp-block-cover is-light has-custom-content-position is-position-bottom-right has-aspect-ratio\"><span aria-hidden=\"true\" class=\"wp-block-cover__background has-black-background-color has-background-dim\"><\/span><img loading=\"lazy\" decoding=\"async\" width=\"1920\" height=\"899\" src=\"https:\/\/madeincamp.fr\/le-fief-melin\/wp-content\/uploads\/sites\/5\/2024\/07\/Dune-a-la-Cotiniere.webp\" class=\"wp-block-cover__image-background not-transparent wp-post-image\" alt=\"\" data-object-fit=\"cover\" srcset=\"https:\/\/madeincamp.fr\/le-fief-melin\/wp-content\/uploads\/sites\/5\/2024\/07\/Dune-a-la-Cotiniere.webp 1920w, https:\/\/madeincamp.fr\/le-fief-melin\/wp-content\/uploads\/sites\/5\/2024\/07\/Dune-a-la-Cotiniere-300x140.webp 300w, https:\/\/madeincamp.fr\/le-fief-melin\/wp-content\/uploads\/sites\/5\/2024\/07\/Dune-a-la-Cotiniere-1024x479.webp 1024w, https:\/\/madeincamp.fr\/le-fief-melin\/wp-content\/uploads\/sites\/5\/2024\/07\/Dune-a-la-Cotiniere-768x360.webp 768w, https:\/\/madeincamp.fr\/le-fief-melin\/wp-content\/uploads\/sites\/5\/2024\/07\/Dune-a-la-Cotiniere-1536x719.webp 1536w\" sizes=\"auto, (max-width: 1920px) 100vw, 1920px\" data-has-transparency=\"false\" data-dominant-color=\"889689\" style=\"--dominant-color: #889689;\" \/><div class=\"wp-block-cover__inner-container has-global-padding is-layout-constrained wp-block-cover-is-layout-constrained\"><h3 class=\"has-text-align-right has-link-color wp-elements-403aff7bcceea32cd2226392e7ec2da7 wp-block-post-title has-text-color has-base-2-color has-large-font-size\">Saint-Pierre-d&#8217;Ol\u00e9ron campsite<\/h3><\/div><\/div>\n<\/div>                        <\/a>\r\n                    \r\n                                    <a class=\"gt-cta \" href=\"https:\/\/madeincamp.fr\/le-fief-melin\/en\/tourism-ile-oleron\/camping-dolus-doleron\/\" title=\"Camping Dolus-d&#8217;Ol\u00e9ron\">\r\n                            <div class=\"wp-block-template-part\">\n<div style=\"aspect-ratio:16\/9;min-height:unset;\" class=\"wp-block-cover is-light has-custom-content-position is-position-bottom-right has-aspect-ratio\"><span aria-hidden=\"true\" class=\"wp-block-cover__background has-black-background-color has-background-dim\"><\/span><img loading=\"lazy\" decoding=\"async\" width=\"1920\" height=\"1200\" src=\"https:\/\/madeincamp.fr\/le-fief-melin\/wp-content\/uploads\/sites\/5\/2024\/07\/la-plage-oleron.webp\" class=\"wp-block-cover__image-background not-transparent wp-post-image\" alt=\"\" data-object-fit=\"cover\" srcset=\"https:\/\/madeincamp.fr\/le-fief-melin\/wp-content\/uploads\/sites\/5\/2024\/07\/la-plage-oleron.webp 1920w, https:\/\/madeincamp.fr\/le-fief-melin\/wp-content\/uploads\/sites\/5\/2024\/07\/la-plage-oleron-300x188.webp 300w, https:\/\/madeincamp.fr\/le-fief-melin\/wp-content\/uploads\/sites\/5\/2024\/07\/la-plage-oleron-1024x640.webp 1024w, https:\/\/madeincamp.fr\/le-fief-melin\/wp-content\/uploads\/sites\/5\/2024\/07\/la-plage-oleron-768x480.webp 768w, https:\/\/madeincamp.fr\/le-fief-melin\/wp-content\/uploads\/sites\/5\/2024\/07\/la-plage-oleron-1536x960.webp 1536w\" sizes=\"auto, (max-width: 1920px) 100vw, 1920px\" data-has-transparency=\"false\" data-dominant-color=\"717f84\" style=\"--dominant-color: #717f84;\" \/><div class=\"wp-block-cover__inner-container has-global-padding is-layout-constrained wp-block-cover-is-layout-constrained\"><h3 class=\"has-text-align-right has-link-color wp-elements-403aff7bcceea32cd2226392e7ec2da7 wp-block-post-title has-text-color has-base-2-color has-large-font-size\">Camping Dolus-d&#8217;Ol\u00e9ron<\/h3><\/div><\/div>\n<\/div>                        <\/a>\r\n                    \r\n                                    <a class=\"gt-cta \" href=\"https:\/\/madeincamp.fr\/le-fief-melin\/en\/tourism-ile-oleron\/camping-saint-trojan-les-bains\/\" title=\"Camping Saint-Trojan-les-Bains\">\r\n                            <div class=\"wp-block-template-part\">\n<div style=\"aspect-ratio:16\/9;min-height:unset;\" class=\"wp-block-cover is-light has-custom-content-position is-position-bottom-right has-aspect-ratio\"><span aria-hidden=\"true\" class=\"wp-block-cover__background has-black-background-color has-background-dim\"><\/span><img loading=\"lazy\" decoding=\"async\" width=\"1920\" height=\"1200\" src=\"https:\/\/madeincamp.fr\/le-fief-melin\/wp-content\/uploads\/sites\/5\/2024\/07\/pere-grandpere-et-fils-surf-ocean.webp\" class=\"wp-block-cover__image-background not-transparent wp-post-image\" alt=\"\" data-object-fit=\"cover\" srcset=\"https:\/\/madeincamp.fr\/le-fief-melin\/wp-content\/uploads\/sites\/5\/2024\/07\/pere-grandpere-et-fils-surf-ocean.webp 1920w, https:\/\/madeincamp.fr\/le-fief-melin\/wp-content\/uploads\/sites\/5\/2024\/07\/pere-grandpere-et-fils-surf-ocean-300x188.webp 300w, https:\/\/madeincamp.fr\/le-fief-melin\/wp-content\/uploads\/sites\/5\/2024\/07\/pere-grandpere-et-fils-surf-ocean-1024x640.webp 1024w, https:\/\/madeincamp.fr\/le-fief-melin\/wp-content\/uploads\/sites\/5\/2024\/07\/pere-grandpere-et-fils-surf-ocean-768x480.webp 768w, https:\/\/madeincamp.fr\/le-fief-melin\/wp-content\/uploads\/sites\/5\/2024\/07\/pere-grandpere-et-fils-surf-ocean-1536x960.webp 1536w\" sizes=\"auto, (max-width: 1920px) 100vw, 1920px\" data-has-transparency=\"false\" data-dominant-color=\"c5b8af\" style=\"--dominant-color: #c5b8af;\" \/><div class=\"wp-block-cover__inner-container has-global-padding is-layout-constrained wp-block-cover-is-layout-constrained\"><h3 class=\"has-text-align-right has-link-color wp-elements-403aff7bcceea32cd2226392e7ec2da7 wp-block-post-title has-text-color has-base-2-color has-large-font-size\">Camping Saint-Trojan-les-Bains<\/h3><\/div><\/div>\n<\/div>                        <\/a>\r\n                    \r\n                                    <a class=\"gt-cta \" href=\"https:\/\/madeincamp.fr\/le-fief-melin\/en\/tourism-ile-oleron\/camping-grand-village-plage\/\" title=\"Camping Le Grand-Village-Plage\">\r\n                            <div class=\"wp-block-template-part\">\n<div style=\"aspect-ratio:16\/9;min-height:unset;\" class=\"wp-block-cover is-light has-custom-content-position is-position-bottom-right has-aspect-ratio\"><span aria-hidden=\"true\" class=\"wp-block-cover__background has-black-background-color has-background-dim\"><\/span><img loading=\"lazy\" decoding=\"async\" width=\"1920\" height=\"1200\" src=\"https:\/\/madeincamp.fr\/le-fief-melin\/wp-content\/uploads\/sites\/5\/2024\/07\/Plage-de-la-Giraudiere.webp\" class=\"wp-block-cover__image-background not-transparent wp-post-image\" alt=\"\" data-object-fit=\"cover\" srcset=\"https:\/\/madeincamp.fr\/le-fief-melin\/wp-content\/uploads\/sites\/5\/2024\/07\/Plage-de-la-Giraudiere.webp 1920w, https:\/\/madeincamp.fr\/le-fief-melin\/wp-content\/uploads\/sites\/5\/2024\/07\/Plage-de-la-Giraudiere-300x188.webp 300w, https:\/\/madeincamp.fr\/le-fief-melin\/wp-content\/uploads\/sites\/5\/2024\/07\/Plage-de-la-Giraudiere-1024x640.webp 1024w, https:\/\/madeincamp.fr\/le-fief-melin\/wp-content\/uploads\/sites\/5\/2024\/07\/Plage-de-la-Giraudiere-768x480.webp 768w, https:\/\/madeincamp.fr\/le-fief-melin\/wp-content\/uploads\/sites\/5\/2024\/07\/Plage-de-la-Giraudiere-1536x960.webp 1536w\" sizes=\"auto, (max-width: 1920px) 100vw, 1920px\" data-has-transparency=\"false\" data-dominant-color=\"7c7a6a\" style=\"--dominant-color: #7c7a6a;\" \/><div class=\"wp-block-cover__inner-container has-global-padding is-layout-constrained wp-block-cover-is-layout-constrained\"><h3 class=\"has-text-align-right has-link-color wp-elements-403aff7bcceea32cd2226392e7ec2da7 wp-block-post-title has-text-color has-base-2-color has-large-font-size\">Camping Le Grand-Village-Plage<\/h3><\/div><\/div>\n<\/div>                        <\/a>\r\n                    \r\n                    \r\n<\/div><\/div>\n","protected":false},"excerpt":{"rendered":"<p>Want to go camping in Saint-Denis-d&#8217;Ol\u00e9ron? Discover Saint-Denis de l&#8217;Ol\u00e9ron, just 25 minutes from the campsite on the Ile d&#8217;Ol\u00e9ron. Mobile home rentals just a few minutes from Saint-Denis -d&#8217;Ol\u00e9ron RENTALS &amp; PITCHES Looking for a mobile home rental close to Saint-Denis-d&#8217;Ol\u00e9ron? We offer 4 types of comfortable rental units, all equipped with a kitchen, [&hellip;]<\/p>\n","protected":false},"author":1,"featured_media":10088,"parent":7537,"menu_order":0,"comment_status":"closed","ping_status":"closed","template":"","meta":{"_acf_changed":false,"footnotes":""},"class_list":["post-10419","page","type-page","status-publish","has-post-thumbnail","hentry"],"acf":[],"yoast_head":"<!-- This site is optimized with the Yoast SEO plugin v24.5 - https:\/\/yoast.com\/wordpress\/plugins\/seo\/ -->\n<title>Camping Saint Denis d&#039;Ol\u00e9ron | Mobile home rental St Denis d&#039;Ol\u00e9ron<\/title>\n<meta name=\"description\" content=\"Looking for an unforgettable stay in Saint Denis d&#039;Ol\u00e9ron? Discover our ideally located campsite, offering comfortable accommodation and activities for all ages.\" \/>\n<meta name=\"robots\" content=\"index, follow, max-snippet:-1, max-image-preview:large, max-video-preview:-1\" \/>\n<link rel=\"canonical\" href=\"https:\/\/madeincamp.fr\/le-fief-melin\/en\/tourism-ile-oleron\/campsite-saint-denis-doleron\/\" \/>\n<meta property=\"og:locale\" content=\"en_US\" \/>\n<meta property=\"og:type\" content=\"article\" \/>\n<meta property=\"og:title\" content=\"Camping Saint Denis d&#039;Ol\u00e9ron | Mobile home rental St Denis d&#039;Ol\u00e9ron\" \/>\n<meta property=\"og:description\" content=\"Looking for an unforgettable stay in Saint Denis d&#039;Ol\u00e9ron? Discover our ideally located campsite, offering comfortable accommodation and activities for all ages.\" \/>\n<meta property=\"og:url\" content=\"https:\/\/madeincamp.fr\/le-fief-melin\/en\/tourism-ile-oleron\/campsite-saint-denis-doleron\/\" \/>\n<meta property=\"og:site_name\" content=\"Made in camp Le Fief Melin\" \/>\n<meta property=\"article:modified_time\" content=\"2024-10-16T08:20:16+00:00\" \/>\n<meta property=\"og:image\" content=\"https:\/\/madeincamp.fr\/le-fief-melin\/wp-content\/uploads\/sites\/5\/2024\/07\/cabines-de-plage-multicolores-oleron.webp\" \/>\n\t<meta property=\"og:image:width\" content=\"1920\" \/>\n\t<meta property=\"og:image:height\" content=\"1200\" \/>\n\t<meta property=\"og:image:type\" content=\"image\/webp\" \/>\n<meta name=\"twitter:card\" content=\"summary_large_image\" \/>\n<meta name=\"twitter:label1\" content=\"Est. reading time\" \/>\n\t<meta name=\"twitter:data1\" content=\"6 minutes\" \/>\n<script type=\"application\/ld+json\" class=\"yoast-schema-graph\">{\"@context\":\"https:\/\/schema.org\",\"@graph\":[{\"@type\":\"WebPage\",\"@id\":\"https:\/\/madeincamp.fr\/le-fief-melin\/en\/tourism-ile-oleron\/campsite-saint-denis-doleron\/\",\"url\":\"https:\/\/madeincamp.fr\/le-fief-melin\/en\/tourism-ile-oleron\/campsite-saint-denis-doleron\/\",\"name\":\"Camping Saint Denis d'Ol\u00e9ron | Mobile home rental St Denis d'Ol\u00e9ron\",\"isPartOf\":{\"@id\":\"https:\/\/madeincamp.fr\/le-fief-melin\/en\/#website\"},\"primaryImageOfPage\":{\"@id\":\"https:\/\/madeincamp.fr\/le-fief-melin\/en\/tourism-ile-oleron\/campsite-saint-denis-doleron\/#primaryimage\"},\"image\":{\"@id\":\"https:\/\/madeincamp.fr\/le-fief-melin\/en\/tourism-ile-oleron\/campsite-saint-denis-doleron\/#primaryimage\"},\"thumbnailUrl\":\"https:\/\/madeincamp.fr\/le-fief-melin\/wp-content\/uploads\/sites\/5\/2024\/07\/cabines-de-plage-multicolores-oleron.webp\",\"datePublished\":\"2024-06-18T09:56:26+00:00\",\"dateModified\":\"2024-10-16T08:20:16+00:00\",\"description\":\"Looking for an unforgettable stay in Saint Denis d'Ol\u00e9ron? Discover our ideally located campsite, offering comfortable accommodation and activities for all ages.\",\"breadcrumb\":{\"@id\":\"https:\/\/madeincamp.fr\/le-fief-melin\/en\/tourism-ile-oleron\/campsite-saint-denis-doleron\/#breadcrumb\"},\"inLanguage\":\"en-US\",\"potentialAction\":[{\"@type\":\"ReadAction\",\"target\":[\"https:\/\/madeincamp.fr\/le-fief-melin\/en\/tourism-ile-oleron\/campsite-saint-denis-doleron\/\"]}]},{\"@type\":\"ImageObject\",\"inLanguage\":\"en-US\",\"@id\":\"https:\/\/madeincamp.fr\/le-fief-melin\/en\/tourism-ile-oleron\/campsite-saint-denis-doleron\/#primaryimage\",\"url\":\"https:\/\/madeincamp.fr\/le-fief-melin\/wp-content\/uploads\/sites\/5\/2024\/07\/cabines-de-plage-multicolores-oleron.webp\",\"contentUrl\":\"https:\/\/madeincamp.fr\/le-fief-melin\/wp-content\/uploads\/sites\/5\/2024\/07\/cabines-de-plage-multicolores-oleron.webp\",\"width\":1920,\"height\":1200},{\"@type\":\"BreadcrumbList\",\"@id\":\"https:\/\/madeincamp.fr\/le-fief-melin\/en\/tourism-ile-oleron\/campsite-saint-denis-doleron\/#breadcrumb\",\"itemListElement\":[{\"@type\":\"ListItem\",\"position\":1,\"name\":\"Discover Ile d'Ol\u00e9ron\",\"item\":\"https:\/\/madeincamp.fr\/le-fief-melin\/en\/tourism-ile-oleron\/\"},{\"@type\":\"ListItem\",\"position\":2,\"name\":\"Visit Saint-Denis-d'Ol\u00e9ron\"}]},{\"@type\":\"WebSite\",\"@id\":\"https:\/\/madeincamp.fr\/le-fief-melin\/en\/#website\",\"url\":\"https:\/\/madeincamp.fr\/le-fief-melin\/en\/\",\"name\":\"Made in camp Le Fief Melin\",\"description\":\"Artisans of your holidays\",\"publisher\":{\"@id\":\"https:\/\/madeincamp.fr\/le-fief-melin\/en\/#organization\"},\"inLanguage\":\"en-US\"},{\"@type\":\"Organization\",\"@id\":\"https:\/\/madeincamp.fr\/le-fief-melin\/en\/#organization\",\"name\":\"Made in camp Le Fief Melin\",\"url\":\"https:\/\/madeincamp.fr\/le-fief-melin\/en\/\",\"logo\":{\"@type\":\"ImageObject\",\"inLanguage\":\"en-US\",\"@id\":\"https:\/\/madeincamp.fr\/le-fief-melin\/en\/#\/schema\/logo\/image\/\",\"url\":\"https:\/\/madeincamp.fr\/le-fief-melin\/wp-content\/uploads\/sites\/5\/2024\/02\/made-in-camp-logo.png\",\"contentUrl\":\"https:\/\/madeincamp.fr\/le-fief-melin\/wp-content\/uploads\/sites\/5\/2024\/02\/made-in-camp-logo.png\",\"width\":224,\"height\":91,\"caption\":\"Made in camp Le Fief Melin\"},\"image\":{\"@id\":\"https:\/\/madeincamp.fr\/le-fief-melin\/en\/#\/schema\/logo\/image\/\"}}]}<\/script>\n<!-- \/ Yoast SEO plugin. -->","yoast_head_json":{"title":"Camping Saint Denis d'Ol\u00e9ron | Mobile home rental St Denis d'Ol\u00e9ron","description":"Looking for an unforgettable stay in Saint Denis d'Ol\u00e9ron? Discover our ideally located campsite, offering comfortable accommodation and activities for all ages.","robots":{"index":"index","follow":"follow","max-snippet":"max-snippet:-1","max-image-preview":"max-image-preview:large","max-video-preview":"max-video-preview:-1"},"canonical":"https:\/\/madeincamp.fr\/le-fief-melin\/en\/tourism-ile-oleron\/campsite-saint-denis-doleron\/","og_locale":"en_US","og_type":"article","og_title":"Camping Saint Denis d'Ol\u00e9ron | Mobile home rental St Denis d'Ol\u00e9ron","og_description":"Looking for an unforgettable stay in Saint Denis d'Ol\u00e9ron? Discover our ideally located campsite, offering comfortable accommodation and activities for all ages.","og_url":"https:\/\/madeincamp.fr\/le-fief-melin\/en\/tourism-ile-oleron\/campsite-saint-denis-doleron\/","og_site_name":"Made in camp Le Fief Melin","article_modified_time":"2024-10-16T08:20:16+00:00","og_image":[{"width":1920,"height":1200,"url":"https:\/\/madeincamp.fr\/le-fief-melin\/wp-content\/uploads\/sites\/5\/2024\/07\/cabines-de-plage-multicolores-oleron.webp","type":"image\/webp"}],"twitter_card":"summary_large_image","twitter_misc":{"Est. reading time":"6 minutes"},"schema":{"@context":"https:\/\/schema.org","@graph":[{"@type":"WebPage","@id":"https:\/\/madeincamp.fr\/le-fief-melin\/en\/tourism-ile-oleron\/campsite-saint-denis-doleron\/","url":"https:\/\/madeincamp.fr\/le-fief-melin\/en\/tourism-ile-oleron\/campsite-saint-denis-doleron\/","name":"Camping Saint Denis d'Ol\u00e9ron | Mobile home rental St Denis d'Ol\u00e9ron","isPartOf":{"@id":"https:\/\/madeincamp.fr\/le-fief-melin\/en\/#website"},"primaryImageOfPage":{"@id":"https:\/\/madeincamp.fr\/le-fief-melin\/en\/tourism-ile-oleron\/campsite-saint-denis-doleron\/#primaryimage"},"image":{"@id":"https:\/\/madeincamp.fr\/le-fief-melin\/en\/tourism-ile-oleron\/campsite-saint-denis-doleron\/#primaryimage"},"thumbnailUrl":"https:\/\/madeincamp.fr\/le-fief-melin\/wp-content\/uploads\/sites\/5\/2024\/07\/cabines-de-plage-multicolores-oleron.webp","datePublished":"2024-06-18T09:56:26+00:00","dateModified":"2024-10-16T08:20:16+00:00","description":"Looking for an unforgettable stay in Saint Denis d'Ol\u00e9ron? Discover our ideally located campsite, offering comfortable accommodation and activities for all ages.","breadcrumb":{"@id":"https:\/\/madeincamp.fr\/le-fief-melin\/en\/tourism-ile-oleron\/campsite-saint-denis-doleron\/#breadcrumb"},"inLanguage":"en-US","potentialAction":[{"@type":"ReadAction","target":["https:\/\/madeincamp.fr\/le-fief-melin\/en\/tourism-ile-oleron\/campsite-saint-denis-doleron\/"]}]},{"@type":"ImageObject","inLanguage":"en-US","@id":"https:\/\/madeincamp.fr\/le-fief-melin\/en\/tourism-ile-oleron\/campsite-saint-denis-doleron\/#primaryimage","url":"https:\/\/madeincamp.fr\/le-fief-melin\/wp-content\/uploads\/sites\/5\/2024\/07\/cabines-de-plage-multicolores-oleron.webp","contentUrl":"https:\/\/madeincamp.fr\/le-fief-melin\/wp-content\/uploads\/sites\/5\/2024\/07\/cabines-de-plage-multicolores-oleron.webp","width":1920,"height":1200},{"@type":"BreadcrumbList","@id":"https:\/\/madeincamp.fr\/le-fief-melin\/en\/tourism-ile-oleron\/campsite-saint-denis-doleron\/#breadcrumb","itemListElement":[{"@type":"ListItem","position":1,"name":"Discover Ile d'Ol\u00e9ron","item":"https:\/\/madeincamp.fr\/le-fief-melin\/en\/tourism-ile-oleron\/"},{"@type":"ListItem","position":2,"name":"Visit Saint-Denis-d'Ol\u00e9ron"}]},{"@type":"WebSite","@id":"https:\/\/madeincamp.fr\/le-fief-melin\/en\/#website","url":"https:\/\/madeincamp.fr\/le-fief-melin\/en\/","name":"Made in camp Le Fief Melin","description":"Artisans of your holidays","publisher":{"@id":"https:\/\/madeincamp.fr\/le-fief-melin\/en\/#organization"},"inLanguage":"en-US"},{"@type":"Organization","@id":"https:\/\/madeincamp.fr\/le-fief-melin\/en\/#organization","name":"Made in camp Le Fief Melin","url":"https:\/\/madeincamp.fr\/le-fief-melin\/en\/","logo":{"@type":"ImageObject","inLanguage":"en-US","@id":"https:\/\/madeincamp.fr\/le-fief-melin\/en\/#\/schema\/logo\/image\/","url":"https:\/\/madeincamp.fr\/le-fief-melin\/wp-content\/uploads\/sites\/5\/2024\/02\/made-in-camp-logo.png","contentUrl":"https:\/\/madeincamp.fr\/le-fief-melin\/wp-content\/uploads\/sites\/5\/2024\/02\/made-in-camp-logo.png","width":224,"height":91,"caption":"Made in camp Le Fief Melin"},"image":{"@id":"https:\/\/madeincamp.fr\/le-fief-melin\/en\/#\/schema\/logo\/image\/"}}]}},"_links":{"self":[{"href":"https:\/\/madeincamp.fr\/le-fief-melin\/en\/wp-json\/wp\/v2\/pages\/10419","targetHints":{"allow":["GET"]}}],"collection":[{"href":"https:\/\/madeincamp.fr\/le-fief-melin\/en\/wp-json\/wp\/v2\/pages"}],"about":[{"href":"https:\/\/madeincamp.fr\/le-fief-melin\/en\/wp-json\/wp\/v2\/types\/page"}],"author":[{"embeddable":true,"href":"https:\/\/madeincamp.fr\/le-fief-melin\/en\/wp-json\/wp\/v2\/users\/1"}],"replies":[{"embeddable":true,"href":"https:\/\/madeincamp.fr\/le-fief-melin\/en\/wp-json\/wp\/v2\/comments?post=10419"}],"version-history":[{"count":10,"href":"https:\/\/madeincamp.fr\/le-fief-melin\/en\/wp-json\/wp\/v2\/pages\/10419\/revisions"}],"predecessor-version":[{"id":10760,"href":"https:\/\/madeincamp.fr\/le-fief-melin\/en\/wp-json\/wp\/v2\/pages\/10419\/revisions\/10760"}],"up":[{"embeddable":true,"href":"https:\/\/madeincamp.fr\/le-fief-melin\/en\/wp-json\/wp\/v2\/pages\/7537"}],"wp:featuredmedia":[{"embeddable":true,"href":"https:\/\/madeincamp.fr\/le-fief-melin\/en\/wp-json\/wp\/v2\/media\/10088"}],"wp:attachment":[{"href":"https:\/\/madeincamp.fr\/le-fief-melin\/en\/wp-json\/wp\/v2\/media?parent=10419"}],"curies":[{"name":"wp","href":"https:\/\/api.w.org\/{rel}","templated":true}]}}