{"id":5970,"date":"2024-03-08T11:48:54","date_gmt":"2024-03-08T10:48:54","guid":{"rendered":"https:\/\/madeincamp.fr\/le-colombier\/?page_id=5970"},"modified":"2025-01-23T09:28:21","modified_gmt":"2025-01-23T08:28:21","slug":"tourisme-vendee","status":"publish","type":"page","link":"https:\/\/madeincamp.fr\/le-colombier\/tourisme-vendee\/","title":{"rendered":"Tourisme : Situation id\u00e9ale pour d\u00e9couvrir la Vend\u00e9e"},"content":{"rendered":"\n<div class=\"wp-block-group alignfull animated fadeIn slow has-border-color has-base-2-border-color has-base-2-color has-text-color has-background has-link-color wp-elements-a7f0da17ac817a4e2faad0df0f10b6a0 has-global-padding is-layout-constrained wp-container-core-group-is-layout-63ebeb6a wp-block-group-is-layout-constrained\" style=\"border-width:2rem;background:linear-gradient(0deg,rgb(56,78,90) 87%,rgb(255,255,255) 87%);padding-top:0;padding-right:var(--wp--preset--spacing--50);padding-bottom:0;padding-left:var(--wp--preset--spacing--50)\">\n<div class=\"wp-block-columns alignfull are-vertically-aligned-top is-layout-flex wp-container-core-columns-is-layout-9c22b1e3 wp-block-columns-is-layout-flex\">\n<div class=\"wp-block-column is-vertically-aligned-top is-layout-flow wp-block-column-is-layout-flow\" style=\"padding-top:var(--wp--preset--spacing--60);padding-right:var(--wp--preset--spacing--50);padding-bottom:0;flex-basis:50%\">\n<div style=\"height:1rem\" aria-hidden=\"true\" class=\"wp-block-spacer\"><\/div>\n\n\n\n<h2 class=\"wp-block-heading has-base-2-color has-text-color has-link-color has-x-large-font-size wp-elements-427f78a9e220f73e2ef34ab43463aae2\" style=\"font-style:normal;font-weight:300\">Journ\u00e9e familiale et \u00e9merveillement au Puy du Fou<\/h2>\n\n\n\n<p><a href=\"https:\/\/www.puydufou.com\/france\/fr\" target=\"_blank\" rel=\"noreferrer noopener\">D\u00e9couvrez le Puy du Fou<\/a>, un parc unique qui a \u00e9t\u00e9 \u00e9lu le<strong> meilleur parc \u00e0 th\u00e8me du monde\u202f! <\/strong>Situ\u00e9 en plein c\u0153ur de la Vend\u00e9e, il offre une exp\u00e9rience de visite hors du commun.&nbsp;<\/p>\n\n\n\n<p>Ici, l&rsquo;histoire prend vie \u00e0 travers des <strong>spectacles \u00e9piques<\/strong> qui vous transportent \u00e0 diff\u00e9rentes \u00e9poques, des <strong>gladiateurs<\/strong> <strong>romains<\/strong> aux <strong>chevaliers<\/strong> <strong>du<\/strong> <strong>Moyen<\/strong> <strong>\u00c2ge<\/strong>. Chaque spectacle est une <strong>prouesse<\/strong> <strong>artistique<\/strong> et <strong>technique<\/strong>, avec des <strong>d\u00e9cors<\/strong> <strong>grandioses<\/strong> et des <strong>effets <\/strong>sp\u00e9ciaux \u00e0 couper le souffle.<\/p>\n\n\n\n<p><br>En plus des spectacles, le parc propose des <strong>villages th\u00e9matiques<\/strong>, o\u00f9 <strong>artisans<\/strong> et <strong>acteurs<\/strong> recr\u00e9ent la<strong> vie quotidienne d&rsquo;antan<\/strong>. <\/p>\n\n\n\n<p>Nos <a href=\"https:\/\/madeincamp.fr\/le-colombier\/location-mobil-home-saint-martin-lars-en-sainte-hermine\/\">h\u00e9bergements Made in camp<\/a> \u00e0 moins d&rsquo;une heure compl\u00e8tent offre une logistique de journ\u00e9e simple. C&rsquo;est une destination id\u00e9ale pour les familles cherchant \u00e0 allier divertissement, \u00e9ducation et \u00e9vasion dans un cadre spectaculaire.<\/p>\n<\/div>\n\n\n\n<div class=\"wp-block-column is-vertically-aligned-top is-layout-flow wp-block-column-is-layout-flow\" style=\"flex-basis:50%\">\n<figure class=\"wp-block-image size-full\"><img decoding=\"async\" width=\"1920\" height=\"1080\" sizes=\"(max-width: 620px) 100vw, 620px\" src=\"https:\/\/madeincamp.fr\/le-colombier\/wp-content\/uploads\/sites\/3\/2024\/03\/puy-du-fou-vendee-vacances-famille-6_1920_1080.webp\" alt=\"puy du fou vendee vacances famille \" class=\"wp-image-6584\" style=\"aspect-ratio:1;object-fit:cover\" srcset=\"https:\/\/madeincamp.fr\/le-colombier\/wp-content\/uploads\/sites\/3\/2024\/03\/puy-du-fou-vendee-vacances-famille-6_1920_1080.webp 1920w, https:\/\/madeincamp.fr\/le-colombier\/wp-content\/uploads\/sites\/3\/2024\/03\/puy-du-fou-vendee-vacances-famille-6_1920_1080-300x169.webp 300w, https:\/\/madeincamp.fr\/le-colombier\/wp-content\/uploads\/sites\/3\/2024\/03\/puy-du-fou-vendee-vacances-famille-6_1920_1080-1024x576.webp 1024w, https:\/\/madeincamp.fr\/le-colombier\/wp-content\/uploads\/sites\/3\/2024\/03\/puy-du-fou-vendee-vacances-famille-6_1920_1080-768x432.webp 768w, https:\/\/madeincamp.fr\/le-colombier\/wp-content\/uploads\/sites\/3\/2024\/03\/puy-du-fou-vendee-vacances-famille-6_1920_1080-1536x864.webp 1536w\" \/><\/figure>\n<\/div>\n<\/div>\n\n\n\n<div class=\"wp-block-group alignfull is-layout-flow wp-block-group-is-layout-flow\" style=\"border-top-color:var(--wp--preset--color--base-2);border-top-width:1px;border-bottom-style:none;border-bottom-width:0px;margin-top:var(--wp--preset--spacing--30);margin-bottom:0;padding-top:var(--wp--preset--spacing--30);padding-bottom:var(--wp--preset--spacing--30)\">\n<div class=\"wp-block-group alignfull is-content-justification-center is-nowrap is-layout-flex wp-container-core-group-is-layout-19a3e464 wp-block-group-is-layout-flex\"><a href=\"https:\/\/www.puydufou.com\/france\/fr\/spectacles?field_list_category_value%5Bshow%5D=show&#038;field_list_category_value%5Bnight-show%5D=night-show&#038;field_list_category_value%5Bexperiences%5D=experiences\" rel=\"noreferrer noopener\"   class=\"animated fadeInUp slow wp-block-tiptip-hyperlink-group-block\" target=\"_blank\">\n<div class=\"wp-block-group is-content-justification-center is-nowrap is-layout-flex wp-container-core-group-is-layout-23441af8 wp-block-group-is-layout-flex\">\n<p class=\"has-text-align-center has-base-2-color has-text-color has-link-color wp-elements-b6f9180cac0916cc38306136b7b95a0c\" style=\"font-size:clamp(0.984rem, 0.984rem + ((1vw - 0.2rem) * 0.86), 1.5rem);font-style:normal;font-weight:300\">Puy du Fou<br>Les spectacles<\/p>\n\n\n\n<figure class=\"wp-block-image size-full is-resized\"><img decoding=\"async\" src=\"https:\/\/madeincamp.fr\/wp-content\/uploads\/2024\/02\/arrow-big.png\" alt=\"arrow big\" class=\"wp-image-422\" style=\"width:40px\" \/><\/figure>\n<\/div>\n<\/a>\n\n\n<div class=\"wp-block-group has-contrast-2-color has-base-2-background-color has-text-color has-background has-link-color wp-elements-46e08b39e1fb48036ad7611f1ef75598 wp-container-content-9d25eabc is-layout-flow wp-block-group-is-layout-flow\" style=\"padding-top:var(--wp--preset--spacing--30);padding-bottom:var(--wp--preset--spacing--30)\"><\/div>\n\n\n<a href=\"https:\/\/www.puydufou.com\/france\/fr\/billets-puy-du-fou-france?utm_term=le%20puy%20du%20fou&#038;utm_campaign=%5BB2C%5D%20SEA_D%C3%A9fense_Nouveaux%20clients&#038;utm_source=adwords&#038;utm_medium=ppc&#038;hsa_acc=2657850800&#038;hsa_cam=72954872&#038;hsa_grp=118675126480&#038;hsa_ad=650203640301&#038;hsa_src=g&#038;hsa_tgt=kwd-2543620140&#038;hsa_kw=le%20puy%20du%20fou&#038;hsa_mt=e&#038;hsa_net=adwords&#038;hsa_ver=3&#038;gad_source=1&#038;gclid=Cj0KCQjwncWvBhD_ARIsAEb2HW_WiO0LNcdO2neKPJAil0jVGvwk1CIMAR6q97X2RcFTNXG9ETVx3XwaAjgEEALw_wcB\" rel=\"noreferrer noopener\"   class=\"animated fadeInUp slow wp-block-tiptip-hyperlink-group-block\" target=\"_blank\">\n<div class=\"wp-block-group is-content-justification-center is-nowrap is-layout-flex wp-container-core-group-is-layout-23441af8 wp-block-group-is-layout-flex\">\n<p class=\"has-text-align-center has-base-2-color has-text-color has-link-color wp-elements-ecbe42b6cfb0b518e47eed821d570f5c\" style=\"font-size:clamp(0.984rem, 0.984rem + ((1vw - 0.2rem) * 0.86), 1.5rem);font-style:normal;font-weight:300\">Puy du Fou<br>Billetterie en ligne<\/p>\n\n\n\n<figure class=\"wp-block-image size-full is-resized\"><img decoding=\"async\" src=\"https:\/\/madeincamp.fr\/wp-content\/uploads\/2024\/02\/arrow-big.png\" alt=\"arrow big\" class=\"wp-image-422\" style=\"width:40px\" \/><\/figure>\n<\/div>\n<\/a>\n\n\n<div class=\"wp-block-group has-contrast-2-color has-base-2-background-color has-text-color has-background has-link-color wp-elements-46e08b39e1fb48036ad7611f1ef75598 wp-container-content-9d25eabc is-layout-flow wp-block-group-is-layout-flow\" style=\"padding-top:var(--wp--preset--spacing--30);padding-bottom:var(--wp--preset--spacing--30)\"><\/div>\n\n\n<a href=\"https:\/\/www.puydufou.com\/france\/fr\/visite-virtuelle-puy-du-fou\" rel=\"noreferrer noopener\"   class=\"animated fadeInUp slow wp-block-tiptip-hyperlink-group-block\" target=\"_blank\">\n<div class=\"wp-block-group is-content-justification-center is-nowrap is-layout-flex wp-container-core-group-is-layout-23441af8 wp-block-group-is-layout-flex\">\n<p class=\"has-text-align-center has-base-2-color has-text-color has-link-color wp-elements-65052c2917a2bf4e9b200d0ae3d652c5\" style=\"font-size:clamp(0.984rem, 0.984rem + ((1vw - 0.2rem) * 0.86), 1.5rem);font-style:normal;font-weight:300\">Puy du Fou<br>Visite virtuelle<\/p>\n\n\n\n<figure class=\"wp-block-image size-full is-resized\"><img decoding=\"async\" src=\"https:\/\/madeincamp.fr\/wp-content\/uploads\/2024\/02\/arrow-big.png\" alt=\"arrow big\" class=\"wp-image-422\" style=\"width:40px\" \/><\/figure>\n<\/div>\n<\/a><\/div>\n<\/div>\n<\/div>\n\n\n\n<div class=\"wp-block-cover alignfull is-light rellaxed animated fadeIn slow is-style-gt-bg-right has-border-color has-base-2-border-color\" style=\"border-width:2rem;padding-top:0;padding-bottom:0;padding-left:0;min-height:120vh;aspect-ratio:unset;\"><span aria-hidden=\"true\" class=\"wp-block-cover__background has-background-dim-0 has-background-dim\"><\/span><img decoding=\"async\" width=\"800\" height=\"1520\" sizes=\"100vw\" class=\"wp-block-cover__image-background wp-image-6548\" alt=\"plage vague\" src=\"https:\/\/madeincamp.fr\/le-colombier\/wp-content\/uploads\/sites\/3\/2024\/03\/plage-vague.webp\" data-object-fit=\"cover\" srcset=\"https:\/\/madeincamp.fr\/le-colombier\/wp-content\/uploads\/sites\/3\/2024\/03\/plage-vague.webp 800w, https:\/\/madeincamp.fr\/le-colombier\/wp-content\/uploads\/sites\/3\/2024\/03\/plage-vague-158x300.webp 158w, https:\/\/madeincamp.fr\/le-colombier\/wp-content\/uploads\/sites\/3\/2024\/03\/plage-vague-539x1024.webp 539w, https:\/\/madeincamp.fr\/le-colombier\/wp-content\/uploads\/sites\/3\/2024\/03\/plage-vague-768x1459.webp 768w\" \/><div class=\"wp-block-cover__inner-container has-global-padding is-layout-constrained wp-container-core-cover-is-layout-42b5475c wp-block-cover-is-layout-constrained\">\n<div class=\"wp-block-group alignwide is-layout-flow wp-block-group-is-layout-flow\" style=\"padding-top:0;padding-right:20vw;padding-bottom:0\">\n<div class=\"wp-block-columns are-vertically-aligned-center has-base-2-background-color has-background is-layout-flex wp-container-core-columns-is-layout-271a479c wp-block-columns-is-layout-flex\" style=\"padding-top:var(--wp--preset--spacing--20);padding-right:var(--wp--preset--spacing--20);padding-bottom:var(--wp--preset--spacing--20);padding-left:var(--wp--preset--spacing--20)\">\n<div class=\"wp-block-column is-vertically-aligned-center is-layout-flow wp-block-column-is-layout-flow\">\n<h2 class=\"wp-block-heading has-base-color has-text-color has-link-color has-large-font-size wp-elements-3944671fb5583b5e0d627bbecd5d341f\" style=\"font-style:normal;font-weight:300\"><strong>Envie d&rsquo;une journ\u00e9e plage<\/strong> ? L&rsquo;oc\u00e9an est \u00e0 moins d&rsquo;une heure du camping<\/h2>\n\n\n\n<p>Si vous s\u00e9journez au <a href=\"https:\/\/madeincamp.fr\/camping-vendee\/camping-naturiste-en-vendee\/\">Camping naturiste en Vend\u00e9e<\/a> Le Colombier et que l&rsquo;appel de l&rsquo;oc\u00e9an se fait sentir, sachez que vous \u00eates<strong> \u00e0 proximit\u00e9 de magnifiques plages.<\/strong> \u00c0 environ 51,8 km du bord de mer, ce camping offre un acc\u00e8s facile aux plages de sable fin de la r\u00e9gion, parfait pour une escapade d&rsquo;une journ\u00e9e \u00e0 la plage.<\/p>\n\n\n\n<p>Profitez du soleil et de la brise marine sur ces plages, c\u00e9l\u00e8bres pour <strong>leur beaut\u00e9 et leur tranquillit\u00e9<\/strong>. Que vous cherchiez un lieu pour vous d\u00e9tendre, pour nager, ou m\u00eame pour vous adonner \u00e0 <strong>des activit\u00e9s nautiques<\/strong>, les plages vend\u00e9ennes sauront r\u00e9pondre \u00e0 vos attentes.<\/p>\n\n\n\n<p><br>Cette <strong>proximit\u00e9 avec la c\u00f4te<\/strong> est un atout majeur pour le <a href=\"https:\/\/madeincamp.fr\/le-colombier\/\">Camping Le Colombier<\/a>, permettant aux vacanciers de<strong> combiner le calme et la nature<\/strong> du camping avec le plaisir des activit\u00e9s baln\u00e9aires. La Vend\u00e9e, connue pour son ensoleillement et ses paysages c\u00f4tiers, est <strong>un v\u00e9ritable paradis <\/strong>pour les amateurs de plage.<\/p>\n\n\n\n<div style=\"height:0.5rem\" aria-hidden=\"true\" class=\"wp-block-spacer\"><\/div>\n<\/div>\n\n\n\n<div class=\"wp-block-column is-vertically-aligned-center is-layout-flow wp-container-core-column-is-layout-22223934 wp-block-column-is-layout-flow\">\n<figure class=\"wp-block-image size-full is-resized animated fadeIn slow\"><img decoding=\"async\" width=\"1024\" height=\"684\" sizes=\"(max-width: 391px) 100vw, 391px\" src=\"https:\/\/madeincamp.fr\/le-colombier\/wp-content\/uploads\/sites\/3\/2024\/03\/le-colombier-camping-naturiste-en-vendee210_resultat.webp\" alt=\"le colombier camping naturiste en vendee210 resultat\" class=\"wp-image-6542\" style=\"aspect-ratio:0.75;object-fit:cover;width:391px;height:auto\" srcset=\"https:\/\/madeincamp.fr\/le-colombier\/wp-content\/uploads\/sites\/3\/2024\/03\/le-colombier-camping-naturiste-en-vendee210_resultat.webp 1024w, https:\/\/madeincamp.fr\/le-colombier\/wp-content\/uploads\/sites\/3\/2024\/03\/le-colombier-camping-naturiste-en-vendee210_resultat-300x200.webp 300w, https:\/\/madeincamp.fr\/le-colombier\/wp-content\/uploads\/sites\/3\/2024\/03\/le-colombier-camping-naturiste-en-vendee210_resultat-768x513.webp 768w\" \/><\/figure>\n<\/div>\n<\/div>\n<\/div>\n<\/div><\/div>\n\n\n\n<div class=\"wp-block-cover alignfull has-custom-content-position is-position-bottom-left animated fadeIn slow\" style=\"padding-top:var(--wp--preset--spacing--40);padding-right:var(--wp--preset--spacing--40);padding-bottom:var(--wp--preset--spacing--40);padding-left:var(--wp--preset--spacing--40);min-height:100vh;aspect-ratio:unset;\"><span aria-hidden=\"true\" class=\"wp-block-cover__background has-background-dim-60 has-background-dim wp-block-cover__gradient-background has-background-gradient\" style=\"background:linear-gradient(135deg,rgb(0,0,0) 0%,rgba(0,0,0,0.59) 100%)\"><\/span><img decoding=\"async\" width=\"1920\" height=\"1079\" sizes=\"100vw\" class=\"wp-block-cover__image-background wp-image-6596\" alt=\"plage ile noirmoutier resultat\" src=\"https:\/\/madeincamp.fr\/le-colombier\/wp-content\/uploads\/sites\/3\/2024\/03\/plage-ile-noirmoutier_resultat.webp\" data-object-fit=\"cover\" srcset=\"https:\/\/madeincamp.fr\/le-colombier\/wp-content\/uploads\/sites\/3\/2024\/03\/plage-ile-noirmoutier_resultat.webp 1920w, https:\/\/madeincamp.fr\/le-colombier\/wp-content\/uploads\/sites\/3\/2024\/03\/plage-ile-noirmoutier_resultat-300x169.webp 300w, https:\/\/madeincamp.fr\/le-colombier\/wp-content\/uploads\/sites\/3\/2024\/03\/plage-ile-noirmoutier_resultat-1024x575.webp 1024w, https:\/\/madeincamp.fr\/le-colombier\/wp-content\/uploads\/sites\/3\/2024\/03\/plage-ile-noirmoutier_resultat-768x432.webp 768w, https:\/\/madeincamp.fr\/le-colombier\/wp-content\/uploads\/sites\/3\/2024\/03\/plage-ile-noirmoutier_resultat-1536x863.webp 1536w\" \/><div class=\"wp-block-cover__inner-container is-layout-flow wp-block-cover-is-layout-flow\">\n<div class=\"wp-block-group has-base-2-color has-text-color has-link-color wp-elements-0e85cd9b322ed8ebe96756559bfe5be9 is-content-justification-left is-layout-flex wp-container-core-group-is-layout-212d14f0 wp-block-group-is-layout-flex\" style=\"margin-top:0;margin-bottom:0\">\n<h3 class=\"wp-block-heading animated fadeIn slow has-base-2-color has-text-color has-link-color has-x-large-font-size wp-elements-51f9009335c5617be4ff49b65202319f\" style=\"font-style:normal;font-weight:300\">Parmi les <strong>meilleures<\/strong> <strong>plages<\/strong> \u00e0 proximit\u00e9, d\u00e9couvrez :<\/h3>\n\n\n\n<div class=\"wp-block-columns wp-container-content-9cfa9a5a is-layout-flex wp-container-core-columns-is-layout-28f84493 wp-block-columns-is-layout-flex\">\n<div class=\"wp-block-column is-layout-flow wp-block-column-is-layout-flow\">\n<ul class=\"wp-block-list\">\n<li><strong>Plage des Sables d&rsquo;Olonne :<\/strong> Cette plage offre une<strong> atmosph\u00e8re r\u00e9tro <\/strong>avec ses cabines de plage. Vous y trouverez des magasins, bars, restaurants et \u00e9coles de sports nautiques.&nbsp;<\/li>\n<\/ul>\n\n\n\n<ul class=\"wp-block-list\">\n<li><strong>La Grande Plage de Saint-Gilles-Croix-de-Vie :<\/strong> Situ\u00e9e de l&rsquo;autre c\u00f4t\u00e9 de la jet\u00e9e par rapport \u00e0 la<strong> plage de Boivinet<\/strong> est \u00e0 proximit\u00e9 d&rsquo;une <strong>plage naturiste<\/strong> connue sous le nom de<strong> Plage du Petit Pont<\/strong>. C&rsquo;est un lieu id\u00e9al pour ceux qui recherchent une exp\u00e9rience de plage en harmonie avec la nature, dans un cadre respectueux et discret.<\/li>\n<\/ul>\n\n\n\n<ul class=\"wp-block-list\">\n<li><strong>Plages autorisant les chiens : <\/strong>La Vend\u00e9e propose des plages o\u00f9 vos animaux de compagnie sont les bienvenus comme la<strong> plage les Granges<\/strong>, de la <strong>Sauveterre<\/strong>, parmi d&rsquo;autres. Ces espaces accueillent les vacanciers et leurs compagnons \u00e0 quatre pattes, avec certaines r\u00e8gles \u00e0 respecter pour le bien-\u00eatre de tous.<\/li>\n<\/ul>\n<\/div>\n\n\n\n<div class=\"wp-block-column is-layout-flow wp-block-column-is-layout-flow\">\n<ul class=\"wp-block-list\">\n<li><strong>Plage de Veillon \u00e0 Talmont-Saint-Hilaire : <\/strong>Situ\u00e9e au c\u0153ur de l&#8217;embouchure du Payr\u00e9 et en <strong>bordure<\/strong> <strong>de<\/strong> <strong>for\u00eat<\/strong>, cette plage offre un environnement naturel magnifique, id\u00e9al pour <strong>l&rsquo;observation<\/strong> <strong>des<\/strong> <strong>oiseaux<\/strong>.<\/li>\n<\/ul>\n\n\n\n<ul class=\"wp-block-list\">\n<li><strong>Plage des Conches \u00e0 Longeville-sur-Mer :<\/strong> Cette plage s&rsquo;\u00e9tend le long d&rsquo;une <strong>cr\u00eate<\/strong> <strong>dunaire<\/strong> et est proche de la ville, avec des restaurants et magasins. C&rsquo;est aussi l&rsquo;un des<strong> meilleurs spots de surf en Vend\u00e9e<\/strong>.<\/li>\n<\/ul>\n\n\n\n<ul class=\"wp-block-list\">\n<li><strong>Plage de La Terri\u00e8re \u00e0 La-Tranche-sur-Mer :<\/strong> Conviviale et familiale, cette plage offre une <strong>baignade<\/strong> <strong>surveill\u00e9e<\/strong> en saison, un grand parking, et un snack-bar. Elle est \u00e9galement proche de <strong>sentiers<\/strong> <strong>de<\/strong> <strong>randonn\u00e9e<\/strong>.<br><\/li>\n\n\n\n<li><strong>Plage de Boivinet <\/strong>: La petite plage de Boivinet est appr\u00e9ci\u00e9e pour ses <strong>points de<\/strong> <strong>vue<\/strong>.&nbsp;<\/li>\n<\/ul>\n<\/div>\n<\/div>\n<\/div>\n<\/div><\/div>\n\n\n\n<div class=\"wp-block-cover alignfull is-light rellaxed animated fadeIn slow is-style-gt-bg-left has-border-color has-base-2-border-color\" style=\"border-width:2rem;padding-top:0;padding-bottom:0;padding-left:0;min-height:120vh;aspect-ratio:unset;\"><span aria-hidden=\"true\" class=\"wp-block-cover__background has-background-dim-0 has-background-dim\"><\/span><video class=\"wp-block-cover__video-background intrinsic-ignore\" autoplay muted loop playsinline playsinline src=\"https:\/\/madeincamp.fr\/le-colombier\/wp-content\/uploads\/sites\/3\/2024\/03\/aquarium.webm\" data-object-fit=\"cover\"><\/video><div class=\"wp-block-cover__inner-container has-global-padding is-layout-constrained wp-container-core-cover-is-layout-42b5475c wp-block-cover-is-layout-constrained\">\n<div class=\"wp-block-group alignwide is-layout-flow wp-block-group-is-layout-flow\" style=\"padding-top:0;padding-bottom:0;padding-left:20vw\">\n<div class=\"wp-block-columns are-vertically-aligned-center has-base-2-background-color has-background is-layout-flex wp-container-core-columns-is-layout-271a479c wp-block-columns-is-layout-flex\" style=\"padding-top:var(--wp--preset--spacing--20);padding-right:var(--wp--preset--spacing--20);padding-bottom:var(--wp--preset--spacing--20);padding-left:var(--wp--preset--spacing--20)\">\n<div class=\"wp-block-column is-vertically-aligned-center is-layout-flow wp-container-core-column-is-layout-22223934 wp-block-column-is-layout-flow\">\n<figure class=\"wp-block-image size-full animated fadeIn slow\"><img decoding=\"async\" width=\"900\" height=\"600\" sizes=\"(max-width: 720px) 100vw, 720px\" src=\"https:\/\/madeincamp.fr\/le-colombier\/wp-content\/uploads\/sites\/3\/2024\/03\/La-rochelle-4.jpg\" alt=\"La rochelle 4\" class=\"wp-image-6555\" style=\"aspect-ratio:3\/4;object-fit:cover\" srcset=\"https:\/\/madeincamp.fr\/le-colombier\/wp-content\/uploads\/sites\/3\/2024\/03\/La-rochelle-4.jpg 900w, https:\/\/madeincamp.fr\/le-colombier\/wp-content\/uploads\/sites\/3\/2024\/03\/La-rochelle-4-300x200.jpg 300w, https:\/\/madeincamp.fr\/le-colombier\/wp-content\/uploads\/sites\/3\/2024\/03\/La-rochelle-4-768x512.jpg 768w\" \/><\/figure>\n<\/div>\n\n\n\n<div class=\"wp-block-column is-vertically-aligned-center is-layout-flow wp-block-column-is-layout-flow\">\n<h2 class=\"wp-block-heading has-base-color has-text-color has-link-color has-large-font-size wp-elements-138c45306ee03bec9596daabd1e0f95e\" style=\"font-style:normal;font-weight:300\"><strong>La Rochelle<\/strong>, un incontournable \u00e0 d\u00e9couvrir<\/h2>\n\n\n\n<p><a href=\"https:\/\/www.larochelle-tourisme.com\/\" target=\"_blank\" rel=\"noreferrer noopener\">La Rochelle<\/a> est une destination incontournable. Cette ville maritime historique offre une exp\u00e9rience riche. Lors de votre s\u00e9jour, vous pourrez explorer les<strong> quais du Vieux Port<\/strong>, fl\u00e2ner dans les rues pav\u00e9es de la vieille ville, et d\u00e9couvrir les <strong>march\u00e9s locaux<\/strong>. <\/p>\n\n\n\n<p>Visitez l&rsquo;<a href=\"https:\/\/www.aquarium-larochelle.com\/\" target=\"_blank\" rel=\"noreferrer noopener\">Aquarium La Rochelle<\/a>, l&rsquo;<strong>un des plus grands aquariums priv\u00e9s d&rsquo;Europe<\/strong>, pour une immersion fascinante dans le monde marin. <\/p>\n\n\n\n<p>Profitez \u00e9galement des nombreux restaurants et <strong>boutiques artisanales <\/strong>pour go\u00fbter aux saveurs locales et ramener un souvenir de La Rochelle. Avec un m\u00e9lange parfait de culture, d&rsquo;histoire et de loisirs maritimes, La Rochelle est une escale enrichissante pour tout visiteur de la Vend\u00e9e.<\/p>\n<\/div>\n<\/div>\n<\/div>\n<\/div><\/div>\n\n\n\n<div class=\"wp-block-group alignwide is-layout-flow wp-block-group-is-layout-flow\" style=\"padding-top:var(--wp--preset--spacing--60);padding-bottom:var(--wp--preset--spacing--60)\">\n<div class=\"wp-block-columns are-vertically-aligned-center is-layout-flex wp-container-core-columns-is-layout-7fc3d43a wp-block-columns-is-layout-flex\">\n<div class=\"wp-block-column is-vertically-aligned-center is-layout-flow wp-container-core-column-is-layout-8a368f38 wp-block-column-is-layout-flow\">\n<div class=\"wp-block-group home-map-ctv is-layout-flow wp-block-group-is-layout-flow\">\n<figure class=\"wp-block-image aligncenter size-full animated fadeInUp slow delay-500ms\"><img decoding=\"async\" src=\"https:\/\/madeincamp.fr\/wp-content\/uploads\/2024\/02\/fleur.png\" alt=\"fleur\" class=\"wp-image-121\" style=\"object-fit:cover\" \/><\/figure>\n<\/div>\n\n\n\n<div class=\"wp-block-group animated fadeIn slow has-global-padding is-layout-constrained wp-block-group-is-layout-constrained\">\n<figure class=\"wp-block-image size-full\"><img decoding=\"async\" width=\"1067\" height=\"800\" sizes=\"(max-width: 620px) 100vw, 620px\" src=\"https:\/\/madeincamp.fr\/le-colombier\/wp-content\/uploads\/sites\/3\/2024\/03\/Marais-poitevin-cc-commons-5.webp\" alt=\"Marais poitevin cc commons 5\" class=\"wp-image-6561\" style=\"aspect-ratio:1;object-fit:cover\" srcset=\"https:\/\/madeincamp.fr\/le-colombier\/wp-content\/uploads\/sites\/3\/2024\/03\/Marais-poitevin-cc-commons-5.webp 1067w, https:\/\/madeincamp.fr\/le-colombier\/wp-content\/uploads\/sites\/3\/2024\/03\/Marais-poitevin-cc-commons-5-300x225.webp 300w, https:\/\/madeincamp.fr\/le-colombier\/wp-content\/uploads\/sites\/3\/2024\/03\/Marais-poitevin-cc-commons-5-1024x768.webp 1024w, https:\/\/madeincamp.fr\/le-colombier\/wp-content\/uploads\/sites\/3\/2024\/03\/Marais-poitevin-cc-commons-5-768x576.webp 768w\" \/><\/figure>\n<\/div>\n<\/div>\n\n\n\n<div class=\"wp-block-column is-vertically-aligned-center is-layout-flow wp-block-column-is-layout-flow\">\n<h1 class=\"wp-block-heading has-x-large-font-size\">Moment nature au parc naturel marais poitevin<\/h1>\n\n\n\n<div style=\"height:1rem\" aria-hidden=\"true\" class=\"wp-block-spacer\"><\/div>\n\n\n\n<p>Le <a href=\"https:\/\/pnr.parc-marais-poitevin.fr\/\" target=\"_blank\" rel=\"noreferrer noopener\">Parc Naturel R\u00e9gional du Marais Poitevin<\/a>, un site exceptionnel en Vend\u00e9e, offre une exp\u00e9rience de nature unique et immersive. Ce parc, <strong>labellis\u00e9 Grand Site de France<\/strong>, est un havre de paix o\u00f9 la nature et la biodiversit\u00e9 s&rsquo;\u00e9panouissent. Il propose diverses activit\u00e9s telles que des <strong>balades en barque<\/strong>, du <strong>cano\u00eb-kayak<\/strong>, et des <strong>randonn\u00e9es<\/strong>, permettant aux visiteurs de s&rsquo;immerger pleinement dans cet environnement tranquille et pr\u00e9serv\u00e9. <\/p>\n\n\n\n<p>C&rsquo;est l&rsquo;endroit id\u00e9al pour ceux qui cherchent \u00e0 se reconnecter avec la nature et \u00e0 d\u00e9couvrir la <strong>richesse \u00e9cologique de la Vend\u00e9e<\/strong>.<\/p>\n<\/div>\n<\/div>\n<\/div>\n\n\n\n<div style=\"height:2rem\" aria-hidden=\"true\" class=\"wp-block-spacer\"><\/div>\n\n\n\n<div class=\"wp-block-group alignfull animated fadeIn slow has-border-color has-base-2-border-color has-base-2-color has-text-color has-background has-link-color wp-elements-373a8f0a3df0aedf31f11ba1226d19f8 has-global-padding is-layout-constrained wp-container-core-group-is-layout-63ebeb6a wp-block-group-is-layout-constrained\" style=\"border-width:2rem;background:linear-gradient(0deg,rgb(56,78,90) 87%,rgb(255,255,255) 87%);padding-top:0;padding-right:var(--wp--preset--spacing--50);padding-bottom:0;padding-left:var(--wp--preset--spacing--50)\">\n<div class=\"wp-block-columns alignfull are-vertically-aligned-top is-layout-flex wp-container-core-columns-is-layout-9c22b1e3 wp-block-columns-is-layout-flex\">\n<div class=\"wp-block-column is-vertically-aligned-top is-layout-flow wp-block-column-is-layout-flow\" style=\"padding-top:var(--wp--preset--spacing--60);padding-right:var(--wp--preset--spacing--50);padding-bottom:0;flex-basis:50%\">\n<div style=\"height:1rem\" aria-hidden=\"true\" class=\"wp-block-spacer\"><\/div>\n\n\n\n<h2 class=\"wp-block-heading has-base-2-color has-text-color has-link-color has-x-large-font-size wp-elements-93631530b78d8bbba0767a06acc34329\" style=\"font-style:normal;font-weight:300\"><strong>Balade<\/strong> au c\u0153ur de la For\u00eat Domaniale de Mervent-Vouvant<\/h2>\n\n\n\n<p>La <a href=\"https:\/\/www.fontenay-vendee-tourisme.com\/destination\/la-foret-de-mervent-vouvant\/\" target=\"_blank\" rel=\"noreferrer noopener\">For\u00eat Domaniale de Mervent-Vouvant<\/a>, situ\u00e9e dans le c\u0153ur de la Vend\u00e9e, est un<strong> paradis pour les amateurs de nature<\/strong> et de plein air. S&rsquo;\u00e9tendant sur <strong>5000 hectares<\/strong>, cette <strong>vaste for\u00eat<\/strong> offre une multitude d&rsquo;activit\u00e9s pour toute la famille. <\/p>\n\n\n\n<p>Vous pouvez vous balader \u00e0 pied, en VTT ou \u00e0 cheval, admirer la <strong>faune<\/strong> et la<strong> flore<\/strong> diversifi\u00e9es, ou encore naviguer sur le lac de Mervent en <strong>cano\u00eb<\/strong>, <strong>paddle<\/strong> ou <strong>bateau \u00e9lectrique<\/strong>. <\/p>\n\n\n\n<p>Le parc accueille \u00e9galement le <strong>Natur&rsquo;Zoo de Merven<\/strong>t et le<strong> parc d&rsquo;attractions de Pierre Brune<\/strong>, parfaits pour une journ\u00e9e de divertissement en famille. Avec ses<strong> circuits de randonn\u00e9e balis\u00e9s <\/strong>et ses aires de pique-nique, la For\u00eat de Mervent-Vouvant est l&rsquo;endroit id\u00e9al pour une escapade nature en Vend\u00e9e.<\/p>\n<\/div>\n\n\n\n<div class=\"wp-block-column is-vertically-aligned-top is-layout-flow wp-block-column-is-layout-flow\" style=\"flex-basis:50%\">\n<figure class=\"wp-block-image size-full\"><img decoding=\"async\" width=\"800\" height=\"450\" sizes=\"(max-width: 620px) 100vw, 620px\" src=\"https:\/\/madeincamp.fr\/le-colombier\/wp-content\/uploads\/sites\/3\/2024\/03\/vendee-geocaching-randonnee.jpg\" alt=\"vendee geocaching randonnee\" class=\"wp-image-6567\" style=\"aspect-ratio:4\/3;object-fit:cover\" srcset=\"https:\/\/madeincamp.fr\/le-colombier\/wp-content\/uploads\/sites\/3\/2024\/03\/vendee-geocaching-randonnee.jpg 800w, https:\/\/madeincamp.fr\/le-colombier\/wp-content\/uploads\/sites\/3\/2024\/03\/vendee-geocaching-randonnee-300x169.jpg 300w, https:\/\/madeincamp.fr\/le-colombier\/wp-content\/uploads\/sites\/3\/2024\/03\/vendee-geocaching-randonnee-768x432.jpg 768w\" \/><\/figure>\n<\/div>\n<\/div>\n\n\n\n<div class=\"wp-block-group alignfull is-layout-flow wp-block-group-is-layout-flow\" style=\"border-top-color:var(--wp--preset--color--base-2);border-top-width:1px;border-bottom-style:none;border-bottom-width:0px;margin-top:var(--wp--preset--spacing--30);margin-bottom:0;padding-top:var(--wp--preset--spacing--30);padding-bottom:var(--wp--preset--spacing--30)\">\n<div class=\"wp-block-group alignfull is-content-justification-center is-nowrap is-layout-flex wp-container-core-group-is-layout-19a3e464 wp-block-group-is-layout-flex\"><a href=\"https:\/\/www.fontenay-vendee-tourisme.com\/destination\/la-foret-de-mervent-vouvant\/les-lieux-secrets-de-mervent\/\" rel=\"noreferrer noopener\"   class=\"animated fadeInUp slow wp-block-tiptip-hyperlink-group-block\" target=\"_blank\">\n<div class=\"wp-block-group is-content-justification-center is-nowrap is-layout-flex wp-container-core-group-is-layout-23441af8 wp-block-group-is-layout-flex\">\n<p class=\"has-text-align-center has-base-2-color has-text-color has-link-color wp-elements-ae1f9507054ec8b15cec01950be7d5b3\" style=\"font-size:clamp(0.984rem, 0.984rem + ((1vw - 0.2rem) * 0.86), 1.5rem);font-style:normal;font-weight:300\">Les lieux secrets<br>de Mervent<\/p>\n\n\n\n<figure class=\"wp-block-image size-full is-resized\"><img decoding=\"async\" src=\"https:\/\/madeincamp.fr\/wp-content\/uploads\/2024\/02\/arrow-big.png\" alt=\"arrow big\" class=\"wp-image-422\" style=\"width:40px\" \/><\/figure>\n<\/div>\n<\/a>\n\n\n<div class=\"wp-block-group has-contrast-2-color has-base-2-background-color has-text-color has-background has-link-color wp-elements-46e08b39e1fb48036ad7611f1ef75598 wp-container-content-9d25eabc is-layout-flow wp-block-group-is-layout-flow\" style=\"padding-top:var(--wp--preset--spacing--30);padding-bottom:var(--wp--preset--spacing--30)\"><\/div>\n\n\n<a href=\"https:\/\/www.fontenay-vendee-tourisme.com\/offres\/base-de-loisirs-de-mervent-mervent-fr-3120818\/\" rel=\"noreferrer noopener\"   class=\"animated fadeInUp slow wp-block-tiptip-hyperlink-group-block\" target=\"_blank\">\n<div class=\"wp-block-group is-content-justification-center is-nowrap is-layout-flex wp-container-core-group-is-layout-23441af8 wp-block-group-is-layout-flex\">\n<p class=\"has-text-align-center has-base-2-color has-text-color has-link-color wp-elements-87238aa27413c7a883f2c2cd3a9ab93e\" style=\"font-size:clamp(0.984rem, 0.984rem + ((1vw - 0.2rem) * 0.86), 1.5rem);font-style:normal;font-weight:300\">Base de Loisir<br>Lac de Mervent<\/p>\n\n\n\n<figure class=\"wp-block-image size-full is-resized\"><img decoding=\"async\" src=\"https:\/\/madeincamp.fr\/wp-content\/uploads\/2024\/02\/arrow-big.png\" alt=\"arrow big\" class=\"wp-image-422\" style=\"width:40px\" \/><\/figure>\n<\/div>\n<\/a>\n\n\n<div class=\"wp-block-group has-contrast-2-color has-base-2-background-color has-text-color has-background has-link-color wp-elements-46e08b39e1fb48036ad7611f1ef75598 wp-container-content-9d25eabc is-layout-flow wp-block-group-is-layout-flow\" style=\"padding-top:var(--wp--preset--spacing--30);padding-bottom:var(--wp--preset--spacing--30)\"><\/div>\n\n\n<a href=\"https:\/\/www.pierre-brune.com\/fr\/\" rel=\"noreferrer noopener\"   class=\"animated fadeInUp slow wp-block-tiptip-hyperlink-group-block\" target=\"_blank\">\n<div class=\"wp-block-group is-content-justification-center is-nowrap is-layout-flex wp-container-core-group-is-layout-23441af8 wp-block-group-is-layout-flex\">\n<p class=\"has-text-align-center has-base-2-color has-text-color has-link-color wp-elements-f3b018dc119c656a7dd2f6cf2baefb1b\" style=\"font-size:clamp(0.984rem, 0.984rem + ((1vw - 0.2rem) * 0.86), 1.5rem);font-style:normal;font-weight:300\">Le parc de <br>Pierre Brune<\/p>\n\n\n\n<figure class=\"wp-block-image size-full is-resized\"><img decoding=\"async\" src=\"https:\/\/madeincamp.fr\/wp-content\/uploads\/2024\/02\/arrow-big.png\" alt=\"arrow big\" class=\"wp-image-422\" style=\"width:40px\" \/><\/figure>\n<\/div>\n<\/a><\/div>\n<\/div>\n<\/div>\n\n\n\n<section class=\"wp-block-group alignfull has-global-padding is-layout-constrained wp-block-group-is-layout-constrained\">\n<div class=\"wp-block-columns alignfull is-style-gt-galerie is-layout-flex wp-container-core-columns-is-layout-e0e4babd wp-block-columns-is-layout-flex\" style=\"padding-right:0;padding-left:0\">\n<div class=\"wp-block-column is-layout-flow wp-block-column-is-layout-flow\" style=\"flex-basis:50%\">\n<figure class=\"wp-block-image size-full\"><img decoding=\"async\" width=\"864\" height=\"1376\" sizes=\"(max-width: 620px) 100vw, 620px\" src=\"https:\/\/madeincamp.fr\/le-colombier\/wp-content\/uploads\/sites\/3\/2024\/03\/feu-de-camp-nuit-etoilee.webp\" alt=\"feu de camp nuit etoile\u0301e\" class=\"wp-image-6572\" style=\"aspect-ratio:3\/4;object-fit:cover\" srcset=\"https:\/\/madeincamp.fr\/le-colombier\/wp-content\/uploads\/sites\/3\/2024\/03\/feu-de-camp-nuit-etoilee.webp 864w, https:\/\/madeincamp.fr\/le-colombier\/wp-content\/uploads\/sites\/3\/2024\/03\/feu-de-camp-nuit-etoilee-188x300.webp 188w, https:\/\/madeincamp.fr\/le-colombier\/wp-content\/uploads\/sites\/3\/2024\/03\/feu-de-camp-nuit-etoilee-643x1024.webp 643w, https:\/\/madeincamp.fr\/le-colombier\/wp-content\/uploads\/sites\/3\/2024\/03\/feu-de-camp-nuit-etoilee-768x1223.webp 768w\" \/><\/figure>\n<\/div>\n\n\n\n<div class=\"wp-block-column is-layout-flow wp-container-core-column-is-layout-e3d1c41b wp-block-column-is-layout-flow\" style=\"flex-basis:66.66%\">\n<figure class=\"wp-block-gallery has-nested-images columns-2 is-cropped wp-block-gallery-1 is-layout-flex wp-block-gallery-is-layout-flex\">\n<figure data-wp-context=\"{&quot;imageId&quot;:&quot;69f2106e19dda&quot;}\" data-wp-interactive=\"core\/image\" class=\"wp-block-image size-full animated fadeIn delay-100ms wp-lightbox-container\"><img decoding=\"async\" width=\"1350\" height=\"900\" data-wp-class--hide=\"state.isContentHidden\" data-wp-class--show=\"state.isContentVisible\" data-wp-init=\"callbacks.setButtonStyles\" data-wp-on-async--click=\"actions.showLightbox\" data-wp-on-async--load=\"callbacks.setButtonStyles\" data-wp-on-async-window--resize=\"callbacks.setButtonStyles\" sizes=\"(max-width: 620px) 100vw, 620px\" data-id=\"6573\" src=\"https:\/\/madeincamp.fr\/le-colombier\/wp-content\/uploads\/sites\/3\/2024\/03\/Haras-roche-sur-Yon-2.webp\" alt=\"Haras roche sur Yon (2)\" class=\"wp-image-6573\" srcset=\"https:\/\/madeincamp.fr\/le-colombier\/wp-content\/uploads\/sites\/3\/2024\/03\/Haras-roche-sur-Yon-2.webp 1350w, https:\/\/madeincamp.fr\/le-colombier\/wp-content\/uploads\/sites\/3\/2024\/03\/Haras-roche-sur-Yon-2-300x200.webp 300w, https:\/\/madeincamp.fr\/le-colombier\/wp-content\/uploads\/sites\/3\/2024\/03\/Haras-roche-sur-Yon-2-1024x683.webp 1024w, https:\/\/madeincamp.fr\/le-colombier\/wp-content\/uploads\/sites\/3\/2024\/03\/Haras-roche-sur-Yon-2-768x512.webp 768w\" \/><button\n\t\t\tclass=\"lightbox-trigger\"\n\t\t\ttype=\"button\"\n\t\t\taria-haspopup=\"dialog\"\n\t\t\taria-label=\"Agrandir\"\n\t\t\tdata-wp-init=\"callbacks.initTriggerButton\"\n\t\t\tdata-wp-on-async--click=\"actions.showLightbox\"\n\t\t\tdata-wp-style--right=\"state.imageButtonRight\"\n\t\t\tdata-wp-style--top=\"state.imageButtonTop\"\n\t\t>\n\t\t\t<svg xmlns=\"http:\/\/www.w3.org\/2000\/svg\" width=\"12\" height=\"12\" fill=\"none\" viewBox=\"0 0 12 12\">\n\t\t\t\t<path fill=\"#fff\" d=\"M2 0a2 2 0 0 0-2 2v2h1.5V2a.5.5 0 0 1 .5-.5h2V0H2Zm2 10.5H2a.5.5 0 0 1-.5-.5V8H0v2a2 2 0 0 0 2 2h2v-1.5ZM8 12v-1.5h2a.5.5 0 0 0 .5-.5V8H12v2a2 2 0 0 1-2 2H8Zm2-12a2 2 0 0 1 2 2v2h-1.5V2a.5.5 0 0 0-.5-.5H8V0h2Z\" \/>\n\t\t\t<\/svg>\n\t\t<\/button><\/figure>\n\n\n\n<figure data-wp-context=\"{&quot;imageId&quot;:&quot;69f2106e19fbc&quot;}\" data-wp-interactive=\"core\/image\" class=\"wp-block-image size-full animated fadeIn delay-200ms slow wp-lightbox-container\"><img decoding=\"async\" width=\"1200\" height=\"800\" data-wp-class--hide=\"state.isContentHidden\" data-wp-class--show=\"state.isContentVisible\" data-wp-init=\"callbacks.setButtonStyles\" data-wp-on-async--click=\"actions.showLightbox\" data-wp-on-async--load=\"callbacks.setButtonStyles\" data-wp-on-async-window--resize=\"callbacks.setButtonStyles\" sizes=\"(max-width: 620px) 100vw, 620px\" data-id=\"6577\" src=\"https:\/\/madeincamp.fr\/le-colombier\/wp-content\/uploads\/sites\/3\/2024\/03\/Noirmoutier2_1200_800.webp\" alt=\"Noirmoutier2 1200 800\" class=\"wp-image-6577\" srcset=\"https:\/\/madeincamp.fr\/le-colombier\/wp-content\/uploads\/sites\/3\/2024\/03\/Noirmoutier2_1200_800.webp 1200w, https:\/\/madeincamp.fr\/le-colombier\/wp-content\/uploads\/sites\/3\/2024\/03\/Noirmoutier2_1200_800-300x200.webp 300w, https:\/\/madeincamp.fr\/le-colombier\/wp-content\/uploads\/sites\/3\/2024\/03\/Noirmoutier2_1200_800-1024x683.webp 1024w, https:\/\/madeincamp.fr\/le-colombier\/wp-content\/uploads\/sites\/3\/2024\/03\/Noirmoutier2_1200_800-768x512.webp 768w\" \/><button\n\t\t\tclass=\"lightbox-trigger\"\n\t\t\ttype=\"button\"\n\t\t\taria-haspopup=\"dialog\"\n\t\t\taria-label=\"Agrandir\"\n\t\t\tdata-wp-init=\"callbacks.initTriggerButton\"\n\t\t\tdata-wp-on-async--click=\"actions.showLightbox\"\n\t\t\tdata-wp-style--right=\"state.imageButtonRight\"\n\t\t\tdata-wp-style--top=\"state.imageButtonTop\"\n\t\t>\n\t\t\t<svg xmlns=\"http:\/\/www.w3.org\/2000\/svg\" width=\"12\" height=\"12\" fill=\"none\" viewBox=\"0 0 12 12\">\n\t\t\t\t<path fill=\"#fff\" d=\"M2 0a2 2 0 0 0-2 2v2h1.5V2a.5.5 0 0 1 .5-.5h2V0H2Zm2 10.5H2a.5.5 0 0 1-.5-.5V8H0v2a2 2 0 0 0 2 2h2v-1.5ZM8 12v-1.5h2a.5.5 0 0 0 .5-.5V8H12v2a2 2 0 0 1-2 2H8Zm2-12a2 2 0 0 1 2 2v2h-1.5V2a.5.5 0 0 0-.5-.5H8V0h2Z\" \/>\n\t\t\t<\/svg>\n\t\t<\/button><\/figure>\n<\/figure>\n\n\n\n<figure data-wp-context=\"{&quot;imageId&quot;:&quot;69f2106e1a186&quot;}\" data-wp-interactive=\"core\/image\" class=\"wp-block-image size-full animated fadeIn delay-100ms slow wp-lightbox-container\"><img decoding=\"async\" width=\"640\" height=\"360\" data-wp-class--hide=\"state.isContentHidden\" data-wp-class--show=\"state.isContentVisible\" data-wp-init=\"callbacks.setButtonStyles\" data-wp-on-async--click=\"actions.showLightbox\" data-wp-on-async--load=\"callbacks.setButtonStyles\" data-wp-on-async-window--resize=\"callbacks.setButtonStyles\" sizes=\"(max-width: 620px) 100vw, 620px\" src=\"https:\/\/madeincamp.fr\/le-colombier\/wp-content\/uploads\/sites\/3\/2024\/03\/visite-vendee-cite-oiseau.jpg\" alt=\"visite vendee cite oiseau\" class=\"wp-image-6576\" srcset=\"https:\/\/madeincamp.fr\/le-colombier\/wp-content\/uploads\/sites\/3\/2024\/03\/visite-vendee-cite-oiseau.jpg 640w, https:\/\/madeincamp.fr\/le-colombier\/wp-content\/uploads\/sites\/3\/2024\/03\/visite-vendee-cite-oiseau-300x169.jpg 300w\" \/><button\n\t\t\tclass=\"lightbox-trigger\"\n\t\t\ttype=\"button\"\n\t\t\taria-haspopup=\"dialog\"\n\t\t\taria-label=\"Agrandir\"\n\t\t\tdata-wp-init=\"callbacks.initTriggerButton\"\n\t\t\tdata-wp-on-async--click=\"actions.showLightbox\"\n\t\t\tdata-wp-style--right=\"state.imageButtonRight\"\n\t\t\tdata-wp-style--top=\"state.imageButtonTop\"\n\t\t>\n\t\t\t<svg xmlns=\"http:\/\/www.w3.org\/2000\/svg\" width=\"12\" height=\"12\" fill=\"none\" viewBox=\"0 0 12 12\">\n\t\t\t\t<path fill=\"#fff\" d=\"M2 0a2 2 0 0 0-2 2v2h1.5V2a.5.5 0 0 1 .5-.5h2V0H2Zm2 10.5H2a.5.5 0 0 1-.5-.5V8H0v2a2 2 0 0 0 2 2h2v-1.5ZM8 12v-1.5h2a.5.5 0 0 0 .5-.5V8H12v2a2 2 0 0 1-2 2H8Zm2-12a2 2 0 0 1 2 2v2h-1.5V2a.5.5 0 0 0-.5-.5H8V0h2Z\" \/>\n\t\t\t<\/svg>\n\t\t<\/button><\/figure>\n<\/div>\n<\/div>\n<\/section>\n\n\n\n<div class=\"wp-block-group alignwide has-base-color has-text-color has-link-color has-black-crow-font-family wp-elements-955cad7b6d96570b2779c1b2f053ba3c is-content-justification-center is-layout-flex wp-container-core-group-is-layout-1d21e971 wp-block-group-is-layout-flex\" style=\"padding-top:var(--wp--preset--spacing--40);padding-bottom:var(--wp--preset--spacing--40);font-size:clamp(3.8rem, 3.8rem + ((1vw - 0.2rem) * 7), 8rem);line-height:0.9;text-transform:uppercase\">\n<p class=\"has-text-align-center animated fadeIn slow has-base-color has-text-color has-link-color wp-elements-4740ffc21435dce193c7e895ab7b3afa\">Artisans <\/p>\n\n\n\n<p class=\"has-text-align-center animated fadeIn slow has-base-color has-text-color has-link-color wp-elements-135435e2b5f0d361247fa8accc58d818\">de vos<\/p>\n\n\n\n<p class=\"has-text-align-center animated fadeIn slow has-contrast-color has-text-color has-link-color wp-elements-af2fc1ca90ad25ecef410bd326bd3da9\"> Voyages<\/p>\n<\/div>\n\n\n\n<div class=\"wp-block-group alignfull is-horizontal is-content-justification-space-between is-nowrap is-layout-flex wp-container-core-group-is-layout-55dc687b wp-block-group-is-layout-flex\"><a href=\"https:\/\/madeincamp.fr\/le-colombier\/location-emplacement-saint-martin-lars-en-sainte-hermine\/\"    class=\"no-icon animated fadeIn slow wp-block-tiptip-hyperlink-group-block\" >\n<div class=\"wp-block-cover has-custom-content-position is-position-bottom-right has-contrast-2-color has-text-color has-link-color wp-elements-70fa51a96018f9c4382ad9ae58d80ff4\" style=\"padding-top:var(--wp--preset--spacing--40);padding-right:var(--wp--preset--spacing--40);padding-bottom:var(--wp--preset--spacing--40);padding-left:var(--wp--preset--spacing--40);min-height:65vh;aspect-ratio:unset;\"><span aria-hidden=\"true\" class=\"wp-block-cover__background has-background-dim-100 has-background-dim wp-block-cover__gradient-background has-background-gradient\" style=\"background:linear-gradient(180deg,rgba(255,255,255,0) 17%,rgb(255,255,255) 83%)\"><\/span><video class=\"wp-block-cover__video-background intrinsic-ignore\" autoplay muted loop playsinline playsinline src=\"https:\/\/madeincamp.fr\/le-colombier\/wp-content\/uploads\/sites\/3\/2024\/03\/chaussette-cozy-sous-tente.webm\" style=\"object-position:52% 100%\" data-object-fit=\"cover\" data-object-position=\"52% 100%\"><\/video><div class=\"wp-block-cover__inner-container has-global-padding is-layout-constrained wp-container-core-cover-is-layout-52009084 wp-block-cover-is-layout-constrained\">\n<div class=\"wp-block-group has-contrast-2-color has-text-color has-link-color wp-elements-71b2531bb849063325622c41e1c23b95 is-vertical is-content-justification-right is-layout-flex wp-container-core-group-is-layout-05e4ae02 wp-block-group-is-layout-flex\" style=\"margin-top:0;margin-bottom:0\">\n<p class=\"has-text-align-right animated fadeIn slow has-base-color has-text-color has-link-color has-chennai-font-family has-large-font-size wp-elements-b03d1889525fb0ec6ef4527188cd5013\" style=\"line-height:1.2\">Made in<br>Nature<\/p>\n\n\n\n<p class=\"has-text-align-right animated fadeIn slow delay-100ms has-small-font-size\">Consultez les emplacements du<br>camping Le Colombier<\/p>\n\n\n\n<div class=\"wp-block-group is-nowrap is-layout-flex wp-container-core-group-is-layout-542c142b wp-block-group-is-layout-flex\">\n<p class=\"has-text-align-right animated fadeIn delay-200ms slow has-small-font-size\" style=\"margin-top:var(--wp--preset--spacing--10)\"><strong>Nos emplacements<\/strong><\/p>\n\n\n\n<figure class=\"wp-block-image size-full is-resized animated fadeInLeft delay-500ms slow wp-duotone-222323-222323-3\"><img decoding=\"async\" sizes=\"(max-width: 1080px) 100vw, 1080px\" src=\"https:\/\/madeincamp.fr\/wp-content\/uploads\/2024\/02\/arrow-big.png\" alt=\"arrow big\" class=\"wp-image-422\" style=\"width:28px;height:auto\" \/><\/figure>\n<\/div>\n<\/div>\n<\/div><\/div>\n<\/a>\n\n<a href=\"https:\/\/madeincamp.fr\/le-colombier\/camping-naturiste-pas-cher\/\"    style=\"padding-top:4rem;\" class=\"no-icon animated fadeIn delay-200ms slow wp-block-tiptip-hyperlink-group-block\" >\n<div class=\"wp-block-cover has-custom-content-position is-position-bottom-right has-contrast-2-color has-text-color has-link-color wp-elements-2ad4e4d5b81600f4150b26399026b243\" style=\"padding-top:var(--wp--preset--spacing--40);padding-right:var(--wp--preset--spacing--40);padding-bottom:var(--wp--preset--spacing--40);padding-left:var(--wp--preset--spacing--40);min-height:75vh;aspect-ratio:unset;\"><span aria-hidden=\"true\" class=\"wp-block-cover__background has-background-dim-100 has-background-dim wp-block-cover__gradient-background has-background-gradient\" style=\"background:linear-gradient(180deg,rgba(255,255,255,0) 17%,rgb(255,255,255) 83%)\"><\/span><img decoding=\"async\" width=\"1456\" height=\"816\" sizes=\"(max-width: 620px) 100vw, 620px\" class=\"wp-block-cover__image-background wp-image-6396\" alt=\"regard camera jeune femme blonde\" src=\"https:\/\/madeincamp.fr\/le-colombier\/wp-content\/uploads\/sites\/3\/2024\/03\/0_3.webp\" data-object-fit=\"cover\" srcset=\"https:\/\/madeincamp.fr\/le-colombier\/wp-content\/uploads\/sites\/3\/2024\/03\/0_3.webp 1456w, https:\/\/madeincamp.fr\/le-colombier\/wp-content\/uploads\/sites\/3\/2024\/03\/0_3-300x168.webp 300w, https:\/\/madeincamp.fr\/le-colombier\/wp-content\/uploads\/sites\/3\/2024\/03\/0_3-1024x574.webp 1024w, https:\/\/madeincamp.fr\/le-colombier\/wp-content\/uploads\/sites\/3\/2024\/03\/0_3-768x430.webp 768w\" \/><div class=\"wp-block-cover__inner-container has-global-padding is-layout-constrained wp-container-core-cover-is-layout-52009084 wp-block-cover-is-layout-constrained\">\n<div class=\"wp-block-group has-contrast-2-color has-text-color has-link-color wp-elements-ed7aefdf8ba14a547930a895e8e37bce is-vertical is-content-justification-right is-layout-flex wp-container-core-group-is-layout-05e4ae02 wp-block-group-is-layout-flex\" style=\"margin-top:0;margin-bottom:0\">\n<p class=\"has-text-align-right animated fadeIn slow has-base-color has-text-color has-link-color has-chennai-font-family has-large-font-size wp-elements-47ec45b604b0119274b1e60ab86c23dc\" style=\"line-height:1.2\">Made in<br>Price<\/p>\n\n\n\n<p class=\"has-text-align-right animated fadeIn slow delay-100ms has-small-font-size\">Consultez les tarifs de <br>nos h\u00e9bergements<\/p>\n\n\n\n<div class=\"wp-block-group is-nowrap is-layout-flex wp-container-core-group-is-layout-542c142b wp-block-group-is-layout-flex\">\n<p class=\"has-text-align-right animated fadeIn delay-200ms slow has-small-font-size\" style=\"margin-top:var(--wp--preset--spacing--10)\"><strong>Nos tarifs<\/strong><\/p>\n\n\n\n<figure class=\"wp-block-image size-full is-resized animated fadeInLeft delay-500ms slow wp-duotone-222323-222323-5\"><img decoding=\"async\" src=\"https:\/\/madeincamp.fr\/wp-content\/uploads\/2024\/02\/arrow-big.png\" alt=\"arrow big\" class=\"wp-image-422\" style=\"width:28px;height:auto\" \/><\/figure>\n<\/div>\n<\/div>\n<\/div><\/div>\n<\/a>\n\n<a href=\"https:\/\/madeincamp.fr\/le-colombier\/location-mobil-home-saint-martin-lars-en-sainte-hermine\/\"    style=\"padding-bottom:0;padding-top:8rem;\" class=\"no-icon animated fadeIn delay-500ms slow wp-block-tiptip-hyperlink-group-block\" >\n<div class=\"wp-block-cover has-custom-content-position is-position-bottom-right has-contrast-2-color has-text-color has-link-color wp-elements-1ee9eabe3d1bd15756014a8bc8dbb26e\" style=\"padding-top:var(--wp--preset--spacing--40);padding-right:var(--wp--preset--spacing--40);padding-bottom:var(--wp--preset--spacing--40);padding-left:var(--wp--preset--spacing--40);min-height:85vh;aspect-ratio:unset;\"><span aria-hidden=\"true\" class=\"wp-block-cover__background has-background-dim-100 has-background-dim wp-block-cover__gradient-background has-background-gradient\" style=\"background:linear-gradient(180deg,rgba(255,255,255,0) 17%,rgb(255,255,255) 83%)\"><\/span><img decoding=\"async\" width=\"430\" height=\"768\" sizes=\"(max-width: 430px) 100vw, 430px\" class=\"wp-block-cover__image-background wp-image-6455\" alt=\"couple qui dort au petit matin resultat\" src=\"https:\/\/madeincamp.fr\/le-colombier\/wp-content\/uploads\/sites\/3\/2024\/03\/couple-qui-dort-au-petit-matin_resultat.webp\" data-object-fit=\"cover\" srcset=\"https:\/\/madeincamp.fr\/le-colombier\/wp-content\/uploads\/sites\/3\/2024\/03\/couple-qui-dort-au-petit-matin_resultat.webp 430w, https:\/\/madeincamp.fr\/le-colombier\/wp-content\/uploads\/sites\/3\/2024\/03\/couple-qui-dort-au-petit-matin_resultat-168x300.webp 168w\" \/><div class=\"wp-block-cover__inner-container has-global-padding is-layout-constrained wp-container-core-cover-is-layout-52009084 wp-block-cover-is-layout-constrained\">\n<div class=\"wp-block-group has-contrast-2-color has-text-color has-link-color wp-elements-44cb10817b5d8798570c73baf6c15ba1 is-vertical is-content-justification-right is-layout-flex wp-container-core-group-is-layout-05e4ae02 wp-block-group-is-layout-flex\" style=\"margin-top:0;margin-bottom:0\">\n<p class=\"has-text-align-right animated fadeIn slow has-base-color has-text-color has-link-color has-chennai-font-family has-large-font-size wp-elements-1d8c67f2f68374d5c877b202badb83f7\" style=\"line-height:1.2\">Made in<br>Confort<\/p>\n\n\n\n<p class=\"has-text-align-right animated fadeIn slow delay-100ms has-small-font-size\">Consultez les h\u00e9bergements du<br>camping Le Colombier<\/p>\n\n\n\n<div class=\"wp-block-group is-nowrap is-layout-flex wp-container-core-group-is-layout-542c142b wp-block-group-is-layout-flex\">\n<p class=\"has-text-align-right animated fadeIn delay-200ms slow has-small-font-size\" style=\"margin-top:var(--wp--preset--spacing--10)\"><strong>Nos h\u00e9bergements<\/strong><\/p>\n\n\n\n<figure class=\"wp-block-image size-full is-resized animated fadeInLeft delay-500ms slow wp-duotone-222323-222323-7\"><img decoding=\"async\" src=\"https:\/\/madeincamp.fr\/wp-content\/uploads\/2024\/02\/arrow-big.png\" alt=\"arrow big\" class=\"wp-image-422\" style=\"width:28px;height:auto\" \/><\/figure>\n<\/div>\n<\/div>\n<\/div><\/div>\n<\/a><\/div>\n","protected":false},"excerpt":{"rendered":"<p>Journ\u00e9e familiale et \u00e9merveillement au Puy du Fou D\u00e9couvrez le Puy du Fou, un parc unique qui a \u00e9t\u00e9 \u00e9lu le meilleur parc \u00e0 th\u00e8me du monde\u202f! Situ\u00e9 en plein c\u0153ur de la Vend\u00e9e, il offre une exp\u00e9rience de visite hors du commun.&nbsp; Ici, l&rsquo;histoire prend vie \u00e0 travers des spectacles \u00e9piques qui vous transportent [&hellip;]<\/p>\n","protected":false},"author":1,"featured_media":6557,"parent":0,"menu_order":0,"comment_status":"closed","ping_status":"closed","template":"","meta":{"_acf_changed":false,"footnotes":""},"class_list":["post-5970","page","type-page","status-publish","has-post-thumbnail","hentry"],"acf":[],"yoast_head":"<!-- This site is optimized with the Yoast SEO plugin v24.5 - https:\/\/yoast.com\/wordpress\/plugins\/seo\/ -->\n<title>Tourisme en Vend\u00e9e : visites et activit\u00e9s \u00e0 faire en famille, sportives<\/title>\n<meta name=\"description\" content=\"Explorez la Vend\u00e9e : d\u00e9couvrez le Puy du Fou, plages, La Rochelle, le Marais Poitevin et la for\u00eat de Mervent-Vouvant pour un s\u00e9jour en harmonie avec la nature.\" \/>\n<meta name=\"robots\" content=\"index, follow, max-snippet:-1, max-image-preview:large, max-video-preview:-1\" \/>\n<link rel=\"canonical\" href=\"https:\/\/madeincamp.fr\/le-colombier\/tourisme-vendee\/\" \/>\n<meta property=\"og:locale\" content=\"fr_FR\" \/>\n<meta property=\"og:type\" content=\"article\" \/>\n<meta property=\"og:title\" content=\"Tourisme en Vend\u00e9e : visites et activit\u00e9s \u00e0 faire en famille, sportives\" \/>\n<meta property=\"og:description\" content=\"Explorez la Vend\u00e9e : d\u00e9couvrez le Puy du Fou, plages, La Rochelle, le Marais Poitevin et la for\u00eat de Mervent-Vouvant pour un s\u00e9jour en harmonie avec la nature.\" \/>\n<meta property=\"og:url\" content=\"https:\/\/madeincamp.fr\/le-colombier\/tourisme-vendee\/\" \/>\n<meta property=\"og:site_name\" content=\"Made in camp Le Colombier\" \/>\n<meta property=\"article:modified_time\" content=\"2025-01-23T08:28:21+00:00\" \/>\n<meta property=\"og:image\" content=\"https:\/\/madeincamp.fr\/le-colombier\/wp-content\/uploads\/sites\/3\/2024\/03\/nuit-etoile-e1710489457663.webp\" \/>\n\t<meta property=\"og:image:width\" content=\"1536\" \/>\n\t<meta property=\"og:image:height\" content=\"404\" \/>\n\t<meta property=\"og:image:type\" content=\"image\/webp\" \/>\n<meta name=\"twitter:card\" content=\"summary_large_image\" \/>\n<meta name=\"twitter:label1\" content=\"Dur\u00e9e de lecture estim\u00e9e\" \/>\n\t<meta name=\"twitter:data1\" content=\"10 minutes\" \/>\n<script type=\"application\/ld+json\" class=\"yoast-schema-graph\">{\"@context\":\"https:\/\/schema.org\",\"@graph\":[{\"@type\":\"WebPage\",\"@id\":\"https:\/\/madeincamp.fr\/le-colombier\/tourisme-vendee\/\",\"url\":\"https:\/\/madeincamp.fr\/le-colombier\/tourisme-vendee\/\",\"name\":\"Tourisme en Vend\u00e9e : visites et activit\u00e9s \u00e0 faire en famille, sportives\",\"isPartOf\":{\"@id\":\"https:\/\/madeincamp.fr\/le-colombier\/#website\"},\"primaryImageOfPage\":{\"@id\":\"https:\/\/madeincamp.fr\/le-colombier\/tourisme-vendee\/#primaryimage\"},\"image\":{\"@id\":\"https:\/\/madeincamp.fr\/le-colombier\/tourisme-vendee\/#primaryimage\"},\"thumbnailUrl\":\"https:\/\/madeincamp.fr\/le-colombier\/wp-content\/uploads\/sites\/3\/2024\/03\/nuit-etoile-e1710489457663.webp\",\"datePublished\":\"2024-03-08T10:48:54+00:00\",\"dateModified\":\"2025-01-23T08:28:21+00:00\",\"description\":\"Explorez la Vend\u00e9e : d\u00e9couvrez le Puy du Fou, plages, La Rochelle, le Marais Poitevin et la for\u00eat de Mervent-Vouvant pour un s\u00e9jour en harmonie avec la nature.\",\"breadcrumb\":{\"@id\":\"https:\/\/madeincamp.fr\/le-colombier\/tourisme-vendee\/#breadcrumb\"},\"inLanguage\":\"fr-FR\",\"potentialAction\":[{\"@type\":\"ReadAction\",\"target\":[\"https:\/\/madeincamp.fr\/le-colombier\/tourisme-vendee\/\"]}]},{\"@type\":\"ImageObject\",\"inLanguage\":\"fr-FR\",\"@id\":\"https:\/\/madeincamp.fr\/le-colombier\/tourisme-vendee\/#primaryimage\",\"url\":\"https:\/\/madeincamp.fr\/le-colombier\/wp-content\/uploads\/sites\/3\/2024\/03\/nuit-etoile-e1710489457663.webp\",\"contentUrl\":\"https:\/\/madeincamp.fr\/le-colombier\/wp-content\/uploads\/sites\/3\/2024\/03\/nuit-etoile-e1710489457663.webp\",\"width\":1536,\"height\":404,\"caption\":\"nuit e\u0301toile\u0301 et van\"},{\"@type\":\"BreadcrumbList\",\"@id\":\"https:\/\/madeincamp.fr\/le-colombier\/tourisme-vendee\/#breadcrumb\",\"itemListElement\":[{\"@type\":\"ListItem\",\"position\":1,\"name\":\"Le Colombier\",\"item\":\"https:\/\/madeincamp.fr\/le-colombier\/\"},{\"@type\":\"ListItem\",\"position\":2,\"name\":\"Tourisme en Vend\u00e9e\"}]},{\"@type\":\"WebSite\",\"@id\":\"https:\/\/madeincamp.fr\/le-colombier\/#website\",\"url\":\"https:\/\/madeincamp.fr\/le-colombier\/\",\"name\":\"Made in camp Le Colombier\",\"description\":\"Artisans de vos vacances\",\"publisher\":{\"@id\":\"https:\/\/madeincamp.fr\/le-colombier\/#organization\"},\"inLanguage\":\"fr-FR\"},{\"@type\":\"Organization\",\"@id\":\"https:\/\/madeincamp.fr\/le-colombier\/#organization\",\"name\":\"Made in camp Le Colombier\",\"url\":\"https:\/\/madeincamp.fr\/le-colombier\/\",\"logo\":{\"@type\":\"ImageObject\",\"inLanguage\":\"fr-FR\",\"@id\":\"https:\/\/madeincamp.fr\/le-colombier\/#\/schema\/logo\/image\/\",\"url\":\"https:\/\/madeincamp.fr\/le-colombier\/wp-content\/uploads\/sites\/3\/2024\/02\/made-in-camp-logo.png\",\"contentUrl\":\"https:\/\/madeincamp.fr\/le-colombier\/wp-content\/uploads\/sites\/3\/2024\/02\/made-in-camp-logo.png\",\"width\":224,\"height\":91,\"caption\":\"Made in camp Le Colombier\"},\"image\":{\"@id\":\"https:\/\/madeincamp.fr\/le-colombier\/#\/schema\/logo\/image\/\"}}]}<\/script>\n<!-- \/ Yoast SEO plugin. -->","yoast_head_json":{"title":"Tourisme en Vend\u00e9e : visites et activit\u00e9s \u00e0 faire en famille, sportives","description":"Explorez la Vend\u00e9e : d\u00e9couvrez le Puy du Fou, plages, La Rochelle, le Marais Poitevin et la for\u00eat de Mervent-Vouvant pour un s\u00e9jour en harmonie avec la nature.","robots":{"index":"index","follow":"follow","max-snippet":"max-snippet:-1","max-image-preview":"max-image-preview:large","max-video-preview":"max-video-preview:-1"},"canonical":"https:\/\/madeincamp.fr\/le-colombier\/tourisme-vendee\/","og_locale":"fr_FR","og_type":"article","og_title":"Tourisme en Vend\u00e9e : visites et activit\u00e9s \u00e0 faire en famille, sportives","og_description":"Explorez la Vend\u00e9e : d\u00e9couvrez le Puy du Fou, plages, La Rochelle, le Marais Poitevin et la for\u00eat de Mervent-Vouvant pour un s\u00e9jour en harmonie avec la nature.","og_url":"https:\/\/madeincamp.fr\/le-colombier\/tourisme-vendee\/","og_site_name":"Made in camp Le Colombier","article_modified_time":"2025-01-23T08:28:21+00:00","og_image":[{"width":1536,"height":404,"url":"https:\/\/madeincamp.fr\/le-colombier\/wp-content\/uploads\/sites\/3\/2024\/03\/nuit-etoile-e1710489457663.webp","type":"image\/webp"}],"twitter_card":"summary_large_image","twitter_misc":{"Dur\u00e9e de lecture estim\u00e9e":"10 minutes"},"schema":{"@context":"https:\/\/schema.org","@graph":[{"@type":"WebPage","@id":"https:\/\/madeincamp.fr\/le-colombier\/tourisme-vendee\/","url":"https:\/\/madeincamp.fr\/le-colombier\/tourisme-vendee\/","name":"Tourisme en Vend\u00e9e : visites et activit\u00e9s \u00e0 faire en famille, sportives","isPartOf":{"@id":"https:\/\/madeincamp.fr\/le-colombier\/#website"},"primaryImageOfPage":{"@id":"https:\/\/madeincamp.fr\/le-colombier\/tourisme-vendee\/#primaryimage"},"image":{"@id":"https:\/\/madeincamp.fr\/le-colombier\/tourisme-vendee\/#primaryimage"},"thumbnailUrl":"https:\/\/madeincamp.fr\/le-colombier\/wp-content\/uploads\/sites\/3\/2024\/03\/nuit-etoile-e1710489457663.webp","datePublished":"2024-03-08T10:48:54+00:00","dateModified":"2025-01-23T08:28:21+00:00","description":"Explorez la Vend\u00e9e : d\u00e9couvrez le Puy du Fou, plages, La Rochelle, le Marais Poitevin et la for\u00eat de Mervent-Vouvant pour un s\u00e9jour en harmonie avec la nature.","breadcrumb":{"@id":"https:\/\/madeincamp.fr\/le-colombier\/tourisme-vendee\/#breadcrumb"},"inLanguage":"fr-FR","potentialAction":[{"@type":"ReadAction","target":["https:\/\/madeincamp.fr\/le-colombier\/tourisme-vendee\/"]}]},{"@type":"ImageObject","inLanguage":"fr-FR","@id":"https:\/\/madeincamp.fr\/le-colombier\/tourisme-vendee\/#primaryimage","url":"https:\/\/madeincamp.fr\/le-colombier\/wp-content\/uploads\/sites\/3\/2024\/03\/nuit-etoile-e1710489457663.webp","contentUrl":"https:\/\/madeincamp.fr\/le-colombier\/wp-content\/uploads\/sites\/3\/2024\/03\/nuit-etoile-e1710489457663.webp","width":1536,"height":404,"caption":"nuit e\u0301toile\u0301 et van"},{"@type":"BreadcrumbList","@id":"https:\/\/madeincamp.fr\/le-colombier\/tourisme-vendee\/#breadcrumb","itemListElement":[{"@type":"ListItem","position":1,"name":"Le Colombier","item":"https:\/\/madeincamp.fr\/le-colombier\/"},{"@type":"ListItem","position":2,"name":"Tourisme en Vend\u00e9e"}]},{"@type":"WebSite","@id":"https:\/\/madeincamp.fr\/le-colombier\/#website","url":"https:\/\/madeincamp.fr\/le-colombier\/","name":"Made in camp Le Colombier","description":"Artisans de vos vacances","publisher":{"@id":"https:\/\/madeincamp.fr\/le-colombier\/#organization"},"inLanguage":"fr-FR"},{"@type":"Organization","@id":"https:\/\/madeincamp.fr\/le-colombier\/#organization","name":"Made in camp Le Colombier","url":"https:\/\/madeincamp.fr\/le-colombier\/","logo":{"@type":"ImageObject","inLanguage":"fr-FR","@id":"https:\/\/madeincamp.fr\/le-colombier\/#\/schema\/logo\/image\/","url":"https:\/\/madeincamp.fr\/le-colombier\/wp-content\/uploads\/sites\/3\/2024\/02\/made-in-camp-logo.png","contentUrl":"https:\/\/madeincamp.fr\/le-colombier\/wp-content\/uploads\/sites\/3\/2024\/02\/made-in-camp-logo.png","width":224,"height":91,"caption":"Made in camp Le Colombier"},"image":{"@id":"https:\/\/madeincamp.fr\/le-colombier\/#\/schema\/logo\/image\/"}}]}},"_links":{"self":[{"href":"https:\/\/madeincamp.fr\/le-colombier\/wp-json\/wp\/v2\/pages\/5970","targetHints":{"allow":["GET"]}}],"collection":[{"href":"https:\/\/madeincamp.fr\/le-colombier\/wp-json\/wp\/v2\/pages"}],"about":[{"href":"https:\/\/madeincamp.fr\/le-colombier\/wp-json\/wp\/v2\/types\/page"}],"author":[{"embeddable":true,"href":"https:\/\/madeincamp.fr\/le-colombier\/wp-json\/wp\/v2\/users\/1"}],"replies":[{"embeddable":true,"href":"https:\/\/madeincamp.fr\/le-colombier\/wp-json\/wp\/v2\/comments?post=5970"}],"version-history":[{"count":41,"href":"https:\/\/madeincamp.fr\/le-colombier\/wp-json\/wp\/v2\/pages\/5970\/revisions"}],"predecessor-version":[{"id":11846,"href":"https:\/\/madeincamp.fr\/le-colombier\/wp-json\/wp\/v2\/pages\/5970\/revisions\/11846"}],"wp:featuredmedia":[{"embeddable":true,"href":"https:\/\/madeincamp.fr\/le-colombier\/wp-json\/wp\/v2\/media\/6557"}],"wp:attachment":[{"href":"https:\/\/madeincamp.fr\/le-colombier\/wp-json\/wp\/v2\/media?parent=5970"}],"curies":[{"name":"wp","href":"https:\/\/api.w.org\/{rel}","templated":true}]}}