{"id":5968,"date":"2024-03-08T11:47:11","date_gmt":"2024-03-08T10:47:11","guid":{"rendered":"https:\/\/madeincamp.fr\/le-colombier\/?page_id=5968"},"modified":"2025-07-24T12:06:41","modified_gmt":"2025-07-24T10:06:41","slug":"devenir-proprietaire-saint-martin-lars-en-sainte-hermine","status":"publish","type":"page","link":"https:\/\/madeincamp.fr\/le-colombier\/devenir-proprietaire-saint-martin-lars-en-sainte-hermine\/","title":{"rendered":"Devenez propri\u00e9taire : Devenez propri\u00e9taire d&rsquo;un h\u00e9bergement Made in camp"},"content":{"rendered":"\n<div class=\"wp-block-group alignwide is-layout-flow wp-block-group-is-layout-flow\" style=\"padding-top:var(--wp--preset--spacing--50);padding-bottom:var(--wp--preset--spacing--50)\">\n<h2 class=\"wp-block-heading has-base-color has-text-color has-link-color has-x-large-font-size wp-elements-8fad3c5540eef5ec750d6dd4d39c42c2\"><strong>Nos h\u00e9bergements neufs en vente<br><\/strong>pr\u00e8s de la Roche-sur-Yon<\/h2>\n\n\n\n<div class=\"wp-block-columns is-layout-flex wp-container-core-columns-is-layout-28f84493 wp-block-columns-is-layout-flex\">\n<div class=\"wp-block-column is-layout-flow wp-block-column-is-layout-flow\">\n<p>Vous \u00eates sous le charme de l\u2019esprit vacances Made in Camp, du cadre exceptionnel du <a href=\"https:\/\/madeincamp.fr\/le-colombier\/\">camping Le Colombier<\/a> et de sa situation g\u00e9ographique avantageuse, \u00e0 1 heure de l\u2019oc\u00e9an ? Offrez-vous un <strong>pied-\u00e0-terre<\/strong> permanent au c\u0153ur de la Vend\u00e9e ! <strong>Devenez propri\u00e9taire d\u2019un mobil-home<\/strong> neuf \u00e0 La Roche-sur-Yon et passez vos prochains week-ends dans la tranquillit\u00e9 conviviale de notre <a href=\"https:\/\/madeincamp.fr\/camping-vendee\/camping-naturiste-en-vendee\/\">camping naturiste<\/a> 4 \u00e9toiles.<\/p>\n\n\n\n<p><strong>Acheter un mobil-home neuf <\/strong>vous permet de b\u00e9n\u00e9ficier des \u00e9quipements de confort les plus avanc\u00e9s et d\u2019un agencement design. Vous posez vos valises dans un h\u00e9bergement parfait, que vous pouvez <a href=\"https:\/\/madeincamp.fr\/le-colombier\/camping-naturiste-pas-cher\/\">louer au meilleur prix <\/a>lorsque vous ne l\u2019utilisez pas.<\/p>\n\n\n\n<p>\u00c0 chaque p\u00e9riode de vacances, revenez pour vous ressourcer en Vend\u00e9e dans notre camping avec <a href=\"https:\/\/madeincamp.fr\/le-colombier\/camping-espace-aquatique-saint-martin-lars-en-sainte-hermine\/\">piscine chauff\u00e9e,<\/a> espace bien-\u00eatre, terrains de sport et sentiers forestiers !<\/p>\n\n\n\n<div style=\"height:1rem\" aria-hidden=\"true\" class=\"wp-block-spacer\"><\/div>\n\n\n\n<div class=\"wp-block-group animated fadeInDown slow is-nowrap is-layout-flex wp-container-core-group-is-layout-79642d95 wp-block-group-is-layout-flex\" style=\"border-bottom-color:#374d5963;border-bottom-width:1px;margin-top:0;margin-bottom:0;padding-top:var(--wp--preset--spacing--10);padding-right:var(--wp--preset--spacing--10);padding-bottom:var(--wp--preset--spacing--10);padding-left:var(--wp--preset--spacing--10)\">\n<div class=\"wp-block-group has-accent-background-color has-background wp-container-content-5082a153 has-global-padding is-layout-constrained wp-container-core-group-is-layout-bbf8d112 wp-block-group-is-layout-constrained\" style=\"border-radius:100%;min-height:1rem\"><\/div>\n\n\n\n<div class=\"wp-block-group is-vertical is-layout-flex wp-container-core-group-is-layout-4b827052 wp-block-group-is-layout-flex\">\n<p style=\"font-style:normal;font-weight:500\"><strong>Emplacement id\u00e9al<\/strong><\/p>\n\n\n\n<p class=\"has-medium-font-size\">Au c\u0153ur de la Vend\u00e9e, \u00e0 proximit\u00e9 de La Roche-sur-Yon et de l&rsquo;oc\u00e9an.<\/p>\n<\/div>\n<\/div>\n\n\n\n<div class=\"wp-block-group animated fadeInDown delay-100ms slow is-nowrap is-layout-flex wp-container-core-group-is-layout-79642d95 wp-block-group-is-layout-flex\" style=\"border-bottom-color:#374d5963;border-bottom-width:1px;margin-top:0;margin-bottom:0;padding-top:var(--wp--preset--spacing--10);padding-right:var(--wp--preset--spacing--10);padding-bottom:var(--wp--preset--spacing--10);padding-left:var(--wp--preset--spacing--10)\">\n<div class=\"wp-block-group has-accent-background-color has-background wp-container-content-5082a153 has-global-padding is-layout-constrained wp-container-core-group-is-layout-bbf8d112 wp-block-group-is-layout-constrained\" style=\"border-radius:100%;min-height:1rem\"><\/div>\n\n\n\n<div class=\"wp-block-group is-vertical is-layout-flex wp-container-core-group-is-layout-4b827052 wp-block-group-is-layout-flex\">\n<p style=\"font-style:normal;font-weight:500\"><strong>Exp\u00e9rience unique<\/strong><\/p>\n\n\n\n<p class=\"has-medium-font-size\">Ambiance naturiste 4 \u00e9toiles et esprit Made in Camp.<\/p>\n<\/div>\n<\/div>\n\n\n\n<div class=\"wp-block-group animated fadeInDown delay-200ms slow is-nowrap is-layout-flex wp-container-core-group-is-layout-79642d95 wp-block-group-is-layout-flex\" style=\"margin-top:0;margin-bottom:0;padding-top:var(--wp--preset--spacing--10);padding-right:var(--wp--preset--spacing--10);padding-bottom:var(--wp--preset--spacing--10);padding-left:var(--wp--preset--spacing--10)\">\n<div class=\"wp-block-group has-accent-background-color has-background wp-container-content-5082a153 has-global-padding is-layout-constrained wp-container-core-group-is-layout-bbf8d112 wp-block-group-is-layout-constrained\" style=\"border-radius:100%;min-height:1rem\"><\/div>\n\n\n\n<div class=\"wp-block-group is-vertical is-layout-flex wp-container-core-group-is-layout-4b827052 wp-block-group-is-layout-flex\">\n<p style=\"font-style:normal;font-weight:500;text-transform:capitalize\"><strong>Accessibilit\u00e9 simplifi\u00e9e<\/strong><\/p>\n\n\n\n<p class=\"has-medium-font-size\">Devenez propri\u00e9taire sans soucis de transport ni de raccordement.<\/p>\n<\/div>\n<\/div>\n<\/div>\n\n\n\n<div class=\"wp-block-column is-layout-flow wp-container-core-column-is-layout-8a368f38 wp-block-column-is-layout-flow\">\n<div class=\"wp-block-group home-map-ctv is-layout-flow wp-block-group-is-layout-flow\">\n<figure class=\"wp-block-image aligncenter size-full animated fadeInUp slow delay-500ms\"><img decoding=\"async\" src=\"https:\/\/madeincamp.fr\/wp-content\/uploads\/2024\/02\/fleur.png\" alt=\"fleur\" class=\"wp-image-121\" style=\"object-fit:cover\"\/><\/figure>\n<\/div>\n\n\n\n<div class=\"wp-block-group animated fadeIn slow has-global-padding is-layout-constrained wp-block-group-is-layout-constrained\">\n<figure data-wp-context=\"{&quot;imageId&quot;:&quot;69efc76c3a5a9&quot;}\" data-wp-interactive=\"core\/image\" class=\"wp-block-image size-full wp-lightbox-container\"><img decoding=\"async\" width=\"1024\" height=\"683\" data-wp-class--hide=\"state.isContentHidden\" data-wp-class--show=\"state.isContentVisible\" data-wp-init=\"callbacks.setButtonStyles\" data-wp-on-async--click=\"actions.showLightbox\" data-wp-on-async--load=\"callbacks.setButtonStyles\" data-wp-on-async-window--resize=\"callbacks.setButtonStyles\" sizes=\"(max-width: 620px) 100vw, 620px\" src=\"https:\/\/madeincamp.fr\/le-colombier\/wp-content\/uploads\/sites\/3\/2024\/03\/le-colombier-camping-naturiste-en-vendee106_resultat-1.webp\" alt=\"le colombier camping naturiste en vende\u0301e106 resultat\" class=\"wp-image-6495\" style=\"aspect-ratio:1;object-fit:cover\" srcset=\"https:\/\/madeincamp.fr\/le-colombier\/wp-content\/uploads\/sites\/3\/2024\/03\/le-colombier-camping-naturiste-en-vendee106_resultat-1.webp 1024w, https:\/\/madeincamp.fr\/le-colombier\/wp-content\/uploads\/sites\/3\/2024\/03\/le-colombier-camping-naturiste-en-vendee106_resultat-1-300x200.webp 300w, https:\/\/madeincamp.fr\/le-colombier\/wp-content\/uploads\/sites\/3\/2024\/03\/le-colombier-camping-naturiste-en-vendee106_resultat-1-768x512.webp 768w\" \/><button\n\t\t\tclass=\"lightbox-trigger\"\n\t\t\ttype=\"button\"\n\t\t\taria-haspopup=\"dialog\"\n\t\t\taria-label=\"Agrandir\"\n\t\t\tdata-wp-init=\"callbacks.initTriggerButton\"\n\t\t\tdata-wp-on-async--click=\"actions.showLightbox\"\n\t\t\tdata-wp-style--right=\"state.imageButtonRight\"\n\t\t\tdata-wp-style--top=\"state.imageButtonTop\"\n\t\t>\n\t\t\t<svg xmlns=\"http:\/\/www.w3.org\/2000\/svg\" width=\"12\" height=\"12\" fill=\"none\" viewBox=\"0 0 12 12\">\n\t\t\t\t<path fill=\"#fff\" d=\"M2 0a2 2 0 0 0-2 2v2h1.5V2a.5.5 0 0 1 .5-.5h2V0H2Zm2 10.5H2a.5.5 0 0 1-.5-.5V8H0v2a2 2 0 0 0 2 2h2v-1.5ZM8 12v-1.5h2a.5.5 0 0 0 .5-.5V8H12v2a2 2 0 0 1-2 2H8Zm2-12a2 2 0 0 1 2 2v2h-1.5V2a.5.5 0 0 0-.5-.5H8V0h2Z\" \/>\n\t\t\t<\/svg>\n\t\t<\/button><\/figure>\n<\/div>\n<\/div>\n<\/div>\n<\/div>\n\n\n\n<div class=\"wp-block-cover alignfull is-light rellaxed animated fadeIn slow is-style-gt-bg-right has-border-color has-base-2-border-color\" style=\"border-width:2rem;padding-top:0;padding-bottom:0;padding-left:0;min-height:120vh;aspect-ratio:unset;\"><video class=\"wp-block-cover__video-background intrinsic-ignore\" autoplay muted loop playsinline playsinline src=\"https:\/\/madeincamp.fr\/le-colombier\/wp-content\/uploads\/sites\/3\/2024\/03\/femme-en-decapotable-sur-la-route-des-vacances-1.webm\" data-object-fit=\"cover\"><\/video><span aria-hidden=\"true\" class=\"wp-block-cover__background has-background-dim-0 has-background-dim\"><\/span><div class=\"wp-block-cover__inner-container has-global-padding is-layout-constrained wp-container-core-cover-is-layout-42b5475c wp-block-cover-is-layout-constrained\">\n<div class=\"wp-block-group alignwide is-layout-flow wp-block-group-is-layout-flow\" style=\"padding-top:0;padding-right:20vw;padding-bottom:0\">\n<div class=\"wp-block-columns are-vertically-aligned-center has-base-2-background-color has-background is-layout-flex wp-container-core-columns-is-layout-271a479c wp-block-columns-is-layout-flex\" style=\"padding-top:var(--wp--preset--spacing--20);padding-right:var(--wp--preset--spacing--20);padding-bottom:var(--wp--preset--spacing--20);padding-left:var(--wp--preset--spacing--20)\">\n<div class=\"wp-block-column is-vertically-aligned-center is-layout-flow wp-block-column-is-layout-flow\">\n<h2 class=\"wp-block-heading has-base-color has-text-color has-link-color has-large-font-size wp-elements-864751909fdc47884aeaf6bb5089804e\" style=\"font-style:normal;font-weight:300\"><strong>Achetez<\/strong> un h\u00e9bergement d&rsquo;occasion<\/h2>\n\n\n\n<p>Solution parfaite pour disposer d\u2019un logement de vacances abordable, <strong>acheter un mobile home d\u2019occasion en Vend\u00e9e<\/strong> vous permettra de partir en vacances librement. Le temps s\u2019annonce beau ce week-end ? Faites vos bagages et rejoignez le camping naturiste du Colombier pour une parenth\u00e8se Made in Camp !<\/p>\n\n\n\n<p>Nous proposons \u00e0 la vente des <strong>h\u00e9bergements d\u00e9j\u00e0 install\u00e9s sur parcelle<\/strong>. Aucun transport ni man\u0153uvre de raccordement ne sont donc \u00e0 pr\u00e9voir.<\/p>\n\n\n\n<p>Nos mobil-homes d\u2019occasion sont d\u2019une g\u00e9n\u00e9ration plus ancienne que nos mobil-homes neufs, mais ils sont en <strong>parfait \u00e9tat<\/strong> du point de vue structurel comme fonctionnel.<\/p>\n\n\n\n<p><strong>Rentabilisez votre projet<\/strong> en proposant votre h\u00e9bergement \u00e0 louer !<\/p>\n<\/div>\n\n\n\n<div class=\"wp-block-column is-vertically-aligned-center is-layout-flow wp-container-core-column-is-layout-22223934 wp-block-column-is-layout-flow\">\n<figure data-wp-context=\"{&quot;imageId&quot;:&quot;69efc76c3aa94&quot;}\" data-wp-interactive=\"core\/image\" class=\"wp-block-image size-full animated fadeIn slow wp-lightbox-container\"><img decoding=\"async\" width=\"513\" height=\"768\" data-wp-class--hide=\"state.isContentHidden\" data-wp-class--show=\"state.isContentVisible\" data-wp-init=\"callbacks.setButtonStyles\" data-wp-on-async--click=\"actions.showLightbox\" data-wp-on-async--load=\"callbacks.setButtonStyles\" data-wp-on-async-window--resize=\"callbacks.setButtonStyles\" sizes=\"(max-width: 720px) 100vw, 720px\" src=\"https:\/\/madeincamp.fr\/le-colombier\/wp-content\/uploads\/sites\/3\/2024\/03\/le-colombier-camping-naturiste-en-vendee84_resultat.webp\" alt=\"le colombier camping naturiste en vende\u0301e84 resultat\" class=\"wp-image-6384\" style=\"aspect-ratio:3\/4;object-fit:cover\" srcset=\"https:\/\/madeincamp.fr\/le-colombier\/wp-content\/uploads\/sites\/3\/2024\/03\/le-colombier-camping-naturiste-en-vendee84_resultat.webp 513w, https:\/\/madeincamp.fr\/le-colombier\/wp-content\/uploads\/sites\/3\/2024\/03\/le-colombier-camping-naturiste-en-vendee84_resultat-200x300.webp 200w\" \/><button\n\t\t\tclass=\"lightbox-trigger\"\n\t\t\ttype=\"button\"\n\t\t\taria-haspopup=\"dialog\"\n\t\t\taria-label=\"Agrandir\"\n\t\t\tdata-wp-init=\"callbacks.initTriggerButton\"\n\t\t\tdata-wp-on-async--click=\"actions.showLightbox\"\n\t\t\tdata-wp-style--right=\"state.imageButtonRight\"\n\t\t\tdata-wp-style--top=\"state.imageButtonTop\"\n\t\t>\n\t\t\t<svg xmlns=\"http:\/\/www.w3.org\/2000\/svg\" width=\"12\" height=\"12\" fill=\"none\" viewBox=\"0 0 12 12\">\n\t\t\t\t<path fill=\"#fff\" d=\"M2 0a2 2 0 0 0-2 2v2h1.5V2a.5.5 0 0 1 .5-.5h2V0H2Zm2 10.5H2a.5.5 0 0 1-.5-.5V8H0v2a2 2 0 0 0 2 2h2v-1.5ZM8 12v-1.5h2a.5.5 0 0 0 .5-.5V8H12v2a2 2 0 0 1-2 2H8Zm2-12a2 2 0 0 1 2 2v2h-1.5V2a.5.5 0 0 0-.5-.5H8V0h2Z\" \/>\n\t\t\t<\/svg>\n\t\t<\/button><\/figure>\n<\/div>\n<\/div>\n<\/div>\n<\/div><\/div>\n\n\n\n<div class=\"wp-block-group alignwide has-base-color has-text-color has-link-color has-black-crow-font-family wp-elements-2f2a1c9f092648473f16b82a04955454 is-content-justification-center is-layout-flex wp-container-core-group-is-layout-1d21e971 wp-block-group-is-layout-flex\" style=\"padding-top:var(--wp--preset--spacing--40);padding-bottom:var(--wp--preset--spacing--40);font-size:clamp(3.8rem, 3.8rem + ((1vw - 0.2rem) * 7), 8rem);line-height:0.9;text-transform:uppercase\">\n<p class=\"animated fadeIn slow\">DEVENEZ<\/p>\n\n\n\n<p class=\"o-typing-slow animated fadeIn delay-200ms slow has-contrast-color has-text-color has-link-color wp-elements-47dab7df3685512297fb1f0cea398609\">Propri\u00e9taire<\/p>\n<\/div>\n\n\n\n<figure class=\"wp-block-image size-full is-resized\"><img data-dominant-color=\"6a6f6a\" data-has-transparency=\"true\" decoding=\"async\" width=\"640\" height=\"296\" sizes=\"(max-width: 617px) 100vw, 617px\" src=\"https:\/\/madeincamp.fr\/le-colombier\/wp-content\/uploads\/sites\/3\/2024\/04\/LE-COLOMBIER_resultat.webp\" alt=\"LE COLOMBIER resultat\" class=\"wp-image-6887 has-transparency\" style=\"--dominant-color: #6a6f6a; width:617px;height:auto\" srcset=\"https:\/\/madeincamp.fr\/le-colombier\/wp-content\/uploads\/sites\/3\/2024\/04\/LE-COLOMBIER_resultat.webp 640w, https:\/\/madeincamp.fr\/le-colombier\/wp-content\/uploads\/sites\/3\/2024\/04\/LE-COLOMBIER_resultat-300x139.webp 300w\" \/><\/figure>\n\n\n\n<div class=\"wp-block-query alignwide is-layout-flow wp-block-query-is-layout-flow\"><ul class=\"wp-block-post-template is-layout-flow wp-block-post-template-is-layout-flow\"><li class=\"wp-block-post post-11898 gt-annonces type-gt-annonces status-publish has-post-thumbnail hentry statuts-vendu\">\n\n<div class=\"wp-block-columns has-background is-layout-flex wp-container-core-columns-is-layout-b95f9068 wp-block-columns-is-layout-flex\" style=\"border-width:1px;border-radius:1rem;background-color:#a88d670f;padding-top:1.5rem;padding-right:1.5rem;padding-bottom:1.5rem;padding-left:1.5rem;box-shadow:none\">\n<div class=\"wp-block-column is-layout-flow wp-block-column-is-layout-flow\" style=\"flex-basis:40%\"><figure class=\"wp-block-post-featured-image\"><img decoding=\"async\" width=\"1024\" height=\"683\" src=\"https:\/\/madeincamp.fr\/le-colombier\/wp-content\/uploads\/sites\/3\/2024\/03\/le-colombier-camping-naturiste-en-vendee119_resultat.webp\" class=\"attachment-post-thumbnail size-post-thumbnail wp-post-image\" alt=\"le colombier camping naturiste en vende\u0301e119 resultat\" style=\"border-radius:1rem;object-fit:cover;\" srcset=\"https:\/\/madeincamp.fr\/le-colombier\/wp-content\/uploads\/sites\/3\/2024\/03\/le-colombier-camping-naturiste-en-vendee119_resultat.webp 1024w, https:\/\/madeincamp.fr\/le-colombier\/wp-content\/uploads\/sites\/3\/2024\/03\/le-colombier-camping-naturiste-en-vendee119_resultat-300x200.webp 300w, https:\/\/madeincamp.fr\/le-colombier\/wp-content\/uploads\/sites\/3\/2024\/03\/le-colombier-camping-naturiste-en-vendee119_resultat-768x512.webp 768w\" sizes=\"(max-width: 1024px) 100vw, 1024px\" \/><\/figure>\n\n<div style=\"border-radius:0rem;padding-top:0.5rem;padding-bottom:0.5rem;padding-left:1rem;padding-right:1rem\" class=\"taxonomy-statuts has-text-align-center has-link-color sold_status wp-elements-480701ac5764da4803bbcc93a3a972a3 wp-block-post-terms has-text-color has-base-2-color has-background has-accent-background-color\"><a href=\"https:\/\/madeincamp.fr\/le-colombier\/en\/statuts\/vendu\/\" rel=\"tag\">Vendu<\/a><\/div><\/div>\n\n\n\n<div class=\"wp-block-column is-vertically-aligned-center is-layout-flow wp-block-column-is-layout-flow\" style=\"flex-basis:40%\">\n<div class=\"wp-block-group is-layout-flow wp-container-core-group-is-layout-2dd7cb82 wp-block-group-is-layout-flow\"><h2 class=\"has-link-color wp-elements-05b72731cef88ac1359c419aaca09aca wp-block-post-title has-text-color has-base-color\">Mobil home 2 chambres \u2013 Mod\u00e8le S\u00e9l\u00e9nia \u2013 Ann\u00e9e 2013<\/h2>\n\n\n<div class=\"wp-block-group gt-force-wrap is-layout-flex wp-block-group-is-layout-flex\">\n<div class=\"wp-block-group is-content-justification-left is-nowrap is-layout-flex wp-container-core-group-is-layout-5fd74b09 wp-block-group-is-layout-flex\" style=\"padding-right:0;padding-left:0\"><div style=\"border-radius:1rem;padding-top:0.5rem;padding-bottom:0.5rem;padding-left:1rem;padding-right:1rem\" class=\"taxonomy-statuts has-link-color wp-elements-2ee9031991244a099d1a6508a5d72cf6 wp-block-post-terms has-text-color has-base-2-color has-background has-contrast-background-color\"><a href=\"https:\/\/madeincamp.fr\/le-colombier\/en\/statuts\/vendu\/\" rel=\"tag\">Vendu<\/a><\/div><\/div>\n\n\n\n<div class=\"wp-block-group gt-force-wrap is-nowrap is-layout-flex wp-container-core-group-is-layout-509d8e3e wp-block-group-is-layout-flex\">\n<figure class=\"wp-block-image size-full\"><img decoding=\"async\" src=\"https:\/\/campinglabaie.fr\/wp-content\/uploads\/sites\/53\/2025\/04\/superficie.svg\" alt=\"superficie\" class=\"wp-image-40700\"\/><\/figure>\n\n\n<p>34<\/p>\n\n\n<p>m2<\/p>\n<\/div>\n\n\n\n<div class=\"wp-block-group gt-force-wrap is-nowrap is-layout-flex wp-container-core-group-is-layout-509d8e3e wp-block-group-is-layout-flex\">\n<figure class=\"wp-block-image size-full\"><img decoding=\"async\" src=\"https:\/\/campinglabaie.fr\/wp-content\/uploads\/sites\/53\/2025\/04\/rooms.svg\" alt=\"rooms\" class=\"wp-image-40703\"\/><\/figure>\n\n\n<p>2<\/p>\n\n\n<p>chambres<\/p>\n<\/div>\n<\/div>\n\n\n<div class=\"wp-block-post-excerpt\"><p class=\"wp-block-post-excerpt__excerpt\">D\u00e9couvrez notre superbe mobil-home 2 chambres, install\u00e9 au c\u0153ur du Camping Le Colombier, nich\u00e9 dans un \u00e9crin de verdure\u2026 <\/p><\/div>\n\n<\/div>\n<\/div>\n\n\n\n<div class=\"wp-block-column is-vertically-aligned-center is-layout-flow wp-block-column-is-layout-flow\" style=\"flex-basis:300px\">\n<div class=\"wp-block-group has-global-padding is-content-justification-center is-layout-constrained wp-container-core-group-is-layout-adfb3e92 wp-block-group-is-layout-constrained\">\n<div class=\"wp-block-group gt-force-wrap has-color-3-color has-text-color has-link-color has-extra-small-font-size wp-elements-29bd0904a12343b6fe0c89098994c568 is-content-justification-left is-nowrap is-layout-flex wp-container-core-group-is-layout-3304a7ae wp-block-group-is-layout-flex\">\n<p>REF : <\/p>\n\n\n<p class=\"has-text-align-left\"><strong>S\u00e9l\u00e9nia2013<\/strong><\/p><\/div>\n\n\n\n<div class=\"wp-block-group gt-force-wrap price-text has-link-color-color has-text-color has-link-color has-poppins-font-family has-x-large-font-size wp-elements-454ed1ecb6ef91e9acd95940082cb280 wp-container-content-eb751a10 is-content-justification-left is-nowrap is-layout-flex wp-container-core-group-is-layout-3304a7ae wp-block-group-is-layout-flex\" style=\"font-style:normal;font-weight:500\"><p class=\"has-base-color has-text-color has-link-color wp-elements-3960f5d4fdea9f8b63a38c9cf6a77264\">20\u202f000\u00a0\u20ac<\/p>\n\n\n<p class=\"has-base-color has-text-color has-link-color wp-elements-6f0547645453261cbc49e9e47cc94ed6\"> TTC<\/p>\n<\/div>\n\n\n\n<div class=\"wp-block-group is-nowrap is-layout-flex wp-container-core-group-is-layout-6c531013 wp-block-group-is-layout-flex\"><a style=\"font-size:clamp(0.875rem, 0.875rem + ((1vw - 0.2rem) * 0.042), 0.9rem);font-style:normal;font-weight:500;text-transform:uppercase; border-radius:3rem; padding-top:var(--wp--preset--spacing--10);padding-bottom:var(--wp--preset--spacing--10);padding-left:var(--wp--preset--spacing--10);padding-right:var(--wp--preset--spacing--10);\" class=\"wp-elements-7c2c272de751cc902a458d316e4cb000 wp-block-read-more has-text-color has-white-color has-background has-base-background-color has-poppins-font-family\" href=\"https:\/\/madeincamp.fr\/le-colombier\/devenir-proprietaire\/annonce2-colombier\/\" target=\"_self\">D\u00e9couvrir<span class=\"screen-reader-text\">\u00a0: Mobil home 2 chambres \u2013 Mod\u00e8le S\u00e9l\u00e9nia \u2013 Ann\u00e9e 2013<\/span><\/a><\/div>\n<\/div>\n<\/div>\n<\/div>\n\n<\/li><li class=\"wp-block-post post-11896 gt-annonces type-gt-annonces status-publish has-post-thumbnail hentry statuts-vendu\">\n\n<div class=\"wp-block-columns has-background is-layout-flex wp-container-core-columns-is-layout-b95f9068 wp-block-columns-is-layout-flex\" style=\"border-width:1px;border-radius:1rem;background-color:#a88d670f;padding-top:1.5rem;padding-right:1.5rem;padding-bottom:1.5rem;padding-left:1.5rem;box-shadow:none\">\n<div class=\"wp-block-column is-layout-flow wp-block-column-is-layout-flow\" style=\"flex-basis:40%\"><figure class=\"wp-block-post-featured-image\"><img decoding=\"async\" width=\"2014\" height=\"1350\" src=\"https:\/\/madeincamp.fr\/le-colombier\/wp-content\/uploads\/sites\/3\/2025\/07\/MH-2013-2.jpg\" class=\"attachment-post-thumbnail size-post-thumbnail not-transparent wp-post-image\" alt=\"MH 2013\" style=\"--dominant-color: #808354;border-radius:1rem;object-fit:cover;\" srcset=\"https:\/\/madeincamp.fr\/le-colombier\/wp-content\/uploads\/sites\/3\/2025\/07\/MH-2013-2.jpg 2014w, https:\/\/madeincamp.fr\/le-colombier\/wp-content\/uploads\/sites\/3\/2025\/07\/MH-2013-2-300x201.jpg 300w, https:\/\/madeincamp.fr\/le-colombier\/wp-content\/uploads\/sites\/3\/2025\/07\/MH-2013-2-1024x686.jpg 1024w, https:\/\/madeincamp.fr\/le-colombier\/wp-content\/uploads\/sites\/3\/2025\/07\/MH-2013-2-768x515.jpg 768w, https:\/\/madeincamp.fr\/le-colombier\/wp-content\/uploads\/sites\/3\/2025\/07\/MH-2013-2-1536x1030.jpg 1536w\" sizes=\"(max-width: 2014px) 100vw, 2014px\" data-has-transparency=\"false\" data-dominant-color=\"808354\" \/><\/figure>\n\n<div style=\"border-radius:0rem;padding-top:0.5rem;padding-bottom:0.5rem;padding-left:1rem;padding-right:1rem\" class=\"taxonomy-statuts has-text-align-center has-link-color sold_status wp-elements-480701ac5764da4803bbcc93a3a972a3 wp-block-post-terms has-text-color has-base-2-color has-background has-accent-background-color\"><a href=\"https:\/\/madeincamp.fr\/le-colombier\/en\/statuts\/vendu\/\" rel=\"tag\">Vendu<\/a><\/div><\/div>\n\n\n\n<div class=\"wp-block-column is-vertically-aligned-center is-layout-flow wp-block-column-is-layout-flow\" style=\"flex-basis:40%\">\n<div class=\"wp-block-group is-layout-flow wp-container-core-group-is-layout-2dd7cb82 wp-block-group-is-layout-flow\"><h2 class=\"has-link-color wp-elements-05b72731cef88ac1359c419aaca09aca wp-block-post-title has-text-color has-base-color\">Mobil home 2 chambres\u2013 Mod\u00e8le Riviera &#8211; Ann\u00e9e 2013<\/h2>\n\n\n<div class=\"wp-block-group gt-force-wrap is-layout-flex wp-block-group-is-layout-flex\">\n<div class=\"wp-block-group is-content-justification-left is-nowrap is-layout-flex wp-container-core-group-is-layout-5fd74b09 wp-block-group-is-layout-flex\" style=\"padding-right:0;padding-left:0\"><div style=\"border-radius:1rem;padding-top:0.5rem;padding-bottom:0.5rem;padding-left:1rem;padding-right:1rem\" class=\"taxonomy-statuts has-link-color wp-elements-2ee9031991244a099d1a6508a5d72cf6 wp-block-post-terms has-text-color has-base-2-color has-background has-contrast-background-color\"><a href=\"https:\/\/madeincamp.fr\/le-colombier\/en\/statuts\/vendu\/\" rel=\"tag\">Vendu<\/a><\/div><\/div>\n\n\n\n<div class=\"wp-block-group gt-force-wrap is-nowrap is-layout-flex wp-container-core-group-is-layout-509d8e3e wp-block-group-is-layout-flex\">\n<figure class=\"wp-block-image size-full\"><img decoding=\"async\" src=\"https:\/\/campinglabaie.fr\/wp-content\/uploads\/sites\/53\/2025\/04\/superficie.svg\" alt=\"superficie\" class=\"wp-image-40700\"\/><\/figure>\n\n\n<p>28<\/p>\n\n\n<p>m2<\/p>\n<\/div>\n\n\n\n<div class=\"wp-block-group gt-force-wrap is-nowrap is-layout-flex wp-container-core-group-is-layout-509d8e3e wp-block-group-is-layout-flex\">\n<figure class=\"wp-block-image size-full\"><img decoding=\"async\" src=\"https:\/\/campinglabaie.fr\/wp-content\/uploads\/sites\/53\/2025\/04\/rooms.svg\" alt=\"rooms\" class=\"wp-image-40703\"\/><\/figure>\n\n\n<p>2<\/p>\n\n\n<p>chambres<\/p>\n<\/div>\n<\/div>\n\n\n<div class=\"wp-block-post-excerpt\"><p class=\"wp-block-post-excerpt__excerpt\">Mobil-home Riviera 2013, 27,5\u202fm\u00b2, 2 chambres, enti\u00e8rement \u00e9quip\u00e9 et en parfait \u00e9tat : pr\u00eat \u00e0 poser sur votre parcelle\u2026 <\/p><\/div>\n\n<\/div>\n<\/div>\n\n\n\n<div class=\"wp-block-column is-vertically-aligned-center is-layout-flow wp-block-column-is-layout-flow\" style=\"flex-basis:300px\">\n<div class=\"wp-block-group has-global-padding is-content-justification-center is-layout-constrained wp-container-core-group-is-layout-adfb3e92 wp-block-group-is-layout-constrained\">\n<div class=\"wp-block-group gt-force-wrap has-color-3-color has-text-color has-link-color has-extra-small-font-size wp-elements-29bd0904a12343b6fe0c89098994c568 is-content-justification-left is-nowrap is-layout-flex wp-container-core-group-is-layout-3304a7ae wp-block-group-is-layout-flex\">\n<p>REF : <\/p>\n\n\n<p class=\"has-text-align-left\"> Riviera 2013<\/p><\/div>\n\n\n\n<div class=\"wp-block-group gt-force-wrap price-text has-link-color-color has-text-color has-link-color has-poppins-font-family has-x-large-font-size wp-elements-454ed1ecb6ef91e9acd95940082cb280 wp-container-content-eb751a10 is-content-justification-left is-nowrap is-layout-flex wp-container-core-group-is-layout-3304a7ae wp-block-group-is-layout-flex\" style=\"font-style:normal;font-weight:500\"><p class=\"has-base-color has-text-color has-link-color wp-elements-3960f5d4fdea9f8b63a38c9cf6a77264\">18\u202f000\u00a0\u20ac<\/p>\n\n\n<p class=\"has-base-color has-text-color has-link-color wp-elements-6f0547645453261cbc49e9e47cc94ed6\"> TTC<\/p>\n<\/div>\n\n\n\n<div class=\"wp-block-group is-nowrap is-layout-flex wp-container-core-group-is-layout-6c531013 wp-block-group-is-layout-flex\"><a style=\"font-size:clamp(0.875rem, 0.875rem + ((1vw - 0.2rem) * 0.042), 0.9rem);font-style:normal;font-weight:500;text-transform:uppercase; border-radius:3rem; padding-top:var(--wp--preset--spacing--10);padding-bottom:var(--wp--preset--spacing--10);padding-left:var(--wp--preset--spacing--10);padding-right:var(--wp--preset--spacing--10);\" class=\"wp-elements-7c2c272de751cc902a458d316e4cb000 wp-block-read-more has-text-color has-white-color has-background has-base-background-color has-poppins-font-family\" href=\"https:\/\/madeincamp.fr\/le-colombier\/devenir-proprietaire\/annonce1-colombier\/\" target=\"_self\">D\u00e9couvrir<span class=\"screen-reader-text\">\u00a0: Mobil home 2 chambres\u2013 Mod\u00e8le Riviera &#8211; Ann\u00e9e 2013<\/span><\/a><\/div>\n<\/div>\n<\/div>\n<\/div>\n\n<\/li><\/ul>\n\n\n\n\n\n<\/div>\n\n\n\n<section class=\"wp-block-group alignfull has-global-padding is-layout-constrained wp-block-group-is-layout-constrained\">\n<div class=\"wp-block-columns alignfull is-style-gt-galerie is-layout-flex wp-container-core-columns-is-layout-e0e4babd wp-block-columns-is-layout-flex\" style=\"padding-right:0;padding-left:0\">\n<div class=\"wp-block-column is-layout-flow wp-block-column-is-layout-flow\" style=\"flex-basis:50%\">\n<figure data-wp-context=\"{&quot;imageId&quot;:&quot;69efc76c3d48a&quot;}\" data-wp-interactive=\"core\/image\" class=\"wp-block-image size-full animated fadeIn slow wp-lightbox-container\"><img decoding=\"async\" width=\"1000\" height=\"1320\" data-wp-class--hide=\"state.isContentHidden\" data-wp-class--show=\"state.isContentVisible\" data-wp-init=\"callbacks.setButtonStyles\" data-wp-on-async--click=\"actions.showLightbox\" data-wp-on-async--load=\"callbacks.setButtonStyles\" data-wp-on-async-window--resize=\"callbacks.setButtonStyles\" sizes=\"(max-width: 620px) 100vw, 620px\" src=\"https:\/\/madeincamp.fr\/le-colombier\/wp-content\/uploads\/sites\/3\/2024\/03\/le-colombier-camping-naturiste-en-vendee11.jpg\" alt=\"le colombier camping naturiste en vende\u0301e11\" class=\"wp-image-6510\" srcset=\"https:\/\/madeincamp.fr\/le-colombier\/wp-content\/uploads\/sites\/3\/2024\/03\/le-colombier-camping-naturiste-en-vendee11.jpg 1000w, https:\/\/madeincamp.fr\/le-colombier\/wp-content\/uploads\/sites\/3\/2024\/03\/le-colombier-camping-naturiste-en-vendee11-227x300.jpg 227w, https:\/\/madeincamp.fr\/le-colombier\/wp-content\/uploads\/sites\/3\/2024\/03\/le-colombier-camping-naturiste-en-vendee11-776x1024.jpg 776w, https:\/\/madeincamp.fr\/le-colombier\/wp-content\/uploads\/sites\/3\/2024\/03\/le-colombier-camping-naturiste-en-vendee11-768x1014.jpg 768w\" \/><button\n\t\t\tclass=\"lightbox-trigger\"\n\t\t\ttype=\"button\"\n\t\t\taria-haspopup=\"dialog\"\n\t\t\taria-label=\"Agrandir\"\n\t\t\tdata-wp-init=\"callbacks.initTriggerButton\"\n\t\t\tdata-wp-on-async--click=\"actions.showLightbox\"\n\t\t\tdata-wp-style--right=\"state.imageButtonRight\"\n\t\t\tdata-wp-style--top=\"state.imageButtonTop\"\n\t\t>\n\t\t\t<svg xmlns=\"http:\/\/www.w3.org\/2000\/svg\" width=\"12\" height=\"12\" fill=\"none\" viewBox=\"0 0 12 12\">\n\t\t\t\t<path fill=\"#fff\" d=\"M2 0a2 2 0 0 0-2 2v2h1.5V2a.5.5 0 0 1 .5-.5h2V0H2Zm2 10.5H2a.5.5 0 0 1-.5-.5V8H0v2a2 2 0 0 0 2 2h2v-1.5ZM8 12v-1.5h2a.5.5 0 0 0 .5-.5V8H12v2a2 2 0 0 1-2 2H8Zm2-12a2 2 0 0 1 2 2v2h-1.5V2a.5.5 0 0 0-.5-.5H8V0h2Z\" \/>\n\t\t\t<\/svg>\n\t\t<\/button><\/figure>\n<\/div>\n\n\n\n<div class=\"wp-block-column is-layout-flow wp-container-core-column-is-layout-e3d1c41b wp-block-column-is-layout-flow\" style=\"flex-basis:66.66%\">\n<figure class=\"wp-block-gallery has-nested-images columns-2 is-cropped wp-block-gallery-1 is-layout-flex wp-block-gallery-is-layout-flex\">\n<figure data-wp-context=\"{&quot;imageId&quot;:&quot;69efc76c3d6a2&quot;}\" data-wp-interactive=\"core\/image\" class=\"wp-block-image size-full animated fadeIn delay-100ms wp-lightbox-container\"><img decoding=\"async\" width=\"1024\" height=\"683\" data-wp-class--hide=\"state.isContentHidden\" data-wp-class--show=\"state.isContentVisible\" data-wp-init=\"callbacks.setButtonStyles\" data-wp-on-async--click=\"actions.showLightbox\" data-wp-on-async--load=\"callbacks.setButtonStyles\" data-wp-on-async-window--resize=\"callbacks.setButtonStyles\" sizes=\"(max-width: 620px) 100vw, 620px\" data-id=\"6382\" src=\"https:\/\/madeincamp.fr\/le-colombier\/wp-content\/uploads\/sites\/3\/2024\/03\/le-colombier-camping-naturiste-en-vendee79_resultat.webp\" alt=\"le colombier camping naturiste en vende\u0301e chambre enfants\" class=\"wp-image-6382\" srcset=\"https:\/\/madeincamp.fr\/le-colombier\/wp-content\/uploads\/sites\/3\/2024\/03\/le-colombier-camping-naturiste-en-vendee79_resultat.webp 1024w, https:\/\/madeincamp.fr\/le-colombier\/wp-content\/uploads\/sites\/3\/2024\/03\/le-colombier-camping-naturiste-en-vendee79_resultat-300x200.webp 300w, https:\/\/madeincamp.fr\/le-colombier\/wp-content\/uploads\/sites\/3\/2024\/03\/le-colombier-camping-naturiste-en-vendee79_resultat-768x512.webp 768w\" \/><button\n\t\t\tclass=\"lightbox-trigger\"\n\t\t\ttype=\"button\"\n\t\t\taria-haspopup=\"dialog\"\n\t\t\taria-label=\"Agrandir\"\n\t\t\tdata-wp-init=\"callbacks.initTriggerButton\"\n\t\t\tdata-wp-on-async--click=\"actions.showLightbox\"\n\t\t\tdata-wp-style--right=\"state.imageButtonRight\"\n\t\t\tdata-wp-style--top=\"state.imageButtonTop\"\n\t\t>\n\t\t\t<svg xmlns=\"http:\/\/www.w3.org\/2000\/svg\" width=\"12\" height=\"12\" fill=\"none\" viewBox=\"0 0 12 12\">\n\t\t\t\t<path fill=\"#fff\" d=\"M2 0a2 2 0 0 0-2 2v2h1.5V2a.5.5 0 0 1 .5-.5h2V0H2Zm2 10.5H2a.5.5 0 0 1-.5-.5V8H0v2a2 2 0 0 0 2 2h2v-1.5ZM8 12v-1.5h2a.5.5 0 0 0 .5-.5V8H12v2a2 2 0 0 1-2 2H8Zm2-12a2 2 0 0 1 2 2v2h-1.5V2a.5.5 0 0 0-.5-.5H8V0h2Z\" \/>\n\t\t\t<\/svg>\n\t\t<\/button><\/figure>\n\n\n\n<figure data-wp-context=\"{&quot;imageId&quot;:&quot;69efc76c3d7f6&quot;}\" data-wp-interactive=\"core\/image\" class=\"wp-block-image size-full animated fadeIn delay-200ms slow wp-lightbox-container\"><img decoding=\"async\" width=\"512\" height=\"768\" data-wp-class--hide=\"state.isContentHidden\" data-wp-class--show=\"state.isContentVisible\" data-wp-init=\"callbacks.setButtonStyles\" data-wp-on-async--click=\"actions.showLightbox\" data-wp-on-async--load=\"callbacks.setButtonStyles\" data-wp-on-async-window--resize=\"callbacks.setButtonStyles\" sizes=\"(max-width: 512px) 100vw, 512px\" data-id=\"6385\" src=\"https:\/\/madeincamp.fr\/le-colombier\/wp-content\/uploads\/sites\/3\/2024\/03\/le-colombier-camping-naturiste-en-vendee90_resultat.webp\" alt=\"le colombier camping naturiste en vende\u0301e90 resultat\" class=\"wp-image-6385\" srcset=\"https:\/\/madeincamp.fr\/le-colombier\/wp-content\/uploads\/sites\/3\/2024\/03\/le-colombier-camping-naturiste-en-vendee90_resultat.webp 512w, https:\/\/madeincamp.fr\/le-colombier\/wp-content\/uploads\/sites\/3\/2024\/03\/le-colombier-camping-naturiste-en-vendee90_resultat-200x300.webp 200w\" \/><button\n\t\t\tclass=\"lightbox-trigger\"\n\t\t\ttype=\"button\"\n\t\t\taria-haspopup=\"dialog\"\n\t\t\taria-label=\"Agrandir\"\n\t\t\tdata-wp-init=\"callbacks.initTriggerButton\"\n\t\t\tdata-wp-on-async--click=\"actions.showLightbox\"\n\t\t\tdata-wp-style--right=\"state.imageButtonRight\"\n\t\t\tdata-wp-style--top=\"state.imageButtonTop\"\n\t\t>\n\t\t\t<svg xmlns=\"http:\/\/www.w3.org\/2000\/svg\" width=\"12\" height=\"12\" fill=\"none\" viewBox=\"0 0 12 12\">\n\t\t\t\t<path fill=\"#fff\" d=\"M2 0a2 2 0 0 0-2 2v2h1.5V2a.5.5 0 0 1 .5-.5h2V0H2Zm2 10.5H2a.5.5 0 0 1-.5-.5V8H0v2a2 2 0 0 0 2 2h2v-1.5ZM8 12v-1.5h2a.5.5 0 0 0 .5-.5V8H12v2a2 2 0 0 1-2 2H8Zm2-12a2 2 0 0 1 2 2v2h-1.5V2a.5.5 0 0 0-.5-.5H8V0h2Z\" \/>\n\t\t\t<\/svg>\n\t\t<\/button><\/figure>\n<\/figure>\n\n\n\n<figure data-wp-context=\"{&quot;imageId&quot;:&quot;69efc76c3d9a1&quot;}\" data-wp-interactive=\"core\/image\" class=\"wp-block-image size-full animated fadeIn delay-100ms slow wp-lightbox-container\"><img decoding=\"async\" width=\"2000\" height=\"1054\" data-wp-class--hide=\"state.isContentHidden\" data-wp-class--show=\"state.isContentVisible\" data-wp-init=\"callbacks.setButtonStyles\" data-wp-on-async--click=\"actions.showLightbox\" data-wp-on-async--load=\"callbacks.setButtonStyles\" data-wp-on-async-window--resize=\"callbacks.setButtonStyles\" sizes=\"(max-width: 620px) 100vw, 620px\" src=\"https:\/\/madeincamp.fr\/le-colombier\/wp-content\/uploads\/sites\/3\/2024\/03\/le-colombier-camping-naturiste-en-moody.webp\" alt=\"le colombier camping naturiste en moody\" class=\"wp-image-6402\" style=\"aspect-ratio:16\/9;object-fit:cover\" srcset=\"https:\/\/madeincamp.fr\/le-colombier\/wp-content\/uploads\/sites\/3\/2024\/03\/le-colombier-camping-naturiste-en-moody.webp 2000w, https:\/\/madeincamp.fr\/le-colombier\/wp-content\/uploads\/sites\/3\/2024\/03\/le-colombier-camping-naturiste-en-moody-300x158.webp 300w, https:\/\/madeincamp.fr\/le-colombier\/wp-content\/uploads\/sites\/3\/2024\/03\/le-colombier-camping-naturiste-en-moody-1024x540.webp 1024w, https:\/\/madeincamp.fr\/le-colombier\/wp-content\/uploads\/sites\/3\/2024\/03\/le-colombier-camping-naturiste-en-moody-768x405.webp 768w, https:\/\/madeincamp.fr\/le-colombier\/wp-content\/uploads\/sites\/3\/2024\/03\/le-colombier-camping-naturiste-en-moody-1536x809.webp 1536w\" \/><button\n\t\t\tclass=\"lightbox-trigger\"\n\t\t\ttype=\"button\"\n\t\t\taria-haspopup=\"dialog\"\n\t\t\taria-label=\"Agrandir\"\n\t\t\tdata-wp-init=\"callbacks.initTriggerButton\"\n\t\t\tdata-wp-on-async--click=\"actions.showLightbox\"\n\t\t\tdata-wp-style--right=\"state.imageButtonRight\"\n\t\t\tdata-wp-style--top=\"state.imageButtonTop\"\n\t\t>\n\t\t\t<svg xmlns=\"http:\/\/www.w3.org\/2000\/svg\" width=\"12\" height=\"12\" fill=\"none\" viewBox=\"0 0 12 12\">\n\t\t\t\t<path fill=\"#fff\" d=\"M2 0a2 2 0 0 0-2 2v2h1.5V2a.5.5 0 0 1 .5-.5h2V0H2Zm2 10.5H2a.5.5 0 0 1-.5-.5V8H0v2a2 2 0 0 0 2 2h2v-1.5ZM8 12v-1.5h2a.5.5 0 0 0 .5-.5V8H12v2a2 2 0 0 1-2 2H8Zm2-12a2 2 0 0 1 2 2v2h-1.5V2a.5.5 0 0 0-.5-.5H8V0h2Z\" \/>\n\t\t\t<\/svg>\n\t\t<\/button><\/figure>\n<\/div>\n<\/div>\n<\/section>\n\n\n\n<div class=\"wp-block-group alignfull is-horizontal is-content-justification-space-between is-nowrap is-layout-flex wp-container-core-group-is-layout-55dc687b wp-block-group-is-layout-flex\"><a href=\"https:\/\/madeincamp.fr\/le-colombier\/location-emplacement-saint-martin-lars-en-sainte-hermine\/\"    class=\"no-icon animated fadeIn slow wp-block-tiptip-hyperlink-group-block\" >\n<div class=\"wp-block-cover has-custom-content-position is-position-bottom-right has-contrast-2-color has-text-color has-link-color wp-elements-06cb723d9ddc5cbe95bc7f46d54ee503\" style=\"padding-top:var(--wp--preset--spacing--40);padding-right:var(--wp--preset--spacing--40);padding-bottom:var(--wp--preset--spacing--40);padding-left:var(--wp--preset--spacing--40);min-height:65vh;aspect-ratio:unset;\"><video class=\"wp-block-cover__video-background intrinsic-ignore\" autoplay muted loop playsinline playsinline src=\"https:\/\/madeincamp.fr\/le-colombier\/wp-content\/uploads\/sites\/3\/2024\/03\/chaussette-cozy-sous-tente.webm\" style=\"object-position:52% 100%\" data-object-fit=\"cover\" data-object-position=\"52% 100%\"><\/video><span aria-hidden=\"true\" class=\"wp-block-cover__background has-background-dim-90 has-background-dim wp-block-cover__gradient-background has-background-gradient\" style=\"background:linear-gradient(180deg,rgba(255,255,255,0) 17%,rgb(255,255,255) 83%)\"><\/span><div class=\"wp-block-cover__inner-container has-global-padding is-layout-constrained wp-container-core-cover-is-layout-52009084 wp-block-cover-is-layout-constrained\">\n<div class=\"wp-block-group has-contrast-2-color has-text-color has-link-color wp-elements-52a71d2efe5839fcbfb1dc16ccf827d3 is-vertical is-content-justification-right is-layout-flex wp-container-core-group-is-layout-05e4ae02 wp-block-group-is-layout-flex\" style=\"margin-top:0;margin-bottom:0\">\n<p class=\"has-text-align-right animated fadeIn slow has-base-color has-text-color has-link-color has-chennai-font-family has-large-font-size wp-elements-b03d1889525fb0ec6ef4527188cd5013\" style=\"line-height:1.2\">Made in<br>Nature<\/p>\n\n\n\n<p class=\"has-text-align-right animated fadeIn slow delay-100ms has-small-font-size\">Consultez les emplacements du<br>camping Le Colombier<\/p>\n\n\n\n<div class=\"wp-block-group is-nowrap is-layout-flex wp-container-core-group-is-layout-542c142b wp-block-group-is-layout-flex\">\n<p class=\"has-text-align-right animated fadeIn delay-200ms slow has-small-font-size\" style=\"margin-top:var(--wp--preset--spacing--10)\"><strong>Nos emplacements<\/strong><\/p>\n\n\n\n<figure class=\"wp-block-image size-full is-resized animated fadeInLeft delay-500ms slow wp-duotone-222323-222323-3\"><img decoding=\"async\" sizes=\"(max-width: 1080px) 100vw, 1080px\" src=\"https:\/\/madeincamp.fr\/wp-content\/uploads\/2024\/02\/arrow-big.png\" alt=\"arrow big\" class=\"wp-image-422\" style=\"width:28px;height:auto\"\/><\/figure>\n<\/div>\n<\/div>\n<\/div><\/div>\n<\/a>\n\n<a href=\"https:\/\/madeincamp.fr\/le-colombier\/camping-naturiste-pas-cher\/\"    style=\"padding-top:4rem;\" class=\"no-icon animated fadeIn delay-200ms slow wp-block-tiptip-hyperlink-group-block\" >\n<div class=\"wp-block-cover has-custom-content-position is-position-bottom-right has-contrast-2-color has-text-color has-link-color wp-elements-9a065bd46d58d326226c2ab16608c3c3\" style=\"padding-top:var(--wp--preset--spacing--40);padding-right:var(--wp--preset--spacing--40);padding-bottom:var(--wp--preset--spacing--40);padding-left:var(--wp--preset--spacing--40);min-height:75vh;aspect-ratio:unset;\"><img decoding=\"async\" width=\"1456\" height=\"816\" sizes=\"(max-width: 620px) 100vw, 620px\" class=\"wp-block-cover__image-background wp-image-6396\" alt=\"regard camera jeune femme blonde\" src=\"https:\/\/madeincamp.fr\/le-colombier\/wp-content\/uploads\/sites\/3\/2024\/03\/0_3.webp\" data-object-fit=\"cover\" srcset=\"https:\/\/madeincamp.fr\/le-colombier\/wp-content\/uploads\/sites\/3\/2024\/03\/0_3.webp 1456w, https:\/\/madeincamp.fr\/le-colombier\/wp-content\/uploads\/sites\/3\/2024\/03\/0_3-300x168.webp 300w, https:\/\/madeincamp.fr\/le-colombier\/wp-content\/uploads\/sites\/3\/2024\/03\/0_3-1024x574.webp 1024w, https:\/\/madeincamp.fr\/le-colombier\/wp-content\/uploads\/sites\/3\/2024\/03\/0_3-768x430.webp 768w\" \/><span aria-hidden=\"true\" class=\"wp-block-cover__background has-background-dim-100 has-background-dim wp-block-cover__gradient-background has-background-gradient\" style=\"background:linear-gradient(180deg,rgba(255,255,255,0) 17%,rgb(255,255,255) 83%)\"><\/span><div class=\"wp-block-cover__inner-container has-global-padding is-layout-constrained wp-container-core-cover-is-layout-52009084 wp-block-cover-is-layout-constrained\">\n<div class=\"wp-block-group has-contrast-2-color has-text-color has-link-color wp-elements-e0275352c42eaff969a67a91443b92f3 is-vertical is-content-justification-right is-layout-flex wp-container-core-group-is-layout-05e4ae02 wp-block-group-is-layout-flex\" style=\"margin-top:0;margin-bottom:0\">\n<p class=\"has-text-align-right animated fadeIn slow has-base-color has-text-color has-link-color has-chennai-font-family has-large-font-size wp-elements-47ec45b604b0119274b1e60ab86c23dc\" style=\"line-height:1.2\">Made in<br>Price<\/p>\n\n\n\n<p class=\"has-text-align-right animated fadeIn slow delay-100ms has-small-font-size\">Consultez les tarifs de <br>nos h\u00e9bergements<\/p>\n\n\n\n<div class=\"wp-block-group is-nowrap is-layout-flex wp-container-core-group-is-layout-542c142b wp-block-group-is-layout-flex\">\n<p class=\"has-text-align-right animated fadeIn delay-200ms slow has-small-font-size\" style=\"margin-top:var(--wp--preset--spacing--10)\"><strong>Nos tarifs<\/strong><\/p>\n\n\n\n<figure class=\"wp-block-image size-full is-resized animated fadeInLeft delay-500ms slow wp-duotone-222323-222323-5\"><img decoding=\"async\" src=\"https:\/\/madeincamp.fr\/wp-content\/uploads\/2024\/02\/arrow-big.png\" alt=\"arrow big\" class=\"wp-image-422\" style=\"width:28px;height:auto\"\/><\/figure>\n<\/div>\n<\/div>\n<\/div><\/div>\n<\/a>\n\n<a href=\"https:\/\/madeincamp.fr\/le-colombier\/location-mobil-home-saint-martin-lars-en-sainte-hermine\/\"    style=\"padding-bottom:0;padding-top:8rem;\" class=\"no-icon animated fadeIn delay-500ms slow wp-block-tiptip-hyperlink-group-block\" >\n<div class=\"wp-block-cover has-custom-content-position is-position-bottom-right has-contrast-2-color has-text-color has-link-color wp-elements-5016a22154b3564f05eb0321b0cfe0f5\" style=\"padding-top:var(--wp--preset--spacing--40);padding-right:var(--wp--preset--spacing--40);padding-bottom:var(--wp--preset--spacing--40);padding-left:var(--wp--preset--spacing--40);min-height:85vh;aspect-ratio:unset;\"><img decoding=\"async\" width=\"430\" height=\"768\" sizes=\"(max-width: 430px) 100vw, 430px\" class=\"wp-block-cover__image-background wp-image-6455\" alt=\"couple qui dort au petit matin resultat\" src=\"https:\/\/madeincamp.fr\/le-colombier\/wp-content\/uploads\/sites\/3\/2024\/03\/couple-qui-dort-au-petit-matin_resultat.webp\" data-object-fit=\"cover\" srcset=\"https:\/\/madeincamp.fr\/le-colombier\/wp-content\/uploads\/sites\/3\/2024\/03\/couple-qui-dort-au-petit-matin_resultat.webp 430w, https:\/\/madeincamp.fr\/le-colombier\/wp-content\/uploads\/sites\/3\/2024\/03\/couple-qui-dort-au-petit-matin_resultat-168x300.webp 168w\" \/><span aria-hidden=\"true\" class=\"wp-block-cover__background has-background-dim-100 has-background-dim wp-block-cover__gradient-background has-background-gradient\" style=\"background:linear-gradient(180deg,rgba(255,255,255,0) 17%,rgb(255,255,255) 83%)\"><\/span><div class=\"wp-block-cover__inner-container has-global-padding is-layout-constrained wp-container-core-cover-is-layout-52009084 wp-block-cover-is-layout-constrained\">\n<div class=\"wp-block-group has-contrast-2-color has-text-color has-link-color wp-elements-70bc26f0757aceb15f308c3935854f51 is-vertical is-content-justification-right is-layout-flex wp-container-core-group-is-layout-05e4ae02 wp-block-group-is-layout-flex\" style=\"margin-top:0;margin-bottom:0\">\n<p class=\"has-text-align-right animated fadeIn slow has-base-color has-text-color has-link-color has-chennai-font-family has-large-font-size wp-elements-49ffb95360df2b3a0c5646d257ccc76f\" style=\"line-height:1.2\">Made in<br>Comfort<\/p>\n\n\n\n<p class=\"has-text-align-right animated fadeIn slow delay-100ms has-small-font-size\">Consultez les h\u00e9bergements du<br>camping Le Colombier<\/p>\n\n\n\n<div class=\"wp-block-group is-nowrap is-layout-flex wp-container-core-group-is-layout-542c142b wp-block-group-is-layout-flex\">\n<p class=\"has-text-align-right animated fadeIn delay-200ms slow has-small-font-size\" style=\"margin-top:var(--wp--preset--spacing--10)\"><strong>Nos h\u00e9bergements<\/strong><\/p>\n\n\n\n<figure class=\"wp-block-image size-full is-resized animated fadeInLeft delay-500ms slow wp-duotone-222323-222323-7\"><img decoding=\"async\" src=\"https:\/\/madeincamp.fr\/wp-content\/uploads\/2024\/02\/arrow-big.png\" alt=\"arrow big\" class=\"wp-image-422\" style=\"width:28px;height:auto\"\/><\/figure>\n<\/div>\n<\/div>\n<\/div><\/div>\n<\/a><\/div>\n","protected":false},"excerpt":{"rendered":"<p>Nos h\u00e9bergements neufs en ventepr\u00e8s de la Roche-sur-Yon Vous \u00eates sous le charme de l\u2019esprit vacances Made in Camp, du cadre exceptionnel du camping Le Colombier et de sa situation g\u00e9ographique avantageuse, \u00e0 1 heure de l\u2019oc\u00e9an ? Offrez-vous un pied-\u00e0-terre permanent au c\u0153ur de la Vend\u00e9e ! Devenez propri\u00e9taire d\u2019un mobil-home neuf \u00e0 La [&hellip;]<\/p>\n","protected":false},"author":1,"featured_media":6530,"parent":0,"menu_order":0,"comment_status":"closed","ping_status":"closed","template":"","meta":{"_acf_changed":false,"footnotes":""},"class_list":["post-5968","page","type-page","status-publish","has-post-thumbnail","hentry"],"acf":[],"yoast_head":"<!-- This site is optimized with the Yoast SEO plugin v24.5 - https:\/\/yoast.com\/wordpress\/plugins\/seo\/ -->\n<title>Devenir propri\u00e9taire d&#039;un mobil-homes neufs ou d&#039;occasion Vend\u00e9e<\/title>\n<meta name=\"description\" content=\"Devenez propri\u00e9taire en Vend\u00e9e : mobil-homes neufs et d&#039;occasion \u00e0 La Roche-sur-Yon. Achetez maintenant pour des week-ends tranquilles.\" \/>\n<meta name=\"robots\" content=\"index, follow, max-snippet:-1, max-image-preview:large, max-video-preview:-1\" \/>\n<link rel=\"canonical\" href=\"https:\/\/madeincamp.fr\/le-colombier\/devenir-proprietaire-saint-martin-lars-en-sainte-hermine\/\" \/>\n<meta property=\"og:locale\" content=\"fr_FR\" \/>\n<meta property=\"og:type\" content=\"article\" \/>\n<meta property=\"og:title\" content=\"Devenir propri\u00e9taire d&#039;un mobil-homes neufs ou d&#039;occasion Vend\u00e9e\" \/>\n<meta property=\"og:description\" content=\"Devenez propri\u00e9taire en Vend\u00e9e : mobil-homes neufs et d&#039;occasion \u00e0 La Roche-sur-Yon. Achetez maintenant pour des week-ends tranquilles.\" \/>\n<meta property=\"og:url\" content=\"https:\/\/madeincamp.fr\/le-colombier\/devenir-proprietaire-saint-martin-lars-en-sainte-hermine\/\" \/>\n<meta property=\"og:site_name\" content=\"Made in camp Le Colombier\" \/>\n<meta property=\"article:modified_time\" content=\"2025-07-24T10:06:41+00:00\" \/>\n<meta property=\"og:image\" content=\"https:\/\/madeincamp.fr\/le-colombier\/wp-content\/uploads\/sites\/3\/2024\/03\/chaussette-cosy_resultat-copie-2.jpg\" \/>\n\t<meta property=\"og:image:width\" content=\"1916\" \/>\n\t<meta property=\"og:image:height\" content=\"824\" \/>\n\t<meta property=\"og:image:type\" content=\"image\/jpeg\" \/>\n<meta name=\"twitter:card\" content=\"summary_large_image\" \/>\n<meta name=\"twitter:label1\" content=\"Dur\u00e9e de lecture estim\u00e9e\" \/>\n\t<meta name=\"twitter:data1\" content=\"5 minutes\" \/>\n<script type=\"application\/ld+json\" class=\"yoast-schema-graph\">{\"@context\":\"https:\/\/schema.org\",\"@graph\":[{\"@type\":\"WebPage\",\"@id\":\"https:\/\/madeincamp.fr\/le-colombier\/devenir-proprietaire-saint-martin-lars-en-sainte-hermine\/\",\"url\":\"https:\/\/madeincamp.fr\/le-colombier\/devenir-proprietaire-saint-martin-lars-en-sainte-hermine\/\",\"name\":\"Devenir propri\u00e9taire d'un mobil-homes neufs ou d'occasion Vend\u00e9e\",\"isPartOf\":{\"@id\":\"https:\/\/madeincamp.fr\/le-colombier\/#website\"},\"primaryImageOfPage\":{\"@id\":\"https:\/\/madeincamp.fr\/le-colombier\/devenir-proprietaire-saint-martin-lars-en-sainte-hermine\/#primaryimage\"},\"image\":{\"@id\":\"https:\/\/madeincamp.fr\/le-colombier\/devenir-proprietaire-saint-martin-lars-en-sainte-hermine\/#primaryimage\"},\"thumbnailUrl\":\"https:\/\/madeincamp.fr\/le-colombier\/wp-content\/uploads\/sites\/3\/2024\/03\/chaussette-cosy_resultat-copie-2.jpg\",\"datePublished\":\"2024-03-08T10:47:11+00:00\",\"dateModified\":\"2025-07-24T10:06:41+00:00\",\"description\":\"Devenez propri\u00e9taire en Vend\u00e9e : mobil-homes neufs et d'occasion \u00e0 La Roche-sur-Yon. Achetez maintenant pour des week-ends tranquilles.\",\"breadcrumb\":{\"@id\":\"https:\/\/madeincamp.fr\/le-colombier\/devenir-proprietaire-saint-martin-lars-en-sainte-hermine\/#breadcrumb\"},\"inLanguage\":\"fr-FR\",\"potentialAction\":[{\"@type\":\"ReadAction\",\"target\":[\"https:\/\/madeincamp.fr\/le-colombier\/devenir-proprietaire-saint-martin-lars-en-sainte-hermine\/\"]}]},{\"@type\":\"ImageObject\",\"inLanguage\":\"fr-FR\",\"@id\":\"https:\/\/madeincamp.fr\/le-colombier\/devenir-proprietaire-saint-martin-lars-en-sainte-hermine\/#primaryimage\",\"url\":\"https:\/\/madeincamp.fr\/le-colombier\/wp-content\/uploads\/sites\/3\/2024\/03\/chaussette-cosy_resultat-copie-2.jpg\",\"contentUrl\":\"https:\/\/madeincamp.fr\/le-colombier\/wp-content\/uploads\/sites\/3\/2024\/03\/chaussette-cosy_resultat-copie-2.jpg\",\"width\":1916,\"height\":824,\"caption\":\"chaussette cosy resultat copie 2\"},{\"@type\":\"BreadcrumbList\",\"@id\":\"https:\/\/madeincamp.fr\/le-colombier\/devenir-proprietaire-saint-martin-lars-en-sainte-hermine\/#breadcrumb\",\"itemListElement\":[{\"@type\":\"ListItem\",\"position\":1,\"name\":\"Le Colombier\",\"item\":\"https:\/\/madeincamp.fr\/le-colombier\/\"},{\"@type\":\"ListItem\",\"position\":2,\"name\":\"Achat d'un mobil-home\"}]},{\"@type\":\"WebSite\",\"@id\":\"https:\/\/madeincamp.fr\/le-colombier\/#website\",\"url\":\"https:\/\/madeincamp.fr\/le-colombier\/\",\"name\":\"Made in camp Le Colombier\",\"description\":\"Artisans de vos vacances\",\"publisher\":{\"@id\":\"https:\/\/madeincamp.fr\/le-colombier\/#organization\"},\"inLanguage\":\"fr-FR\"},{\"@type\":\"Organization\",\"@id\":\"https:\/\/madeincamp.fr\/le-colombier\/#organization\",\"name\":\"Made in camp Le Colombier\",\"url\":\"https:\/\/madeincamp.fr\/le-colombier\/\",\"logo\":{\"@type\":\"ImageObject\",\"inLanguage\":\"fr-FR\",\"@id\":\"https:\/\/madeincamp.fr\/le-colombier\/#\/schema\/logo\/image\/\",\"url\":\"https:\/\/madeincamp.fr\/le-colombier\/wp-content\/uploads\/sites\/3\/2024\/02\/made-in-camp-logo.png\",\"contentUrl\":\"https:\/\/madeincamp.fr\/le-colombier\/wp-content\/uploads\/sites\/3\/2024\/02\/made-in-camp-logo.png\",\"width\":224,\"height\":91,\"caption\":\"Made in camp Le Colombier\"},\"image\":{\"@id\":\"https:\/\/madeincamp.fr\/le-colombier\/#\/schema\/logo\/image\/\"}}]}<\/script>\n<!-- \/ Yoast SEO plugin. -->","yoast_head_json":{"title":"Devenir propri\u00e9taire d'un mobil-homes neufs ou d'occasion Vend\u00e9e","description":"Devenez propri\u00e9taire en Vend\u00e9e : mobil-homes neufs et d'occasion \u00e0 La Roche-sur-Yon. Achetez maintenant pour des week-ends tranquilles.","robots":{"index":"index","follow":"follow","max-snippet":"max-snippet:-1","max-image-preview":"max-image-preview:large","max-video-preview":"max-video-preview:-1"},"canonical":"https:\/\/madeincamp.fr\/le-colombier\/devenir-proprietaire-saint-martin-lars-en-sainte-hermine\/","og_locale":"fr_FR","og_type":"article","og_title":"Devenir propri\u00e9taire d'un mobil-homes neufs ou d'occasion Vend\u00e9e","og_description":"Devenez propri\u00e9taire en Vend\u00e9e : mobil-homes neufs et d'occasion \u00e0 La Roche-sur-Yon. Achetez maintenant pour des week-ends tranquilles.","og_url":"https:\/\/madeincamp.fr\/le-colombier\/devenir-proprietaire-saint-martin-lars-en-sainte-hermine\/","og_site_name":"Made in camp Le Colombier","article_modified_time":"2025-07-24T10:06:41+00:00","og_image":[{"width":1916,"height":824,"url":"https:\/\/madeincamp.fr\/le-colombier\/wp-content\/uploads\/sites\/3\/2024\/03\/chaussette-cosy_resultat-copie-2.jpg","type":"image\/jpeg"}],"twitter_card":"summary_large_image","twitter_misc":{"Dur\u00e9e de lecture estim\u00e9e":"5 minutes"},"schema":{"@context":"https:\/\/schema.org","@graph":[{"@type":"WebPage","@id":"https:\/\/madeincamp.fr\/le-colombier\/devenir-proprietaire-saint-martin-lars-en-sainte-hermine\/","url":"https:\/\/madeincamp.fr\/le-colombier\/devenir-proprietaire-saint-martin-lars-en-sainte-hermine\/","name":"Devenir propri\u00e9taire d'un mobil-homes neufs ou d'occasion Vend\u00e9e","isPartOf":{"@id":"https:\/\/madeincamp.fr\/le-colombier\/#website"},"primaryImageOfPage":{"@id":"https:\/\/madeincamp.fr\/le-colombier\/devenir-proprietaire-saint-martin-lars-en-sainte-hermine\/#primaryimage"},"image":{"@id":"https:\/\/madeincamp.fr\/le-colombier\/devenir-proprietaire-saint-martin-lars-en-sainte-hermine\/#primaryimage"},"thumbnailUrl":"https:\/\/madeincamp.fr\/le-colombier\/wp-content\/uploads\/sites\/3\/2024\/03\/chaussette-cosy_resultat-copie-2.jpg","datePublished":"2024-03-08T10:47:11+00:00","dateModified":"2025-07-24T10:06:41+00:00","description":"Devenez propri\u00e9taire en Vend\u00e9e : mobil-homes neufs et d'occasion \u00e0 La Roche-sur-Yon. Achetez maintenant pour des week-ends tranquilles.","breadcrumb":{"@id":"https:\/\/madeincamp.fr\/le-colombier\/devenir-proprietaire-saint-martin-lars-en-sainte-hermine\/#breadcrumb"},"inLanguage":"fr-FR","potentialAction":[{"@type":"ReadAction","target":["https:\/\/madeincamp.fr\/le-colombier\/devenir-proprietaire-saint-martin-lars-en-sainte-hermine\/"]}]},{"@type":"ImageObject","inLanguage":"fr-FR","@id":"https:\/\/madeincamp.fr\/le-colombier\/devenir-proprietaire-saint-martin-lars-en-sainte-hermine\/#primaryimage","url":"https:\/\/madeincamp.fr\/le-colombier\/wp-content\/uploads\/sites\/3\/2024\/03\/chaussette-cosy_resultat-copie-2.jpg","contentUrl":"https:\/\/madeincamp.fr\/le-colombier\/wp-content\/uploads\/sites\/3\/2024\/03\/chaussette-cosy_resultat-copie-2.jpg","width":1916,"height":824,"caption":"chaussette cosy resultat copie 2"},{"@type":"BreadcrumbList","@id":"https:\/\/madeincamp.fr\/le-colombier\/devenir-proprietaire-saint-martin-lars-en-sainte-hermine\/#breadcrumb","itemListElement":[{"@type":"ListItem","position":1,"name":"Le Colombier","item":"https:\/\/madeincamp.fr\/le-colombier\/"},{"@type":"ListItem","position":2,"name":"Achat d'un mobil-home"}]},{"@type":"WebSite","@id":"https:\/\/madeincamp.fr\/le-colombier\/#website","url":"https:\/\/madeincamp.fr\/le-colombier\/","name":"Made in camp Le Colombier","description":"Artisans de vos vacances","publisher":{"@id":"https:\/\/madeincamp.fr\/le-colombier\/#organization"},"inLanguage":"fr-FR"},{"@type":"Organization","@id":"https:\/\/madeincamp.fr\/le-colombier\/#organization","name":"Made in camp Le Colombier","url":"https:\/\/madeincamp.fr\/le-colombier\/","logo":{"@type":"ImageObject","inLanguage":"fr-FR","@id":"https:\/\/madeincamp.fr\/le-colombier\/#\/schema\/logo\/image\/","url":"https:\/\/madeincamp.fr\/le-colombier\/wp-content\/uploads\/sites\/3\/2024\/02\/made-in-camp-logo.png","contentUrl":"https:\/\/madeincamp.fr\/le-colombier\/wp-content\/uploads\/sites\/3\/2024\/02\/made-in-camp-logo.png","width":224,"height":91,"caption":"Made in camp Le Colombier"},"image":{"@id":"https:\/\/madeincamp.fr\/le-colombier\/#\/schema\/logo\/image\/"}}]}},"_links":{"self":[{"href":"https:\/\/madeincamp.fr\/le-colombier\/wp-json\/wp\/v2\/pages\/5968","targetHints":{"allow":["GET"]}}],"collection":[{"href":"https:\/\/madeincamp.fr\/le-colombier\/wp-json\/wp\/v2\/pages"}],"about":[{"href":"https:\/\/madeincamp.fr\/le-colombier\/wp-json\/wp\/v2\/types\/page"}],"author":[{"embeddable":true,"href":"https:\/\/madeincamp.fr\/le-colombier\/wp-json\/wp\/v2\/users\/1"}],"replies":[{"embeddable":true,"href":"https:\/\/madeincamp.fr\/le-colombier\/wp-json\/wp\/v2\/comments?post=5968"}],"version-history":[{"count":33,"href":"https:\/\/madeincamp.fr\/le-colombier\/wp-json\/wp\/v2\/pages\/5968\/revisions"}],"predecessor-version":[{"id":11951,"href":"https:\/\/madeincamp.fr\/le-colombier\/wp-json\/wp\/v2\/pages\/5968\/revisions\/11951"}],"wp:featuredmedia":[{"embeddable":true,"href":"https:\/\/madeincamp.fr\/le-colombier\/wp-json\/wp\/v2\/media\/6530"}],"wp:attachment":[{"href":"https:\/\/madeincamp.fr\/le-colombier\/wp-json\/wp\/v2\/media?parent=5968"}],"curies":[{"name":"wp","href":"https:\/\/api.w.org\/{rel}","templated":true}]}}