{"id":5963,"date":"2024-03-08T11:44:13","date_gmt":"2024-03-08T10:44:13","guid":{"rendered":"https:\/\/madeincamp.fr\/le-colombier\/?page_id=5963"},"modified":"2025-02-21T11:48:33","modified_gmt":"2025-02-21T10:48:33","slug":"restaurant-camping-le-colombier","status":"publish","type":"page","link":"https:\/\/madeincamp.fr\/le-colombier\/restaurant-camping-le-colombier\/","title":{"rendered":"Restaurant : Restauration pr\u00e8s de La Roche-sur-Yon"},"content":{"rendered":"\n<div class=\"wp-block-cover alignfull is-light rellaxed animated fadeIn slow is-style-gt-bg-right has-border-color has-base-2-border-color\" style=\"border-width:2rem;margin-top:var(--wp--preset--spacing--50);margin-bottom:var(--wp--preset--spacing--50);padding-top:0;padding-bottom:0;padding-left:0;min-height:120vh;aspect-ratio:unset;\"><span aria-hidden=\"true\" class=\"wp-block-cover__background has-background-dim-0 has-background-dim\"><\/span><img decoding=\"async\" width=\"1450\" height=\"968\" sizes=\"100vw\" class=\"wp-block-cover__image-background wp-image-6239\" alt=\"Le Colombier terasse restaurant 1\" src=\"https:\/\/madeincamp.fr\/le-colombier\/wp-content\/uploads\/sites\/3\/2024\/03\/Le-Colombier-terasse-restaurant-1.jpeg\" style=\"object-position:100% 46%\" data-object-fit=\"cover\" data-object-position=\"100% 46%\" srcset=\"https:\/\/madeincamp.fr\/le-colombier\/wp-content\/uploads\/sites\/3\/2024\/03\/Le-Colombier-terasse-restaurant-1.jpeg 1450w, https:\/\/madeincamp.fr\/le-colombier\/wp-content\/uploads\/sites\/3\/2024\/03\/Le-Colombier-terasse-restaurant-1-300x200.jpeg 300w, https:\/\/madeincamp.fr\/le-colombier\/wp-content\/uploads\/sites\/3\/2024\/03\/Le-Colombier-terasse-restaurant-1-1024x684.jpeg 1024w, https:\/\/madeincamp.fr\/le-colombier\/wp-content\/uploads\/sites\/3\/2024\/03\/Le-Colombier-terasse-restaurant-1-768x513.jpeg 768w\" \/><div class=\"wp-block-cover__inner-container has-global-padding is-layout-constrained wp-container-core-cover-is-layout-eca6b8ea wp-block-cover-is-layout-constrained\">\n<div class=\"wp-block-group alignwide is-layout-flow wp-block-group-is-layout-flow\" style=\"padding-top:0;padding-right:20vw;padding-bottom:0\">\n<div class=\"wp-block-columns are-vertically-aligned-center has-base-2-background-color has-background is-layout-flex wp-container-core-columns-is-layout-271a479c wp-block-columns-is-layout-flex\" style=\"padding-top:var(--wp--preset--spacing--20);padding-right:var(--wp--preset--spacing--20);padding-bottom:var(--wp--preset--spacing--20);padding-left:var(--wp--preset--spacing--20)\">\n<div class=\"wp-block-column is-vertically-aligned-center is-layout-flow wp-block-column-is-layout-flow\">\n<h2 class=\"wp-block-heading has-base-color has-text-color has-link-color has-large-font-size wp-elements-03269c7396614395b2e59adb4e5f3452\" style=\"font-style:normal;font-weight:300\"><strong>Gourmands<\/strong>, rendez-vous au restaurant en Vend\u00e9e<\/h2>\n\n\n\n<p>Apr\u00e8s de belles journ\u00e9es au grand air, quel plaisir de se retrouver en famille ou avec de nouveaux amis autour d\u2019un bon repas ! <\/p>\n\n\n\n<p>Notre <strong>restaurant en Vend\u00e9e<\/strong> vous re\u00e7oit tous les soirs lorsque vous n\u2019avez pas envie de cuisiner \u00e0 <a href=\"https:\/\/madeincamp.fr\/le-colombier\/location-mobil-home-saint-martin-lars-en-sainte-hermine\/\">votre mobil-home<\/a> ou sur <a href=\"https:\/\/madeincamp.fr\/le-colombier\/location-emplacement-saint-martin-lars-en-sainte-hermine\/\">votre emplacement<\/a>.&nbsp;<\/p>\n\n\n\n<p><br>Dans un cadre champ\u00eatre et chaleureux, d\u00e9couvrez une <strong>carte gourmande<\/strong>, entre plats traditionnels, incontournables r\u00e9confortants, recettes fra\u00eecheurs et <strong>sp\u00e9cialit\u00e9s vend\u00e9ennes<\/strong>.<\/p>\n<\/div>\n\n\n\n<div class=\"wp-block-column is-vertically-aligned-center is-layout-flow wp-container-core-column-is-layout-22223934 wp-block-column-is-layout-flow\">\n<figure class=\"wp-block-image size-full animated fadeIn slow\"><img decoding=\"async\" width=\"611\" height=\"768\" sizes=\"(max-width: 611px) 100vw, 611px\" src=\"https:\/\/madeincamp.fr\/le-colombier\/wp-content\/uploads\/sites\/3\/2024\/03\/le-colombier-camping-naturiste-en-vendee153_resultat.webp\" alt=\"le colombier camping naturiste repas restaurant\" class=\"wp-image-6242\" style=\"aspect-ratio:2\/3;object-fit:cover\" srcset=\"https:\/\/madeincamp.fr\/le-colombier\/wp-content\/uploads\/sites\/3\/2024\/03\/le-colombier-camping-naturiste-en-vendee153_resultat.webp 611w, https:\/\/madeincamp.fr\/le-colombier\/wp-content\/uploads\/sites\/3\/2024\/03\/le-colombier-camping-naturiste-en-vendee153_resultat-239x300.webp 239w\" \/><\/figure>\n<\/div>\n<\/div>\n<\/div>\n<\/div><\/div>\n\n\n\n<div class=\"wp-block-group alignwide is-layout-flow wp-block-group-is-layout-flow\" style=\"padding-top:var(--wp--preset--spacing--60);padding-bottom:var(--wp--preset--spacing--60)\">\n<div class=\"wp-block-columns are-vertically-aligned-center is-layout-flex wp-container-core-columns-is-layout-7fc3d43a wp-block-columns-is-layout-flex\">\n<div class=\"wp-block-column is-vertically-aligned-center is-layout-flow wp-container-core-column-is-layout-8a368f38 wp-block-column-is-layout-flow\">\n<div class=\"wp-block-group home-map-ctv is-layout-flow wp-block-group-is-layout-flow\">\n<figure class=\"wp-block-image aligncenter size-full animated fadeInUp slow delay-500ms\"><img decoding=\"async\" src=\"https:\/\/madeincamp.fr\/wp-content\/uploads\/2024\/02\/fleur.png\" alt=\"fleur\" class=\"wp-image-121\" style=\"object-fit:cover\" \/><\/figure>\n<\/div>\n\n\n\n<div class=\"wp-block-group animated fadeIn slow has-global-padding is-layout-constrained wp-block-group-is-layout-constrained\">\n<figure class=\"wp-block-image size-full\"><img decoding=\"async\" width=\"1024\" height=\"576\" sizes=\"(max-width: 620px) 100vw, 620px\" src=\"https:\/\/madeincamp.fr\/le-colombier\/wp-content\/uploads\/sites\/3\/2024\/03\/le-colombier-camping-naturiste-en-vendee188_resultat.webp\" alt=\"le colombier camping naturiste en vendee188 resultat\" class=\"wp-image-6245\" style=\"aspect-ratio:1;object-fit:cover\" srcset=\"https:\/\/madeincamp.fr\/le-colombier\/wp-content\/uploads\/sites\/3\/2024\/03\/le-colombier-camping-naturiste-en-vendee188_resultat.webp 1024w, https:\/\/madeincamp.fr\/le-colombier\/wp-content\/uploads\/sites\/3\/2024\/03\/le-colombier-camping-naturiste-en-vendee188_resultat-300x169.webp 300w, https:\/\/madeincamp.fr\/le-colombier\/wp-content\/uploads\/sites\/3\/2024\/03\/le-colombier-camping-naturiste-en-vendee188_resultat-768x432.webp 768w\" \/><\/figure>\n<\/div>\n<\/div>\n\n\n\n<div class=\"wp-block-column is-vertically-aligned-center is-layout-flow wp-block-column-is-layout-flow\">\n<h2 class=\"wp-block-heading has-contrast-color has-text-color has-link-color has-x-large-font-size wp-elements-b029fbef63692e1805f0bd39c00492a7\"><strong>Pause<\/strong> au bar<\/h2>\n\n\n\n<div style=\"height:1rem\" aria-hidden=\"true\" class=\"wp-block-spacer\"><\/div>\n\n\n\n<p>Apr\u00e8s une partie de beach-volley ou un apr\u00e8s-midi de baignades \u00e0 la piscine chauff\u00e9e, accordez-vous une <strong>pause au bar<\/strong> autour d\u2019un <strong>soft<\/strong> ou d\u2019un <strong>cocktail<\/strong> !<\/p>\n\n\n\n<p>Profitez du calme de la<strong> terrasse <\/strong>et de ses belles zones ombrag\u00e9es pour vous d\u00e9tendre. Partagez un caf\u00e9 avant de partir <a href=\"https:\/\/madeincamp.fr\/le-colombier\/tourisme-vendee\/\">randonner ou d\u2019explorer la Vend\u00e9e<\/a><br><br>Notre bar-restaurant pr\u00e8s de La Roche-sur-Yon vous r\u00e9gale de <strong>boissons chaudes<\/strong> ou <strong>fra\u00eeches<\/strong>, de <strong>glaces<\/strong>, <strong>d\u2019ap\u00e9ritifs<\/strong> et de<strong> jus de fruits frais<\/strong>, pour tous les moments de la journ\u00e9e !<\/p>\n<\/div>\n<\/div>\n<\/div>\n\n\n\n<div class=\"wp-block-cover alignfull has-custom-content-position is-position-bottom-left animated fadeIn slow\" style=\"padding-top:var(--wp--preset--spacing--40);padding-right:var(--wp--preset--spacing--40);padding-bottom:var(--wp--preset--spacing--40);padding-left:var(--wp--preset--spacing--40);min-height:100vh;aspect-ratio:unset;\"><span aria-hidden=\"true\" class=\"wp-block-cover__background has-background-dim-60 has-background-dim wp-block-cover__gradient-background has-background-gradient\" style=\"background:linear-gradient(135deg,rgb(0,0,0) 0%,rgba(0,0,0,0.59) 100%)\"><\/span><video class=\"wp-block-cover__video-background intrinsic-ignore\" autoplay muted loop playsinline playsinline src=\"https:\/\/madeincamp.fr\/le-colombier\/wp-content\/uploads\/sites\/3\/2024\/03\/burger-snack.mp4\" data-object-fit=\"cover\"><\/video><div class=\"wp-block-cover__inner-container has-global-padding is-layout-constrained wp-container-core-cover-is-layout-52009084 wp-block-cover-is-layout-constrained\">\n<div class=\"wp-block-group has-base-2-color has-text-color has-link-color wp-elements-ee355d5b914c5f40823f4f4904375d92 is-layout-flow wp-container-core-group-is-layout-e356762d wp-block-group-is-layout-flow\" style=\"margin-top:0;margin-bottom:0\">\n<h2 class=\"wp-block-heading animated fadeIn slow has-base-2-color has-text-color has-link-color has-x-large-font-size wp-elements-30df1dc481926ac86803f09d2c9f4b1e\" style=\"font-style:normal;font-weight:300\"><strong>Snack<\/strong> : emportez votre plat dans votre h\u00e9bergement<\/h2>\n\n\n\n<p>En vacances, on appr\u00e9cie d\u2019\u00eatre dispens\u00e9 de cuisiner. Notre snack-restaurant en Vend\u00e9e vous propose une<strong> carte de plats \u00e0 emporter<\/strong> pour vous r\u00e9galer o\u00f9 vous le souhaitez !<\/p>\n\n\n\n<p>De d\u00e9licieuses recettes que vous pourrez vous partager sur votre emplacement, ou au calme sur la terrasse de votre h\u00e9bergement. Pour que vos vacances riment avec libert\u00e9 et simplicit\u00e9 !<\/p>\n<\/div>\n<\/div><\/div>\n\n\n\n<div class=\"wp-block-cover alignfull rellaxed animated fadeIn slow is-style-gt-bg-left has-border-color has-base-2-border-color\" style=\"border-width:2rem;margin-top:var(--wp--preset--spacing--40);margin-bottom:var(--wp--preset--spacing--40);padding-top:0;padding-bottom:0;padding-left:0;min-height:120vh;aspect-ratio:unset;\"><span aria-hidden=\"true\" class=\"wp-block-cover__background has-background-dim-0 has-background-dim\"><\/span><img decoding=\"async\" width=\"1291\" height=\"968\" sizes=\"100vw\" class=\"wp-block-cover__image-background wp-image-6218\" alt=\"speactecle le colombier\" src=\"https:\/\/madeincamp.fr\/le-colombier\/wp-content\/uploads\/sites\/3\/2024\/03\/speactecle-le-colombier.jpeg\" data-object-fit=\"cover\" srcset=\"https:\/\/madeincamp.fr\/le-colombier\/wp-content\/uploads\/sites\/3\/2024\/03\/speactecle-le-colombier.jpeg 1291w, https:\/\/madeincamp.fr\/le-colombier\/wp-content\/uploads\/sites\/3\/2024\/03\/speactecle-le-colombier-300x225.jpeg 300w, https:\/\/madeincamp.fr\/le-colombier\/wp-content\/uploads\/sites\/3\/2024\/03\/speactecle-le-colombier-1024x768.jpeg 1024w, https:\/\/madeincamp.fr\/le-colombier\/wp-content\/uploads\/sites\/3\/2024\/03\/speactecle-le-colombier-768x576.jpeg 768w\" \/><div class=\"wp-block-cover__inner-container has-global-padding is-layout-constrained wp-container-core-cover-is-layout-d78f5b83 wp-block-cover-is-layout-constrained\">\n<div class=\"wp-block-group alignwide is-layout-flow wp-block-group-is-layout-flow\" style=\"padding-top:0;padding-bottom:0;padding-left:20vw\">\n<div class=\"wp-block-columns are-vertically-aligned-center has-base-2-background-color has-background is-layout-flex wp-container-core-columns-is-layout-271a479c wp-block-columns-is-layout-flex\" style=\"padding-top:var(--wp--preset--spacing--20);padding-right:var(--wp--preset--spacing--20);padding-bottom:var(--wp--preset--spacing--20);padding-left:var(--wp--preset--spacing--20)\">\n<div class=\"wp-block-column is-vertically-aligned-center is-layout-flow wp-container-core-column-is-layout-22223934 wp-block-column-is-layout-flow\">\n<figure data-wp-context=\"{&quot;imageId&quot;:&quot;69f1931e55a30&quot;}\" data-wp-interactive=\"core\/image\" class=\"wp-block-image size-full animated fadeIn slow wp-lightbox-container\"><img decoding=\"async\" width=\"1024\" height=\"576\" data-wp-class--hide=\"state.isContentHidden\" data-wp-class--show=\"state.isContentVisible\" data-wp-init=\"callbacks.setButtonStyles\" data-wp-on-async--click=\"actions.showLightbox\" data-wp-on-async--load=\"callbacks.setButtonStyles\" data-wp-on-async-window--resize=\"callbacks.setButtonStyles\" sizes=\"(max-width: 620px) 100vw, 620px\" src=\"https:\/\/madeincamp.fr\/le-colombier\/wp-content\/uploads\/sites\/3\/2024\/03\/le-colombier-camping-naturiste-en-vendee191_resultat.webp\" alt=\"le colombier camping naturiste en vendee191 resultat\" class=\"wp-image-6003\" style=\"aspect-ratio:3\/4;object-fit:cover\" srcset=\"https:\/\/madeincamp.fr\/le-colombier\/wp-content\/uploads\/sites\/3\/2024\/03\/le-colombier-camping-naturiste-en-vendee191_resultat.webp 1024w, https:\/\/madeincamp.fr\/le-colombier\/wp-content\/uploads\/sites\/3\/2024\/03\/le-colombier-camping-naturiste-en-vendee191_resultat-300x169.webp 300w, https:\/\/madeincamp.fr\/le-colombier\/wp-content\/uploads\/sites\/3\/2024\/03\/le-colombier-camping-naturiste-en-vendee191_resultat-768x432.webp 768w\" \/><button\n\t\t\tclass=\"lightbox-trigger\"\n\t\t\ttype=\"button\"\n\t\t\taria-haspopup=\"dialog\"\n\t\t\taria-label=\"Agrandir\"\n\t\t\tdata-wp-init=\"callbacks.initTriggerButton\"\n\t\t\tdata-wp-on-async--click=\"actions.showLightbox\"\n\t\t\tdata-wp-style--right=\"state.imageButtonRight\"\n\t\t\tdata-wp-style--top=\"state.imageButtonTop\"\n\t\t>\n\t\t\t<svg xmlns=\"http:\/\/www.w3.org\/2000\/svg\" width=\"12\" height=\"12\" fill=\"none\" viewBox=\"0 0 12 12\">\n\t\t\t\t<path fill=\"#fff\" d=\"M2 0a2 2 0 0 0-2 2v2h1.5V2a.5.5 0 0 1 .5-.5h2V0H2Zm2 10.5H2a.5.5 0 0 1-.5-.5V8H0v2a2 2 0 0 0 2 2h2v-1.5ZM8 12v-1.5h2a.5.5 0 0 0 .5-.5V8H12v2a2 2 0 0 1-2 2H8Zm2-12a2 2 0 0 1 2 2v2h-1.5V2a.5.5 0 0 0-.5-.5H8V0h2Z\" \/>\n\t\t\t<\/svg>\n\t\t<\/button><\/figure>\n<\/div>\n\n\n\n<div class=\"wp-block-column is-vertically-aligned-center is-layout-flow wp-block-column-is-layout-flow\">\n<h2 class=\"wp-block-heading has-contrast-color has-text-color has-link-color wp-elements-57efc88ac5a70008a1c0c3512e38bc77\"><strong>Convivialit\u00e9<\/strong> lors de nos repas \u00e0 th\u00e8me<\/h2>\n\n\n\n<p class=\"has-contrast-2-color has-text-color has-link-color wp-elements-732a092476b7dcfb5570365a8a8e3488\">En vacances, vous appr\u00e9ciez <strong>la tranquillit\u00e9<\/strong>, mais vous aimez aussi faire de belles rencontres et partager des moments de convivialit\u00e9 ? Le Colombier, camping Made in Camp, organise pour vous des<strong> repas \u00e0 th\u00e8me<\/strong>.&nbsp;<\/p>\n\n\n\n<p class=\"has-contrast-2-color has-text-color has-link-color wp-elements-12cdadb94c498a7a89e95b75f955e46e\">Des <strong>moments parfaits<\/strong> pour s\u2019amuser, discuter et se r\u00e9galer. <br><br><strong>Ces soir\u00e9es,<\/strong> attendues par les enfants comme par les plus grands, ponctuent votre semaine au <a href=\"https:\/\/madeincamp.fr\/le-colombier\/\">camping Made in Camp Le Colombier<\/a> en Vend\u00e9e d\u2019un <strong>moment chaleureux, <\/strong>divertissant et gourmand !<\/p>\n<\/div>\n<\/div>\n<\/div>\n<\/div><\/div>\n\n\n\n<section class=\"wp-block-group alignfull has-global-padding is-layout-constrained wp-block-group-is-layout-constrained\">\n<div class=\"wp-block-columns alignfull is-style-gt-galerie is-layout-flex wp-container-core-columns-is-layout-e0e4babd wp-block-columns-is-layout-flex\" style=\"padding-right:0;padding-left:0\">\n<div class=\"wp-block-column is-layout-flow wp-block-column-is-layout-flow\" style=\"flex-basis:50%\">\n<figure data-wp-context=\"{&quot;imageId&quot;:&quot;69f1931e560a4&quot;}\" data-wp-interactive=\"core\/image\" class=\"wp-block-image size-full animated fadeIn slow wp-lightbox-container\"><img decoding=\"async\" width=\"2560\" height=\"1709\" data-wp-class--hide=\"state.isContentHidden\" data-wp-class--show=\"state.isContentVisible\" data-wp-init=\"callbacks.setButtonStyles\" data-wp-on-async--click=\"actions.showLightbox\" data-wp-on-async--load=\"callbacks.setButtonStyles\" data-wp-on-async-window--resize=\"callbacks.setButtonStyles\" sizes=\"(max-width: 620px) 100vw, 620px\" src=\"https:\/\/madeincamp.fr\/le-colombier\/wp-content\/uploads\/sites\/3\/2024\/03\/le-colombier-camping-naturiste-en-vendee227-scaled.jpg\" alt=\"le colombier camping naturiste en vende\u0301e227\" class=\"wp-image-6158\" srcset=\"https:\/\/madeincamp.fr\/le-colombier\/wp-content\/uploads\/sites\/3\/2024\/03\/le-colombier-camping-naturiste-en-vendee227-scaled.jpg 2560w, https:\/\/madeincamp.fr\/le-colombier\/wp-content\/uploads\/sites\/3\/2024\/03\/le-colombier-camping-naturiste-en-vendee227-300x200.jpg 300w, https:\/\/madeincamp.fr\/le-colombier\/wp-content\/uploads\/sites\/3\/2024\/03\/le-colombier-camping-naturiste-en-vendee227-1024x683.jpg 1024w, https:\/\/madeincamp.fr\/le-colombier\/wp-content\/uploads\/sites\/3\/2024\/03\/le-colombier-camping-naturiste-en-vendee227-768x513.jpg 768w, https:\/\/madeincamp.fr\/le-colombier\/wp-content\/uploads\/sites\/3\/2024\/03\/le-colombier-camping-naturiste-en-vendee227-1536x1025.jpg 1536w, https:\/\/madeincamp.fr\/le-colombier\/wp-content\/uploads\/sites\/3\/2024\/03\/le-colombier-camping-naturiste-en-vendee227-2048x1367.jpg 2048w\" \/><button\n\t\t\tclass=\"lightbox-trigger\"\n\t\t\ttype=\"button\"\n\t\t\taria-haspopup=\"dialog\"\n\t\t\taria-label=\"Agrandir\"\n\t\t\tdata-wp-init=\"callbacks.initTriggerButton\"\n\t\t\tdata-wp-on-async--click=\"actions.showLightbox\"\n\t\t\tdata-wp-style--right=\"state.imageButtonRight\"\n\t\t\tdata-wp-style--top=\"state.imageButtonTop\"\n\t\t>\n\t\t\t<svg xmlns=\"http:\/\/www.w3.org\/2000\/svg\" width=\"12\" height=\"12\" fill=\"none\" viewBox=\"0 0 12 12\">\n\t\t\t\t<path fill=\"#fff\" d=\"M2 0a2 2 0 0 0-2 2v2h1.5V2a.5.5 0 0 1 .5-.5h2V0H2Zm2 10.5H2a.5.5 0 0 1-.5-.5V8H0v2a2 2 0 0 0 2 2h2v-1.5ZM8 12v-1.5h2a.5.5 0 0 0 .5-.5V8H12v2a2 2 0 0 1-2 2H8Zm2-12a2 2 0 0 1 2 2v2h-1.5V2a.5.5 0 0 0-.5-.5H8V0h2Z\" \/>\n\t\t\t<\/svg>\n\t\t<\/button><\/figure>\n<\/div>\n\n\n\n<div class=\"wp-block-column is-layout-flow wp-container-core-column-is-layout-e3d1c41b wp-block-column-is-layout-flow\" style=\"flex-basis:66.66%\">\n<figure class=\"wp-block-gallery has-nested-images columns-2 is-cropped wp-block-gallery-1 is-layout-flex wp-block-gallery-is-layout-flex\">\n<figure data-wp-context=\"{&quot;imageId&quot;:&quot;69f1931e562bd&quot;}\" data-wp-interactive=\"core\/image\" class=\"wp-block-image size-full animated fadeIn delay-200ms slow wp-lightbox-container\"><img decoding=\"async\" width=\"534\" height=\"676\" data-wp-class--hide=\"state.isContentHidden\" data-wp-class--show=\"state.isContentVisible\" data-wp-init=\"callbacks.setButtonStyles\" data-wp-on-async--click=\"actions.showLightbox\" data-wp-on-async--load=\"callbacks.setButtonStyles\" data-wp-on-async-window--resize=\"callbacks.setButtonStyles\" sizes=\"(max-width: 534px) 100vw, 534px\" data-id=\"6289\" src=\"https:\/\/madeincamp.fr\/le-colombier\/wp-content\/uploads\/sites\/3\/2024\/03\/Sans-titre-2.jpg\" alt=\"couple petit d\u00e9jeuner\" class=\"wp-image-6289\" srcset=\"https:\/\/madeincamp.fr\/le-colombier\/wp-content\/uploads\/sites\/3\/2024\/03\/Sans-titre-2.jpg 534w, https:\/\/madeincamp.fr\/le-colombier\/wp-content\/uploads\/sites\/3\/2024\/03\/Sans-titre-2-237x300.jpg 237w\" \/><button\n\t\t\tclass=\"lightbox-trigger\"\n\t\t\ttype=\"button\"\n\t\t\taria-haspopup=\"dialog\"\n\t\t\taria-label=\"Agrandir\"\n\t\t\tdata-wp-init=\"callbacks.initTriggerButton\"\n\t\t\tdata-wp-on-async--click=\"actions.showLightbox\"\n\t\t\tdata-wp-style--right=\"state.imageButtonRight\"\n\t\t\tdata-wp-style--top=\"state.imageButtonTop\"\n\t\t>\n\t\t\t<svg xmlns=\"http:\/\/www.w3.org\/2000\/svg\" width=\"12\" height=\"12\" fill=\"none\" viewBox=\"0 0 12 12\">\n\t\t\t\t<path fill=\"#fff\" d=\"M2 0a2 2 0 0 0-2 2v2h1.5V2a.5.5 0 0 1 .5-.5h2V0H2Zm2 10.5H2a.5.5 0 0 1-.5-.5V8H0v2a2 2 0 0 0 2 2h2v-1.5ZM8 12v-1.5h2a.5.5 0 0 0 .5-.5V8H12v2a2 2 0 0 1-2 2H8Zm2-12a2 2 0 0 1 2 2v2h-1.5V2a.5.5 0 0 0-.5-.5H8V0h2Z\" \/>\n\t\t\t<\/svg>\n\t\t<\/button><\/figure>\n\n\n\n<figure data-wp-context=\"{&quot;imageId&quot;:&quot;69f1931e56450&quot;}\" data-wp-interactive=\"core\/image\" class=\"wp-block-image size-full animated fadeIn delay-100ms wp-lightbox-container\"><img decoding=\"async\" width=\"570\" height=\"768\" data-wp-class--hide=\"state.isContentHidden\" data-wp-class--show=\"state.isContentVisible\" data-wp-init=\"callbacks.setButtonStyles\" data-wp-on-async--click=\"actions.showLightbox\" data-wp-on-async--load=\"callbacks.setButtonStyles\" data-wp-on-async-window--resize=\"callbacks.setButtonStyles\" sizes=\"(max-width: 570px) 100vw, 570px\" data-id=\"6624\" src=\"https:\/\/madeincamp.fr\/le-colombier\/wp-content\/uploads\/sites\/3\/2024\/03\/le-colombier-camping-naturiste-en-vendee154_resultat.webp\" alt=\"le colombier camping naturiste en vende\u0301e154 resultat\" class=\"wp-image-6624\" srcset=\"https:\/\/madeincamp.fr\/le-colombier\/wp-content\/uploads\/sites\/3\/2024\/03\/le-colombier-camping-naturiste-en-vendee154_resultat.webp 570w, https:\/\/madeincamp.fr\/le-colombier\/wp-content\/uploads\/sites\/3\/2024\/03\/le-colombier-camping-naturiste-en-vendee154_resultat-223x300.webp 223w\" \/><button\n\t\t\tclass=\"lightbox-trigger\"\n\t\t\ttype=\"button\"\n\t\t\taria-haspopup=\"dialog\"\n\t\t\taria-label=\"Agrandir\"\n\t\t\tdata-wp-init=\"callbacks.initTriggerButton\"\n\t\t\tdata-wp-on-async--click=\"actions.showLightbox\"\n\t\t\tdata-wp-style--right=\"state.imageButtonRight\"\n\t\t\tdata-wp-style--top=\"state.imageButtonTop\"\n\t\t>\n\t\t\t<svg xmlns=\"http:\/\/www.w3.org\/2000\/svg\" width=\"12\" height=\"12\" fill=\"none\" viewBox=\"0 0 12 12\">\n\t\t\t\t<path fill=\"#fff\" d=\"M2 0a2 2 0 0 0-2 2v2h1.5V2a.5.5 0 0 1 .5-.5h2V0H2Zm2 10.5H2a.5.5 0 0 1-.5-.5V8H0v2a2 2 0 0 0 2 2h2v-1.5ZM8 12v-1.5h2a.5.5 0 0 0 .5-.5V8H12v2a2 2 0 0 1-2 2H8Zm2-12a2 2 0 0 1 2 2v2h-1.5V2a.5.5 0 0 0-.5-.5H8V0h2Z\" \/>\n\t\t\t<\/svg>\n\t\t<\/button><\/figure>\n<\/figure>\n\n\n\n<figure data-wp-context=\"{&quot;imageId&quot;:&quot;69f1931e5662d&quot;}\" data-wp-interactive=\"core\/image\" class=\"wp-block-image size-full animated fadeIn delay-100ms slow wp-lightbox-container\"><img decoding=\"async\" width=\"1024\" height=\"683\" data-wp-class--hide=\"state.isContentHidden\" data-wp-class--show=\"state.isContentVisible\" data-wp-init=\"callbacks.setButtonStyles\" data-wp-on-async--click=\"actions.showLightbox\" data-wp-on-async--load=\"callbacks.setButtonStyles\" data-wp-on-async-window--resize=\"callbacks.setButtonStyles\" sizes=\"(max-width: 620px) 100vw, 620px\" src=\"https:\/\/madeincamp.fr\/le-colombier\/wp-content\/uploads\/sites\/3\/2024\/03\/le-colombier-camping-naturiste-en-vendee214_resultat-1.webp\" alt=\"le colombier camping naturiste en vende\u0301e214 resultat\" class=\"wp-image-6261\" srcset=\"https:\/\/madeincamp.fr\/le-colombier\/wp-content\/uploads\/sites\/3\/2024\/03\/le-colombier-camping-naturiste-en-vendee214_resultat-1.webp 1024w, https:\/\/madeincamp.fr\/le-colombier\/wp-content\/uploads\/sites\/3\/2024\/03\/le-colombier-camping-naturiste-en-vendee214_resultat-1-300x200.webp 300w, https:\/\/madeincamp.fr\/le-colombier\/wp-content\/uploads\/sites\/3\/2024\/03\/le-colombier-camping-naturiste-en-vendee214_resultat-1-768x512.webp 768w\" \/><button\n\t\t\tclass=\"lightbox-trigger\"\n\t\t\ttype=\"button\"\n\t\t\taria-haspopup=\"dialog\"\n\t\t\taria-label=\"Agrandir\"\n\t\t\tdata-wp-init=\"callbacks.initTriggerButton\"\n\t\t\tdata-wp-on-async--click=\"actions.showLightbox\"\n\t\t\tdata-wp-style--right=\"state.imageButtonRight\"\n\t\t\tdata-wp-style--top=\"state.imageButtonTop\"\n\t\t>\n\t\t\t<svg xmlns=\"http:\/\/www.w3.org\/2000\/svg\" width=\"12\" height=\"12\" fill=\"none\" viewBox=\"0 0 12 12\">\n\t\t\t\t<path fill=\"#fff\" d=\"M2 0a2 2 0 0 0-2 2v2h1.5V2a.5.5 0 0 1 .5-.5h2V0H2Zm2 10.5H2a.5.5 0 0 1-.5-.5V8H0v2a2 2 0 0 0 2 2h2v-1.5ZM8 12v-1.5h2a.5.5 0 0 0 .5-.5V8H12v2a2 2 0 0 1-2 2H8Zm2-12a2 2 0 0 1 2 2v2h-1.5V2a.5.5 0 0 0-.5-.5H8V0h2Z\" \/>\n\t\t\t<\/svg>\n\t\t<\/button><\/figure>\n<\/div>\n<\/div>\n<\/section>\n\n\n\n<div class=\"wp-block-group alignwide has-base-color has-text-color has-link-color has-black-crow-font-family wp-elements-215f4938969c8f386dbbd32aa2a1c64c is-content-justification-center is-layout-flex wp-container-core-group-is-layout-1d21e971 wp-block-group-is-layout-flex\" style=\"padding-top:var(--wp--preset--spacing--40);padding-bottom:var(--wp--preset--spacing--40);font-size:clamp(3.8rem, 3.8rem + ((1vw - 0.2rem) * 7), 8rem);line-height:0.9;text-transform:uppercase\">\n<p class=\"has-text-align-center animated fadeIn slow has-base-color has-text-color has-link-color wp-elements-31b603c459125afb16aa87ed4b096c15\">Made in<\/p>\n\n\n\n<p class=\"has-text-align-center animated fadeIn slow has-contrast-color has-text-color has-link-color wp-elements-4203f0fda1064f4b5c353166a6952a65\">Taste<\/p>\n<\/div>\n\n\n\n<div class=\"wp-block-group alignfull is-style-gt-ctas is-content-justification-space-between is-nowrap is-layout-flex wp-container-core-group-is-layout-4e2e7437 wp-block-group-is-layout-flex\"><a href=\"https:\/\/madeincamp.fr\/le-colombier\/camping-familial-saint-martin-lars-en-sainte-hermine\/\"    class=\"no-icon animated fadeIn slow wp-block-tiptip-hyperlink-group-block\" >\n<div class=\"wp-block-cover has-custom-content-position is-position-bottom-right has-contrast-2-color has-text-color has-link-color wp-elements-3c31baf6258efbc80ff3fe579d5a6161\" style=\"padding-top:var(--wp--preset--spacing--40);padding-right:var(--wp--preset--spacing--40);padding-bottom:var(--wp--preset--spacing--40);padding-left:var(--wp--preset--spacing--40);min-height:65vh;aspect-ratio:unset;\"><span aria-hidden=\"true\" class=\"wp-block-cover__background has-background-dim-100 has-background-dim wp-block-cover__gradient-background has-background-gradient\" style=\"background:linear-gradient(180deg,rgba(255,255,255,0) 17%,rgb(255,255,255) 83%)\"><\/span><img decoding=\"async\" width=\"1024\" height=\"577\" sizes=\"(max-width: 620px) 100vw, 620px\" class=\"wp-block-cover__image-background wp-image-6196\" alt=\"le colombier camping naturiste en vendee158 resultat copie 1\" src=\"https:\/\/madeincamp.fr\/le-colombier\/wp-content\/uploads\/sites\/3\/2024\/03\/le-colombier-camping-naturiste-en-vendee158_resultat-copie-1.webp\" data-object-fit=\"cover\" srcset=\"https:\/\/madeincamp.fr\/le-colombier\/wp-content\/uploads\/sites\/3\/2024\/03\/le-colombier-camping-naturiste-en-vendee158_resultat-copie-1.webp 1024w, https:\/\/madeincamp.fr\/le-colombier\/wp-content\/uploads\/sites\/3\/2024\/03\/le-colombier-camping-naturiste-en-vendee158_resultat-copie-1-300x169.webp 300w, https:\/\/madeincamp.fr\/le-colombier\/wp-content\/uploads\/sites\/3\/2024\/03\/le-colombier-camping-naturiste-en-vendee158_resultat-copie-1-768x433.webp 768w\" \/><div class=\"wp-block-cover__inner-container is-layout-flow wp-block-cover-is-layout-flow\">\n<div class=\"wp-block-group has-contrast-2-color has-text-color has-link-color wp-elements-12228387828e6171e7d3e41d22279e8d is-vertical is-content-justification-right is-layout-flex wp-container-core-group-is-layout-05e4ae02 wp-block-group-is-layout-flex\" style=\"margin-top:0;margin-bottom:0\">\n<p class=\"has-text-align-right animated fadeIn slow has-base-color has-text-color has-link-color has-chennai-font-family has-large-font-size wp-elements-4f50d7f1328c6920346dc20c769282e3\" style=\"line-height:1.2\">Made in<br>Life<\/p>\n\n\n\n<p class=\"has-text-align-right animated fadeIn slow delay-100ms has-small-font-size\">D\u00e9couvrez les animations<br>du camping Le Colombier<\/p>\n\n\n\n<div class=\"wp-block-group is-nowrap is-layout-flex wp-container-core-group-is-layout-542c142b wp-block-group-is-layout-flex\">\n<p class=\"has-text-align-right animated fadeIn delay-200ms slow has-small-font-size\" style=\"margin-top:var(--wp--preset--spacing--10)\"><strong>Nos animations<\/strong><\/p>\n\n\n\n<figure class=\"wp-block-image size-full is-resized animated fadeInLeft delay-500ms slow wp-duotone-222323-222323-3\"><img decoding=\"async\" src=\"https:\/\/madeincamp.fr\/wp-content\/uploads\/2024\/02\/arrow-big.png\" alt=\"arrow big\" class=\"wp-image-422\" style=\"width:28px;height:auto\" \/><\/figure>\n<\/div>\n<\/div>\n<\/div><\/div>\n<\/a>\n\n<a href=\"https:\/\/madeincamp.fr\/le-colombier\/location-mobil-home-saint-martin-lars-en-sainte-hermine\/\"    style=\"padding-top:4rem;\" class=\"no-icon animated fadeIn delay-200ms slow wp-block-tiptip-hyperlink-group-block\" >\n<div class=\"wp-block-cover has-custom-content-position is-position-bottom-right has-contrast-2-color has-text-color has-link-color wp-elements-dc07e842fed16ea652ddc3e91e373f4e\" style=\"padding-top:var(--wp--preset--spacing--40);padding-right:var(--wp--preset--spacing--40);padding-bottom:var(--wp--preset--spacing--40);padding-left:var(--wp--preset--spacing--40);min-height:75vh;aspect-ratio:unset;\"><span aria-hidden=\"true\" class=\"wp-block-cover__background has-background-dim-100 has-background-dim wp-block-cover__gradient-background has-background-gradient\" style=\"background:linear-gradient(180deg,rgba(255,255,255,0) 17%,rgb(255,255,255) 83%)\"><\/span><img decoding=\"async\" width=\"1024\" height=\"683\" sizes=\"(max-width: 620px) 100vw, 620px\" class=\"wp-block-cover__image-background wp-image-6283\" alt=\"le colombier camping naturiste en vendee73 resultat\" src=\"https:\/\/madeincamp.fr\/le-colombier\/wp-content\/uploads\/sites\/3\/2024\/03\/le-colombier-camping-naturiste-en-vendee73_resultat.webp\" data-object-fit=\"cover\" srcset=\"https:\/\/madeincamp.fr\/le-colombier\/wp-content\/uploads\/sites\/3\/2024\/03\/le-colombier-camping-naturiste-en-vendee73_resultat.webp 1024w, https:\/\/madeincamp.fr\/le-colombier\/wp-content\/uploads\/sites\/3\/2024\/03\/le-colombier-camping-naturiste-en-vendee73_resultat-300x200.webp 300w, https:\/\/madeincamp.fr\/le-colombier\/wp-content\/uploads\/sites\/3\/2024\/03\/le-colombier-camping-naturiste-en-vendee73_resultat-768x512.webp 768w\" \/><div class=\"wp-block-cover__inner-container is-layout-flow wp-block-cover-is-layout-flow\">\n<div class=\"wp-block-group has-contrast-2-color has-text-color has-link-color wp-elements-3e211b501d312e06d59b7bac3cc16dc4 is-vertical is-content-justification-right is-layout-flex wp-container-core-group-is-layout-05e4ae02 wp-block-group-is-layout-flex\" style=\"margin-top:0;margin-bottom:0\">\n<p class=\"has-text-align-right animated fadeIn slow has-base-color has-text-color has-link-color has-chennai-font-family has-large-font-size wp-elements-2cae2eb94a067a6d9326c5a6c8bf1484\" style=\"line-height:1.2\">Made in<br>Comfort<\/p>\n\n\n\n<p class=\"has-text-align-right animated fadeIn slow delay-100ms has-small-font-size\">D\u00e9couvrez les h\u00e9bergements<br>du camping Le Colombier<\/p>\n\n\n\n<div class=\"wp-block-group is-nowrap is-layout-flex wp-container-core-group-is-layout-542c142b wp-block-group-is-layout-flex\">\n<p class=\"has-text-align-right animated fadeIn delay-200ms slow has-small-font-size\" style=\"margin-top:var(--wp--preset--spacing--10)\"><strong>Nos h\u00e9bergements<\/strong><\/p>\n\n\n\n<figure class=\"wp-block-image size-full is-resized animated fadeInLeft delay-500ms slow wp-duotone-222323-222323-5\"><img decoding=\"async\" src=\"https:\/\/madeincamp.fr\/wp-content\/uploads\/2024\/02\/arrow-big.png\" alt=\"arrow big\" class=\"wp-image-422\" style=\"width:28px;height:auto\" \/><\/figure>\n<\/div>\n<\/div>\n<\/div><\/div>\n<\/a>\n\n<a href=\"https:\/\/madeincamp.fr\/le-colombier\/animations-activites-familiales-camping-naturiste-colombier-vendee\/\"    style=\"padding-bottom:0;padding-top:8rem;\" class=\"no-icon animated fadeIn delay-500ms slow wp-block-tiptip-hyperlink-group-block\" >\n<div class=\"wp-block-cover has-custom-content-position is-position-bottom-right has-contrast-2-color has-text-color has-link-color wp-elements-d3d63acd0e36c21020ca437c08c8e97b\" style=\"padding-top:var(--wp--preset--spacing--40);padding-right:var(--wp--preset--spacing--40);padding-bottom:var(--wp--preset--spacing--40);padding-left:var(--wp--preset--spacing--40);min-height:85vh;aspect-ratio:unset;\"><span aria-hidden=\"true\" class=\"wp-block-cover__background has-background-dim-100 has-background-dim wp-block-cover__gradient-background has-background-gradient\" style=\"background:linear-gradient(180deg,rgba(255,255,255,0) 17%,rgb(255,255,255) 83%)\"><\/span><img decoding=\"async\" width=\"1456\" height=\"816\" sizes=\"(max-width: 620px) 100vw, 620px\" class=\"wp-block-cover__image-background wp-image-6224\" alt=\"homme dans champ\" src=\"https:\/\/madeincamp.fr\/le-colombier\/wp-content\/uploads\/sites\/3\/2024\/03\/homme-dans-champ.webp\" data-object-fit=\"cover\" srcset=\"https:\/\/madeincamp.fr\/le-colombier\/wp-content\/uploads\/sites\/3\/2024\/03\/homme-dans-champ.webp 1456w, https:\/\/madeincamp.fr\/le-colombier\/wp-content\/uploads\/sites\/3\/2024\/03\/homme-dans-champ-300x168.webp 300w, https:\/\/madeincamp.fr\/le-colombier\/wp-content\/uploads\/sites\/3\/2024\/03\/homme-dans-champ-1024x574.webp 1024w, https:\/\/madeincamp.fr\/le-colombier\/wp-content\/uploads\/sites\/3\/2024\/03\/homme-dans-champ-768x430.webp 768w\" \/><div class=\"wp-block-cover__inner-container is-layout-flow wp-block-cover-is-layout-flow\">\n<div class=\"wp-block-group has-contrast-2-color has-text-color has-link-color wp-elements-3e32b3bb4cf54c809b839e44ea5ec3da is-vertical is-content-justification-right is-layout-flex wp-container-core-group-is-layout-05e4ae02 wp-block-group-is-layout-flex\" style=\"margin-top:0;margin-bottom:0\">\n<p class=\"has-text-align-right animated fadeIn slow has-base-color has-text-color has-link-color has-chennai-font-family has-large-font-size wp-elements-8c2b8ddd3826b91d642466fc5b482054\" style=\"line-height:1.2\">Made in<br>Fun<\/p>\n\n\n\n<p class=\"has-text-align-right animated fadeIn slow delay-100ms has-small-font-size\">D\u00e9couvrez les animations<br>du camping le Colombier<\/p>\n\n\n\n<div class=\"wp-block-group is-nowrap is-layout-flex wp-container-core-group-is-layout-542c142b wp-block-group-is-layout-flex\">\n<p class=\"has-text-align-right animated fadeIn delay-200ms slow has-small-font-size\" style=\"margin-top:var(--wp--preset--spacing--10)\"><strong>Nos animations<\/strong><\/p>\n\n\n\n<figure class=\"wp-block-image size-full is-resized animated fadeInLeft delay-500ms slow wp-duotone-222323-222323-7\"><img decoding=\"async\" src=\"https:\/\/madeincamp.fr\/wp-content\/uploads\/2024\/02\/arrow-big.png\" alt=\"arrow big\" class=\"wp-image-422\" style=\"width:28px;height:auto\" \/><\/figure>\n<\/div>\n<\/div>\n<\/div><\/div>\n<\/a><\/div>\n","protected":false},"excerpt":{"rendered":"<p>Pause au bar Apr\u00e8s une partie de beach-volley ou un apr\u00e8s-midi de baignades \u00e0 la piscine chauff\u00e9e, accordez-vous une pause au bar autour d\u2019un soft ou d\u2019un cocktail ! Profitez du calme de la terrasse et de ses belles zones ombrag\u00e9es pour vous d\u00e9tendre. Partagez un caf\u00e9 avant de partir randonner ou d\u2019explorer la Vend\u00e9e [&hellip;]<\/p>\n","protected":false},"author":1,"featured_media":6217,"parent":0,"menu_order":0,"comment_status":"closed","ping_status":"closed","template":"","meta":{"_acf_changed":false,"footnotes":""},"class_list":["post-5963","page","type-page","status-publish","has-post-thumbnail","hentry"],"acf":[],"yoast_head":"<!-- This site is optimized with the Yoast SEO plugin v24.5 - https:\/\/yoast.com\/wordpress\/plugins\/seo\/ -->\n<title>Restaurant avec sp\u00e9cialit\u00e9s vend\u00e9ennes et snack<\/title>\n<meta name=\"description\" content=\"Savourez des plats traditionnels et des sp\u00e9cialit\u00e9s vend\u00e9ennes au restaurant ou \u00e0 emporter ou profitez d&#039;une pause rafra\u00eechissante au bar.\" \/>\n<meta name=\"robots\" content=\"index, follow, max-snippet:-1, max-image-preview:large, max-video-preview:-1\" \/>\n<link rel=\"canonical\" href=\"https:\/\/madeincamp.fr\/le-colombier\/restaurant-camping-le-colombier\/\" \/>\n<meta property=\"og:locale\" content=\"fr_FR\" \/>\n<meta property=\"og:type\" content=\"article\" \/>\n<meta property=\"og:title\" content=\"Restaurant avec sp\u00e9cialit\u00e9s vend\u00e9ennes et snack\" \/>\n<meta property=\"og:description\" content=\"Savourez des plats traditionnels et des sp\u00e9cialit\u00e9s vend\u00e9ennes au restaurant ou \u00e0 emporter ou profitez d&#039;une pause rafra\u00eechissante au bar.\" \/>\n<meta property=\"og:url\" content=\"https:\/\/madeincamp.fr\/le-colombier\/restaurant-camping-le-colombier\/\" \/>\n<meta property=\"og:site_name\" content=\"Made in camp Le Colombier\" \/>\n<meta property=\"article:modified_time\" content=\"2025-02-21T10:48:33+00:00\" \/>\n<meta property=\"og:image\" content=\"https:\/\/madeincamp.fr\/le-colombier\/wp-content\/uploads\/sites\/3\/2024\/03\/exterieur-nuit-colombioer.jpeg\" \/>\n\t<meta property=\"og:image:width\" content=\"1328\" \/>\n\t<meta property=\"og:image:height\" content=\"968\" \/>\n\t<meta property=\"og:image:type\" content=\"image\/jpeg\" \/>\n<meta name=\"twitter:card\" content=\"summary_large_image\" \/>\n<meta name=\"twitter:label1\" content=\"Dur\u00e9e de lecture estim\u00e9e\" \/>\n\t<meta name=\"twitter:data1\" content=\"6 minutes\" \/>\n<script type=\"application\/ld+json\" class=\"yoast-schema-graph\">{\"@context\":\"https:\/\/schema.org\",\"@graph\":[{\"@type\":\"WebPage\",\"@id\":\"https:\/\/madeincamp.fr\/le-colombier\/restaurant-camping-le-colombier\/\",\"url\":\"https:\/\/madeincamp.fr\/le-colombier\/restaurant-camping-le-colombier\/\",\"name\":\"Restaurant avec sp\u00e9cialit\u00e9s vend\u00e9ennes et snack\",\"isPartOf\":{\"@id\":\"https:\/\/madeincamp.fr\/le-colombier\/#website\"},\"primaryImageOfPage\":{\"@id\":\"https:\/\/madeincamp.fr\/le-colombier\/restaurant-camping-le-colombier\/#primaryimage\"},\"image\":{\"@id\":\"https:\/\/madeincamp.fr\/le-colombier\/restaurant-camping-le-colombier\/#primaryimage\"},\"thumbnailUrl\":\"https:\/\/madeincamp.fr\/le-colombier\/wp-content\/uploads\/sites\/3\/2024\/03\/exterieur-nuit-colombioer.jpeg\",\"datePublished\":\"2024-03-08T10:44:13+00:00\",\"dateModified\":\"2025-02-21T10:48:33+00:00\",\"description\":\"Savourez des plats traditionnels et des sp\u00e9cialit\u00e9s vend\u00e9ennes au restaurant ou \u00e0 emporter ou profitez d'une pause rafra\u00eechissante au bar.\",\"breadcrumb\":{\"@id\":\"https:\/\/madeincamp.fr\/le-colombier\/restaurant-camping-le-colombier\/#breadcrumb\"},\"inLanguage\":\"fr-FR\",\"potentialAction\":[{\"@type\":\"ReadAction\",\"target\":[\"https:\/\/madeincamp.fr\/le-colombier\/restaurant-camping-le-colombier\/\"]}]},{\"@type\":\"ImageObject\",\"inLanguage\":\"fr-FR\",\"@id\":\"https:\/\/madeincamp.fr\/le-colombier\/restaurant-camping-le-colombier\/#primaryimage\",\"url\":\"https:\/\/madeincamp.fr\/le-colombier\/wp-content\/uploads\/sites\/3\/2024\/03\/exterieur-nuit-colombioer.jpeg\",\"contentUrl\":\"https:\/\/madeincamp.fr\/le-colombier\/wp-content\/uploads\/sites\/3\/2024\/03\/exterieur-nuit-colombioer.jpeg\",\"width\":1328,\"height\":968,\"caption\":\"exterieur nuit colombioer\"},{\"@type\":\"BreadcrumbList\",\"@id\":\"https:\/\/madeincamp.fr\/le-colombier\/restaurant-camping-le-colombier\/#breadcrumb\",\"itemListElement\":[{\"@type\":\"ListItem\",\"position\":1,\"name\":\"Le Colombier\",\"item\":\"https:\/\/madeincamp.fr\/le-colombier\/\"},{\"@type\":\"ListItem\",\"position\":2,\"name\":\"Restaurant\"}]},{\"@type\":\"WebSite\",\"@id\":\"https:\/\/madeincamp.fr\/le-colombier\/#website\",\"url\":\"https:\/\/madeincamp.fr\/le-colombier\/\",\"name\":\"Made in camp Le Colombier\",\"description\":\"Artisans de vos vacances\",\"publisher\":{\"@id\":\"https:\/\/madeincamp.fr\/le-colombier\/#organization\"},\"inLanguage\":\"fr-FR\"},{\"@type\":\"Organization\",\"@id\":\"https:\/\/madeincamp.fr\/le-colombier\/#organization\",\"name\":\"Made in camp Le Colombier\",\"url\":\"https:\/\/madeincamp.fr\/le-colombier\/\",\"logo\":{\"@type\":\"ImageObject\",\"inLanguage\":\"fr-FR\",\"@id\":\"https:\/\/madeincamp.fr\/le-colombier\/#\/schema\/logo\/image\/\",\"url\":\"https:\/\/madeincamp.fr\/le-colombier\/wp-content\/uploads\/sites\/3\/2024\/02\/made-in-camp-logo.png\",\"contentUrl\":\"https:\/\/madeincamp.fr\/le-colombier\/wp-content\/uploads\/sites\/3\/2024\/02\/made-in-camp-logo.png\",\"width\":224,\"height\":91,\"caption\":\"Made in camp Le Colombier\"},\"image\":{\"@id\":\"https:\/\/madeincamp.fr\/le-colombier\/#\/schema\/logo\/image\/\"}}]}<\/script>\n<!-- \/ Yoast SEO plugin. -->","yoast_head_json":{"title":"Restaurant avec sp\u00e9cialit\u00e9s vend\u00e9ennes et snack","description":"Savourez des plats traditionnels et des sp\u00e9cialit\u00e9s vend\u00e9ennes au restaurant ou \u00e0 emporter ou profitez d'une pause rafra\u00eechissante au bar.","robots":{"index":"index","follow":"follow","max-snippet":"max-snippet:-1","max-image-preview":"max-image-preview:large","max-video-preview":"max-video-preview:-1"},"canonical":"https:\/\/madeincamp.fr\/le-colombier\/restaurant-camping-le-colombier\/","og_locale":"fr_FR","og_type":"article","og_title":"Restaurant avec sp\u00e9cialit\u00e9s vend\u00e9ennes et snack","og_description":"Savourez des plats traditionnels et des sp\u00e9cialit\u00e9s vend\u00e9ennes au restaurant ou \u00e0 emporter ou profitez d'une pause rafra\u00eechissante au bar.","og_url":"https:\/\/madeincamp.fr\/le-colombier\/restaurant-camping-le-colombier\/","og_site_name":"Made in camp Le Colombier","article_modified_time":"2025-02-21T10:48:33+00:00","og_image":[{"width":1328,"height":968,"url":"https:\/\/madeincamp.fr\/le-colombier\/wp-content\/uploads\/sites\/3\/2024\/03\/exterieur-nuit-colombioer.jpeg","type":"image\/jpeg"}],"twitter_card":"summary_large_image","twitter_misc":{"Dur\u00e9e de lecture estim\u00e9e":"6 minutes"},"schema":{"@context":"https:\/\/schema.org","@graph":[{"@type":"WebPage","@id":"https:\/\/madeincamp.fr\/le-colombier\/restaurant-camping-le-colombier\/","url":"https:\/\/madeincamp.fr\/le-colombier\/restaurant-camping-le-colombier\/","name":"Restaurant avec sp\u00e9cialit\u00e9s vend\u00e9ennes et snack","isPartOf":{"@id":"https:\/\/madeincamp.fr\/le-colombier\/#website"},"primaryImageOfPage":{"@id":"https:\/\/madeincamp.fr\/le-colombier\/restaurant-camping-le-colombier\/#primaryimage"},"image":{"@id":"https:\/\/madeincamp.fr\/le-colombier\/restaurant-camping-le-colombier\/#primaryimage"},"thumbnailUrl":"https:\/\/madeincamp.fr\/le-colombier\/wp-content\/uploads\/sites\/3\/2024\/03\/exterieur-nuit-colombioer.jpeg","datePublished":"2024-03-08T10:44:13+00:00","dateModified":"2025-02-21T10:48:33+00:00","description":"Savourez des plats traditionnels et des sp\u00e9cialit\u00e9s vend\u00e9ennes au restaurant ou \u00e0 emporter ou profitez d'une pause rafra\u00eechissante au bar.","breadcrumb":{"@id":"https:\/\/madeincamp.fr\/le-colombier\/restaurant-camping-le-colombier\/#breadcrumb"},"inLanguage":"fr-FR","potentialAction":[{"@type":"ReadAction","target":["https:\/\/madeincamp.fr\/le-colombier\/restaurant-camping-le-colombier\/"]}]},{"@type":"ImageObject","inLanguage":"fr-FR","@id":"https:\/\/madeincamp.fr\/le-colombier\/restaurant-camping-le-colombier\/#primaryimage","url":"https:\/\/madeincamp.fr\/le-colombier\/wp-content\/uploads\/sites\/3\/2024\/03\/exterieur-nuit-colombioer.jpeg","contentUrl":"https:\/\/madeincamp.fr\/le-colombier\/wp-content\/uploads\/sites\/3\/2024\/03\/exterieur-nuit-colombioer.jpeg","width":1328,"height":968,"caption":"exterieur nuit colombioer"},{"@type":"BreadcrumbList","@id":"https:\/\/madeincamp.fr\/le-colombier\/restaurant-camping-le-colombier\/#breadcrumb","itemListElement":[{"@type":"ListItem","position":1,"name":"Le Colombier","item":"https:\/\/madeincamp.fr\/le-colombier\/"},{"@type":"ListItem","position":2,"name":"Restaurant"}]},{"@type":"WebSite","@id":"https:\/\/madeincamp.fr\/le-colombier\/#website","url":"https:\/\/madeincamp.fr\/le-colombier\/","name":"Made in camp Le Colombier","description":"Artisans de vos vacances","publisher":{"@id":"https:\/\/madeincamp.fr\/le-colombier\/#organization"},"inLanguage":"fr-FR"},{"@type":"Organization","@id":"https:\/\/madeincamp.fr\/le-colombier\/#organization","name":"Made in camp Le Colombier","url":"https:\/\/madeincamp.fr\/le-colombier\/","logo":{"@type":"ImageObject","inLanguage":"fr-FR","@id":"https:\/\/madeincamp.fr\/le-colombier\/#\/schema\/logo\/image\/","url":"https:\/\/madeincamp.fr\/le-colombier\/wp-content\/uploads\/sites\/3\/2024\/02\/made-in-camp-logo.png","contentUrl":"https:\/\/madeincamp.fr\/le-colombier\/wp-content\/uploads\/sites\/3\/2024\/02\/made-in-camp-logo.png","width":224,"height":91,"caption":"Made in camp Le Colombier"},"image":{"@id":"https:\/\/madeincamp.fr\/le-colombier\/#\/schema\/logo\/image\/"}}]}},"_links":{"self":[{"href":"https:\/\/madeincamp.fr\/le-colombier\/wp-json\/wp\/v2\/pages\/5963","targetHints":{"allow":["GET"]}}],"collection":[{"href":"https:\/\/madeincamp.fr\/le-colombier\/wp-json\/wp\/v2\/pages"}],"about":[{"href":"https:\/\/madeincamp.fr\/le-colombier\/wp-json\/wp\/v2\/types\/page"}],"author":[{"embeddable":true,"href":"https:\/\/madeincamp.fr\/le-colombier\/wp-json\/wp\/v2\/users\/1"}],"replies":[{"embeddable":true,"href":"https:\/\/madeincamp.fr\/le-colombier\/wp-json\/wp\/v2\/comments?post=5963"}],"version-history":[{"count":53,"href":"https:\/\/madeincamp.fr\/le-colombier\/wp-json\/wp\/v2\/pages\/5963\/revisions"}],"predecessor-version":[{"id":11854,"href":"https:\/\/madeincamp.fr\/le-colombier\/wp-json\/wp\/v2\/pages\/5963\/revisions\/11854"}],"wp:featuredmedia":[{"embeddable":true,"href":"https:\/\/madeincamp.fr\/le-colombier\/wp-json\/wp\/v2\/media\/6217"}],"wp:attachment":[{"href":"https:\/\/madeincamp.fr\/le-colombier\/wp-json\/wp\/v2\/media?parent=5963"}],"curies":[{"name":"wp","href":"https:\/\/api.w.org\/{rel}","templated":true}]}}