{"id":22,"date":"2024-03-07T16:21:19","date_gmt":"2024-03-07T15:21:19","guid":{"rendered":"https:\/\/madeincamp.fr\/le-colombier\/?page_id=22"},"modified":"2026-04-03T15:36:17","modified_gmt":"2026-04-03T13:36:17","slug":"camping-familial-saint-martin-lars-en-sainte-hermine","status":"publish","type":"page","link":"https:\/\/madeincamp.fr\/le-colombier\/camping-familial-saint-martin-lars-en-sainte-hermine\/","title":{"rendered":"Les services du camping Le Colombier \u00e0 Saint Martin Lars en Hermine"},"content":{"rendered":"\n<div class=\"wp-block-group alignwide is-layout-flow wp-block-group-is-layout-flow\" style=\"padding-top:var(--wp--preset--spacing--60);padding-bottom:var(--wp--preset--spacing--60)\">\n<div class=\"wp-block-columns are-vertically-aligned-center is-layout-flex wp-container-core-columns-is-layout-7fc3d43a wp-block-columns-is-layout-flex\">\n<div class=\"wp-block-column is-vertically-aligned-center is-layout-flow wp-container-core-column-is-layout-8a368f38 wp-block-column-is-layout-flow\">\n<div class=\"wp-block-group home-map-ctv is-layout-flow wp-block-group-is-layout-flow\">\n<figure class=\"wp-block-image aligncenter size-full animated fadeInUp slow delay-500ms\"><img decoding=\"async\" src=\"https:\/\/madeincamp.fr\/wp-content\/uploads\/2024\/02\/fleur.png\" alt=\"fleur\" class=\"wp-image-121\" style=\"object-fit:cover\" \/><\/figure>\n<\/div>\n\n\n\n<div class=\"wp-block-group animated fadeIn slow has-global-padding is-layout-constrained wp-block-group-is-layout-constrained\">\n<figure class=\"wp-block-image size-full\"><img decoding=\"async\" width=\"665\" height=\"428\" sizes=\"(max-width: 620px) 100vw, 620px\" src=\"https:\/\/madeincamp.fr\/le-colombier\/wp-content\/uploads\/sites\/3\/2024\/03\/le-colombier-camping-naturiste-en-vendee159.jpeg\" alt=\"le colombier camping naturiste en vende\u0301e159\" class=\"wp-image-6185\" style=\"aspect-ratio:4\/3;object-fit:cover\" srcset=\"https:\/\/madeincamp.fr\/le-colombier\/wp-content\/uploads\/sites\/3\/2024\/03\/le-colombier-camping-naturiste-en-vendee159.jpeg 665w, https:\/\/madeincamp.fr\/le-colombier\/wp-content\/uploads\/sites\/3\/2024\/03\/le-colombier-camping-naturiste-en-vendee159-300x193.jpeg 300w\" \/><\/figure>\n<\/div>\n<\/div>\n\n\n\n<div class=\"wp-block-column is-vertically-aligned-center is-layout-flow wp-block-column-is-layout-flow\">\n<h2 class=\"wp-block-heading has-base-color has-text-color has-link-color wp-elements-ad3fe16f569a8bfb1c81ebfaf2d0c874\">Bienvenue, notre \u00e9quipe vous accueille<\/h2>\n\n\n\n<div style=\"height:1rem\" aria-hidden=\"true\" class=\"wp-block-spacer\"><\/div>\n\n\n\n<p>Notre \u00e9quipe a h\u00e2te de vous accueillir au <a href=\"https:\/\/madeincamp.fr\/le-colombier\/\">camping Le Colombier<\/a> naturiste ouvert du<strong> 1 mai au 30 septembre 2026<\/strong> .<\/p>\n\n\n\n<p>La r\u00e9ception est ouverte tous les jours :<\/p>\n\n\n\n<p class=\"has-text-align-left\">De mai \u00e0 juin et tout le mois de septembre, de <strong>9h \u00e0 12h et de 15h \u00e0 18h<\/strong><\/p>\n\n\n\n<p class=\"has-text-align-left\">En juillet et ao\u00fbt de <strong>9h \u00e0 12h et de 15h \u00e0 19h<\/strong>.<\/p>\n\n\n\n<p class=\"has-text-align-left\">En p\u00e9riode de fermeture du camping, de\u00a0<strong>9h \u00e0 12h et de 14h \u00e0 17h<\/strong>.<br><br>Pour votre confort, les<strong> jours d&rsquo;arriv\u00e9e<\/strong> sont flexibles, et <strong>l\u2019acc\u00e8s \u00e0 l\u2019h\u00e9bergement<\/strong> ou \u00e0 <strong>l\u2019emplacement<\/strong> est possible <strong>\u00e0 partir de 15h<\/strong>.<\/p>\n\n\n\n<p>Notre camping, nich\u00e9 au c\u0153ur de cette for\u00eat pr\u00e9serv\u00e9e, s\u2019\u00e9tend sur <strong>50 hectares<\/strong>, dont <strong>13 hectares sont sp\u00e9cialement am\u00e9nag\u00e9s pour le camping<\/strong>.<\/p>\n<\/div>\n<\/div>\n<\/div>\n\n\n\n<div class=\"wp-block-cover alignfull is-light rellaxed animated fadeIn slow is-style-gt-bg-right has-border-color has-base-2-border-color\" style=\"border-width:2rem;padding-top:0;padding-bottom:0;padding-left:0;min-height:120vh;aspect-ratio:unset;\"><img decoding=\"async\" width=\"1024\" height=\"1024\" sizes=\"100vw\" class=\"wp-block-cover__image-background wp-image-6135\" alt=\"Image photo plage\" src=\"https:\/\/madeincamp.fr\/le-colombier\/wp-content\/uploads\/sites\/3\/2024\/03\/Image-photo-plage-.webp\" data-object-fit=\"cover\" srcset=\"https:\/\/madeincamp.fr\/le-colombier\/wp-content\/uploads\/sites\/3\/2024\/03\/Image-photo-plage-.webp 1024w, https:\/\/madeincamp.fr\/le-colombier\/wp-content\/uploads\/sites\/3\/2024\/03\/Image-photo-plage--300x300.webp 300w, https:\/\/madeincamp.fr\/le-colombier\/wp-content\/uploads\/sites\/3\/2024\/03\/Image-photo-plage--150x150.webp 150w, https:\/\/madeincamp.fr\/le-colombier\/wp-content\/uploads\/sites\/3\/2024\/03\/Image-photo-plage--768x768.webp 768w\" \/><span aria-hidden=\"true\" class=\"wp-block-cover__background has-background-dim-0 has-background-dim\"><\/span><div class=\"wp-block-cover__inner-container has-global-padding is-layout-constrained wp-container-core-cover-is-layout-42b5475c wp-block-cover-is-layout-constrained\">\n<div class=\"wp-block-group alignwide is-layout-flow wp-block-group-is-layout-flow\" style=\"padding-top:0;padding-right:20vw;padding-bottom:0\">\n<div class=\"wp-block-columns are-vertically-aligned-center has-base-2-background-color has-background is-layout-flex wp-container-core-columns-is-layout-271a479c wp-block-columns-is-layout-flex\" style=\"padding-top:var(--wp--preset--spacing--20);padding-right:var(--wp--preset--spacing--20);padding-bottom:var(--wp--preset--spacing--20);padding-left:var(--wp--preset--spacing--20)\">\n<div class=\"wp-block-column is-vertically-aligned-center is-layout-flow wp-block-column-is-layout-flow\">\n<h2 class=\"wp-block-heading has-base-color has-text-color has-link-color has-x-large-font-size wp-elements-06c2bc2669adc6a5f401e616a463f14d\" style=\"font-style:normal;font-weight:300\"><strong>Made in services<\/strong>, <br>pour votre confort<\/h2>\n\n\n\n<h3 class=\"wp-block-heading has-contrast-color has-text-color has-link-color wp-elements-20f74a8fe9cef7d07af944fb902df70d\"><strong>La laverie<\/strong> ,<br>au sein du camping<\/h3>\n\n\n\n<p>Notre <strong>laverie<\/strong> est \u00e9quip\u00e9e de <strong>machines \u00e0 laver<\/strong> et de <strong>s\u00e8che-linge<\/strong> pour r\u00e9pondre \u00e0 tous vos besoins en mati\u00e8re de lessive. Profitez en toute tranquillit\u00e9 de votre s\u00e9jour au <a href=\"https:\/\/madeincamp.fr\/camping-vendee\/camping-naturiste-en-vendee\/\">camping naturiste<\/a> familial en Vend\u00e9e.<\/p>\n\n\n\n<h3 class=\"wp-block-heading has-contrast-color has-text-color has-link-color wp-elements-065caf755db00e81584f31a86284a660\"><strong>Restez connect\u00e9<\/strong> ,<br>gr\u00e2ce au wifi<\/h3>\n\n\n\n<p>Profitez du<strong> Wi-Fi gratuit <\/strong>sur l\u2019ensemble du camping pour rester en contact avec vos proches, planifier vos aventures en Vend\u00e9e et partager vos moments de d\u00e9tente pr\u00e8s de Bretignolles-sur-Mer.<\/p>\n\n\n\n<div style=\"height:0.5rem\" aria-hidden=\"true\" class=\"wp-block-spacer\"><\/div>\n<\/div>\n\n\n\n<div class=\"wp-block-column is-vertically-aligned-center is-layout-flow wp-container-core-column-is-layout-22223934 wp-block-column-is-layout-flow\">\n<figure class=\"wp-block-image size-full animated fadeIn slow\"><img decoding=\"async\" width=\"1280\" height=\"1920\" sizes=\"(max-width: 620px) 100vw, 620px\" src=\"https:\/\/madeincamp.fr\/le-colombier\/wp-content\/uploads\/sites\/3\/2024\/03\/washing-4164831_1920.jpg\" alt=\"machine \u00e0 laver charg\u00e9e\" class=\"wp-image-6147\" style=\"aspect-ratio:3\/4;object-fit:cover\" srcset=\"https:\/\/madeincamp.fr\/le-colombier\/wp-content\/uploads\/sites\/3\/2024\/03\/washing-4164831_1920.jpg 1280w, https:\/\/madeincamp.fr\/le-colombier\/wp-content\/uploads\/sites\/3\/2024\/03\/washing-4164831_1920-200x300.jpg 200w, https:\/\/madeincamp.fr\/le-colombier\/wp-content\/uploads\/sites\/3\/2024\/03\/washing-4164831_1920-683x1024.jpg 683w, https:\/\/madeincamp.fr\/le-colombier\/wp-content\/uploads\/sites\/3\/2024\/03\/washing-4164831_1920-768x1152.jpg 768w, https:\/\/madeincamp.fr\/le-colombier\/wp-content\/uploads\/sites\/3\/2024\/03\/washing-4164831_1920-1024x1536.jpg 1024w\" \/><\/figure>\n<\/div>\n<\/div>\n<\/div>\n<\/div><\/div>\n\n\n\n<div class=\"wp-block-cover alignfull has-custom-content-position is-position-bottom-left animated fadeIn slow\" style=\"padding-top:var(--wp--preset--spacing--40);padding-right:var(--wp--preset--spacing--40);padding-bottom:var(--wp--preset--spacing--40);padding-left:var(--wp--preset--spacing--40);min-height:100vh;aspect-ratio:unset;\"><video class=\"wp-block-cover__video-background intrinsic-ignore\" autoplay muted loop playsinline playsinline src=\"https:\/\/madeincamp.fr\/le-colombier\/wp-content\/uploads\/sites\/3\/2024\/03\/chiot-sur-la-plage.mp4\" data-object-fit=\"cover\"><\/video><span aria-hidden=\"true\" class=\"wp-block-cover__background has-background-dim-60 has-background-dim wp-block-cover__gradient-background has-background-gradient\" style=\"background:linear-gradient(135deg,rgb(0,0,0) 0%,rgba(0,0,0,0.59) 100%)\"><\/span><div class=\"wp-block-cover__inner-container has-global-padding is-layout-constrained wp-container-core-cover-is-layout-52009084 wp-block-cover-is-layout-constrained\">\n<div class=\"wp-block-group has-base-2-color has-text-color has-link-color wp-elements-626aa21a002259accc3ce075bd6ad53c is-layout-flow wp-container-core-group-is-layout-e356762d wp-block-group-is-layout-flow\" style=\"margin-top:0;margin-bottom:0\">\n<h3 class=\"wp-block-heading animated fadeIn slow has-contrast-color has-text-color has-link-color has-x-large-font-size wp-elements-110daf4c58b04dd24a90f8443a448f95\" style=\"font-style:normal;font-weight:300\">Voyagez avec votre animal de compagnie<\/h3>\n\n\n\n<p>Votre <strong>animal de compagnie <\/strong>est le bienvenu au camping. Profitez de la nature pr\u00e9serv\u00e9e de la Vend\u00e9e et partagez des moments inoubliables avec votre animal tout en s\u00e9journant dans notre \u00e9tablissement. Nos vastes espaces et nos sentiers de promenade sont parfaits pour des balades relaxantes en plein air avec votre chien.<\/p>\n\n\n\n<p>Dans l\u2019enceinte du camping, les chiens doivent \u00eatre tenus en laisse, avoir leur carnet de vaccination. Les chiens de cat\u00e9gorie 1 et 2 sont interdits.<\/p>\n<\/div>\n<\/div><\/div>\n\n\n\n<div class=\"wp-block-group alignwide is-layout-flow wp-block-group-is-layout-flow\" style=\"padding-top:var(--wp--preset--spacing--60);padding-bottom:var(--wp--preset--spacing--60)\">\n<div class=\"wp-block-columns are-vertically-aligned-center is-layout-flex wp-container-core-columns-is-layout-7fc3d43a wp-block-columns-is-layout-flex\">\n<div class=\"wp-block-column is-vertically-aligned-center is-layout-flow wp-container-core-column-is-layout-8a368f38 wp-block-column-is-layout-flow\">\n<div class=\"wp-block-group home-map-ctv is-layout-flow wp-block-group-is-layout-flow\">\n<figure class=\"wp-block-image aligncenter size-full animated fadeInUp slow delay-500ms\"><img decoding=\"async\" src=\"https:\/\/madeincamp.fr\/wp-content\/uploads\/2024\/02\/fleur.png\" alt=\"fleur\" class=\"wp-image-121\" style=\"object-fit:cover\" \/><\/figure>\n<\/div>\n\n\n\n<div class=\"wp-block-group animated fadeIn slow has-global-padding is-layout-constrained wp-block-group-is-layout-constrained\">\n<figure class=\"wp-block-image size-full\"><img data-dominant-color=\"8a7768\" data-has-transparency=\"false\" decoding=\"async\" width=\"1536\" height=\"2048\" sizes=\"(max-width: 620px) 100vw, 620px\" src=\"https:\/\/madeincamp.fr\/le-colombier\/wp-content\/uploads\/sites\/3\/2025\/04\/epicerie-le-colombier3-scaled.webp\" alt=\"epicerie le colombier avec depot de pain et produit du terroir\" class=\"wp-image-11879 not-transparent\" style=\"--dominant-color: #8a7768; aspect-ratio:3\/4;object-fit:cover\" srcset=\"https:\/\/madeincamp.fr\/le-colombier\/wp-content\/uploads\/sites\/3\/2025\/04\/epicerie-le-colombier3-scaled.webp 1536w, https:\/\/madeincamp.fr\/le-colombier\/wp-content\/uploads\/sites\/3\/2025\/04\/epicerie-le-colombier3-225x300.webp 225w, https:\/\/madeincamp.fr\/le-colombier\/wp-content\/uploads\/sites\/3\/2025\/04\/epicerie-le-colombier3-768x1024.webp 768w, https:\/\/madeincamp.fr\/le-colombier\/wp-content\/uploads\/sites\/3\/2025\/04\/epicerie-le-colombier3-1152x1536.webp 1152w\" \/><\/figure>\n<\/div>\n<\/div>\n\n\n\n<div class=\"wp-block-column is-vertically-aligned-center is-layout-flow wp-block-column-is-layout-flow\">\n<h3 class=\"wp-block-heading has-large-font-size\">D\u00e9p\u00f4t de pain et de viennoiseries pour votre petit-d\u00e9jeuner<\/h3>\n\n\n\n<div style=\"height:1rem\" aria-hidden=\"true\" class=\"wp-block-spacer\"><\/div>\n\n\n\n<p class=\"has-small-font-size\" style=\"margin-top:0\">Notre <strong>boutique<\/strong> propose une s\u00e9lection de <strong>produits locaux <\/strong>soigneusement choisis pour que vous puissiez d\u00e9couvrir les saveurs authentiques de la Vend\u00e9e. Vous y trouverez \u00e9galement une gamme de premi\u00e8re n\u00e9cessit\u00e9 pour rendre votre s\u00e9jour des plus agr\u00e9ables.<\/p>\n\n\n\n<h3 class=\"wp-block-heading\">La boutique au camping \u00e0 Saint-Martin-Lars-en-Sainte-Hermine<\/h3>\n\n\n\n<p>Notre <strong>boutique<\/strong> propose une s\u00e9lection de <strong>produits locaux <\/strong>soigneusement choisis pour que vous puissiez d\u00e9couvrir les saveurs authentiques de la Vend\u00e9e. Vous y trouverez \u00e9galement une gamme de premi\u00e8re n\u00e9cessit\u00e9 pour rendre votre s\u00e9jour des plus agr\u00e9ables.<\/p>\n<\/div>\n<\/div>\n<\/div>\n\n\n\n<div class=\"wp-block-cover alignfull is-light rellaxed animated fadeIn slow is-style-gt-bg-left has-border-color has-base-2-border-color\" style=\"border-width:2rem;padding-top:0;padding-bottom:0;padding-left:0;min-height:120vh;aspect-ratio:unset;\"><img decoding=\"async\" width=\"1200\" height=\"698\" sizes=\"100vw\" class=\"wp-block-cover__image-background wp-image-6139\" alt=\"le colombier camping naturiste en vende\u0301e228\" src=\"https:\/\/madeincamp.fr\/le-colombier\/wp-content\/uploads\/sites\/3\/2024\/03\/le-colombier-camping-naturiste-en-vendee228.jpg\" data-object-fit=\"cover\" srcset=\"https:\/\/madeincamp.fr\/le-colombier\/wp-content\/uploads\/sites\/3\/2024\/03\/le-colombier-camping-naturiste-en-vendee228.jpg 1200w, https:\/\/madeincamp.fr\/le-colombier\/wp-content\/uploads\/sites\/3\/2024\/03\/le-colombier-camping-naturiste-en-vendee228-300x175.jpg 300w, https:\/\/madeincamp.fr\/le-colombier\/wp-content\/uploads\/sites\/3\/2024\/03\/le-colombier-camping-naturiste-en-vendee228-1024x596.jpg 1024w, https:\/\/madeincamp.fr\/le-colombier\/wp-content\/uploads\/sites\/3\/2024\/03\/le-colombier-camping-naturiste-en-vendee228-768x447.jpg 768w\" \/><span aria-hidden=\"true\" class=\"wp-block-cover__background has-background-dim-0 has-background-dim\"><\/span><div class=\"wp-block-cover__inner-container has-global-padding is-layout-constrained wp-container-core-cover-is-layout-42b5475c wp-block-cover-is-layout-constrained\">\n<div class=\"wp-block-group alignwide is-layout-flow wp-block-group-is-layout-flow\" style=\"padding-top:0;padding-bottom:0;padding-left:20vw\">\n<div class=\"wp-block-columns are-vertically-aligned-center has-base-2-background-color has-background is-layout-flex wp-container-core-columns-is-layout-271a479c wp-block-columns-is-layout-flex\" style=\"padding-top:var(--wp--preset--spacing--20);padding-right:var(--wp--preset--spacing--20);padding-bottom:var(--wp--preset--spacing--20);padding-left:var(--wp--preset--spacing--20)\">\n<div class=\"wp-block-column is-vertically-aligned-center is-layout-flow wp-container-core-column-is-layout-22223934 wp-block-column-is-layout-flow\">\n<figure class=\"wp-block-image size-full animated fadeIn slow\"><img decoding=\"async\" width=\"1707\" height=\"2560\" sizes=\"(max-width: 620px) 100vw, 620px\" src=\"https:\/\/madeincamp.fr\/le-colombier\/wp-content\/uploads\/sites\/3\/2024\/03\/le-colombier-camping-naturiste-en-vendee199-scaled.jpg\" alt=\"le colombier camping naturiste en vende\u0301e199\" class=\"wp-image-6157\" style=\"aspect-ratio:9\/16;object-fit:cover\" srcset=\"https:\/\/madeincamp.fr\/le-colombier\/wp-content\/uploads\/sites\/3\/2024\/03\/le-colombier-camping-naturiste-en-vendee199-scaled.jpg 1707w, https:\/\/madeincamp.fr\/le-colombier\/wp-content\/uploads\/sites\/3\/2024\/03\/le-colombier-camping-naturiste-en-vendee199-200x300.jpg 200w, https:\/\/madeincamp.fr\/le-colombier\/wp-content\/uploads\/sites\/3\/2024\/03\/le-colombier-camping-naturiste-en-vendee199-683x1024.jpg 683w, https:\/\/madeincamp.fr\/le-colombier\/wp-content\/uploads\/sites\/3\/2024\/03\/le-colombier-camping-naturiste-en-vendee199-768x1152.jpg 768w, https:\/\/madeincamp.fr\/le-colombier\/wp-content\/uploads\/sites\/3\/2024\/03\/le-colombier-camping-naturiste-en-vendee199-1024x1536.jpg 1024w, https:\/\/madeincamp.fr\/le-colombier\/wp-content\/uploads\/sites\/3\/2024\/03\/le-colombier-camping-naturiste-en-vendee199-1365x2048.jpg 1365w\" \/><\/figure>\n<\/div>\n\n\n\n<div class=\"wp-block-column is-vertically-aligned-center is-layout-flow wp-block-column-is-layout-flow\">\n<h3 class=\"wp-block-heading has-contrast-color has-text-color has-link-color has-large-font-size wp-elements-5e512c76632edcf3ad596116f2f4e89f\" style=\"font-style:normal;font-weight:300\"><strong>Les \u00e9quipements<\/strong> en suppl\u00e9ment<\/h3>\n\n\n\n<p>Au sein de notre camping familial, nous mettons \u00e0 votre disposition des <strong>\u00e9quipements en suppl\u00e9ment<\/strong> pour rendre votre s\u00e9jour encore plus agr\u00e9able. Vous pouvez <strong>louer des serviettes<\/strong>, des <strong>draps<\/strong>, des <strong>chaises<\/strong> et des <strong>lits b\u00e9b\u00e9 \u00e0 l&rsquo;unit\u00e9<\/strong>. De plus, des <strong>r\u00e9frig\u00e9rateurs<\/strong> sont disponibles en location pour vos emplacements. Profitez \u00e9galement de nos <strong>barbecues collectifs au charbon <\/strong>r\u00e9partis sur les diff\u00e9rentes prairies pour des moments conviviaux en plein air.&nbsp;<\/p>\n\n\n\n<h3 class=\"wp-block-heading has-contrast-color has-text-color has-link-color wp-elements-f14752ff391b8df7a61cf0ca7b54cd21\"><strong>Les commerces<\/strong> pr\u00e8s du camping<\/h3>\n\n\n\n<p>\u00c0 moins de 10 minutes en voiture de notre camping en Vend\u00e9e, vous trouverez tous les <strong>commerces de proximit\u00e9<\/strong> dont vous avez besoin : une boulangerie, une fromagerie et un tabac.<\/p>\n\n\n\n<div style=\"height:0.5rem\" aria-hidden=\"true\" class=\"wp-block-spacer\"><\/div>\n<\/div>\n<\/div>\n<\/div>\n<\/div><\/div>\n\n\n\n<div class=\"wp-block-group alignwide has-base-color has-text-color has-link-color has-black-crow-font-family wp-elements-70b9975bcead5f17a61ecf5342139669 is-content-justification-center is-layout-flex wp-container-core-group-is-layout-1d21e971 wp-block-group-is-layout-flex\" style=\"padding-top:var(--wp--preset--spacing--40);padding-bottom:var(--wp--preset--spacing--40);font-size:clamp(3.8rem, 3.8rem + ((1vw - 0.2rem) * 7), 8rem);line-height:0.9;text-transform:uppercase\">\n<p class=\"has-text-align-left animated fadeIn slow\">Made in<\/p>\n\n\n\n<p class=\"has-text-align-left o-typing-slow animated fadeIn delay-200ms slow has-contrast-color has-text-color has-link-color wp-elements-5a79e5257adbfd73b3ae4a1fe2890eaf\">life<\/p>\n<\/div>\n\n\n\n<div class=\"wp-block-group alignfull is-style-gt-ctas is-content-justification-space-between is-nowrap is-layout-flex wp-container-core-group-is-layout-4e2e7437 wp-block-group-is-layout-flex\"><a href=\"https:\/\/madeincamp.fr\/le-colombier\/animations-activites-familiales-camping-naturiste-colombier-vendee\/\"    class=\"no-icon animated fadeIn slow wp-block-tiptip-hyperlink-group-block\" >\n<div class=\"wp-block-cover has-custom-content-position is-position-bottom-right has-contrast-2-color has-text-color has-link-color wp-elements-1a0752a76ac4f67f921757e1a04d14c6\" style=\"padding-top:var(--wp--preset--spacing--40);padding-right:var(--wp--preset--spacing--40);padding-bottom:var(--wp--preset--spacing--40);padding-left:var(--wp--preset--spacing--40);min-height:75vh;aspect-ratio:unset;\"><img decoding=\"async\" width=\"1456\" height=\"816\" sizes=\"(max-width: 620px) 100vw, 620px\" class=\"wp-block-cover__image-background wp-image-6224\" alt=\"homme dans champ\" src=\"https:\/\/madeincamp.fr\/le-colombier\/wp-content\/uploads\/sites\/3\/2024\/03\/homme-dans-champ.webp\" data-object-fit=\"cover\" srcset=\"https:\/\/madeincamp.fr\/le-colombier\/wp-content\/uploads\/sites\/3\/2024\/03\/homme-dans-champ.webp 1456w, https:\/\/madeincamp.fr\/le-colombier\/wp-content\/uploads\/sites\/3\/2024\/03\/homme-dans-champ-300x168.webp 300w, https:\/\/madeincamp.fr\/le-colombier\/wp-content\/uploads\/sites\/3\/2024\/03\/homme-dans-champ-1024x574.webp 1024w, https:\/\/madeincamp.fr\/le-colombier\/wp-content\/uploads\/sites\/3\/2024\/03\/homme-dans-champ-768x430.webp 768w\" \/><span aria-hidden=\"true\" class=\"wp-block-cover__background has-background-dim-100 has-background-dim wp-block-cover__gradient-background has-background-gradient\" style=\"background:linear-gradient(180deg,rgba(255,255,255,0) 17%,rgb(255,255,255) 83%)\"><\/span><div class=\"wp-block-cover__inner-container is-layout-flow wp-block-cover-is-layout-flow\">\n<div class=\"wp-block-group has-contrast-2-color has-text-color has-link-color wp-elements-cf99d39da03a4ee9bff39e689a4c8303 is-vertical is-content-justification-right is-layout-flex wp-container-core-group-is-layout-05e4ae02 wp-block-group-is-layout-flex\" style=\"margin-top:0;margin-bottom:0\">\n<p class=\"has-text-align-right animated fadeIn slow has-base-color has-text-color has-link-color has-chennai-font-family has-large-font-size wp-elements-4ebdce8e406f5d3277ff6690332ac1b9\" style=\"line-height:1.2\">Made in<br>Fun<\/p>\n\n\n\n<p class=\"has-text-align-right animated fadeIn slow delay-100ms has-small-font-size\">D\u00e9couvrez les animations<br>du camping Le Colombier<\/p>\n\n\n\n<div class=\"wp-block-group is-nowrap is-layout-flex wp-container-core-group-is-layout-542c142b wp-block-group-is-layout-flex\">\n<p class=\"has-text-align-right animated fadeIn delay-200ms slow has-small-font-size\" style=\"margin-top:var(--wp--preset--spacing--10)\"><strong>Nos animations<\/strong><\/p>\n\n\n\n<figure class=\"wp-block-image size-full is-resized animated fadeInLeft delay-500ms slow wp-duotone-222323-222323-2\"><img decoding=\"async\" src=\"https:\/\/madeincamp.fr\/wp-content\/uploads\/2024\/02\/arrow-big.png\" alt=\"arrow big\" class=\"wp-image-422\" style=\"width:28px;height:auto\" \/><\/figure>\n<\/div>\n<\/div>\n<\/div><\/div>\n<\/a>\n\n<a href=\"https:\/\/madeincamp.fr\/le-colombier\/restaurant-camping-le-colombier\/\"    style=\"padding-top:4rem;\" class=\"no-icon animated fadeIn delay-200ms slow wp-block-tiptip-hyperlink-group-block\" >\n<div class=\"wp-block-cover has-custom-content-position is-position-bottom-right has-contrast-2-color has-text-color has-link-color wp-elements-ae08c4930fae968f3f4f114e9dc144f4\" style=\"padding-top:var(--wp--preset--spacing--40);padding-right:var(--wp--preset--spacing--40);padding-bottom:var(--wp--preset--spacing--40);padding-left:var(--wp--preset--spacing--40);min-height:75vh;aspect-ratio:unset;\"><img decoding=\"async\" width=\"1024\" height=\"576\" sizes=\"(max-width: 620px) 100vw, 620px\" class=\"wp-block-cover__image-background wp-image-6003\" alt=\"le colombier camping naturiste en vendee191 resultat\" src=\"https:\/\/madeincamp.fr\/le-colombier\/wp-content\/uploads\/sites\/3\/2024\/03\/le-colombier-camping-naturiste-en-vendee191_resultat.webp\" data-object-fit=\"cover\" srcset=\"https:\/\/madeincamp.fr\/le-colombier\/wp-content\/uploads\/sites\/3\/2024\/03\/le-colombier-camping-naturiste-en-vendee191_resultat.webp 1024w, https:\/\/madeincamp.fr\/le-colombier\/wp-content\/uploads\/sites\/3\/2024\/03\/le-colombier-camping-naturiste-en-vendee191_resultat-300x169.webp 300w, https:\/\/madeincamp.fr\/le-colombier\/wp-content\/uploads\/sites\/3\/2024\/03\/le-colombier-camping-naturiste-en-vendee191_resultat-768x432.webp 768w\" \/><span aria-hidden=\"true\" class=\"wp-block-cover__background has-background-dim-100 has-background-dim wp-block-cover__gradient-background has-background-gradient\" style=\"background:linear-gradient(180deg,rgba(255,255,255,0) 17%,rgb(255,255,255) 83%)\"><\/span><div class=\"wp-block-cover__inner-container is-layout-flow wp-block-cover-is-layout-flow\">\n<div class=\"wp-block-group has-contrast-2-color has-text-color has-link-color wp-elements-a5c8156d013281b403d726d04aa92f43 is-vertical is-content-justification-right is-layout-flex wp-container-core-group-is-layout-05e4ae02 wp-block-group-is-layout-flex\" style=\"margin-top:0;margin-bottom:0\">\n<p class=\"has-text-align-right animated fadeIn slow has-base-color has-text-color has-link-color has-chennai-font-family has-large-font-size wp-elements-19be39c08d46d41b66a975c4f4b51683\" style=\"line-height:1.2\">Made in<br>Taste<\/p>\n\n\n\n<p class=\"has-text-align-right animated fadeIn slow delay-100ms has-small-font-size\">D\u00e9couvrez le restaurant<br>du camping Le Colombier<\/p>\n\n\n\n<div class=\"wp-block-group is-nowrap is-layout-flex wp-container-core-group-is-layout-542c142b wp-block-group-is-layout-flex\">\n<p class=\"has-text-align-right animated fadeIn delay-200ms slow has-small-font-size\" style=\"margin-top:var(--wp--preset--spacing--10)\"><strong>Notre restaurant<\/strong><\/p>\n\n\n\n<figure class=\"wp-block-image size-full is-resized animated fadeInLeft delay-500ms slow wp-duotone-222323-222323-4\"><img decoding=\"async\" src=\"https:\/\/madeincamp.fr\/wp-content\/uploads\/2024\/02\/arrow-big.png\" alt=\"arrow big\" class=\"wp-image-422\" style=\"width:28px;height:auto\" \/><\/figure>\n<\/div>\n<\/div>\n<\/div><\/div>\n<\/a>\n\n<a href=\"https:\/\/madeincamp.fr\/le-colombier\/camping-espace-aquatique-saint-martin-lars-en-sainte-hermine\/\"    style=\"padding-bottom:0;padding-top:8rem;\" class=\"no-icon animated fadeIn delay-500ms slow wp-block-tiptip-hyperlink-group-block\" >\n<div class=\"wp-block-cover has-custom-content-position is-position-bottom-right has-contrast-2-color has-text-color has-link-color wp-elements-eac780b6e200d05ca6828871eb7c0177\" style=\"padding-top:var(--wp--preset--spacing--40);padding-right:var(--wp--preset--spacing--40);padding-bottom:var(--wp--preset--spacing--40);padding-left:var(--wp--preset--spacing--40);min-height:85vh;aspect-ratio:unset;\"><video class=\"wp-block-cover__video-background intrinsic-ignore\" autoplay muted loop playsinline playsinline src=\"https:\/\/madeincamp.fr\/le-colombier\/wp-content\/uploads\/sites\/3\/2024\/03\/plage-et-ecume.webm\" data-object-fit=\"cover\"><\/video><span aria-hidden=\"true\" class=\"wp-block-cover__background has-background-dim-100 has-background-dim wp-block-cover__gradient-background has-background-gradient\" style=\"background:linear-gradient(180deg,rgba(255,255,255,0) 17%,rgb(255,255,255) 83%)\"><\/span><div class=\"wp-block-cover__inner-container is-layout-flow wp-block-cover-is-layout-flow\">\n<div class=\"wp-block-group has-contrast-2-color has-text-color has-link-color wp-elements-715fa1c6dd23dac4184bca1b987b6364 is-vertical is-content-justification-right is-layout-flex wp-container-core-group-is-layout-05e4ae02 wp-block-group-is-layout-flex\" style=\"margin-top:0;margin-bottom:0\">\n<p class=\"has-text-align-right animated fadeIn slow has-base-color has-text-color has-link-color has-chennai-font-family has-large-font-size wp-elements-e84c58b775d53bf9364fe952037b5e05\" style=\"line-height:1.2\">Made in<br>Water<\/p>\n\n\n\n<p class=\"has-text-align-right animated fadeIn slow delay-100ms has-small-font-size\">D\u00e9couvrez l&rsquo;espace aquatique<br>du camping Le Colombier <\/p>\n\n\n\n<div class=\"wp-block-group is-nowrap is-layout-flex wp-container-core-group-is-layout-542c142b wp-block-group-is-layout-flex\">\n<p class=\"has-text-align-right animated fadeIn delay-200ms slow has-small-font-size\" style=\"margin-top:var(--wp--preset--spacing--10)\"><strong>Notre espace aquatique<\/strong><\/p>\n\n\n\n<figure class=\"wp-block-image size-full is-resized animated fadeInLeft delay-500ms slow wp-duotone-222323-222323-6\"><img decoding=\"async\" sizes=\"(max-width: 1024px) 100vw, 1024px\" src=\"https:\/\/madeincamp.fr\/wp-content\/uploads\/2024\/02\/arrow-big.png\" alt=\"arrow big\" class=\"wp-image-422\" style=\"width:28px;height:auto\" \/><\/figure>\n<\/div>\n<\/div>\n<\/div><\/div>\n<\/a><\/div>\n","protected":false},"excerpt":{"rendered":"<p>Bienvenue, notre \u00e9quipe vous accueille Notre \u00e9quipe a h\u00e2te de vous accueillir au camping Le Colombier naturiste ouvert du 1 mai au 30 septembre 2026 . La r\u00e9ception est ouverte tous les jours : De mai \u00e0 juin et tout le mois de septembre, de 9h \u00e0 12h et de 15h \u00e0 18h En juillet [&hellip;]<\/p>\n","protected":false},"author":1,"featured_media":6144,"parent":0,"menu_order":0,"comment_status":"closed","ping_status":"closed","template":"","meta":{"_acf_changed":false,"footnotes":""},"class_list":["post-22","page","type-page","status-publish","has-post-thumbnail","hentry"],"acf":[],"yoast_head":"<!-- This site is optimized with the Yoast SEO plugin v24.5 - https:\/\/yoast.com\/wordpress\/plugins\/seo\/ -->\n<title>Services du camping Le Colombier \u00e0 Saint-Martin-Lars-en-Sainte-Hermine<\/title>\n<meta name=\"description\" content=\"Profitez des services 4 \u00e9toiles : Wi-Fi, laverie, accueil d&#039;animaux, boulangerie, boutique, et plus.\" \/>\n<meta name=\"robots\" content=\"index, follow, max-snippet:-1, max-image-preview:large, max-video-preview:-1\" \/>\n<link rel=\"canonical\" href=\"https:\/\/madeincamp.fr\/le-colombier\/camping-familial-saint-martin-lars-en-sainte-hermine\/\" \/>\n<meta property=\"og:locale\" content=\"fr_FR\" \/>\n<meta property=\"og:type\" content=\"article\" \/>\n<meta property=\"og:title\" content=\"Services du camping Le Colombier \u00e0 Saint-Martin-Lars-en-Sainte-Hermine\" \/>\n<meta property=\"og:description\" content=\"Profitez des services 4 \u00e9toiles : Wi-Fi, laverie, accueil d&#039;animaux, boulangerie, boutique, et plus.\" \/>\n<meta property=\"og:url\" content=\"https:\/\/madeincamp.fr\/le-colombier\/camping-familial-saint-martin-lars-en-sainte-hermine\/\" \/>\n<meta property=\"og:site_name\" content=\"Made in camp Le Colombier\" \/>\n<meta property=\"article:modified_time\" content=\"2026-04-03T13:36:17+00:00\" \/>\n<meta property=\"og:image\" content=\"https:\/\/madeincamp.fr\/le-colombier\/wp-content\/uploads\/sites\/3\/2024\/03\/le-colombier-camping-naturiste-en-vendee158_resultat-copie.webp\" \/>\n\t<meta property=\"og:image:width\" content=\"1024\" \/>\n\t<meta property=\"og:image:height\" content=\"577\" \/>\n\t<meta property=\"og:image:type\" content=\"image\/webp\" \/>\n<meta name=\"twitter:card\" content=\"summary_large_image\" \/>\n<meta name=\"twitter:label1\" content=\"Dur\u00e9e de lecture estim\u00e9e\" \/>\n\t<meta name=\"twitter:data1\" content=\"6 minutes\" \/>\n<script type=\"application\/ld+json\" class=\"yoast-schema-graph\">{\"@context\":\"https:\/\/schema.org\",\"@graph\":[{\"@type\":\"WebPage\",\"@id\":\"https:\/\/madeincamp.fr\/le-colombier\/camping-familial-saint-martin-lars-en-sainte-hermine\/\",\"url\":\"https:\/\/madeincamp.fr\/le-colombier\/camping-familial-saint-martin-lars-en-sainte-hermine\/\",\"name\":\"Services du camping Le Colombier \u00e0 Saint-Martin-Lars-en-Sainte-Hermine\",\"isPartOf\":{\"@id\":\"https:\/\/madeincamp.fr\/le-colombier\/#website\"},\"primaryImageOfPage\":{\"@id\":\"https:\/\/madeincamp.fr\/le-colombier\/camping-familial-saint-martin-lars-en-sainte-hermine\/#primaryimage\"},\"image\":{\"@id\":\"https:\/\/madeincamp.fr\/le-colombier\/camping-familial-saint-martin-lars-en-sainte-hermine\/#primaryimage\"},\"thumbnailUrl\":\"https:\/\/madeincamp.fr\/le-colombier\/wp-content\/uploads\/sites\/3\/2024\/03\/le-colombier-camping-naturiste-en-vendee158_resultat-copie.webp\",\"datePublished\":\"2024-03-07T15:21:19+00:00\",\"dateModified\":\"2026-04-03T13:36:17+00:00\",\"description\":\"Profitez des services 4 \u00e9toiles : Wi-Fi, laverie, accueil d'animaux, boulangerie, boutique, et plus.\",\"breadcrumb\":{\"@id\":\"https:\/\/madeincamp.fr\/le-colombier\/camping-familial-saint-martin-lars-en-sainte-hermine\/#breadcrumb\"},\"inLanguage\":\"fr-FR\",\"potentialAction\":[{\"@type\":\"ReadAction\",\"target\":[\"https:\/\/madeincamp.fr\/le-colombier\/camping-familial-saint-martin-lars-en-sainte-hermine\/\"]}]},{\"@type\":\"ImageObject\",\"inLanguage\":\"fr-FR\",\"@id\":\"https:\/\/madeincamp.fr\/le-colombier\/camping-familial-saint-martin-lars-en-sainte-hermine\/#primaryimage\",\"url\":\"https:\/\/madeincamp.fr\/le-colombier\/wp-content\/uploads\/sites\/3\/2024\/03\/le-colombier-camping-naturiste-en-vendee158_resultat-copie.webp\",\"contentUrl\":\"https:\/\/madeincamp.fr\/le-colombier\/wp-content\/uploads\/sites\/3\/2024\/03\/le-colombier-camping-naturiste-en-vendee158_resultat-copie.webp\",\"width\":1024,\"height\":577,\"caption\":\"le colombier camping naturiste en vendee158 resultat copie\"},{\"@type\":\"BreadcrumbList\",\"@id\":\"https:\/\/madeincamp.fr\/le-colombier\/camping-familial-saint-martin-lars-en-sainte-hermine\/#breadcrumb\",\"itemListElement\":[{\"@type\":\"ListItem\",\"position\":1,\"name\":\"Le Colombier\",\"item\":\"https:\/\/madeincamp.fr\/le-colombier\/\"},{\"@type\":\"ListItem\",\"position\":2,\"name\":\"Nos services\"}]},{\"@type\":\"WebSite\",\"@id\":\"https:\/\/madeincamp.fr\/le-colombier\/#website\",\"url\":\"https:\/\/madeincamp.fr\/le-colombier\/\",\"name\":\"Made in camp Le Colombier\",\"description\":\"Artisans de vos vacances\",\"publisher\":{\"@id\":\"https:\/\/madeincamp.fr\/le-colombier\/#organization\"},\"inLanguage\":\"fr-FR\"},{\"@type\":\"Organization\",\"@id\":\"https:\/\/madeincamp.fr\/le-colombier\/#organization\",\"name\":\"Made in camp Le Colombier\",\"url\":\"https:\/\/madeincamp.fr\/le-colombier\/\",\"logo\":{\"@type\":\"ImageObject\",\"inLanguage\":\"fr-FR\",\"@id\":\"https:\/\/madeincamp.fr\/le-colombier\/#\/schema\/logo\/image\/\",\"url\":\"https:\/\/madeincamp.fr\/le-colombier\/wp-content\/uploads\/sites\/3\/2024\/02\/made-in-camp-logo.png\",\"contentUrl\":\"https:\/\/madeincamp.fr\/le-colombier\/wp-content\/uploads\/sites\/3\/2024\/02\/made-in-camp-logo.png\",\"width\":224,\"height\":91,\"caption\":\"Made in camp Le Colombier\"},\"image\":{\"@id\":\"https:\/\/madeincamp.fr\/le-colombier\/#\/schema\/logo\/image\/\"}}]}<\/script>\n<!-- \/ Yoast SEO plugin. -->","yoast_head_json":{"title":"Services du camping Le Colombier \u00e0 Saint-Martin-Lars-en-Sainte-Hermine","description":"Profitez des services 4 \u00e9toiles : Wi-Fi, laverie, accueil d'animaux, boulangerie, boutique, et plus.","robots":{"index":"index","follow":"follow","max-snippet":"max-snippet:-1","max-image-preview":"max-image-preview:large","max-video-preview":"max-video-preview:-1"},"canonical":"https:\/\/madeincamp.fr\/le-colombier\/camping-familial-saint-martin-lars-en-sainte-hermine\/","og_locale":"fr_FR","og_type":"article","og_title":"Services du camping Le Colombier \u00e0 Saint-Martin-Lars-en-Sainte-Hermine","og_description":"Profitez des services 4 \u00e9toiles : Wi-Fi, laverie, accueil d'animaux, boulangerie, boutique, et plus.","og_url":"https:\/\/madeincamp.fr\/le-colombier\/camping-familial-saint-martin-lars-en-sainte-hermine\/","og_site_name":"Made in camp Le Colombier","article_modified_time":"2026-04-03T13:36:17+00:00","og_image":[{"width":1024,"height":577,"url":"https:\/\/madeincamp.fr\/le-colombier\/wp-content\/uploads\/sites\/3\/2024\/03\/le-colombier-camping-naturiste-en-vendee158_resultat-copie.webp","type":"image\/webp"}],"twitter_card":"summary_large_image","twitter_misc":{"Dur\u00e9e de lecture estim\u00e9e":"6 minutes"},"schema":{"@context":"https:\/\/schema.org","@graph":[{"@type":"WebPage","@id":"https:\/\/madeincamp.fr\/le-colombier\/camping-familial-saint-martin-lars-en-sainte-hermine\/","url":"https:\/\/madeincamp.fr\/le-colombier\/camping-familial-saint-martin-lars-en-sainte-hermine\/","name":"Services du camping Le Colombier \u00e0 Saint-Martin-Lars-en-Sainte-Hermine","isPartOf":{"@id":"https:\/\/madeincamp.fr\/le-colombier\/#website"},"primaryImageOfPage":{"@id":"https:\/\/madeincamp.fr\/le-colombier\/camping-familial-saint-martin-lars-en-sainte-hermine\/#primaryimage"},"image":{"@id":"https:\/\/madeincamp.fr\/le-colombier\/camping-familial-saint-martin-lars-en-sainte-hermine\/#primaryimage"},"thumbnailUrl":"https:\/\/madeincamp.fr\/le-colombier\/wp-content\/uploads\/sites\/3\/2024\/03\/le-colombier-camping-naturiste-en-vendee158_resultat-copie.webp","datePublished":"2024-03-07T15:21:19+00:00","dateModified":"2026-04-03T13:36:17+00:00","description":"Profitez des services 4 \u00e9toiles : Wi-Fi, laverie, accueil d'animaux, boulangerie, boutique, et plus.","breadcrumb":{"@id":"https:\/\/madeincamp.fr\/le-colombier\/camping-familial-saint-martin-lars-en-sainte-hermine\/#breadcrumb"},"inLanguage":"fr-FR","potentialAction":[{"@type":"ReadAction","target":["https:\/\/madeincamp.fr\/le-colombier\/camping-familial-saint-martin-lars-en-sainte-hermine\/"]}]},{"@type":"ImageObject","inLanguage":"fr-FR","@id":"https:\/\/madeincamp.fr\/le-colombier\/camping-familial-saint-martin-lars-en-sainte-hermine\/#primaryimage","url":"https:\/\/madeincamp.fr\/le-colombier\/wp-content\/uploads\/sites\/3\/2024\/03\/le-colombier-camping-naturiste-en-vendee158_resultat-copie.webp","contentUrl":"https:\/\/madeincamp.fr\/le-colombier\/wp-content\/uploads\/sites\/3\/2024\/03\/le-colombier-camping-naturiste-en-vendee158_resultat-copie.webp","width":1024,"height":577,"caption":"le colombier camping naturiste en vendee158 resultat copie"},{"@type":"BreadcrumbList","@id":"https:\/\/madeincamp.fr\/le-colombier\/camping-familial-saint-martin-lars-en-sainte-hermine\/#breadcrumb","itemListElement":[{"@type":"ListItem","position":1,"name":"Le Colombier","item":"https:\/\/madeincamp.fr\/le-colombier\/"},{"@type":"ListItem","position":2,"name":"Nos services"}]},{"@type":"WebSite","@id":"https:\/\/madeincamp.fr\/le-colombier\/#website","url":"https:\/\/madeincamp.fr\/le-colombier\/","name":"Made in camp Le Colombier","description":"Artisans de vos vacances","publisher":{"@id":"https:\/\/madeincamp.fr\/le-colombier\/#organization"},"inLanguage":"fr-FR"},{"@type":"Organization","@id":"https:\/\/madeincamp.fr\/le-colombier\/#organization","name":"Made in camp Le Colombier","url":"https:\/\/madeincamp.fr\/le-colombier\/","logo":{"@type":"ImageObject","inLanguage":"fr-FR","@id":"https:\/\/madeincamp.fr\/le-colombier\/#\/schema\/logo\/image\/","url":"https:\/\/madeincamp.fr\/le-colombier\/wp-content\/uploads\/sites\/3\/2024\/02\/made-in-camp-logo.png","contentUrl":"https:\/\/madeincamp.fr\/le-colombier\/wp-content\/uploads\/sites\/3\/2024\/02\/made-in-camp-logo.png","width":224,"height":91,"caption":"Made in camp Le Colombier"},"image":{"@id":"https:\/\/madeincamp.fr\/le-colombier\/#\/schema\/logo\/image\/"}}]}},"_links":{"self":[{"href":"https:\/\/madeincamp.fr\/le-colombier\/wp-json\/wp\/v2\/pages\/22","targetHints":{"allow":["GET"]}}],"collection":[{"href":"https:\/\/madeincamp.fr\/le-colombier\/wp-json\/wp\/v2\/pages"}],"about":[{"href":"https:\/\/madeincamp.fr\/le-colombier\/wp-json\/wp\/v2\/types\/page"}],"author":[{"embeddable":true,"href":"https:\/\/madeincamp.fr\/le-colombier\/wp-json\/wp\/v2\/users\/1"}],"replies":[{"embeddable":true,"href":"https:\/\/madeincamp.fr\/le-colombier\/wp-json\/wp\/v2\/comments?post=22"}],"version-history":[{"count":63,"href":"https:\/\/madeincamp.fr\/le-colombier\/wp-json\/wp\/v2\/pages\/22\/revisions"}],"predecessor-version":[{"id":12008,"href":"https:\/\/madeincamp.fr\/le-colombier\/wp-json\/wp\/v2\/pages\/22\/revisions\/12008"}],"wp:featuredmedia":[{"embeddable":true,"href":"https:\/\/madeincamp.fr\/le-colombier\/wp-json\/wp\/v2\/media\/6144"}],"wp:attachment":[{"href":"https:\/\/madeincamp.fr\/le-colombier\/wp-json\/wp\/v2\/media?parent=22"}],"curies":[{"name":"wp","href":"https:\/\/api.w.org\/{rel}","templated":true}]}}