{"id":11896,"date":"2025-07-17T14:01:52","date_gmt":"2025-07-17T12:01:52","guid":{"rendered":"https:\/\/madeincamp.fr\/le-colombier\/?post_type=gt-annonces&#038;p=11896"},"modified":"2025-07-24T09:47:28","modified_gmt":"2025-07-24T07:47:28","slug":"annonce1-colombier","status":"publish","type":"gt-annonces","link":"https:\/\/madeincamp.fr\/le-colombier\/devenir-proprietaire\/annonce1-colombier\/","title":{"rendered":"Mobil home 2 chambres\u2013 Mod\u00e8le Riviera &#8211; Ann\u00e9e 2013"},"content":{"rendered":"<div \n\tclass=\"gt-swiper-gallery wp-block-gt-gt-annonces-images\" \n\tdata-wp-interactive=\"gt\/gt-annonces-images\"\n\tdata-wp-init=\"actions.initSwiper\"\n>\n\t<div class=\"gt-swiper-wrapper\">\n\t\t<div class=\"gt-swiper-main swiper\">\n\t\t\t<div class=\"swiper-wrapper\">\n\t\t\t\t\t\t\t\t\t<div class=\"swiper-slide\">\n\t\t\t\t\t\t<a\n\t\t\t\t\t\t\thref=\"https:\/\/madeincamp.fr\/le-colombier\/wp-content\/uploads\/sites\/3\/2025\/07\/MH-2013-2.jpg\"\n\t\t\t\t\t\t\tdata-cropped=\"true\"\n\t\t\t\t\t\t\ttarget=\"_blank\"\n\t\t\t\t\t\t\trel=\"noreferrer\"\n\t\t\t\t\t\t\tdata-pswp-width=\"2014\"\n\t\t\t\t\t\t\tdata-pswp-height=\"1350\"\n\t\t\t\t\t\t>\n\t\t\t\t\t\t\t<img decoding=\"async\" src=\"https:\/\/madeincamp.fr\/le-colombier\/wp-content\/uploads\/sites\/3\/2025\/07\/MH-2013-2.jpg\" alt=\"MH 2013\" \/>\n\t\t\t\t\t\t<\/a>\n\t\t\t\t\t<\/div>\n\t\t\t\t\t\t\t\t\t<div class=\"swiper-slide\">\n\t\t\t\t\t\t<a\n\t\t\t\t\t\t\thref=\"https:\/\/madeincamp.fr\/le-colombier\/wp-content\/uploads\/sites\/3\/2024\/04\/LE-COLOMBIER-bleu_resultat.webp\"\n\t\t\t\t\t\t\tdata-cropped=\"true\"\n\t\t\t\t\t\t\ttarget=\"_blank\"\n\t\t\t\t\t\t\trel=\"noreferrer\"\n\t\t\t\t\t\t\tdata-pswp-width=\"640\"\n\t\t\t\t\t\t\tdata-pswp-height=\"296\"\n\t\t\t\t\t\t>\n\t\t\t\t\t\t\t<img decoding=\"async\" src=\"https:\/\/madeincamp.fr\/le-colombier\/wp-content\/uploads\/sites\/3\/2024\/04\/LE-COLOMBIER-bleu_resultat.webp\" alt=\"LE COLOMBIER bleu resultat\" \/>\n\t\t\t\t\t\t<\/a>\n\t\t\t\t\t<\/div>\n\t\t\t\t\t\t\t<\/div>\n\t\t\t<!-- Navigation + Pagination seront g\u00e9r\u00e9s par JS -->\n\t\t\t<div class=\"swiper-pagination\"><\/div>\n\t\t\t<div class=\"swiper-button-prev\"><\/div>\n\t\t\t<div class=\"swiper-button-next\"><\/div>\n\t\t<\/div>\n\n\t\t<div class=\"gt-swiper-thumbs swiper\">\n\t\t\t<div class=\"swiper-wrapper\">\n\t\t\t\t\t\t\t\t\t<div class=\"swiper-slide\">\n\t\t\t\t\t\t<img decoding=\"async\" src=\"https:\/\/madeincamp.fr\/le-colombier\/wp-content\/uploads\/sites\/3\/2025\/07\/MH-2013-2-1024x686.jpg\" alt=\"MH 2013\" \/>\n\t\t\t\t\t<\/div>\n\t\t\t\t\t\t\t\t\t<div class=\"swiper-slide\">\n\t\t\t\t\t\t<img decoding=\"async\" src=\"https:\/\/madeincamp.fr\/le-colombier\/wp-content\/uploads\/sites\/3\/2024\/04\/LE-COLOMBIER-bleu_resultat.webp\" alt=\"LE COLOMBIER bleu resultat\" \/>\n\t\t\t\t\t<\/div>\n\t\t\t\t\t\t\t<\/div>\n\t\t<\/div>\n\t<\/div>\n<\/div>\n\n\n<div class=\"wp-block-columns is-layout-flex wp-container-core-columns-is-layout-cbe57604 wp-block-columns-is-layout-flex\">\n<div class=\"wp-block-column is-layout-flow wp-block-column-is-layout-flow\" style=\"flex-basis:70%\">\n<h2 class=\"wp-block-heading has-color-3-color has-text-color has-link-color has-poppins-font-family has-large-font-size wp-elements-2776cfaf8145169e223d8303670abbdd\" style=\"margin-top:0;text-transform:uppercase\">Description de l&rsquo;h\u00e9bergement<\/h2>\n\n\n\n<div class=\"wp-block-group is-content-justification-space-between is-layout-flex wp-container-core-group-is-layout-9366075c wp-block-group-is-layout-flex\">\n<div class=\"wp-block-group is-layout-flow wp-container-core-group-is-layout-19eabfb7 wp-block-group-is-layout-flow\">\n<div class=\"wp-block-group is-layout-flex wp-block-group-is-layout-flex\" style=\"font-style:normal;font-weight:600\">\n<div class=\"wp-block-group is-nowrap is-layout-flex wp-container-core-group-is-layout-509d8e3e wp-block-group-is-layout-flex\">\n<figure class=\"wp-block-image size-large is-resized\"><img decoding=\"async\" src=\"\/wp-content\/plugins\/gt-annonces\/assets\/img\/superficie.svg\" alt=\"\" style=\"width:22px;height:auto\"\/><\/figure>\n\n\n<p>28<\/p>\n\n\n<p>m2<\/p>\n<\/div>\n\n\n\n<div class=\"wp-block-group is-nowrap is-layout-flex wp-container-core-group-is-layout-509d8e3e wp-block-group-is-layout-flex\">\n<figure class=\"wp-block-image size-large\"><img decoding=\"async\" src=\"\/wp-content\/plugins\/gt-annonces\/assets\/img\/rooms.svg\" alt=\"\"\/><\/figure>\n\n\n<p>2<\/p>\n\n\n<p>chambres<\/p>\n<\/div>\n<\/div>\n<\/div>\n\n\n<\/div>\n\n\n\n<p><strong>Devenir propri\u00e9taire \u2013 Mobil-home Riviera (2013)<\/strong><\/p>\n\n\n\n<p>Profitez d\u2019une r\u00e9sidence secondaire tout confort au c\u0153ur de la nature avec ce mobil-home <strong>Riviera<\/strong> de <strong>2013<\/strong>, d\u2019une surface de <strong>27,5\u202fm\u00b2<\/strong>, vendu <strong>cl\u00e9s en main<\/strong> avec terrasse semi-couverte, pr\u00eat \u00e0 vous accueillir d\u00e8s cette saison.<\/p>\n\n\n\n<p>Caract\u00e9ristiques du mobil-home :<\/p>\n\n\n\n<ul style=\"line-height:1.7\" class=\"wp-block-list\">\n<li><strong>Mod\u00e8le<\/strong> : Riviera \u2013 <strong>Ann\u00e9e<\/strong> 2013<\/li>\n\n\n\n<li><strong>Surface<\/strong> : 27,5\u202fm\u00b2<\/li>\n\n\n\n<li><strong>Chambres<\/strong> : 2 (1 lit 140\u00d7190\u202fcm + 2 lits 80\u00d7190\u202fcm)<\/li>\n\n\n\n<li><strong>Cuisine ouverte<\/strong> sur la terrasse, avec porte double battante et r\u00e9frig\u00e9rateur<\/li>\n\n\n\n<li><strong>Grande pi\u00e8ce de vie<\/strong> lumineuse<\/li>\n\n\n\n<li><strong>Salle de douche<\/strong> moderne<\/li>\n\n\n\n<li><strong>WC s\u00e9par\u00e9s<\/strong><\/li>\n\n\n\n<li><strong>Terrasse semi-couverte<\/strong> pour profiter de l\u2019ext\u00e9rieur<\/li>\n<\/ul>\n\n\n\n<p>Ce mobil-home est id\u00e9al pour une famille ou un couple \u00e0 la recherche d\u2019un pied-\u00e0-terre confortable et fonctionnel, dans un environnement paisible et convivial. Installez-vous au <strong>Camping Le Colombier<\/strong> et vivez vos week-ends et vacances en toute libert\u00e9 !<\/p>\n\n\n\n<p><\/p>\n\n\n\n<h3 class=\"wp-block-heading\">Environnement : Camping Naturiste Le Colombier \u2605\u2605\u2605\u2605<\/h3>\n\n\n\n<p>Le Colombier est un camping naturiste haut de gamme class\u00e9 4 \u00e9toiles, nich\u00e9 dans un domaine de 50 hectares au c\u0153ur d\u2019une nature pr\u00e9serv\u00e9e, entre bocages, prairies verdoyantes et for\u00eats ensoleill\u00e9es. Sa situation privil\u00e9gi\u00e9e en Vend\u00e9e, \u00e0 seulement quelques kilom\u00e8tres des magnifiques plages de l\u2019Atlantique, en fait une destination r\u00eav\u00e9e pour les amoureux du naturisme, du calme et du bien-\u00eatre.<\/p>\n\n\n\n<p>Le camping vous propose un cadre reposant et s\u00e9curis\u00e9, propice au ressourcement et \u00e0 la d\u00e9tente absolue. Vous appr\u00e9cierez particuli\u00e8rement :<\/p>\n\n\n\n<p>L&rsquo;espace aquatique compos\u00e9 d\u2019une piscine ext\u00e9rieure chauff\u00e9e avec solarium, d\u2019un jacuzzi et d&rsquo;un sauna pour des moments de relaxation privil\u00e9gi\u00e9s.<\/p>\n\n\n\n<p>Les nombreuses infrastructures sportives et de loisirs : terrain de p\u00e9tanque, courts de tennis, espace fitness, terrain multisports et parcours p\u00e9destres balis\u00e9s.<\/p>\n\n\n\n<p>Un centre de bien-\u00eatre d\u00e9di\u00e9 proposant massages, soins du corps et relaxation pour compl\u00e9ter vos vacances ressour\u00e7antes.<\/p>\n\n\n\n<p>Le bar-restaurant convivial o\u00f9 vous pourrez d\u00e9guster des sp\u00e9cialit\u00e9s locales ou simplement partager un verre entre amis dans une atmosph\u00e8re chaleureuse et authentique.<\/p>\n\n\n\n<p>Des animations et activit\u00e9s vari\u00e9es tout au long de la saison pour enrichir vos journ\u00e9es et soir\u00e9es : yoga, aquagym, randonn\u00e9es naturistes, ateliers cr\u00e9atifs et soir\u00e9es \u00e0 th\u00e8me.<\/p>\n\n\n\n<p>Choisir ce mobil-home neuf au Colombier, c\u2019est opter pour des vacances naturistes de qualit\u00e9, dans un cadre exceptionnel qui allie confort moderne et authenticit\u00e9 naturelle.<\/p>\n\n\n\n<p>Bienvenue chez vous au Colombier, votre havre de paix naturiste en Vend\u00e9e !<\/p>\n\n\n\n<div style=\"height:50px\" aria-hidden=\"true\" class=\"wp-block-spacer\"><\/div>\n\n\n\n<h2 class=\"wp-block-heading has-color-3-color has-text-color has-link-color has-poppins-font-family has-large-font-size wp-elements-3cb68b1c5e2e099c01461eff3dd675db\" style=\"text-transform:uppercase\">Caract\u00e9ristiques de l&rsquo;h\u00e9bergement<\/h2>\n\n\n\n<div class=\"wp-block-group is-layout-grid wp-container-core-group-is-layout-a0b03e9b wp-block-group-is-layout-grid\">\n<div class=\"wp-block-group is-nowrap is-layout-flex wp-container-core-group-is-layout-17c695da wp-block-group-is-layout-flex\">\n<figure class=\"wp-block-image size-full is-resized\"><img decoding=\"async\" src=\"https:\/\/madeincamp.fr\/wp-content\/uploads\/2024\/02\/bg-made-in-camp.png\" alt=\"bg made in camp\" class=\"wp-image-169\" style=\"object-fit:cover;width:27px;height:auto\"\/><\/figure>\n\n\n\n<p class=\"wp-container-content-69bc4bdf\" style=\"line-height:1.3\">27,5\u202fm\u00b2<\/p>\n<\/div>\n\n\n\n<div class=\"wp-block-group is-nowrap is-layout-flex wp-container-core-group-is-layout-17c695da wp-block-group-is-layout-flex\">\n<figure class=\"wp-block-image size-full is-resized\"><img decoding=\"async\" src=\"https:\/\/madeincamp.fr\/wp-content\/uploads\/2024\/02\/bg-made-in-camp.png\" alt=\"bg made in camp\" class=\"wp-image-169\" style=\"object-fit:cover;width:27px;height:auto\"\/><\/figure>\n\n\n\n<p class=\"wp-container-content-69bc4bdf\" style=\"line-height:1.3\">Mobilier int\u00e9rieur, t\u00e9l\u00e9vision et vaisselle inclus<\/p>\n<\/div>\n\n\n\n<div class=\"wp-block-group is-nowrap is-layout-flex wp-container-core-group-is-layout-17c695da wp-block-group-is-layout-flex\">\n<figure class=\"wp-block-image size-full is-resized\"><img decoding=\"async\" src=\"https:\/\/madeincamp.fr\/wp-content\/uploads\/2024\/02\/bg-made-in-camp.png\" alt=\"bg made in camp\" class=\"wp-image-169\" style=\"object-fit:cover;width:27px;height:auto\"\/><\/figure>\n\n\n\n<p class=\"wp-container-content-69bc4bdf\" style=\"line-height:1.3\">2 chambres<\/p>\n<\/div>\n\n\n\n<div class=\"wp-block-group is-nowrap is-layout-flex wp-container-core-group-is-layout-17c695da wp-block-group-is-layout-flex\">\n<figure class=\"wp-block-image size-full is-resized\"><img decoding=\"async\" src=\"https:\/\/madeincamp.fr\/wp-content\/uploads\/2024\/02\/bg-made-in-camp.png\" alt=\"bg made in camp\" class=\"wp-image-169\" style=\"object-fit:cover;width:27px;height:auto\"\/><\/figure>\n\n\n\n<p class=\"wp-container-content-69bc4bdf\" style=\"line-height:1.3\">WC s\u00e9par\u00e9s<\/p>\n<\/div>\n\n\n\n<div class=\"wp-block-group is-nowrap is-layout-flex wp-container-core-group-is-layout-17c695da wp-block-group-is-layout-flex\">\n<figure class=\"wp-block-image size-full is-resized\"><img decoding=\"async\" src=\"https:\/\/madeincamp.fr\/wp-content\/uploads\/2024\/02\/bg-made-in-camp.png\" alt=\"bg made in camp\" class=\"wp-image-169\" style=\"object-fit:cover;width:27px;height:auto\"\/><\/figure>\n\n\n\n<p class=\"wp-container-content-69bc4bdf\" style=\"line-height:1.3\">Terrasse semi-couverte<\/p>\n<\/div>\n<\/div>\n\n\n\n<h2 class=\"wp-block-heading has-color-3-color has-text-color has-link-color has-poppins-font-family has-large-font-size wp-elements-2c7b167e775015ae85c563c5a7d8869b\" style=\"text-transform:uppercase\">Localisation dans le camping<\/h2>\n\n\n\n<div class=\"wp-block-group alignwide is-layout-flow wp-block-group-is-layout-flow\">\n<iframe src=\"https:\/\/www.google.com\/maps\/embed?pb=!1m18!1m12!1m3!1d5482.833982441988!2d-0.9757128462313168!3d46.598761673651374!2m3!1f0!2f0!3f0!3m2!1i1024!2i768!4f13.1!3m3!1m2!1s0x48069344a3ab2ee7%3A0xad177f415cb4105e!2sCamping%20Le%20Colombier!5e0!3m2!1sfr!2sfr!4v1752753596219!5m2!1sfr!2sfr\" width=\"600\" height=\"450\" style=\"border:0;\" allowfullscreen=\"\" loading=\"lazy\" referrerpolicy=\"no-referrer-when-downgrade\"><\/iframe>\n<\/div>\n<\/div>\n\n\n\n<div class=\"wp-block-column is-layout-flow wp-container-core-column-is-layout-b2a27621 wp-block-column-is-layout-flow\" style=\"border-style:none;border-width:0px;padding-top:0;padding-right:0;padding-bottom:0;padding-left:0;flex-basis:30%\">\n<div class=\"wp-block-group gt-single-resa-sticky has-border-color has-color-3-border-color is-layout-flow wp-container-core-group-is-layout-334757f1 wp-block-group-is-layout-flow wp-container-2 is-position-sticky\" style=\"border-width:1px;border-radius:8px;padding-top:var(--wp--preset--spacing--20);padding-right:var(--wp--preset--spacing--20);padding-bottom:var(--wp--preset--spacing--20);padding-left:var(--wp--preset--spacing--20)\">\n<div class=\"wp-block-group is-content-justification-right is-nowrap is-layout-flex wp-container-core-group-is-layout-524aaab4 wp-block-group-is-layout-flex\" style=\"margin-top:0;margin-bottom:0;font-size:0.7rem\">\n<p class=\"has-color-3-color has-text-color has-link-color wp-elements-dda9ea5fa0e523c633f59d48292bfd06\" style=\"font-size:0.7rem\">REF : <\/p>\n\n\n<p class=\"has-text-align-right has-color-3-color has-text-color has-link-color has-poppins-font-family wp-elements-8c0b75b57e56832cdca61d4123bc3a3a\" style=\"font-size:0.7rem;font-style:normal;font-weight:normal\"> Riviera 2013<\/p><\/div>\n\n\n\n<div class=\"wp-block-group is-layout-flex wp-container-core-group-is-layout-6ea4212b wp-block-group-is-layout-flex\"><p class=\"has-color-3-color has-text-color has-link-color has-poppins-font-family wp-elements-e976f4260784d16a012a857874158df9\" style=\"font-size:clamp(1.352rem, 1.352rem + ((1vw - 0.2rem) * 1.413), 2.2rem);font-style:normal;font-weight:500\">18\u202f000\u00a0\u20ac<\/p>\n\n\n<p class=\"has-color-3-color has-text-color has-link-color has-poppins-font-family wp-elements-a24db95dd1d7af16f16e52b9088ca7d3\" style=\"font-size:clamp(1.352rem, 1.352rem + ((1vw - 0.2rem) * 1.413), 2.2rem);font-style:normal;font-weight:500\">TTC<\/p>\n<\/div>\n\n\n\n<p class=\"has-extra-small-font-size\">Besoin d&rsquo;en discuter ?<\/p>\n\n\n\n<div style=\"height:32px\" aria-hidden=\"true\" class=\"wp-block-spacer\"><\/div>\n\n\n\n<p class=\"has-color-2-color has-text-color has-link-color has-itc-font-family has-medium-font-size wp-elements-c9789a766958e3b3c5a67c61859201e2\">Contactez-nous<\/p>\n\n\n<script>\nvar gform;gform||(document.addEventListener(\"gform_main_scripts_loaded\",function(){gform.scriptsLoaded=!0}),document.addEventListener(\"gform\/theme\/scripts_loaded\",function(){gform.themeScriptsLoaded=!0}),window.addEventListener(\"DOMContentLoaded\",function(){gform.domLoaded=!0}),gform={domLoaded:!1,scriptsLoaded:!1,themeScriptsLoaded:!1,isFormEditor:()=>\"function\"==typeof InitializeEditor,callIfLoaded:function(o){return!(!gform.domLoaded||!gform.scriptsLoaded||!gform.themeScriptsLoaded&&!gform.isFormEditor()||(gform.isFormEditor()&&console.warn(\"The use of gform.initializeOnLoaded() is deprecated in the form editor context and will be removed in Gravity Forms 3.1.\"),o(),0))},initializeOnLoaded:function(o){gform.callIfLoaded(o)||(document.addEventListener(\"gform_main_scripts_loaded\",()=>{gform.scriptsLoaded=!0,gform.callIfLoaded(o)}),document.addEventListener(\"gform\/theme\/scripts_loaded\",()=>{gform.themeScriptsLoaded=!0,gform.callIfLoaded(o)}),window.addEventListener(\"DOMContentLoaded\",()=>{gform.domLoaded=!0,gform.callIfLoaded(o)}))},hooks:{action:{},filter:{}},addAction:function(o,r,e,t){gform.addHook(\"action\",o,r,e,t)},addFilter:function(o,r,e,t){gform.addHook(\"filter\",o,r,e,t)},doAction:function(o){gform.doHook(\"action\",o,arguments)},applyFilters:function(o){return gform.doHook(\"filter\",o,arguments)},removeAction:function(o,r){gform.removeHook(\"action\",o,r)},removeFilter:function(o,r,e){gform.removeHook(\"filter\",o,r,e)},addHook:function(o,r,e,t,n){null==gform.hooks[o][r]&&(gform.hooks[o][r]=[]);var d=gform.hooks[o][r];null==n&&(n=r+\"_\"+d.length),gform.hooks[o][r].push({tag:n,callable:e,priority:t=null==t?10:t})},doHook:function(r,o,e){var t;if(e=Array.prototype.slice.call(e,1),null!=gform.hooks[r][o]&&((o=gform.hooks[r][o]).sort(function(o,r){return o.priority-r.priority}),o.forEach(function(o){\"function\"!=typeof(t=o.callable)&&(t=window[t]),\"action\"==r?t.apply(null,e):e[0]=t.apply(null,e)})),\"filter\"==r)return e[0]},removeHook:function(o,r,t,n){var e;null!=gform.hooks[o][r]&&(e=(e=gform.hooks[o][r]).filter(function(o,r,e){return!!(null!=n&&n!=o.tag||null!=t&&t!=o.priority)}),gform.hooks[o][r]=e)}});\n<\/script>\n\n                <div class='gf_browser_gecko gform_wrapper gform-theme gform-theme--foundation gform-theme--framework gform-theme--orbital' data-form-theme='orbital' data-form-index='0' id='gform_wrapper_2' ><style>#gform_wrapper_2[data-form-index=\"0\"].gform-theme,[data-parent-form=\"2_0\"]{--gf-color-primary: #d69d1e;--gf-color-primary-rgb: 214, 157, 30;--gf-color-primary-contrast: #fff;--gf-color-primary-contrast-rgb: 255, 255, 255;--gf-color-primary-darker: #A46B00;--gf-color-primary-lighter: #FFCF50;--gf-color-secondary: #fff;--gf-color-secondary-rgb: 255, 255, 255;--gf-color-secondary-contrast: #112337;--gf-color-secondary-contrast-rgb: 17, 35, 55;--gf-color-secondary-darker: #F5F5F5;--gf-color-secondary-lighter: #FFFFFF;--gf-color-out-ctrl-light: rgba(17, 35, 55, 0.1);--gf-color-out-ctrl-light-rgb: 17, 35, 55;--gf-color-out-ctrl-light-darker: rgba(104, 110, 119, 0.35);--gf-color-out-ctrl-light-lighter: #F5F5F5;--gf-color-out-ctrl-dark: #585e6a;--gf-color-out-ctrl-dark-rgb: 88, 94, 106;--gf-color-out-ctrl-dark-darker: #112337;--gf-color-out-ctrl-dark-lighter: rgba(17, 35, 55, 0.65);--gf-color-in-ctrl: #fff;--gf-color-in-ctrl-rgb: 255, 255, 255;--gf-color-in-ctrl-contrast: #112337;--gf-color-in-ctrl-contrast-rgb: 17, 35, 55;--gf-color-in-ctrl-darker: #F5F5F5;--gf-color-in-ctrl-lighter: #FFFFFF;--gf-color-in-ctrl-primary: #d69d1e;--gf-color-in-ctrl-primary-rgb: 214, 157, 30;--gf-color-in-ctrl-primary-contrast: #fff;--gf-color-in-ctrl-primary-contrast-rgb: 255, 255, 255;--gf-color-in-ctrl-primary-darker: #A46B00;--gf-color-in-ctrl-primary-lighter: #FFCF50;--gf-color-in-ctrl-light: rgba(17, 35, 55, 0.1);--gf-color-in-ctrl-light-rgb: 17, 35, 55;--gf-color-in-ctrl-light-darker: rgba(104, 110, 119, 0.35);--gf-color-in-ctrl-light-lighter: #F5F5F5;--gf-color-in-ctrl-dark: #585e6a;--gf-color-in-ctrl-dark-rgb: 88, 94, 106;--gf-color-in-ctrl-dark-darker: #112337;--gf-color-in-ctrl-dark-lighter: rgba(17, 35, 55, 0.65);--gf-radius: 3px;--gf-font-size-secondary: 14px;--gf-font-size-tertiary: 13px;--gf-icon-ctrl-number: url(\"data:image\/svg+xml,%3Csvg width='8' height='14' viewBox='0 0 8 14' fill='none' xmlns='http:\/\/www.w3.org\/2000\/svg'%3E%3Cpath fill-rule='evenodd' clip-rule='evenodd' d='M4 0C4.26522 5.96046e-08 4.51957 0.105357 4.70711 0.292893L7.70711 3.29289C8.09763 3.68342 8.09763 4.31658 7.70711 4.70711C7.31658 5.09763 6.68342 5.09763 6.29289 4.70711L4 2.41421L1.70711 4.70711C1.31658 5.09763 0.683417 5.09763 0.292893 4.70711C-0.0976311 4.31658 -0.097631 3.68342 0.292893 3.29289L3.29289 0.292893C3.48043 0.105357 3.73478 0 4 0ZM0.292893 9.29289C0.683417 8.90237 1.31658 8.90237 1.70711 9.29289L4 11.5858L6.29289 9.29289C6.68342 8.90237 7.31658 8.90237 7.70711 9.29289C8.09763 9.68342 8.09763 10.3166 7.70711 10.7071L4.70711 13.7071C4.31658 14.0976 3.68342 14.0976 3.29289 13.7071L0.292893 10.7071C-0.0976311 10.3166 -0.0976311 9.68342 0.292893 9.29289Z' fill='rgba(17, 35, 55, 0.65)'\/%3E%3C\/svg%3E\");--gf-icon-ctrl-select: url(\"data:image\/svg+xml,%3Csvg width='10' height='6' viewBox='0 0 10 6' fill='none' xmlns='http:\/\/www.w3.org\/2000\/svg'%3E%3Cpath fill-rule='evenodd' clip-rule='evenodd' d='M0.292893 0.292893C0.683417 -0.097631 1.31658 -0.097631 1.70711 0.292893L5 3.58579L8.29289 0.292893C8.68342 -0.0976311 9.31658 -0.0976311 9.70711 0.292893C10.0976 0.683417 10.0976 1.31658 9.70711 1.70711L5.70711 5.70711C5.31658 6.09763 4.68342 6.09763 4.29289 5.70711L0.292893 1.70711C-0.0976311 1.31658 -0.0976311 0.683418 0.292893 0.292893Z' fill='rgba(17, 35, 55, 0.65)'\/%3E%3C\/svg%3E\");--gf-icon-ctrl-search: url(\"data:image\/svg+xml,%3Csvg width='640' height='640' xmlns='http:\/\/www.w3.org\/2000\/svg'%3E%3Cpath d='M256 128c-70.692 0-128 57.308-128 128 0 70.691 57.308 128 128 128 70.691 0 128-57.309 128-128 0-70.692-57.309-128-128-128zM64 256c0-106.039 85.961-192 192-192s192 85.961 192 192c0 41.466-13.146 79.863-35.498 111.248l154.125 154.125c12.496 12.496 12.496 32.758 0 45.254s-32.758 12.496-45.254 0L367.248 412.502C335.862 434.854 297.467 448 256 448c-106.039 0-192-85.962-192-192z' fill='rgba(17, 35, 55, 0.65)'\/%3E%3C\/svg%3E\");--gf-label-space-y-secondary: var(--gf-label-space-y-md-secondary);--gf-ctrl-border-color: #686e77;--gf-ctrl-size: var(--gf-ctrl-size-md);--gf-ctrl-label-color-primary: #112337;--gf-ctrl-label-color-secondary: #112337;--gf-ctrl-choice-size: var(--gf-ctrl-choice-size-md);--gf-ctrl-checkbox-check-size: var(--gf-ctrl-checkbox-check-size-md);--gf-ctrl-radio-check-size: var(--gf-ctrl-radio-check-size-md);--gf-ctrl-btn-font-size: var(--gf-ctrl-btn-font-size-md);--gf-ctrl-btn-padding-x: var(--gf-ctrl-btn-padding-x-md);--gf-ctrl-btn-size: var(--gf-ctrl-btn-size-md);--gf-ctrl-btn-border-color-secondary: #686e77;--gf-ctrl-file-btn-bg-color-hover: #EBEBEB;--gf-field-img-choice-size: var(--gf-field-img-choice-size-md);--gf-field-img-choice-card-space: var(--gf-field-img-choice-card-space-md);--gf-field-img-choice-check-ind-size: var(--gf-field-img-choice-check-ind-size-md);--gf-field-img-choice-check-ind-icon-size: var(--gf-field-img-choice-check-ind-icon-size-md);--gf-field-pg-steps-number-color: rgba(17, 35, 55, 0.8);}<\/style><div id='gf_2' class='gform_anchor' tabindex='-1'><\/div><form method='post' enctype='multipart\/form-data' target='gform_ajax_frame_2' id='gform_2'  action='\/le-colombier\/wp-json\/wp\/v2\/gt-annonces\/11896#gf_2' data-formid='2' novalidate>\n                        <div class='gform-body gform_body'><div id='gform_fields_2' class='gform_fields top_label form_sublabel_above description_above validation_below'><fieldset id=\"field_2_1\" class=\"gfield gfield--type-name gfield_contains_required field_sublabel_hidden_label gfield--no-description field_description_above hidden_label field_validation_below gfield_visibility_visible\"  ><legend class='gfield_label gform-field-label gfield_label_before_complex' >Nom<span class=\"gfield_required\"><span class=\"gfield_required gfield_required_text\">(N\u00e9cessaire)<\/span><\/span><\/legend><div class='ginput_complex ginput_container ginput_container--name no_prefix no_first_name no_middle_name has_last_name no_suffix gf_name_has_1 ginput_container_name gform-grid-row' id='input_2_1'>\n                            \n                            \n                            \n                            <span id='input_2_1_6_container' class='name_last gform-grid-col gform-grid-col--size-auto' >\n                                                    <input type='text' name='input_1.6' id='input_2_1_6' value=''   aria-required='true'   placeholder='Nom' autocomplete=\"family-name\" \/>\n                                                    <label for='input_2_1_6' class='gform-field-label gform-field-label--type-sub hidden_sub_label screen-reader-text'>Nom<\/label>\n                                                <\/span>\n                            \n                        <\/div><\/fieldset><div id=\"field_2_2\" class=\"gfield gfield--type-email gfield_contains_required field_sublabel_above gfield--no-description field_description_above hidden_label field_validation_below gfield_visibility_visible\"  ><label class='gfield_label gform-field-label' for='input_2_2'>Email<span class=\"gfield_required\"><span class=\"gfield_required gfield_required_text\">(N\u00e9cessaire)<\/span><\/span><\/label><div class='ginput_container ginput_container_email'>\n                            <input name='input_2' id='input_2_2' type='email' value='' class='large'   placeholder='Email' aria-required=\"true\" aria-invalid=\"false\"  \/>\n                        <\/div><\/div><div id=\"field_2_4\" class=\"gfield gfield--type-phone gfield--width-full field_sublabel_above gfield--no-description field_description_above hidden_label field_validation_below gfield_visibility_visible\"  ><label class='gfield_label gform-field-label' for='input_2_4'>T\u00e9l\u00e9phone<\/label><div class='ginput_container ginput_container_phone'><input name='input_4' id='input_2_4' type='tel' value='' class='large'  placeholder='T\u00e9l\u00e9phone'  aria-invalid=\"false\"   \/><\/div><\/div><div id=\"field_2_3\" class=\"gfield gfield--type-textarea gfield_contains_required field_sublabel_above gfield--no-description field_description_above hidden_label field_validation_below gfield_visibility_visible\"  ><label class='gfield_label gform-field-label' for='input_2_3'>Message<span class=\"gfield_required\"><span class=\"gfield_required gfield_required_text\">(N\u00e9cessaire)<\/span><\/span><\/label><div class='ginput_container ginput_container_textarea'><textarea name='input_3' id='input_2_3' class='textarea medium'   maxlength='600' placeholder='Message' aria-required=\"true\" aria-invalid=\"false\"   rows='10' cols='50'><\/textarea><\/div><\/div><\/div><\/div>\n        <div class='gform-footer gform_footer top_label'> <input type='submit' id='gform_submit_button_2' class='gform_button button' onclick='gform.submission.handleButtonClick(this);' data-submission-type='submit' value='Envoyer'  \/> <input type='hidden' name='gform_ajax' value='form_id=2&amp;title=&amp;description=&amp;tabindex=0&amp;theme=orbital&amp;styles={&quot;inputPrimaryColor&quot;:&quot;#d69d1e&quot;,&quot;buttonPrimaryBackgroundColor&quot;:&quot;#d69d1e&quot;}&amp;hash=8001260ca49f01a720ecf760824f9d67' \/>\n            <input type='hidden' class='gform_hidden' name='gform_submission_method' data-js='gform_submission_method_2' value='iframe' \/>\n            <input type='hidden' class='gform_hidden' name='gform_theme' data-js='gform_theme_2' id='gform_theme_2' value='orbital' \/>\n            <input type='hidden' class='gform_hidden' name='gform_style_settings' data-js='gform_style_settings_2' id='gform_style_settings_2' value='{&quot;inputPrimaryColor&quot;:&quot;#d69d1e&quot;,&quot;buttonPrimaryBackgroundColor&quot;:&quot;#d69d1e&quot;}' \/>\n            <input type='hidden' class='gform_hidden' name='is_submit_2' value='1' \/>\n            <input type='hidden' class='gform_hidden' name='gform_submit' value='2' \/>\n            \n            <input type='hidden' class='gform_hidden' name='gform_currency' data-currency='EUR' value='+Hw9HKqfIPPS5C4QN5cb0R9YW6+HxP+epvUGN1FE2ldp0lutIHl3TqSOEwgFqQ8djpH9ToYZYFWyGRwaZV6W5f+0JBxaBMU7LQX3fuMyegfxxpY=' \/>\n            <input type='hidden' class='gform_hidden' name='gform_unique_id' value='' \/>\n            <input type='hidden' class='gform_hidden' name='state_2' value='WyJbXSIsImJiMGE0NjVmZTMyMjVhZWViZDQ5OTI3NDdjZjA2MDNlIl0=' \/>\n            <input type='hidden' autocomplete='off' class='gform_hidden' name='gform_target_page_number_2' id='gform_target_page_number_2' value='0' \/>\n            <input type='hidden' autocomplete='off' class='gform_hidden' name='gform_source_page_number_2' id='gform_source_page_number_2' value='1' \/>\n            <input type='hidden' name='gform_field_values' value='' \/>\n            \n        <\/div>\n                        <\/form>\n                        <\/div>\n\t\t                <iframe style='display:none;width:0px;height:0px;' src='about:blank' name='gform_ajax_frame_2' id='gform_ajax_frame_2' title='Cette iframe contient la logique n\u00e9cessaire pour manipuler Gravity Forms avec Ajax.'><\/iframe>\n\t\t                <script>\ngform.initializeOnLoaded( function() {gformInitSpinner( 2, 'https:\/\/madeincamp.fr\/le-colombier\/wp-content\/plugins\/gravityforms\/images\/spinner.svg', false );jQuery('#gform_ajax_frame_2').on('load',function(){var contents = jQuery(this).contents().find('*').html();var is_postback = contents.indexOf('GF_AJAX_POSTBACK') >= 0;if(!is_postback){return;}var form_content = jQuery(this).contents().find('#gform_wrapper_2');var is_confirmation = jQuery(this).contents().find('#gform_confirmation_wrapper_2').length > 0;var is_redirect = contents.indexOf('gformRedirect(){') >= 0;var is_form = form_content.length > 0 && ! is_redirect && ! is_confirmation;var mt = parseInt(jQuery('html').css('margin-top'), 10) + parseInt(jQuery('body').css('margin-top'), 10) + 100;if(is_form){jQuery('#gform_wrapper_2').html(form_content.html());if(form_content.hasClass('gform_validation_error')){jQuery('#gform_wrapper_2').addClass('gform_validation_error');} else {jQuery('#gform_wrapper_2').removeClass('gform_validation_error');}setTimeout( function() { \/* delay the scroll by 50 milliseconds to fix a bug in chrome *\/ jQuery(document).scrollTop(jQuery('#gform_wrapper_2').offset().top - mt); }, 50 );if(window['gformInitDatepicker']) {gformInitDatepicker();}if(window['gformInitPriceFields']) {gformInitPriceFields();}var current_page = jQuery('#gform_source_page_number_2').val();gformInitSpinner( 2, 'https:\/\/madeincamp.fr\/le-colombier\/wp-content\/plugins\/gravityforms\/images\/spinner.svg', false );jQuery(document).trigger('gform_page_loaded', [2, current_page]);window['gf_submitting_2'] = false;}else if(!is_redirect){var confirmation_content = jQuery(this).contents().find('.GF_AJAX_POSTBACK').html();if(!confirmation_content){confirmation_content = contents;}jQuery('#gform_wrapper_2').replaceWith(confirmation_content);jQuery(document).scrollTop(jQuery('#gf_2').offset().top - mt);jQuery(document).trigger('gform_confirmation_loaded', [2]);window['gf_submitting_2'] = false;wp.a11y.speak(jQuery('#gform_confirmation_message_2').text());}else{jQuery('#gform_2').append(contents);if(window['gformRedirect']) {gformRedirect();}}jQuery(document).trigger(\"gform_pre_post_render\", [{ formId: \"2\", currentPage: \"current_page\", abort: function() { this.preventDefault(); } }]);        if (event && event.defaultPrevented) {                return;        }        const gformWrapperDiv = document.getElementById( \"gform_wrapper_2\" );        if ( gformWrapperDiv ) {            const visibilitySpan = document.createElement( \"span\" );            visibilitySpan.id = \"gform_visibility_test_2\";            gformWrapperDiv.insertAdjacentElement( \"afterend\", visibilitySpan );        }        const visibilityTestDiv = document.getElementById( \"gform_visibility_test_2\" );        let postRenderFired = false;        function triggerPostRender() {            if ( postRenderFired ) {                return;            }            postRenderFired = true;            gform.core.triggerPostRenderEvents( 2, current_page );            if ( visibilityTestDiv ) {                visibilityTestDiv.parentNode.removeChild( visibilityTestDiv );            }        }        function debounce( func, wait, immediate ) {            var timeout;            return function() {                var context = this, args = arguments;                var later = function() {                    timeout = null;                    if ( !immediate ) func.apply( context, args );                };                var callNow = immediate && !timeout;                clearTimeout( timeout );                timeout = setTimeout( later, wait );                if ( callNow ) func.apply( context, args );            };        }        const debouncedTriggerPostRender = debounce( function() {            triggerPostRender();        }, 200 );        if ( visibilityTestDiv && visibilityTestDiv.offsetParent === null ) {            const observer = new MutationObserver( ( mutations ) => {                mutations.forEach( ( mutation ) => {                    if ( mutation.type === 'attributes' && visibilityTestDiv.offsetParent !== null ) {                        debouncedTriggerPostRender();                        observer.disconnect();                    }                });            });            observer.observe( document.body, {                attributes: true,                childList: false,                subtree: true,                attributeFilter: [ 'style', 'class' ],            });        } else {            triggerPostRender();        }    } );} );\n<\/script>\n<\/div>\n<\/div>\n<\/div>\n","protected":false},"excerpt":{"rendered":"<p>Mobil-home Riviera 2013, 27,5\u202fm\u00b2, 2 chambres, enti\u00e8rement \u00e9quip\u00e9 et en parfait \u00e9tat : pr\u00eat \u00e0 poser sur votre parcelle au Colombier \u2014 profitez pleinement de la saison sans frais suppl\u00e9mentaires !<\/p>\n","protected":false},"author":1,"featured_media":11938,"menu_order":0,"template":"","meta":{"_acf_changed":false,"superficie":"28","nombre_chambres":"2","prix":"18\u202f000\u00a0\u20ac","reference":" Riviera 2013","gallery_images":[11938,6883],"footnotes":""},"atouts":[],"statuts":[29],"class_list":["post-11896","gt-annonces","type-gt-annonces","status-publish","has-post-thumbnail","hentry","statuts-vendu"],"acf":[],"yoast_head":"<!-- This site is optimized with the Yoast SEO plugin v24.5 - https:\/\/yoast.com\/wordpress\/plugins\/seo\/ -->\n<title>Mobil home 2 chambres\u2013 Mod\u00e8le Riviera - Ann\u00e9e 2013 - Made in camp Le Colombier<\/title>\n<meta name=\"robots\" content=\"index, follow, max-snippet:-1, max-image-preview:large, max-video-preview:-1\" \/>\n<link rel=\"canonical\" href=\"https:\/\/madeincamp.fr\/le-colombier\/devenir-proprietaire\/annonce1-colombier\/\" \/>\n<meta property=\"og:locale\" content=\"fr_FR\" \/>\n<meta property=\"og:type\" content=\"article\" \/>\n<meta property=\"og:title\" content=\"Mobil home 2 chambres\u2013 Mod\u00e8le Riviera - Ann\u00e9e 2013 - Made in camp Le Colombier\" \/>\n<meta property=\"og:description\" content=\"Mobil-home Riviera 2013, 27,5\u202fm\u00b2, 2 chambres, enti\u00e8rement \u00e9quip\u00e9 et en parfait \u00e9tat : pr\u00eat \u00e0 poser sur votre parcelle au Colombier \u2014 profitez pleinement de la saison sans frais suppl\u00e9mentaires !\" \/>\n<meta property=\"og:url\" content=\"https:\/\/madeincamp.fr\/le-colombier\/devenir-proprietaire\/annonce1-colombier\/\" \/>\n<meta property=\"og:site_name\" content=\"Made in camp Le Colombier\" \/>\n<meta property=\"article:modified_time\" content=\"2025-07-24T07:47:28+00:00\" \/>\n<meta property=\"og:image\" content=\"https:\/\/madeincamp.fr\/le-colombier\/wp-content\/uploads\/sites\/3\/2025\/07\/MH-2013-2.jpg\" \/>\n\t<meta property=\"og:image:width\" content=\"2014\" \/>\n\t<meta property=\"og:image:height\" content=\"1350\" \/>\n\t<meta property=\"og:image:type\" content=\"image\/jpeg\" \/>\n<meta name=\"twitter:card\" content=\"summary_large_image\" \/>\n<meta name=\"twitter:label1\" content=\"Dur\u00e9e de lecture estim\u00e9e\" \/>\n\t<meta name=\"twitter:data1\" content=\"4 minutes\" \/>\n<script type=\"application\/ld+json\" class=\"yoast-schema-graph\">{\"@context\":\"https:\/\/schema.org\",\"@graph\":[{\"@type\":\"WebPage\",\"@id\":\"https:\/\/madeincamp.fr\/le-colombier\/devenir-proprietaire\/annonce1-colombier\/\",\"url\":\"https:\/\/madeincamp.fr\/le-colombier\/devenir-proprietaire\/annonce1-colombier\/\",\"name\":\"Mobil home 2 chambres\u2013 Mod\u00e8le Riviera - Ann\u00e9e 2013 - Made in camp Le Colombier\",\"isPartOf\":{\"@id\":\"https:\/\/madeincamp.fr\/le-colombier\/#website\"},\"primaryImageOfPage\":{\"@id\":\"https:\/\/madeincamp.fr\/le-colombier\/devenir-proprietaire\/annonce1-colombier\/#primaryimage\"},\"image\":{\"@id\":\"https:\/\/madeincamp.fr\/le-colombier\/devenir-proprietaire\/annonce1-colombier\/#primaryimage\"},\"thumbnailUrl\":\"https:\/\/madeincamp.fr\/le-colombier\/wp-content\/uploads\/sites\/3\/2025\/07\/MH-2013-2.jpg\",\"datePublished\":\"2025-07-17T12:01:52+00:00\",\"dateModified\":\"2025-07-24T07:47:28+00:00\",\"breadcrumb\":{\"@id\":\"https:\/\/madeincamp.fr\/le-colombier\/devenir-proprietaire\/annonce1-colombier\/#breadcrumb\"},\"inLanguage\":\"fr-FR\",\"potentialAction\":[{\"@type\":\"ReadAction\",\"target\":[\"https:\/\/madeincamp.fr\/le-colombier\/devenir-proprietaire\/annonce1-colombier\/\"]}]},{\"@type\":\"ImageObject\",\"inLanguage\":\"fr-FR\",\"@id\":\"https:\/\/madeincamp.fr\/le-colombier\/devenir-proprietaire\/annonce1-colombier\/#primaryimage\",\"url\":\"https:\/\/madeincamp.fr\/le-colombier\/wp-content\/uploads\/sites\/3\/2025\/07\/MH-2013-2.jpg\",\"contentUrl\":\"https:\/\/madeincamp.fr\/le-colombier\/wp-content\/uploads\/sites\/3\/2025\/07\/MH-2013-2.jpg\",\"width\":2014,\"height\":1350,\"caption\":\"MH 2013\"},{\"@type\":\"BreadcrumbList\",\"@id\":\"https:\/\/madeincamp.fr\/le-colombier\/devenir-proprietaire\/annonce1-colombier\/#breadcrumb\",\"itemListElement\":[{\"@type\":\"ListItem\",\"position\":1,\"name\":\"Le Colombier\",\"item\":\"https:\/\/madeincamp.fr\/le-colombier\/\"},{\"@type\":\"ListItem\",\"position\":2,\"name\":\"Mobil home 2 chambres\u2013 Mod\u00e8le Riviera &#8211; Ann\u00e9e 2013\"}]},{\"@type\":\"WebSite\",\"@id\":\"https:\/\/madeincamp.fr\/le-colombier\/#website\",\"url\":\"https:\/\/madeincamp.fr\/le-colombier\/\",\"name\":\"Made in camp Le Colombier\",\"description\":\"Artisans de vos vacances\",\"publisher\":{\"@id\":\"https:\/\/madeincamp.fr\/le-colombier\/#organization\"},\"inLanguage\":\"fr-FR\"},{\"@type\":\"Organization\",\"@id\":\"https:\/\/madeincamp.fr\/le-colombier\/#organization\",\"name\":\"Made in camp Le Colombier\",\"url\":\"https:\/\/madeincamp.fr\/le-colombier\/\",\"logo\":{\"@type\":\"ImageObject\",\"inLanguage\":\"fr-FR\",\"@id\":\"https:\/\/madeincamp.fr\/le-colombier\/#\/schema\/logo\/image\/\",\"url\":\"https:\/\/madeincamp.fr\/le-colombier\/wp-content\/uploads\/sites\/3\/2024\/02\/made-in-camp-logo.png\",\"contentUrl\":\"https:\/\/madeincamp.fr\/le-colombier\/wp-content\/uploads\/sites\/3\/2024\/02\/made-in-camp-logo.png\",\"width\":224,\"height\":91,\"caption\":\"Made in camp Le Colombier\"},\"image\":{\"@id\":\"https:\/\/madeincamp.fr\/le-colombier\/#\/schema\/logo\/image\/\"}}]}<\/script>\n<!-- \/ Yoast SEO plugin. -->","yoast_head_json":{"title":"Mobil home 2 chambres\u2013 Mod\u00e8le Riviera - Ann\u00e9e 2013 - Made in camp Le Colombier","robots":{"index":"index","follow":"follow","max-snippet":"max-snippet:-1","max-image-preview":"max-image-preview:large","max-video-preview":"max-video-preview:-1"},"canonical":"https:\/\/madeincamp.fr\/le-colombier\/devenir-proprietaire\/annonce1-colombier\/","og_locale":"fr_FR","og_type":"article","og_title":"Mobil home 2 chambres\u2013 Mod\u00e8le Riviera - Ann\u00e9e 2013 - Made in camp Le Colombier","og_description":"Mobil-home Riviera 2013, 27,5\u202fm\u00b2, 2 chambres, enti\u00e8rement \u00e9quip\u00e9 et en parfait \u00e9tat : pr\u00eat \u00e0 poser sur votre parcelle au Colombier \u2014 profitez pleinement de la saison sans frais suppl\u00e9mentaires !","og_url":"https:\/\/madeincamp.fr\/le-colombier\/devenir-proprietaire\/annonce1-colombier\/","og_site_name":"Made in camp Le Colombier","article_modified_time":"2025-07-24T07:47:28+00:00","og_image":[{"width":2014,"height":1350,"url":"https:\/\/madeincamp.fr\/le-colombier\/wp-content\/uploads\/sites\/3\/2025\/07\/MH-2013-2.jpg","type":"image\/jpeg"}],"twitter_card":"summary_large_image","twitter_misc":{"Dur\u00e9e de lecture estim\u00e9e":"4 minutes"},"schema":{"@context":"https:\/\/schema.org","@graph":[{"@type":"WebPage","@id":"https:\/\/madeincamp.fr\/le-colombier\/devenir-proprietaire\/annonce1-colombier\/","url":"https:\/\/madeincamp.fr\/le-colombier\/devenir-proprietaire\/annonce1-colombier\/","name":"Mobil home 2 chambres\u2013 Mod\u00e8le Riviera - Ann\u00e9e 2013 - Made in camp Le Colombier","isPartOf":{"@id":"https:\/\/madeincamp.fr\/le-colombier\/#website"},"primaryImageOfPage":{"@id":"https:\/\/madeincamp.fr\/le-colombier\/devenir-proprietaire\/annonce1-colombier\/#primaryimage"},"image":{"@id":"https:\/\/madeincamp.fr\/le-colombier\/devenir-proprietaire\/annonce1-colombier\/#primaryimage"},"thumbnailUrl":"https:\/\/madeincamp.fr\/le-colombier\/wp-content\/uploads\/sites\/3\/2025\/07\/MH-2013-2.jpg","datePublished":"2025-07-17T12:01:52+00:00","dateModified":"2025-07-24T07:47:28+00:00","breadcrumb":{"@id":"https:\/\/madeincamp.fr\/le-colombier\/devenir-proprietaire\/annonce1-colombier\/#breadcrumb"},"inLanguage":"fr-FR","potentialAction":[{"@type":"ReadAction","target":["https:\/\/madeincamp.fr\/le-colombier\/devenir-proprietaire\/annonce1-colombier\/"]}]},{"@type":"ImageObject","inLanguage":"fr-FR","@id":"https:\/\/madeincamp.fr\/le-colombier\/devenir-proprietaire\/annonce1-colombier\/#primaryimage","url":"https:\/\/madeincamp.fr\/le-colombier\/wp-content\/uploads\/sites\/3\/2025\/07\/MH-2013-2.jpg","contentUrl":"https:\/\/madeincamp.fr\/le-colombier\/wp-content\/uploads\/sites\/3\/2025\/07\/MH-2013-2.jpg","width":2014,"height":1350,"caption":"MH 2013"},{"@type":"BreadcrumbList","@id":"https:\/\/madeincamp.fr\/le-colombier\/devenir-proprietaire\/annonce1-colombier\/#breadcrumb","itemListElement":[{"@type":"ListItem","position":1,"name":"Le Colombier","item":"https:\/\/madeincamp.fr\/le-colombier\/"},{"@type":"ListItem","position":2,"name":"Mobil home 2 chambres\u2013 Mod\u00e8le Riviera &#8211; Ann\u00e9e 2013"}]},{"@type":"WebSite","@id":"https:\/\/madeincamp.fr\/le-colombier\/#website","url":"https:\/\/madeincamp.fr\/le-colombier\/","name":"Made in camp Le Colombier","description":"Artisans de vos vacances","publisher":{"@id":"https:\/\/madeincamp.fr\/le-colombier\/#organization"},"inLanguage":"fr-FR"},{"@type":"Organization","@id":"https:\/\/madeincamp.fr\/le-colombier\/#organization","name":"Made in camp Le Colombier","url":"https:\/\/madeincamp.fr\/le-colombier\/","logo":{"@type":"ImageObject","inLanguage":"fr-FR","@id":"https:\/\/madeincamp.fr\/le-colombier\/#\/schema\/logo\/image\/","url":"https:\/\/madeincamp.fr\/le-colombier\/wp-content\/uploads\/sites\/3\/2024\/02\/made-in-camp-logo.png","contentUrl":"https:\/\/madeincamp.fr\/le-colombier\/wp-content\/uploads\/sites\/3\/2024\/02\/made-in-camp-logo.png","width":224,"height":91,"caption":"Made in camp Le Colombier"},"image":{"@id":"https:\/\/madeincamp.fr\/le-colombier\/#\/schema\/logo\/image\/"}}]}},"_links":{"self":[{"href":"https:\/\/madeincamp.fr\/le-colombier\/wp-json\/wp\/v2\/gt-annonces\/11896","targetHints":{"allow":["GET"]}}],"collection":[{"href":"https:\/\/madeincamp.fr\/le-colombier\/wp-json\/wp\/v2\/gt-annonces"}],"about":[{"href":"https:\/\/madeincamp.fr\/le-colombier\/wp-json\/wp\/v2\/types\/gt-annonces"}],"author":[{"embeddable":true,"href":"https:\/\/madeincamp.fr\/le-colombier\/wp-json\/wp\/v2\/users\/1"}],"version-history":[{"count":5,"href":"https:\/\/madeincamp.fr\/le-colombier\/wp-json\/wp\/v2\/gt-annonces\/11896\/revisions"}],"predecessor-version":[{"id":11941,"href":"https:\/\/madeincamp.fr\/le-colombier\/wp-json\/wp\/v2\/gt-annonces\/11896\/revisions\/11941"}],"wp:featuredmedia":[{"embeddable":true,"href":"https:\/\/madeincamp.fr\/le-colombier\/wp-json\/wp\/v2\/media\/11938"}],"wp:attachment":[{"href":"https:\/\/madeincamp.fr\/le-colombier\/wp-json\/wp\/v2\/media?parent=11896"}],"wp:term":[{"taxonomy":"atouts","embeddable":true,"href":"https:\/\/madeincamp.fr\/le-colombier\/wp-json\/wp\/v2\/atouts?post=11896"},{"taxonomy":"statuts","embeddable":true,"href":"https:\/\/madeincamp.fr\/le-colombier\/wp-json\/wp\/v2\/statuts?post=11896"}],"curies":[{"name":"wp","href":"https:\/\/api.w.org\/{rel}","templated":true}]}}