{"id":21566,"date":"2024-07-18T12:08:01","date_gmt":"2024-07-18T10:08:01","guid":{"rendered":"https:\/\/madeincamp.fr\/le-fief-melin\/made-in-travel\/port-de-la-cotiniere\/"},"modified":"2025-06-30T14:59:02","modified_gmt":"2025-06-30T12:59:02","slug":"port-de-la-cotiniere","status":"publish","type":"page","link":"https:\/\/madeincamp.fr\/en\/made-in-travel\/port-de-la-cotiniere\/","title":{"rendered":"Port de la Cotini\u00e8re"},"content":{"rendered":"\n<div class=\"wp-block-group alignwide is-layout-flow wp-block-group-is-layout-flow\" style=\"padding-top:var(--wp--preset--spacing--50);padding-bottom:var(--wp--preset--spacing--50)\">\n<div class=\"wp-block-columns is-layout-flex wp-container-core-columns-is-layout-28f84493 wp-block-columns-is-layout-flex\">\n<div class=\"wp-block-column is-vertically-aligned-center is-layout-flow wp-block-column-is-layout-flow\">\n<h2 class=\"wp-block-heading\"><strong>A charming fishing port<\/strong> that has retained its authenticity<\/h2>\n\n\n\n<p>The first fishing port you&#8217;ll come across during your <a href=\"https:\/\/madeincamp.fr\/le-fief-melin\/tourisme-ile-oleron\/\">stay on the Ile d&#8217;Ol\u00e9ron<\/a> is located to the west of <a href=\"https:\/\/madeincamp.fr\/en\/?page_id=21445\">Saint-Pierre-d&#8217;Ol\u00e9ron<\/a>: La Cotini\u00e8re. In fact, this port is ranked among the top 10 fishing ports in France! Still artisanal, it specializes in noble <strong>fish and shellfish<\/strong> such as lobster, langoustine, cep, sole and sea bass. More than a hundred species were observed at the auction in a single year, an impressive variety.<\/p>\n\n\n\n<p>The port of La Cotini\u00e8re is a lively spot close to <a href=\"https:\/\/madeincamp.fr\/le-fief-melin\/\">Le Fief Melin campsite<\/a>, much to the delight of visitors who enjoy the picturesque spectacle. A daily spectacle with the ballet of boats entering and leaving the port and the unloading of their seafood products, the result of the day&#8217;s fishing. In the morning, fishermen can still be seen untangling their nets. The fish market is the subject of <strong>guided tours<\/strong> organized by the Saint-Pierre tourist office in summer and during school vacations.   <\/p>\n<\/div>\n\n\n\n<div class=\"wp-block-column is-layout-flow wp-container-core-column-is-layout-8a368f38 wp-block-column-is-layout-flow\">\n<div class=\"wp-block-group home-map-ctv is-layout-flow wp-block-group-is-layout-flow\">\n<figure class=\"wp-block-image aligncenter size-full animated fadeInUp slow delay-500ms\"><img decoding=\"async\" width=\"903\" height=\"229\" sizes=\"(max-width: 620px) 100vw, 620px\" src=\"https:\/\/madeincamp.fr\/wp-content\/uploads\/2024\/02\/fleur.png\" alt=\"flower\" class=\"wp-image-121\" style=\"object-fit:cover\" srcset=\"https:\/\/madeincamp.fr\/wp-content\/uploads\/2024\/02\/fleur.png 903w, https:\/\/madeincamp.fr\/wp-content\/uploads\/2024\/02\/fleur-300x76.png 300w, https:\/\/madeincamp.fr\/wp-content\/uploads\/2024\/02\/fleur-768x195.png 768w\" \/><\/figure>\n<\/div>\n\n\n\n<div class=\"wp-block-group animated fadeIn slow has-global-padding is-layout-constrained wp-block-group-is-layout-constrained\">\n<figure data-wp-context=\"{&quot;imageId&quot;:&quot;69f368eac95ac&quot;}\" data-wp-interactive=\"core\/image\" class=\"wp-block-image size-full wp-lightbox-container\"><img decoding=\"async\" data-wp-class--hide=\"state.isContentHidden\" data-wp-class--show=\"state.isContentVisible\" data-wp-init=\"callbacks.setButtonStyles\" data-wp-on-async--click=\"actions.showLightbox\" data-wp-on-async--load=\"callbacks.setButtonStyles\" data-wp-on-async-window--resize=\"callbacks.setButtonStyles\" src=\"https:\/\/madeincamp.fr\/wp-content\/uploads\/2024\/07\/port-la-cotiniere.webp\" alt=\"port la cotiniere\" class=\"wp-image-10042\" style=\"aspect-ratio:1;object-fit:cover\" \/><button\n\t\t\tclass=\"lightbox-trigger\"\n\t\t\ttype=\"button\"\n\t\t\taria-haspopup=\"dialog\"\n\t\t\taria-label=\"Enlarge\"\n\t\t\tdata-wp-init=\"callbacks.initTriggerButton\"\n\t\t\tdata-wp-on-async--click=\"actions.showLightbox\"\n\t\t\tdata-wp-style--right=\"state.imageButtonRight\"\n\t\t\tdata-wp-style--top=\"state.imageButtonTop\"\n\t\t>\n\t\t\t<svg xmlns=\"http:\/\/www.w3.org\/2000\/svg\" width=\"12\" height=\"12\" fill=\"none\" viewBox=\"0 0 12 12\">\n\t\t\t\t<path fill=\"#fff\" d=\"M2 0a2 2 0 0 0-2 2v2h1.5V2a.5.5 0 0 1 .5-.5h2V0H2Zm2 10.5H2a.5.5 0 0 1-.5-.5V8H0v2a2 2 0 0 0 2 2h2v-1.5ZM8 12v-1.5h2a.5.5 0 0 0 .5-.5V8H12v2a2 2 0 0 1-2 2H8Zm2-12a2 2 0 0 1 2 2v2h-1.5V2a.5.5 0 0 0-.5-.5H8V0h2Z\" \/>\n\t\t\t<\/svg>\n\t\t<\/button><\/figure>\n<\/div>\n<\/div>\n<\/div>\n<\/div>\n\n\n\n<div class=\"wp-block-cover alignfull is-light rellaxed animated fadeIn slow is-style-gt-bg-left has-border-color has-base-2-border-color\" style=\"border-width:2rem;margin-top:var(--wp--preset--spacing--50);padding-top:0;padding-bottom:0;padding-left:0;min-height:120vh;aspect-ratio:unset;\"><img decoding=\"async\" class=\"wp-block-cover__image-background wp-image-10047\" alt=\"peche port de la cotiniere\" src=\"https:\/\/madeincamp.fr\/wp-content\/uploads\/2024\/07\/peche-port-de-la-cotiniere.webp\" data-object-fit=\"cover\" \/><span aria-hidden=\"true\" class=\"wp-block-cover__background has-background-dim-0 has-background-dim\" style=\"background-color:#b7aa96\"><\/span><div class=\"wp-block-cover__inner-container has-global-padding is-layout-constrained wp-container-core-cover-is-layout-dbbe9912 wp-block-cover-is-layout-constrained\">\n<div class=\"wp-block-group alignwide is-layout-flow wp-block-group-is-layout-flow\" style=\"padding-top:0;padding-bottom:0;padding-left:20vw\">\n<div class=\"wp-block-columns are-vertically-aligned-center has-base-2-background-color has-background is-layout-flex wp-container-core-columns-is-layout-271a479c wp-block-columns-is-layout-flex\" style=\"padding-top:var(--wp--preset--spacing--20);padding-right:var(--wp--preset--spacing--20);padding-bottom:var(--wp--preset--spacing--20);padding-left:var(--wp--preset--spacing--20)\">\n<div class=\"wp-block-column is-vertically-aligned-center is-layout-flow wp-container-core-column-is-layout-22223934 wp-block-column-is-layout-flow\">\n<figure data-wp-context=\"{&quot;imageId&quot;:&quot;69f368eac9984&quot;}\" data-wp-interactive=\"core\/image\" class=\"wp-block-image size-full animated fadeIn slow wp-lightbox-container\"><img decoding=\"async\" data-wp-class--hide=\"state.isContentHidden\" data-wp-class--show=\"state.isContentVisible\" data-wp-init=\"callbacks.setButtonStyles\" data-wp-on-async--click=\"actions.showLightbox\" data-wp-on-async--load=\"callbacks.setButtonStyles\" data-wp-on-async-window--resize=\"callbacks.setButtonStyles\" src=\"https:\/\/madeincamp.fr\/wp-content\/uploads\/2024\/07\/produits-frais-de-la-mer.webp\" alt=\"fresh seafood\" class=\"wp-image-10045\" style=\"aspect-ratio:9\/16;object-fit:cover\" \/><button\n\t\t\tclass=\"lightbox-trigger\"\n\t\t\ttype=\"button\"\n\t\t\taria-haspopup=\"dialog\"\n\t\t\taria-label=\"Enlarge\"\n\t\t\tdata-wp-init=\"callbacks.initTriggerButton\"\n\t\t\tdata-wp-on-async--click=\"actions.showLightbox\"\n\t\t\tdata-wp-style--right=\"state.imageButtonRight\"\n\t\t\tdata-wp-style--top=\"state.imageButtonTop\"\n\t\t>\n\t\t\t<svg xmlns=\"http:\/\/www.w3.org\/2000\/svg\" width=\"12\" height=\"12\" fill=\"none\" viewBox=\"0 0 12 12\">\n\t\t\t\t<path fill=\"#fff\" d=\"M2 0a2 2 0 0 0-2 2v2h1.5V2a.5.5 0 0 1 .5-.5h2V0H2Zm2 10.5H2a.5.5 0 0 1-.5-.5V8H0v2a2 2 0 0 0 2 2h2v-1.5ZM8 12v-1.5h2a.5.5 0 0 0 .5-.5V8H12v2a2 2 0 0 1-2 2H8Zm2-12a2 2 0 0 1 2 2v2h-1.5V2a.5.5 0 0 0-.5-.5H8V0h2Z\" \/>\n\t\t\t<\/svg>\n\t\t<\/button><\/figure>\n<\/div>\n\n\n\n<div class=\"wp-block-column is-vertically-aligned-center is-layout-flow wp-block-column-is-layout-flow\">\n<h2 class=\"wp-block-heading has-contrast-color has-text-color has-link-color wp-elements-8eaab715e7109a55036d59e5a70a911c\">A paradise for <strong>gourmets<\/strong> and <strong>gourmands<\/strong><\/h2>\n\n\n\n<p>At the port of La Cotini\u00e8re, you&#8217;ll find <strong>fresh seafood<\/strong> of the highest quality. Fish and shellfish are <strong>on sale at the fish auction<\/strong> and at the <strong>Victorine market<\/strong>, open every afternoon from 3:30 pm. <\/p>\n\n\n\n<p>You&#8217;ll also find plenty of <strong>local produce<\/strong> on the stalls of the market held on the port every morning in season, and from Monday to Saturday the rest of the year.bustling all year round, the port of La Cotini\u00e8re is home to over <strong>25 shops in the off-season<\/strong>. From April to October, a further 50 or so shops open their doors. In summer, they&#8217;re open every day, even on Sundays. Among them are <strong>numerous restaurants<\/strong> featuring <strong>local produce and seafood<\/strong>.   <\/p>\n<\/div>\n<\/div>\n<\/div>\n<\/div><\/div>\n\n\n\n<div class=\"wp-block-cover alignfull has-custom-content-position is-position-bottom-left animated fadeIn slow\" style=\"margin-top:var(--wp--preset--spacing--50);padding-top:var(--wp--preset--spacing--40);padding-right:var(--wp--preset--spacing--40);padding-bottom:var(--wp--preset--spacing--40);padding-left:var(--wp--preset--spacing--40);min-height:968px;aspect-ratio:unset;\"><img decoding=\"async\" class=\"wp-block-cover__image-background wp-image-10039\" alt=\"port cotiniere village de fete et peche\" src=\"https:\/\/madeincamp.fr\/wp-content\/uploads\/2024\/07\/port-cotiniere-village-de-fete-et-peche.webp\" data-object-fit=\"cover\" \/><span aria-hidden=\"true\" class=\"wp-block-cover__background has-background-dim-60 has-background-dim wp-block-cover__gradient-background has-background-gradient\" style=\"background-color:#5e6668;background:linear-gradient(135deg,rgb(0,0,0) 0%,rgba(0,0,0,0.59) 100%)\"><\/span><div class=\"wp-block-cover__inner-container has-global-padding is-layout-constrained wp-container-core-cover-is-layout-1657d9e4 wp-block-cover-is-layout-constrained\">\n<div class=\"wp-block-group has-base-2-color has-text-color has-link-color wp-elements-6aae5c536836a646f280ede7ea9158c2 is-layout-flow wp-container-core-group-is-layout-e356762d wp-block-group-is-layout-flow\" style=\"margin-top:0;margin-bottom:0\">\n<h2 class=\"wp-block-heading\">A festive village<\/h2>\n\n\n\n<p>A veritable village, the port of La Cotini\u00e8re is an ideal place to stroll, store, discover local produce and soak up the culture of the Olivetan people. After the beach, enjoy an ice cream on the terrace or stroll along the seafront. In the evenings, during July and August, the port is particularly lively: the atmosphere is festive with the <strong>funfair<\/strong>, many shops open until 11 p.m., and the bars and restaurants are lively and often musical.  <\/p>\n\n\n\n<p>Every evening, a <strong>night market<\/strong> is also held on the port: from 6 p.m., it brings together the stalls of local producers and craftsmen, jewelry, toys and fun gadgets. Street shows and concerts enliven the quayside, to the delight of holidaymakers of all ages. <\/p>\n<\/div>\n<\/div><\/div>\n\n\n\n<div class=\"wp-block-group alignwide is-layout-flow wp-block-group-is-layout-flow\" style=\"padding-top:var(--wp--preset--spacing--50);padding-bottom:var(--wp--preset--spacing--50)\">\n<div class=\"wp-block-columns is-layout-flex wp-container-core-columns-is-layout-28f84493 wp-block-columns-is-layout-flex\">\n<div class=\"wp-block-column is-layout-flow wp-container-core-column-is-layout-8a368f38 wp-block-column-is-layout-flow\">\n<div class=\"wp-block-group home-map-ctv is-layout-flow wp-block-group-is-layout-flow\">\n<figure class=\"wp-block-image aligncenter size-full animated fadeInUp slow delay-500ms\"><img decoding=\"async\" width=\"903\" height=\"229\" sizes=\"(max-width: 620px) 100vw, 620px\" src=\"https:\/\/madeincamp.fr\/wp-content\/uploads\/2024\/02\/fleur.png\" alt=\"flower\" class=\"wp-image-121\" style=\"object-fit:cover\" srcset=\"https:\/\/madeincamp.fr\/wp-content\/uploads\/2024\/02\/fleur.png 903w, https:\/\/madeincamp.fr\/wp-content\/uploads\/2024\/02\/fleur-300x76.png 300w, https:\/\/madeincamp.fr\/wp-content\/uploads\/2024\/02\/fleur-768x195.png 768w\" \/><\/figure>\n<\/div>\n\n\n\n<div class=\"wp-block-group animated fadeIn slow has-global-padding is-layout-constrained wp-block-group-is-layout-constrained\">\n<figure data-wp-context=\"{&quot;imageId&quot;:&quot;69f368eaca041&quot;}\" data-wp-interactive=\"core\/image\" class=\"wp-block-image size-full wp-lightbox-container\"><img decoding=\"async\" data-wp-class--hide=\"state.isContentHidden\" data-wp-class--show=\"state.isContentVisible\" data-wp-init=\"callbacks.setButtonStyles\" data-wp-on-async--click=\"actions.showLightbox\" data-wp-on-async--load=\"callbacks.setButtonStyles\" data-wp-on-async-window--resize=\"callbacks.setButtonStyles\" src=\"https:\/\/madeincamp.fr\/wp-content\/uploads\/2024\/07\/Phare-de-La-Cotiniere.webp\" alt=\"La Cotiniere lighthouse\" class=\"wp-image-10053\" style=\"aspect-ratio:4\/3;object-fit:cover\" \/><button\n\t\t\tclass=\"lightbox-trigger\"\n\t\t\ttype=\"button\"\n\t\t\taria-haspopup=\"dialog\"\n\t\t\taria-label=\"Enlarge\"\n\t\t\tdata-wp-init=\"callbacks.initTriggerButton\"\n\t\t\tdata-wp-on-async--click=\"actions.showLightbox\"\n\t\t\tdata-wp-style--right=\"state.imageButtonRight\"\n\t\t\tdata-wp-style--top=\"state.imageButtonTop\"\n\t\t>\n\t\t\t<svg xmlns=\"http:\/\/www.w3.org\/2000\/svg\" width=\"12\" height=\"12\" fill=\"none\" viewBox=\"0 0 12 12\">\n\t\t\t\t<path fill=\"#fff\" d=\"M2 0a2 2 0 0 0-2 2v2h1.5V2a.5.5 0 0 1 .5-.5h2V0H2Zm2 10.5H2a.5.5 0 0 1-.5-.5V8H0v2a2 2 0 0 0 2 2h2v-1.5ZM8 12v-1.5h2a.5.5 0 0 0 .5-.5V8H12v2a2 2 0 0 1-2 2H8Zm2-12a2 2 0 0 1 2 2v2h-1.5V2a.5.5 0 0 0-.5-.5H8V0h2Z\" \/>\n\t\t\t<\/svg>\n\t\t<\/button><\/figure>\n<\/div>\n<\/div>\n\n\n\n<div class=\"wp-block-column is-vertically-aligned-center is-layout-flow wp-block-column-is-layout-flow\">\n<h2 class=\"wp-block-heading\"><strong>A remarkable heritage<\/strong> to discover<\/h2>\n\n\n\n<p>The port of La Cotini\u00e8re also attracts visitors for its <strong>authentic setting<\/strong> and <strong>preserved heritage<\/strong>. The <strong>Notre-Dame-des-Flots chapel<\/strong>, built in 1966, features sublime stained-glass windows and an impressive exposed framework. You can reach the port of La Cotini\u00e8re in around twenty minutes from our <a href=\"https:\/\/madeincamp.fr\/en\/camping-charente-maritime\/camping-ile-oleron\/\">campsite on the Ile d&#8217;Ol\u00e9ron<\/a>!  <\/p>\n<\/div>\n<\/div>\n<\/div>\n\n\n\n<div class=\"wp-block-group alignwide is-layout-flow wp-block-group-is-layout-flow\">\n<h2 class=\"wp-block-heading has-text-align-center\">Visit our region<\/h2>\n\n\n\r\n<div \r\n     \r\n    class=\"gt-maillage-block\" \r\n    style=\"\"\r\n    data-row=\"3\"\r\n>\r\n\r\n                                                    <a class=\"gt-cta \" href=\"https:\/\/madeincamp.fr\/en\/made-in-travel\/top-7-must-sees-in-brem-sur-mer-14\/\" title=\"Top 7 must-sees in Brem-sur-mer\">\r\n                            <div class=\"wp-block-template-part\">\n<div style=\"aspect-ratio:16\/9;min-height:unset;\" class=\"wp-block-cover is-light has-custom-content-position is-position-bottom-right has-aspect-ratio\"><span aria-hidden=\"true\" class=\"wp-block-cover__background has-black-background-color has-background-dim\"><\/span><img decoding=\"async\" width=\"2000\" height=\"1121\" src=\"https:\/\/madeincamp.fr\/wp-content\/uploads\/2024\/07\/plage-sable-fin-ile-d-oleron.webp\" class=\"wp-block-cover__image-background not-transparent wp-post-image\" alt=\"plage sable\" data-object-fit=\"cover\" srcset=\"https:\/\/madeincamp.fr\/wp-content\/uploads\/2024\/07\/plage-sable-fin-ile-d-oleron.webp 2000w, https:\/\/madeincamp.fr\/wp-content\/uploads\/2024\/07\/plage-sable-fin-ile-d-oleron-800x448.webp 800w, https:\/\/madeincamp.fr\/wp-content\/uploads\/2024\/07\/plage-sable-fin-ile-d-oleron-1900x1065.webp 1900w, https:\/\/madeincamp.fr\/wp-content\/uploads\/2024\/07\/plage-sable-fin-ile-d-oleron-768x430.webp 768w, https:\/\/madeincamp.fr\/wp-content\/uploads\/2024\/07\/plage-sable-fin-ile-d-oleron-1536x861.webp 1536w\" sizes=\"(max-width: 2000px) 100vw, 2000px\" data-has-transparency=\"false\" data-dominant-color=\"816968\" style=\"--dominant-color: #816968;\" \/><div class=\"wp-block-cover__inner-container has-global-padding is-layout-constrained wp-block-cover-is-layout-constrained\"><h3 class=\"has-text-align-right has-link-color wp-elements-403aff7bcceea32cd2226392e7ec2da7 wp-block-post-title has-text-color has-base-2-color has-large-font-size\">Top 7 must-sees in Brem-sur-mer<\/h3><\/div><\/div>\n<\/div>                        <\/a>\r\n                    \r\n                                    <a class=\"gt-cta \" href=\"https:\/\/madeincamp.fr\/en\/made-in-travel\/top-7-must-sees-in-brem-sur-mer-13\/\" title=\"Top 7 must-sees in Brem-sur-mer\">\r\n                            <div class=\"wp-block-template-part\">\n<div style=\"aspect-ratio:16\/9;min-height:unset;\" class=\"wp-block-cover is-light has-custom-content-position is-position-bottom-right has-aspect-ratio\"><span aria-hidden=\"true\" class=\"wp-block-cover__background has-black-background-color has-background-dim\"><\/span><img decoding=\"async\" width=\"1903\" height=\"500\" src=\"https:\/\/madeincamp.fr\/wp-content\/uploads\/2025\/01\/camping-la-bree-les-bains.jpg\" class=\"wp-block-cover__image-background not-transparent wp-post-image\" alt=\"\" data-object-fit=\"cover\" srcset=\"https:\/\/madeincamp.fr\/wp-content\/uploads\/2025\/01\/camping-la-bree-les-bains.jpg 1903w, https:\/\/madeincamp.fr\/wp-content\/uploads\/2025\/01\/camping-la-bree-les-bains-800x210.jpg 800w, https:\/\/madeincamp.fr\/wp-content\/uploads\/2025\/01\/camping-la-bree-les-bains-1900x499.jpg 1900w, https:\/\/madeincamp.fr\/wp-content\/uploads\/2025\/01\/camping-la-bree-les-bains-768x202.jpg 768w, https:\/\/madeincamp.fr\/wp-content\/uploads\/2025\/01\/camping-la-bree-les-bains-1536x404.jpg 1536w\" sizes=\"(max-width: 1903px) 100vw, 1903px\" data-has-transparency=\"false\" data-dominant-color=\"aa9b6d\" style=\"--dominant-color: #aa9b6d;\" \/><div class=\"wp-block-cover__inner-container has-global-padding is-layout-constrained wp-block-cover-is-layout-constrained\"><h3 class=\"has-text-align-right has-link-color wp-elements-403aff7bcceea32cd2226392e7ec2da7 wp-block-post-title has-text-color has-base-2-color has-large-font-size\">Top 7 must-sees in Brem-sur-mer<\/h3><\/div><\/div>\n<\/div>                        <\/a>\r\n                    \r\n                                    <a class=\"gt-cta \" href=\"https:\/\/madeincamp.fr\/en\/made-in-travel\/top-7-must-sees-in-brem-sur-mer-12\/\" title=\"Top 7 must-sees in Brem-sur-mer\">\r\n                            <div class=\"wp-block-template-part\">\n<div style=\"aspect-ratio:16\/9;min-height:unset;\" class=\"wp-block-cover is-light has-custom-content-position is-position-bottom-right has-aspect-ratio\"><span aria-hidden=\"true\" class=\"wp-block-cover__background has-black-background-color has-background-dim\"><\/span><img decoding=\"async\" width=\"2000\" height=\"1121\" src=\"https:\/\/madeincamp.fr\/wp-content\/uploads\/2024\/07\/plage-sable-fin-ile-d-oleron.webp\" class=\"wp-block-cover__image-background not-transparent wp-post-image\" alt=\"plage sable\" data-object-fit=\"cover\" srcset=\"https:\/\/madeincamp.fr\/wp-content\/uploads\/2024\/07\/plage-sable-fin-ile-d-oleron.webp 2000w, https:\/\/madeincamp.fr\/wp-content\/uploads\/2024\/07\/plage-sable-fin-ile-d-oleron-800x448.webp 800w, https:\/\/madeincamp.fr\/wp-content\/uploads\/2024\/07\/plage-sable-fin-ile-d-oleron-1900x1065.webp 1900w, https:\/\/madeincamp.fr\/wp-content\/uploads\/2024\/07\/plage-sable-fin-ile-d-oleron-768x430.webp 768w, https:\/\/madeincamp.fr\/wp-content\/uploads\/2024\/07\/plage-sable-fin-ile-d-oleron-1536x861.webp 1536w\" sizes=\"(max-width: 2000px) 100vw, 2000px\" data-has-transparency=\"false\" data-dominant-color=\"816968\" style=\"--dominant-color: #816968;\" \/><div class=\"wp-block-cover__inner-container has-global-padding is-layout-constrained wp-block-cover-is-layout-constrained\"><h3 class=\"has-text-align-right has-link-color wp-elements-403aff7bcceea32cd2226392e7ec2da7 wp-block-post-title has-text-color has-base-2-color has-large-font-size\">Top 7 must-sees in Brem-sur-mer<\/h3><\/div><\/div>\n<\/div>                        <\/a>\r\n                    \r\n                                    <a class=\"gt-cta \" href=\"https:\/\/madeincamp.fr\/en\/made-in-travel\/top-7-must-sees-in-brem-sur-mer-11\/\" title=\"Top 7 must-sees in Brem-sur-mer\">\r\n                            <div class=\"wp-block-template-part\">\n<div style=\"aspect-ratio:16\/9;min-height:unset;\" class=\"wp-block-cover is-light has-custom-content-position is-position-bottom-right has-aspect-ratio\"><span aria-hidden=\"true\" class=\"wp-block-cover__background has-black-background-color has-background-dim\"><\/span><img decoding=\"async\" width=\"2000\" height=\"1121\" src=\"https:\/\/madeincamp.fr\/wp-content\/uploads\/2024\/07\/plage-sable-fin-ile-d-oleron.webp\" class=\"wp-block-cover__image-background not-transparent wp-post-image\" alt=\"plage sable\" data-object-fit=\"cover\" srcset=\"https:\/\/madeincamp.fr\/wp-content\/uploads\/2024\/07\/plage-sable-fin-ile-d-oleron.webp 2000w, https:\/\/madeincamp.fr\/wp-content\/uploads\/2024\/07\/plage-sable-fin-ile-d-oleron-800x448.webp 800w, https:\/\/madeincamp.fr\/wp-content\/uploads\/2024\/07\/plage-sable-fin-ile-d-oleron-1900x1065.webp 1900w, https:\/\/madeincamp.fr\/wp-content\/uploads\/2024\/07\/plage-sable-fin-ile-d-oleron-768x430.webp 768w, https:\/\/madeincamp.fr\/wp-content\/uploads\/2024\/07\/plage-sable-fin-ile-d-oleron-1536x861.webp 1536w\" sizes=\"(max-width: 2000px) 100vw, 2000px\" data-has-transparency=\"false\" data-dominant-color=\"816968\" style=\"--dominant-color: #816968;\" \/><div class=\"wp-block-cover__inner-container has-global-padding is-layout-constrained wp-block-cover-is-layout-constrained\"><h3 class=\"has-text-align-right has-link-color wp-elements-403aff7bcceea32cd2226392e7ec2da7 wp-block-post-title has-text-color has-base-2-color has-large-font-size\">Top 7 must-sees in Brem-sur-mer<\/h3><\/div><\/div>\n<\/div>                        <\/a>\r\n                    \r\n                                    <a class=\"gt-cta \" href=\"https:\/\/madeincamp.fr\/en\/made-in-travel\/top-7-must-sees-in-brem-sur-mer-10\/\" title=\"Top 7 must-sees in Brem-sur-mer\">\r\n                            <div class=\"wp-block-template-part\">\n<div style=\"aspect-ratio:16\/9;min-height:unset;\" class=\"wp-block-cover is-light has-custom-content-position is-position-bottom-right has-aspect-ratio\"><span aria-hidden=\"true\" class=\"wp-block-cover__background has-black-background-color has-background-dim\"><\/span><img decoding=\"async\" width=\"1920\" height=\"1200\" src=\"https:\/\/madeincamp.fr\/wp-content\/uploads\/2026\/02\/Saint-denis-oleron.webp\" class=\"wp-block-cover__image-background not-transparent wp-post-image\" alt=\"\" data-object-fit=\"cover\" srcset=\"https:\/\/madeincamp.fr\/wp-content\/uploads\/2026\/02\/Saint-denis-oleron.webp 1920w, https:\/\/madeincamp.fr\/wp-content\/uploads\/2026\/02\/Saint-denis-oleron-800x500.webp 800w, https:\/\/madeincamp.fr\/wp-content\/uploads\/2026\/02\/Saint-denis-oleron-1900x1188.webp 1900w, https:\/\/madeincamp.fr\/wp-content\/uploads\/2026\/02\/Saint-denis-oleron-768x480.webp 768w, https:\/\/madeincamp.fr\/wp-content\/uploads\/2026\/02\/Saint-denis-oleron-1536x960.webp 1536w\" sizes=\"(max-width: 1920px) 100vw, 1920px\" data-has-transparency=\"false\" data-dominant-color=\"ada38f\" style=\"--dominant-color: #ada38f;\" \/><div class=\"wp-block-cover__inner-container has-global-padding is-layout-constrained wp-block-cover-is-layout-constrained\"><h3 class=\"has-text-align-right has-link-color wp-elements-403aff7bcceea32cd2226392e7ec2da7 wp-block-post-title has-text-color has-base-2-color has-large-font-size\">Top 7 must-sees in Brem-sur-mer<\/h3><\/div><\/div>\n<\/div>                        <\/a>\r\n                    \r\n                                    <a class=\"gt-cta \" href=\"https:\/\/madeincamp.fr\/en\/made-in-travel\/top-7-must-sees-in-brem-sur-mer-9\/\" title=\"Top 7 must-sees in Brem-sur-mer\">\r\n                            <div class=\"wp-block-template-part\">\n<div style=\"aspect-ratio:16\/9;min-height:unset;\" class=\"wp-block-cover is-light has-custom-content-position is-position-bottom-right has-aspect-ratio\"><span aria-hidden=\"true\" class=\"wp-block-cover__background has-black-background-color has-background-dim\"><\/span><img decoding=\"async\" width=\"2000\" height=\"1121\" src=\"https:\/\/madeincamp.fr\/wp-content\/uploads\/2024\/07\/plage-sable-fin-ile-d-oleron.webp\" class=\"wp-block-cover__image-background not-transparent wp-post-image\" alt=\"plage sable\" data-object-fit=\"cover\" srcset=\"https:\/\/madeincamp.fr\/wp-content\/uploads\/2024\/07\/plage-sable-fin-ile-d-oleron.webp 2000w, https:\/\/madeincamp.fr\/wp-content\/uploads\/2024\/07\/plage-sable-fin-ile-d-oleron-800x448.webp 800w, https:\/\/madeincamp.fr\/wp-content\/uploads\/2024\/07\/plage-sable-fin-ile-d-oleron-1900x1065.webp 1900w, https:\/\/madeincamp.fr\/wp-content\/uploads\/2024\/07\/plage-sable-fin-ile-d-oleron-768x430.webp 768w, https:\/\/madeincamp.fr\/wp-content\/uploads\/2024\/07\/plage-sable-fin-ile-d-oleron-1536x861.webp 1536w\" sizes=\"(max-width: 2000px) 100vw, 2000px\" data-has-transparency=\"false\" data-dominant-color=\"816968\" style=\"--dominant-color: #816968;\" \/><div class=\"wp-block-cover__inner-container has-global-padding is-layout-constrained wp-block-cover-is-layout-constrained\"><h3 class=\"has-text-align-right has-link-color wp-elements-403aff7bcceea32cd2226392e7ec2da7 wp-block-post-title has-text-color has-base-2-color has-large-font-size\">Top 7 must-sees in Brem-sur-mer<\/h3><\/div><\/div>\n<\/div>                        <\/a>\r\n                    \r\n                                    <a class=\"gt-cta \" href=\"https:\/\/madeincamp.fr\/en\/made-in-travel\/top-7-must-sees-in-brem-sur-mer-8\/\" title=\"Top 7 must-sees in Brem-sur-mer\">\r\n                            <div class=\"wp-block-template-part\">\n<div style=\"aspect-ratio:16\/9;min-height:unset;\" class=\"wp-block-cover is-light has-custom-content-position is-position-bottom-right has-aspect-ratio\"><span aria-hidden=\"true\" class=\"wp-block-cover__background has-black-background-color has-background-dim\"><\/span><img decoding=\"async\" width=\"2000\" height=\"1121\" src=\"https:\/\/madeincamp.fr\/wp-content\/uploads\/2024\/07\/plage-sable-fin-ile-d-oleron.webp\" class=\"wp-block-cover__image-background not-transparent wp-post-image\" alt=\"plage sable\" data-object-fit=\"cover\" srcset=\"https:\/\/madeincamp.fr\/wp-content\/uploads\/2024\/07\/plage-sable-fin-ile-d-oleron.webp 2000w, https:\/\/madeincamp.fr\/wp-content\/uploads\/2024\/07\/plage-sable-fin-ile-d-oleron-800x448.webp 800w, https:\/\/madeincamp.fr\/wp-content\/uploads\/2024\/07\/plage-sable-fin-ile-d-oleron-1900x1065.webp 1900w, https:\/\/madeincamp.fr\/wp-content\/uploads\/2024\/07\/plage-sable-fin-ile-d-oleron-768x430.webp 768w, https:\/\/madeincamp.fr\/wp-content\/uploads\/2024\/07\/plage-sable-fin-ile-d-oleron-1536x861.webp 1536w\" sizes=\"(max-width: 2000px) 100vw, 2000px\" data-has-transparency=\"false\" data-dominant-color=\"816968\" style=\"--dominant-color: #816968;\" \/><div class=\"wp-block-cover__inner-container has-global-padding is-layout-constrained wp-block-cover-is-layout-constrained\"><h3 class=\"has-text-align-right has-link-color wp-elements-403aff7bcceea32cd2226392e7ec2da7 wp-block-post-title has-text-color has-base-2-color has-large-font-size\">Top 7 must-sees in Brem-sur-mer<\/h3><\/div><\/div>\n<\/div>                        <\/a>\r\n                    \r\n                                    <a class=\"gt-cta \" href=\"https:\/\/madeincamp.fr\/en\/made-in-travel\/top-7-must-sees-in-brem-sur-mer-7\/\" title=\"Top 7 must-sees in Brem-sur-mer\">\r\n                            <div class=\"wp-block-template-part\">\n<div style=\"aspect-ratio:16\/9;min-height:unset;\" class=\"wp-block-cover is-light has-custom-content-position is-position-bottom-right has-aspect-ratio\"><span aria-hidden=\"true\" class=\"wp-block-cover__background has-black-background-color has-background-dim\"><\/span><img decoding=\"async\" width=\"2000\" height=\"1121\" src=\"https:\/\/madeincamp.fr\/wp-content\/uploads\/2024\/07\/plage-sable-fin-ile-d-oleron.webp\" class=\"wp-block-cover__image-background not-transparent wp-post-image\" alt=\"plage sable\" data-object-fit=\"cover\" srcset=\"https:\/\/madeincamp.fr\/wp-content\/uploads\/2024\/07\/plage-sable-fin-ile-d-oleron.webp 2000w, https:\/\/madeincamp.fr\/wp-content\/uploads\/2024\/07\/plage-sable-fin-ile-d-oleron-800x448.webp 800w, https:\/\/madeincamp.fr\/wp-content\/uploads\/2024\/07\/plage-sable-fin-ile-d-oleron-1900x1065.webp 1900w, https:\/\/madeincamp.fr\/wp-content\/uploads\/2024\/07\/plage-sable-fin-ile-d-oleron-768x430.webp 768w, https:\/\/madeincamp.fr\/wp-content\/uploads\/2024\/07\/plage-sable-fin-ile-d-oleron-1536x861.webp 1536w\" sizes=\"(max-width: 2000px) 100vw, 2000px\" data-has-transparency=\"false\" data-dominant-color=\"816968\" style=\"--dominant-color: #816968;\" \/><div class=\"wp-block-cover__inner-container has-global-padding is-layout-constrained wp-block-cover-is-layout-constrained\"><h3 class=\"has-text-align-right has-link-color wp-elements-403aff7bcceea32cd2226392e7ec2da7 wp-block-post-title has-text-color has-base-2-color has-large-font-size\">Top 7 must-sees in Brem-sur-mer<\/h3><\/div><\/div>\n<\/div>                        <\/a>\r\n                    \r\n                                    <a class=\"gt-cta \" href=\"https:\/\/madeincamp.fr\/en\/made-in-travel\/top-7-must-sees-in-brem-sur-mer-6\/\" title=\"Top 7 must-sees in Brem-sur-mer\">\r\n                            <div class=\"wp-block-template-part\">\n<div style=\"aspect-ratio:16\/9;min-height:unset;\" class=\"wp-block-cover is-light has-custom-content-position is-position-bottom-right has-aspect-ratio\"><span aria-hidden=\"true\" class=\"wp-block-cover__background has-black-background-color has-background-dim\"><\/span><img decoding=\"async\" width=\"1596\" height=\"1407\" src=\"https:\/\/madeincamp.fr\/wp-content\/uploads\/2025\/05\/Decouverte-La-Rochelle.webp\" class=\"wp-block-cover__image-background not-transparent wp-post-image\" alt=\"marais salants\" data-object-fit=\"cover\" srcset=\"https:\/\/madeincamp.fr\/wp-content\/uploads\/2025\/05\/Decouverte-La-Rochelle.webp 1596w, https:\/\/madeincamp.fr\/wp-content\/uploads\/2025\/05\/Decouverte-La-Rochelle-681x600.webp 681w, https:\/\/madeincamp.fr\/wp-content\/uploads\/2025\/05\/Decouverte-La-Rochelle-1361x1200.webp 1361w, https:\/\/madeincamp.fr\/wp-content\/uploads\/2025\/05\/Decouverte-La-Rochelle-768x677.webp 768w, https:\/\/madeincamp.fr\/wp-content\/uploads\/2025\/05\/Decouverte-La-Rochelle-1536x1354.webp 1536w\" sizes=\"(max-width: 1596px) 100vw, 1596px\" data-has-transparency=\"false\" data-dominant-color=\"8a937a\" style=\"--dominant-color: #8a937a;\" \/><div class=\"wp-block-cover__inner-container has-global-padding is-layout-constrained wp-block-cover-is-layout-constrained\"><h3 class=\"has-text-align-right has-link-color wp-elements-403aff7bcceea32cd2226392e7ec2da7 wp-block-post-title has-text-color has-base-2-color has-large-font-size\">Top 7 must-sees in Brem-sur-mer<\/h3><\/div><\/div>\n<\/div>                        <\/a>\r\n                    \r\n                                    <a class=\"gt-cta \" href=\"https:\/\/madeincamp.fr\/en\/made-in-travel\/top-7-must-sees-in-brem-sur-mer-5\/\" title=\"Top 7 must-sees in Brem-sur-mer\">\r\n                            <div class=\"wp-block-template-part\">\n<div style=\"aspect-ratio:16\/9;min-height:unset;\" class=\"wp-block-cover is-light has-custom-content-position is-position-bottom-right has-aspect-ratio\"><span aria-hidden=\"true\" class=\"wp-block-cover__background has-black-background-color has-background-dim\"><\/span><img decoding=\"async\" width=\"800\" height=\"738\" src=\"https:\/\/madeincamp.fr\/wp-content\/uploads\/2025\/11\/ile-aux-papillons.webp\" class=\"wp-block-cover__image-background not-transparent wp-post-image\" alt=\"\" data-object-fit=\"cover\" srcset=\"https:\/\/madeincamp.fr\/wp-content\/uploads\/2025\/11\/ile-aux-papillons.webp 800w, https:\/\/madeincamp.fr\/wp-content\/uploads\/2025\/11\/ile-aux-papillons-650x600.webp 650w, https:\/\/madeincamp.fr\/wp-content\/uploads\/2025\/11\/ile-aux-papillons-768x708.webp 768w\" sizes=\"(max-width: 800px) 100vw, 800px\" data-has-transparency=\"false\" data-dominant-color=\"757e5a\" style=\"--dominant-color: #757e5a;\" \/><div class=\"wp-block-cover__inner-container has-global-padding is-layout-constrained wp-block-cover-is-layout-constrained\"><h3 class=\"has-text-align-right has-link-color wp-elements-403aff7bcceea32cd2226392e7ec2da7 wp-block-post-title has-text-color has-base-2-color has-large-font-size\">Top 7 must-sees in Brem-sur-mer<\/h3><\/div><\/div>\n<\/div>                        <\/a>\r\n                    \r\n                                    <a class=\"gt-cta \" href=\"https:\/\/madeincamp.fr\/en\/made-in-travel\/top-7-must-sees-in-brem-sur-mer-4\/\" title=\"Top 7 must-sees in Brem-sur-mer\">\r\n                            <div class=\"wp-block-template-part\">\n<div style=\"aspect-ratio:16\/9;min-height:unset;\" class=\"wp-block-cover is-light has-custom-content-position is-position-bottom-right has-aspect-ratio\"><span aria-hidden=\"true\" class=\"wp-block-cover__background has-black-background-color has-background-dim\"><\/span><img decoding=\"async\" width=\"1456\" height=\"816\" src=\"https:\/\/madeincamp.fr\/wp-content\/uploads\/2024\/07\/Les-plages-de-l-ile-Oleron.webp\" class=\"wp-block-cover__image-background not-transparent wp-post-image\" alt=\"Les plages\" data-object-fit=\"cover\" srcset=\"https:\/\/madeincamp.fr\/wp-content\/uploads\/2024\/07\/Les-plages-de-l-ile-Oleron.webp 1456w, https:\/\/madeincamp.fr\/wp-content\/uploads\/2024\/07\/Les-plages-de-l-ile-Oleron-800x448.webp 800w, https:\/\/madeincamp.fr\/wp-content\/uploads\/2024\/07\/Les-plages-de-l-ile-Oleron-768x430.webp 768w\" sizes=\"(max-width: 1456px) 100vw, 1456px\" data-has-transparency=\"false\" data-dominant-color=\"abb7a7\" style=\"--dominant-color: #abb7a7;\" \/><div class=\"wp-block-cover__inner-container has-global-padding is-layout-constrained wp-block-cover-is-layout-constrained\"><h3 class=\"has-text-align-right has-link-color wp-elements-403aff7bcceea32cd2226392e7ec2da7 wp-block-post-title has-text-color has-base-2-color has-large-font-size\">Top 7 must-sees in Brem-sur-mer<\/h3><\/div><\/div>\n<\/div>                        <\/a>\r\n                    \r\n                                    <a class=\"gt-cta \" href=\"https:\/\/madeincamp.fr\/en\/made-in-travel\/top-7-must-sees-in-brem-sur-mer-3\/\" title=\"Top 7 must-sees in Brem-sur-mer\">\r\n                            <div class=\"wp-block-template-part\">\n<div style=\"aspect-ratio:16\/9;min-height:unset;\" class=\"wp-block-cover is-light has-custom-content-position is-position-bottom-right has-aspect-ratio\"><span aria-hidden=\"true\" class=\"wp-block-cover__background has-black-background-color has-background-dim\"><\/span><img decoding=\"async\" width=\"1500\" height=\"1001\" src=\"https:\/\/madeincamp.fr\/wp-content\/uploads\/2025\/08\/mer-et-port-st-gilles-croix-de-vie.jpg\" class=\"wp-block-cover__image-background not-transparent wp-post-image\" alt=\"\" data-object-fit=\"cover\" srcset=\"https:\/\/madeincamp.fr\/wp-content\/uploads\/2025\/08\/mer-et-port-st-gilles-croix-de-vie.jpg 1500w, https:\/\/madeincamp.fr\/wp-content\/uploads\/2025\/08\/mer-et-port-st-gilles-croix-de-vie-800x534.jpg 800w, https:\/\/madeincamp.fr\/wp-content\/uploads\/2025\/08\/mer-et-port-st-gilles-croix-de-vie-768x513.jpg 768w\" sizes=\"(max-width: 1500px) 100vw, 1500px\" data-has-transparency=\"false\" data-dominant-color=\"6e7175\" style=\"--dominant-color: #6e7175;\" \/><div class=\"wp-block-cover__inner-container has-global-padding is-layout-constrained wp-block-cover-is-layout-constrained\"><h3 class=\"has-text-align-right has-link-color wp-elements-403aff7bcceea32cd2226392e7ec2da7 wp-block-post-title has-text-color has-base-2-color has-large-font-size\">Top 7 must-sees in Brem-sur-mer<\/h3><\/div><\/div>\n<\/div>                        <\/a>\r\n                    \r\n                                    <a class=\"gt-cta \" href=\"https:\/\/madeincamp.fr\/en\/made-in-travel\/top-7-must-sees-in-brem-sur-mer-2\/\" title=\"Top 7 must-sees in Brem-sur-mer\">\r\n                            <div class=\"wp-block-template-part\">\n<div style=\"aspect-ratio:16\/9;min-height:unset;\" class=\"wp-block-cover is-light has-custom-content-position is-position-bottom-right has-aspect-ratio\"><span aria-hidden=\"true\" class=\"wp-block-cover__background has-black-background-color has-background-dim\"><\/span><img decoding=\"async\" width=\"1000\" height=\"527\" src=\"https:\/\/madeincamp.fr\/wp-content\/uploads\/2024\/03\/camping-lecolombier_emplacements.jpg\" class=\"wp-block-cover__image-background wp-post-image\" alt=\"camping\" data-object-fit=\"cover\" srcset=\"https:\/\/madeincamp.fr\/wp-content\/uploads\/2024\/03\/camping-lecolombier_emplacements.jpg 1000w, https:\/\/madeincamp.fr\/wp-content\/uploads\/2024\/03\/camping-lecolombier_emplacements-300x158.jpg 300w, https:\/\/madeincamp.fr\/wp-content\/uploads\/2024\/03\/camping-lecolombier_emplacements-768x405.jpg 768w\" sizes=\"(max-width: 1000px) 100vw, 1000px\" \/><div class=\"wp-block-cover__inner-container has-global-padding is-layout-constrained wp-block-cover-is-layout-constrained\"><h3 class=\"has-text-align-right has-link-color wp-elements-403aff7bcceea32cd2226392e7ec2da7 wp-block-post-title has-text-color has-base-2-color has-large-font-size\">Top 7 must-sees in Brem-sur-mer<\/h3><\/div><\/div>\n<\/div>                        <\/a>\r\n                    \r\n                                    <a class=\"gt-cta \" href=\"https:\/\/madeincamp.fr\/en\/made-in-travel\/tourism-atlantic-coast-the-most-beautiful-sites-to-visit\/\" title=\"Tourism: Atlantic coast, the most beautiful sites to visit\">\r\n                            <div class=\"wp-block-template-part\">\n<div style=\"aspect-ratio:16\/9;min-height:unset;\" class=\"wp-block-cover is-light has-custom-content-position is-position-bottom-right has-aspect-ratio\"><span aria-hidden=\"true\" class=\"wp-block-cover__background has-black-background-color has-background-dim\"><\/span><img decoding=\"async\" src=\"https:\/\/madeincamp.fr\/wp-content\/uploads\/2024\/06\/family-cycles-oleron-1.webp\" class=\"wp-block-cover__image-background wp-post-image\" alt=\"\" data-object-fit=\"cover\" \/><div class=\"wp-block-cover__inner-container has-global-padding is-layout-constrained wp-block-cover-is-layout-constrained\"><h3 class=\"has-text-align-right has-link-color wp-elements-403aff7bcceea32cd2226392e7ec2da7 wp-block-post-title has-text-color has-base-2-color has-large-font-size\">Tourism: Atlantic coast, the most beautiful sites to visit<\/h3><\/div><\/div>\n<\/div>                        <\/a>\r\n                    \r\n                                    <a class=\"gt-cta \" href=\"https:\/\/madeincamp.fr\/en\/made-in-travel\/top-7-must-sees-in-brem-sur-mer\/\" title=\"Top 7 must-sees in Brem-sur-mer\">\r\n                            <div class=\"wp-block-template-part\">\n<div style=\"aspect-ratio:16\/9;min-height:unset;\" class=\"wp-block-cover is-light has-custom-content-position is-position-bottom-right has-aspect-ratio\"><span aria-hidden=\"true\" class=\"wp-block-cover__background has-black-background-color has-background-dim\"><\/span><img decoding=\"async\" src=\"https:\/\/madeincamp.fr\/wp-content\/uploads\/2024\/06\/oleron-cicogne-en-migration-scaled-e1719499428790.webp\" class=\"wp-block-cover__image-background wp-post-image\" alt=\"\" data-object-fit=\"cover\" \/><div class=\"wp-block-cover__inner-container has-global-padding is-layout-constrained wp-block-cover-is-layout-constrained\"><h3 class=\"has-text-align-right has-link-color wp-elements-403aff7bcceea32cd2226392e7ec2da7 wp-block-post-title has-text-color has-base-2-color has-large-font-size\">Top 7 must-sees in Brem-sur-mer<\/h3><\/div><\/div>\n<\/div>                        <\/a>\r\n                    \r\n                                    <a class=\"gt-cta \" href=\"https:\/\/madeincamp.fr\/en\/made-in-travel\/pistes-cyclables-de-lile-doleron\/\" title=\"Cycle paths on the Ile d&#8217;Ol\u00e9ron\">\r\n                            <div class=\"wp-block-template-part\">\n<div style=\"aspect-ratio:16\/9;min-height:unset;\" class=\"wp-block-cover is-light has-custom-content-position is-position-bottom-right has-aspect-ratio\"><span aria-hidden=\"true\" class=\"wp-block-cover__background has-black-background-color has-background-dim\"><\/span><img decoding=\"async\" width=\"1920\" height=\"1076\" src=\"https:\/\/madeincamp.fr\/wp-content\/uploads\/2024\/06\/family-cycles-oleron-1.webp\" class=\"wp-block-cover__image-background not-transparent wp-post-image\" alt=\"family cycles ole\u0301ron\" data-object-fit=\"cover\" srcset=\"https:\/\/madeincamp.fr\/wp-content\/uploads\/2024\/06\/family-cycles-oleron-1.webp 1920w, https:\/\/madeincamp.fr\/wp-content\/uploads\/2024\/06\/family-cycles-oleron-1-800x448.webp 800w, https:\/\/madeincamp.fr\/wp-content\/uploads\/2024\/06\/family-cycles-oleron-1-1900x1065.webp 1900w, https:\/\/madeincamp.fr\/wp-content\/uploads\/2024\/06\/family-cycles-oleron-1-768x430.webp 768w, https:\/\/madeincamp.fr\/wp-content\/uploads\/2024\/06\/family-cycles-oleron-1-1536x861.webp 1536w\" sizes=\"(max-width: 1920px) 100vw, 1920px\" data-has-transparency=\"false\" data-dominant-color=\"8e9884\" style=\"--dominant-color: #8e9884;\" \/><div class=\"wp-block-cover__inner-container has-global-padding is-layout-constrained wp-block-cover-is-layout-constrained\"><h3 class=\"has-text-align-right has-link-color wp-elements-403aff7bcceea32cd2226392e7ec2da7 wp-block-post-title has-text-color has-base-2-color has-large-font-size\">Cycle paths on the Ile d&#8217;Ol\u00e9ron<\/h3><\/div><\/div>\n<\/div>                        <\/a>\r\n                    \r\n                                    <a class=\"gt-cta \" href=\"https:\/\/madeincamp.fr\/en\/made-in-travel\/visite-chateau-doleron\/\" title=\"Visit Ch\u00e2teau-d&#8217;Ol\u00e9ron\">\r\n                            <div class=\"wp-block-template-part\">\n<div style=\"aspect-ratio:16\/9;min-height:unset;\" class=\"wp-block-cover is-light has-custom-content-position is-position-bottom-right has-aspect-ratio\"><span aria-hidden=\"true\" class=\"wp-block-cover__background has-black-background-color has-background-dim\"><\/span><img decoding=\"async\" width=\"2048\" height=\"1366\" src=\"https:\/\/madeincamp.fr\/wp-content\/uploads\/2024\/06\/Citadelle_du_Chateau-dOleron_-_Chateau_dOleron-1-scaled-1.webp\" class=\"wp-block-cover__image-background not-transparent wp-post-image\" alt=\"Citadelle du Cha\u0302teau d&#039;Ole\u0301ron Cha\u0302teau d&#039;Ole\u0301ron (1)\" data-object-fit=\"cover\" srcset=\"https:\/\/madeincamp.fr\/wp-content\/uploads\/2024\/06\/Citadelle_du_Chateau-dOleron_-_Chateau_dOleron-1-scaled-1.webp 2048w, https:\/\/madeincamp.fr\/wp-content\/uploads\/2024\/06\/Citadelle_du_Chateau-dOleron_-_Chateau_dOleron-1-scaled-1-800x534.webp 800w, https:\/\/madeincamp.fr\/wp-content\/uploads\/2024\/06\/Citadelle_du_Chateau-dOleron_-_Chateau_dOleron-1-scaled-1-1799x1200.webp 1799w, https:\/\/madeincamp.fr\/wp-content\/uploads\/2024\/06\/Citadelle_du_Chateau-dOleron_-_Chateau_dOleron-1-scaled-1-768x512.webp 768w, https:\/\/madeincamp.fr\/wp-content\/uploads\/2024\/06\/Citadelle_du_Chateau-dOleron_-_Chateau_dOleron-1-scaled-1-1536x1025.webp 1536w\" sizes=\"(max-width: 2048px) 100vw, 2048px\" data-has-transparency=\"false\" data-dominant-color=\"87949f\" style=\"--dominant-color: #87949f;\" \/><div class=\"wp-block-cover__inner-container has-global-padding is-layout-constrained wp-block-cover-is-layout-constrained\"><h3 class=\"has-text-align-right has-link-color wp-elements-403aff7bcceea32cd2226392e7ec2da7 wp-block-post-title has-text-color has-base-2-color has-large-font-size\">Visit Ch\u00e2teau-d&#8217;Ol\u00e9ron<\/h3><\/div><\/div>\n<\/div>                        <\/a>\r\n                    \r\n                                    <a class=\"gt-cta \" href=\"https:\/\/madeincamp.fr\/en\/made-in-travel\/port-de-salines\/\" title=\"Port des Salines\">\r\n                            <div class=\"wp-block-template-part\">\n<div style=\"aspect-ratio:16\/9;min-height:unset;\" class=\"wp-block-cover is-light has-custom-content-position is-position-bottom-right has-aspect-ratio\"><span aria-hidden=\"true\" class=\"wp-block-cover__background has-black-background-color has-background-dim\"><\/span><img decoding=\"async\" width=\"1920\" height=\"1200\" src=\"https:\/\/madeincamp.fr\/wp-content\/uploads\/2024\/07\/port-de-salines-ile-d-oleron.webp\" class=\"wp-block-cover__image-background not-transparent wp-post-image\" alt=\"port de salines ile d oleron\" data-object-fit=\"cover\" srcset=\"https:\/\/madeincamp.fr\/wp-content\/uploads\/2024\/07\/port-de-salines-ile-d-oleron.webp 1920w, https:\/\/madeincamp.fr\/wp-content\/uploads\/2024\/07\/port-de-salines-ile-d-oleron-800x500.webp 800w, https:\/\/madeincamp.fr\/wp-content\/uploads\/2024\/07\/port-de-salines-ile-d-oleron-1900x1188.webp 1900w, https:\/\/madeincamp.fr\/wp-content\/uploads\/2024\/07\/port-de-salines-ile-d-oleron-768x480.webp 768w, https:\/\/madeincamp.fr\/wp-content\/uploads\/2024\/07\/port-de-salines-ile-d-oleron-1536x960.webp 1536w\" sizes=\"(max-width: 1920px) 100vw, 1920px\" data-has-transparency=\"false\" data-dominant-color=\"81a499\" style=\"--dominant-color: #81a499;\" \/><div class=\"wp-block-cover__inner-container has-global-padding is-layout-constrained wp-block-cover-is-layout-constrained\"><h3 class=\"has-text-align-right has-link-color wp-elements-403aff7bcceea32cd2226392e7ec2da7 wp-block-post-title has-text-color has-base-2-color has-large-font-size\">Port des Salines<\/h3><\/div><\/div>\n<\/div>                        <\/a>\r\n                    \r\n                                    <a class=\"gt-cta \" href=\"https:\/\/madeincamp.fr\/en\/made-in-travel\/phare-de-chassiron\/\" title=\"Chassiron lighthouse\">\r\n                            <div class=\"wp-block-template-part\">\n<div style=\"aspect-ratio:16\/9;min-height:unset;\" class=\"wp-block-cover is-light has-custom-content-position is-position-bottom-right has-aspect-ratio\"><span aria-hidden=\"true\" class=\"wp-block-cover__background has-black-background-color has-background-dim\"><\/span><img decoding=\"async\" width=\"1901\" height=\"450\" src=\"https:\/\/madeincamp.fr\/wp-content\/uploads\/2024\/06\/phare-chassiron-vue.webp\" class=\"wp-block-cover__image-background not-transparent wp-post-image\" alt=\"phare chassiron vue\" data-object-fit=\"cover\" srcset=\"https:\/\/madeincamp.fr\/wp-content\/uploads\/2024\/06\/phare-chassiron-vue.webp 1901w, https:\/\/madeincamp.fr\/wp-content\/uploads\/2024\/06\/phare-chassiron-vue-800x189.webp 800w, https:\/\/madeincamp.fr\/wp-content\/uploads\/2024\/06\/phare-chassiron-vue-768x182.webp 768w, https:\/\/madeincamp.fr\/wp-content\/uploads\/2024\/06\/phare-chassiron-vue-1536x364.webp 1536w\" sizes=\"(max-width: 1901px) 100vw, 1901px\" data-has-transparency=\"false\" data-dominant-color=\"a0bcd8\" style=\"--dominant-color: #a0bcd8;\" \/><div class=\"wp-block-cover__inner-container has-global-padding is-layout-constrained wp-block-cover-is-layout-constrained\"><h3 class=\"has-text-align-right has-link-color wp-elements-403aff7bcceea32cd2226392e7ec2da7 wp-block-post-title has-text-color has-base-2-color has-large-font-size\">Chassiron lighthouse<\/h3><\/div><\/div>\n<\/div>                        <\/a>\r\n                    \r\n                                    <a class=\"gt-cta \" href=\"https:\/\/madeincamp.fr\/en\/made-in-travel\/fort-boyard\/\" title=\"Fort Boyard\">\r\n                            <div class=\"wp-block-template-part\">\n<div style=\"aspect-ratio:16\/9;min-height:unset;\" class=\"wp-block-cover is-light has-custom-content-position is-position-bottom-right has-aspect-ratio\"><span aria-hidden=\"true\" class=\"wp-block-cover__background has-black-background-color has-background-dim\"><\/span><img decoding=\"async\" src=\"https:\/\/madeincamp.fr\/wp-content\/uploads\/2024\/06\/for-boyard.webp\" class=\"wp-block-cover__image-background wp-post-image\" alt=\"\" data-object-fit=\"cover\" \/><div class=\"wp-block-cover__inner-container has-global-padding is-layout-constrained wp-block-cover-is-layout-constrained\"><h3 class=\"has-text-align-right has-link-color wp-elements-403aff7bcceea32cd2226392e7ec2da7 wp-block-post-title has-text-color has-base-2-color has-large-font-size\">Fort Boyard<\/h3><\/div><\/div>\n<\/div>                        <\/a>\r\n                    \r\n                                    <a class=\"gt-cta \" href=\"https:\/\/madeincamp.fr\/en\/made-in-travel\/les-plages-de-lile-oleron\/\" title=\"The beaches of Ile Ol\u00e9ron\">\r\n                            <div class=\"wp-block-template-part\">\n<div style=\"aspect-ratio:16\/9;min-height:unset;\" class=\"wp-block-cover is-light has-custom-content-position is-position-bottom-right has-aspect-ratio\"><span aria-hidden=\"true\" class=\"wp-block-cover__background has-black-background-color has-background-dim\"><\/span><img decoding=\"async\" width=\"2000\" height=\"1121\" src=\"https:\/\/madeincamp.fr\/wp-content\/uploads\/2024\/07\/plage-sable-fin-ile-d-oleron.webp\" class=\"wp-block-cover__image-background not-transparent wp-post-image\" alt=\"Les Sables\" data-object-fit=\"cover\" srcset=\"https:\/\/madeincamp.fr\/wp-content\/uploads\/2024\/07\/plage-sable-fin-ile-d-oleron.webp 2000w, https:\/\/madeincamp.fr\/wp-content\/uploads\/2024\/07\/plage-sable-fin-ile-d-oleron-800x448.webp 800w, https:\/\/madeincamp.fr\/wp-content\/uploads\/2024\/07\/plage-sable-fin-ile-d-oleron-1900x1065.webp 1900w, https:\/\/madeincamp.fr\/wp-content\/uploads\/2024\/07\/plage-sable-fin-ile-d-oleron-768x430.webp 768w, https:\/\/madeincamp.fr\/wp-content\/uploads\/2024\/07\/plage-sable-fin-ile-d-oleron-1536x861.webp 1536w\" sizes=\"(max-width: 2000px) 100vw, 2000px\" data-has-transparency=\"false\" data-dominant-color=\"816968\" style=\"--dominant-color: #816968;\" \/><div class=\"wp-block-cover__inner-container has-global-padding is-layout-constrained wp-block-cover-is-layout-constrained\"><h3 class=\"has-text-align-right has-link-color wp-elements-403aff7bcceea32cd2226392e7ec2da7 wp-block-post-title has-text-color has-base-2-color has-large-font-size\">The beaches of Ile Ol\u00e9ron<\/h3><\/div><\/div>\n<\/div>                        <\/a>\r\n                    \r\n                                    <a class=\"gt-cta \" href=\"https:\/\/madeincamp.fr\/en\/made-in-travel\/ile-oleron-a-velo\/\" title=\"Bike rental on the Ile d&#8217;Ol\u00e9ron\">\r\n                            <div class=\"wp-block-template-part\">\n<div style=\"aspect-ratio:16\/9;min-height:unset;\" class=\"wp-block-cover is-light has-custom-content-position is-position-bottom-right has-aspect-ratio\"><span aria-hidden=\"true\" class=\"wp-block-cover__background has-black-background-color has-background-dim\"><\/span><img decoding=\"async\" width=\"1903\" height=\"938\" src=\"https:\/\/madeincamp.fr\/wp-content\/uploads\/2024\/07\/velo-ile-oleron.webp\" class=\"wp-block-cover__image-background not-transparent wp-post-image\" alt=\"velo ile oleron\" data-object-fit=\"cover\" srcset=\"https:\/\/madeincamp.fr\/wp-content\/uploads\/2024\/07\/velo-ile-oleron.webp 1903w, https:\/\/madeincamp.fr\/wp-content\/uploads\/2024\/07\/velo-ile-oleron-800x394.webp 800w, https:\/\/madeincamp.fr\/wp-content\/uploads\/2024\/07\/velo-ile-oleron-1900x937.webp 1900w, https:\/\/madeincamp.fr\/wp-content\/uploads\/2024\/07\/velo-ile-oleron-768x379.webp 768w, https:\/\/madeincamp.fr\/wp-content\/uploads\/2024\/07\/velo-ile-oleron-1536x757.webp 1536w\" sizes=\"(max-width: 1903px) 100vw, 1903px\" data-has-transparency=\"false\" data-dominant-color=\"875b3f\" style=\"--dominant-color: #875b3f;\" \/><div class=\"wp-block-cover__inner-container has-global-padding is-layout-constrained wp-block-cover-is-layout-constrained\"><h3 class=\"has-text-align-right has-link-color wp-elements-403aff7bcceea32cd2226392e7ec2da7 wp-block-post-title has-text-color has-base-2-color has-large-font-size\">Bike rental on the Ile d&#8217;Ol\u00e9ron<\/h3><\/div><\/div>\n<\/div>                        <\/a>\r\n                    \r\n                    \r\n<\/div><\/div>\n","protected":false},"excerpt":{"rendered":"<p>A charming fishing port that has retained its authenticity The first fishing port you&#8217;ll come across during your stay on the Ile d&#8217;Ol\u00e9ron is located to the west of Saint-Pierre-d&#8217;Ol\u00e9ron: La Cotini\u00e8re. In fact, this port is ranked among the top 10 fishing ports in France! Still artisanal, it specializes in noble fish and shellfish [&hellip;]<\/p>\n","protected":false},"author":2,"featured_media":21627,"parent":2322,"menu_order":0,"comment_status":"closed","ping_status":"closed","template":"","meta":{"_acf_changed":false,"footnotes":""},"class_list":["post-21566","page","type-page","status-publish","has-post-thumbnail","hentry"],"acf":[],"yoast_head":"<!-- This site is optimized with the Yoast SEO plugin v24.5 - https:\/\/yoast.com\/wordpress\/plugins\/seo\/ -->\n<title>Port de la Cotini\u00e8re: Visit Oleron&#039;s must-see fishing port<\/title>\n<meta name=\"description\" content=\"The Port de la Cotini\u00e8re, a must-see destination for seafood lovers, has many surprises in store for you. Come and explore this little corner of paradise on the Ile d&#039;Ol\u00e9ron and let yourself be seduced by its authenticity and picturesque charm.\" \/>\n<meta name=\"robots\" content=\"index, follow, max-snippet:-1, max-image-preview:large, max-video-preview:-1\" \/>\n<link rel=\"canonical\" href=\"https:\/\/madeincamp.fr\/en\/made-in-travel\/port-de-la-cotiniere\/\" \/>\n<meta property=\"og:locale\" content=\"en_US\" \/>\n<meta property=\"og:type\" content=\"article\" \/>\n<meta property=\"og:title\" content=\"Port de la Cotini\u00e8re: Visit Oleron&#039;s must-see fishing port\" \/>\n<meta property=\"og:description\" content=\"The Port de la Cotini\u00e8re, a must-see destination for seafood lovers, has many surprises in store for you. Come and explore this little corner of paradise on the Ile d&#039;Ol\u00e9ron and let yourself be seduced by its authenticity and picturesque charm.\" \/>\n<meta property=\"og:url\" content=\"https:\/\/madeincamp.fr\/en\/made-in-travel\/port-de-la-cotiniere\/\" \/>\n<meta property=\"og:site_name\" content=\"Made in camp\" \/>\n<meta property=\"article:modified_time\" content=\"2025-06-30T12:59:02+00:00\" \/>\n<meta property=\"og:image\" content=\"https:\/\/madeincamp.fr\/wp-content\/uploads\/2024\/07\/le-charmant-port-de-la-cotiniere.webp\" \/>\n\t<meta property=\"og:image:width\" content=\"1920\" \/>\n\t<meta property=\"og:image:height\" content=\"1200\" \/>\n\t<meta property=\"og:image:type\" content=\"image\/webp\" \/>\n<script type=\"application\/ld+json\" class=\"yoast-schema-graph\">{\"@context\":\"https:\/\/schema.org\",\"@graph\":[{\"@type\":\"WebPage\",\"@id\":\"https:\/\/madeincamp.fr\/en\/made-in-travel\/port-de-la-cotiniere\/\",\"url\":\"https:\/\/madeincamp.fr\/en\/made-in-travel\/port-de-la-cotiniere\/\",\"name\":\"Port de la Cotini\u00e8re: Visit Oleron's must-see fishing port\",\"isPartOf\":{\"@id\":\"https:\/\/madeincamp.fr\/en\/#website\"},\"primaryImageOfPage\":{\"@id\":\"https:\/\/madeincamp.fr\/en\/made-in-travel\/port-de-la-cotiniere\/#primaryimage\"},\"image\":{\"@id\":\"https:\/\/madeincamp.fr\/en\/made-in-travel\/port-de-la-cotiniere\/#primaryimage\"},\"thumbnailUrl\":\"https:\/\/madeincamp.fr\/wp-content\/uploads\/2024\/07\/le-charmant-port-de-la-cotiniere.webp\",\"datePublished\":\"2024-07-18T10:08:01+00:00\",\"dateModified\":\"2025-06-30T12:59:02+00:00\",\"description\":\"The Port de la Cotini\u00e8re, a must-see destination for seafood lovers, has many surprises in store for you. Come and explore this little corner of paradise on the Ile d'Ol\u00e9ron and let yourself be seduced by its authenticity and picturesque charm.\",\"breadcrumb\":{\"@id\":\"https:\/\/madeincamp.fr\/en\/made-in-travel\/port-de-la-cotiniere\/#breadcrumb\"},\"inLanguage\":\"en-US\",\"potentialAction\":[{\"@type\":\"ReadAction\",\"target\":[\"https:\/\/madeincamp.fr\/en\/made-in-travel\/port-de-la-cotiniere\/\"]}]},{\"@type\":\"ImageObject\",\"inLanguage\":\"en-US\",\"@id\":\"https:\/\/madeincamp.fr\/en\/made-in-travel\/port-de-la-cotiniere\/#primaryimage\",\"url\":\"https:\/\/madeincamp.fr\/wp-content\/uploads\/2024\/07\/le-charmant-port-de-la-cotiniere.webp\",\"contentUrl\":\"https:\/\/madeincamp.fr\/wp-content\/uploads\/2024\/07\/le-charmant-port-de-la-cotiniere.webp\",\"width\":1920,\"height\":1200,\"caption\":\"le charmant port de la cotiniere\"},{\"@type\":\"BreadcrumbList\",\"@id\":\"https:\/\/madeincamp.fr\/en\/made-in-travel\/port-de-la-cotiniere\/#breadcrumb\",\"itemListElement\":[{\"@type\":\"ListItem\",\"position\":1,\"name\":\"Campings Made in Camp\",\"item\":\"https:\/\/madeincamp.fr\/en\/\"},{\"@type\":\"ListItem\",\"position\":2,\"name\":\"Tourism\",\"item\":\"https:\/\/madeincamp.fr\/en\/made-in-travel\/\"},{\"@type\":\"ListItem\",\"position\":3,\"name\":\"Vacations near Port de la Cotini\u00e8re\"}]},{\"@type\":\"WebSite\",\"@id\":\"https:\/\/madeincamp.fr\/en\/#website\",\"url\":\"https:\/\/madeincamp.fr\/en\/\",\"name\":\"Made in Camp\",\"description\":\"Artisans de vos vacances\",\"publisher\":{\"@id\":\"https:\/\/madeincamp.fr\/en\/#organization\"},\"inLanguage\":\"en-US\"},{\"@type\":\"Organization\",\"@id\":\"https:\/\/madeincamp.fr\/en\/#organization\",\"name\":\"Made in Camp\",\"url\":\"https:\/\/madeincamp.fr\/en\/\",\"logo\":{\"@type\":\"ImageObject\",\"inLanguage\":\"en-US\",\"@id\":\"https:\/\/madeincamp.fr\/en\/#\/schema\/logo\/image\/\",\"url\":\"https:\/\/madeincamp.fr\/wp-content\/uploads\/2024\/01\/made-in-camp-logo.png\",\"contentUrl\":\"https:\/\/madeincamp.fr\/wp-content\/uploads\/2024\/01\/made-in-camp-logo.png\",\"width\":224,\"height\":91,\"caption\":\"Made in Camp\"},\"image\":{\"@id\":\"https:\/\/madeincamp.fr\/en\/#\/schema\/logo\/image\/\"}}]}<\/script>\n<!-- \/ Yoast SEO plugin. -->","yoast_head_json":{"title":"Port de la Cotini\u00e8re: Visit Oleron's must-see fishing port","description":"The Port de la Cotini\u00e8re, a must-see destination for seafood lovers, has many surprises in store for you. Come and explore this little corner of paradise on the Ile d'Ol\u00e9ron and let yourself be seduced by its authenticity and picturesque charm.","robots":{"index":"index","follow":"follow","max-snippet":"max-snippet:-1","max-image-preview":"max-image-preview:large","max-video-preview":"max-video-preview:-1"},"canonical":"https:\/\/madeincamp.fr\/en\/made-in-travel\/port-de-la-cotiniere\/","og_locale":"en_US","og_type":"article","og_title":"Port de la Cotini\u00e8re: Visit Oleron's must-see fishing port","og_description":"The Port de la Cotini\u00e8re, a must-see destination for seafood lovers, has many surprises in store for you. Come and explore this little corner of paradise on the Ile d'Ol\u00e9ron and let yourself be seduced by its authenticity and picturesque charm.","og_url":"https:\/\/madeincamp.fr\/en\/made-in-travel\/port-de-la-cotiniere\/","og_site_name":"Made in camp","article_modified_time":"2025-06-30T12:59:02+00:00","og_image":[{"width":1920,"height":1200,"url":"https:\/\/madeincamp.fr\/wp-content\/uploads\/2024\/07\/le-charmant-port-de-la-cotiniere.webp","type":"image\/webp"}],"schema":{"@context":"https:\/\/schema.org","@graph":[{"@type":"WebPage","@id":"https:\/\/madeincamp.fr\/en\/made-in-travel\/port-de-la-cotiniere\/","url":"https:\/\/madeincamp.fr\/en\/made-in-travel\/port-de-la-cotiniere\/","name":"Port de la Cotini\u00e8re: Visit Oleron's must-see fishing port","isPartOf":{"@id":"https:\/\/madeincamp.fr\/en\/#website"},"primaryImageOfPage":{"@id":"https:\/\/madeincamp.fr\/en\/made-in-travel\/port-de-la-cotiniere\/#primaryimage"},"image":{"@id":"https:\/\/madeincamp.fr\/en\/made-in-travel\/port-de-la-cotiniere\/#primaryimage"},"thumbnailUrl":"https:\/\/madeincamp.fr\/wp-content\/uploads\/2024\/07\/le-charmant-port-de-la-cotiniere.webp","datePublished":"2024-07-18T10:08:01+00:00","dateModified":"2025-06-30T12:59:02+00:00","description":"The Port de la Cotini\u00e8re, a must-see destination for seafood lovers, has many surprises in store for you. Come and explore this little corner of paradise on the Ile d'Ol\u00e9ron and let yourself be seduced by its authenticity and picturesque charm.","breadcrumb":{"@id":"https:\/\/madeincamp.fr\/en\/made-in-travel\/port-de-la-cotiniere\/#breadcrumb"},"inLanguage":"en-US","potentialAction":[{"@type":"ReadAction","target":["https:\/\/madeincamp.fr\/en\/made-in-travel\/port-de-la-cotiniere\/"]}]},{"@type":"ImageObject","inLanguage":"en-US","@id":"https:\/\/madeincamp.fr\/en\/made-in-travel\/port-de-la-cotiniere\/#primaryimage","url":"https:\/\/madeincamp.fr\/wp-content\/uploads\/2024\/07\/le-charmant-port-de-la-cotiniere.webp","contentUrl":"https:\/\/madeincamp.fr\/wp-content\/uploads\/2024\/07\/le-charmant-port-de-la-cotiniere.webp","width":1920,"height":1200,"caption":"le charmant port de la cotiniere"},{"@type":"BreadcrumbList","@id":"https:\/\/madeincamp.fr\/en\/made-in-travel\/port-de-la-cotiniere\/#breadcrumb","itemListElement":[{"@type":"ListItem","position":1,"name":"Campings Made in Camp","item":"https:\/\/madeincamp.fr\/en\/"},{"@type":"ListItem","position":2,"name":"Tourism","item":"https:\/\/madeincamp.fr\/en\/made-in-travel\/"},{"@type":"ListItem","position":3,"name":"Vacations near Port de la Cotini\u00e8re"}]},{"@type":"WebSite","@id":"https:\/\/madeincamp.fr\/en\/#website","url":"https:\/\/madeincamp.fr\/en\/","name":"Made in Camp","description":"Artisans de vos vacances","publisher":{"@id":"https:\/\/madeincamp.fr\/en\/#organization"},"inLanguage":"en-US"},{"@type":"Organization","@id":"https:\/\/madeincamp.fr\/en\/#organization","name":"Made in Camp","url":"https:\/\/madeincamp.fr\/en\/","logo":{"@type":"ImageObject","inLanguage":"en-US","@id":"https:\/\/madeincamp.fr\/en\/#\/schema\/logo\/image\/","url":"https:\/\/madeincamp.fr\/wp-content\/uploads\/2024\/01\/made-in-camp-logo.png","contentUrl":"https:\/\/madeincamp.fr\/wp-content\/uploads\/2024\/01\/made-in-camp-logo.png","width":224,"height":91,"caption":"Made in Camp"},"image":{"@id":"https:\/\/madeincamp.fr\/en\/#\/schema\/logo\/image\/"}}]}},"_links":{"self":[{"href":"https:\/\/madeincamp.fr\/en\/wp-json\/wp\/v2\/pages\/21566","targetHints":{"allow":["GET"]}}],"collection":[{"href":"https:\/\/madeincamp.fr\/en\/wp-json\/wp\/v2\/pages"}],"about":[{"href":"https:\/\/madeincamp.fr\/en\/wp-json\/wp\/v2\/types\/page"}],"author":[{"embeddable":true,"href":"https:\/\/madeincamp.fr\/en\/wp-json\/wp\/v2\/users\/2"}],"replies":[{"embeddable":true,"href":"https:\/\/madeincamp.fr\/en\/wp-json\/wp\/v2\/comments?post=21566"}],"version-history":[{"count":5,"href":"https:\/\/madeincamp.fr\/en\/wp-json\/wp\/v2\/pages\/21566\/revisions"}],"predecessor-version":[{"id":41105,"href":"https:\/\/madeincamp.fr\/en\/wp-json\/wp\/v2\/pages\/21566\/revisions\/41105"}],"up":[{"embeddable":true,"href":"https:\/\/madeincamp.fr\/en\/wp-json\/wp\/v2\/pages\/2322"}],"wp:featuredmedia":[{"embeddable":true,"href":"https:\/\/madeincamp.fr\/en\/wp-json\/wp\/v2\/media\/21627"}],"wp:attachment":[{"href":"https:\/\/madeincamp.fr\/en\/wp-json\/wp\/v2\/media?parent=21566"}],"curies":[{"name":"wp","href":"https:\/\/api.w.org\/{rel}","templated":true}]}}