{"id":21408,"date":"2025-01-28T13:53:57","date_gmt":"2025-01-28T12:53:57","guid":{"rendered":"https:\/\/madeincamp.fr\/camping-charente-maritime\/camping-ile-oleron\/camping-dolus-oleron\/"},"modified":"2026-02-25T14:54:05","modified_gmt":"2026-02-25T13:54:05","slug":"dolus-oleron","status":"publish","type":"page","link":"https:\/\/madeincamp.fr\/en\/camping-charente-maritime\/camping-ile-oleron\/dolus-oleron\/","title":{"rendered":"Campsite near Dolus d&#8217;Ol\u00e9ron"},"content":{"rendered":"\n<p style=\"padding-top:var(--wp--preset--spacing--30)\">Come on <strong>an adventure with Made in Camp<\/strong> and discover a <a href=\"\/\">camping holiday on the Atlantic Coast<\/a>, on the Ile d&#8217;Ol\u00e9ron near <strong>Dolus d&#8217;Ol\u00e9ron<\/strong>. Renowned for our <strong>family spirit<\/strong> and our <strong>commitment to nature<\/strong>, we offer unforgettable vacations combining <strong>comfort and tranquillity<\/strong> in Charente-Maritime, with quality facilities at every turn. <\/p>\n\n\n\n<div class=\"wp-block-group alignwide is-layout-flow wp-block-group-is-layout-flow\" style=\"padding-top:var(--wp--preset--spacing--50);padding-bottom:var(--wp--preset--spacing--50)\">\n<h2 class=\"wp-block-heading has-black-crow-font-family has-x-large-font-size\">Our star-rated campsite near Dolus d&#8217;Ol\u00e9ron<\/h2>\n\n\n\n<div class=\"wp-block-columns is-layout-flex wp-container-core-columns-is-layout-28f84493 wp-block-columns-is-layout-flex\">\n<div class=\"wp-block-column is-layout-flow wp-block-column-is-layout-flow\">\n<div style=\"height:1rem\" aria-hidden=\"true\" class=\"wp-block-spacer\"><\/div>\n\n\n\n<div class=\"wp-block-group animated fadeInDown slow is-nowrap is-layout-flex wp-container-core-group-is-layout-79642d95 wp-block-group-is-layout-flex\" style=\"border-bottom-color:#374d5963;border-bottom-width:1px;margin-top:0;margin-bottom:0;padding-top:var(--wp--preset--spacing--10);padding-right:var(--wp--preset--spacing--10);padding-bottom:var(--wp--preset--spacing--10);padding-left:var(--wp--preset--spacing--10)\">\n<div class=\"wp-block-group has-accent-background-color has-background wp-container-content-5082a153 has-global-padding is-layout-constrained wp-container-core-group-is-layout-bbf8d112 wp-block-group-is-layout-constrained\" style=\"border-radius:100%;min-height:1rem\"><\/div>\n\n\n\n<div class=\"wp-block-group is-vertical is-layout-flex wp-container-core-group-is-layout-4b827052 wp-block-group-is-layout-flex\">\n<p style=\"font-style:normal;font-weight:500\">SITUATION<\/p>\n\n\n\n<p class=\"has-medium-font-size\">In the heart of Charente Maritime<\/p>\n<\/div>\n<\/div>\n\n\n\n<div class=\"wp-block-group animated fadeInDown delay-100ms slow is-nowrap is-layout-flex wp-container-core-group-is-layout-79642d95 wp-block-group-is-layout-flex\" style=\"border-bottom-color:#374d5963;border-bottom-width:1px;margin-top:0;margin-bottom:0;padding-top:var(--wp--preset--spacing--10);padding-right:var(--wp--preset--spacing--10);padding-bottom:var(--wp--preset--spacing--10);padding-left:var(--wp--preset--spacing--10)\">\n<div class=\"wp-block-group has-accent-background-color has-background wp-container-content-5082a153 has-global-padding is-layout-constrained wp-container-core-group-is-layout-bbf8d112 wp-block-group-is-layout-constrained\" style=\"border-radius:100%;min-height:1rem\"><\/div>\n\n\n\n<div class=\"wp-block-group is-vertical is-layout-flex wp-container-core-group-is-layout-4b827052 wp-block-group-is-layout-flex\">\n<p style=\"font-style:normal;font-weight:500\">UNIQUE<\/p>\n\n\n\n<p class=\"has-medium-font-size\">Locations to suit you<\/p>\n<\/div>\n<\/div>\n\n\n\n<div class=\"wp-block-group animated fadeInDown delay-200ms slow is-nowrap is-layout-flex wp-container-core-group-is-layout-79642d95 wp-block-group-is-layout-flex\" style=\"margin-top:0;margin-bottom:0;padding-top:var(--wp--preset--spacing--10);padding-right:var(--wp--preset--spacing--10);padding-bottom:var(--wp--preset--spacing--10);padding-left:var(--wp--preset--spacing--10)\">\n<div class=\"wp-block-group has-accent-background-color has-background wp-container-content-5082a153 has-global-padding is-layout-constrained wp-container-core-group-is-layout-bbf8d112 wp-block-group-is-layout-constrained\" style=\"border-radius:100%;min-height:1rem\"><\/div>\n\n\n\n<div class=\"wp-block-group is-vertical is-layout-flex wp-container-core-group-is-layout-4b827052 wp-block-group-is-layout-flex\">\n<p style=\"font-style:normal;font-weight:500;text-transform:uppercase\">SIMPLICITY<\/p>\n\n\n\n<p class=\"has-medium-font-size\">A thoughtful vacation for you.<\/p>\n<\/div>\n<\/div>\n\n\n\n<div class=\"wp-block-group is-content-justification-center is-nowrap is-layout-flex wp-container-core-group-is-layout-23441af8 wp-block-group-is-layout-flex\">\n<figure class=\"wp-block-image size-full is-resized\"><a href=\"https:\/\/www.campingfiefmelin.com\/\"><img data-dominant-color=\"6d736c\" data-has-transparency=\"true\" decoding=\"async\" width=\"640\" height=\"296\" sizes=\"(max-width: 250px) 100vw, 250px\" src=\"https:\/\/madeincamp.fr\/wp-content\/uploads\/2024\/06\/LE-FIEF-MELIN_logo.webp\" alt=\"LE FIEF MELIN logo\" class=\"wp-image-4970 has-transparency\" style=\"--dominant-color: #6d736c; width:250px\" \/><\/a><\/figure>\n<\/div>\n<\/div>\n\n\n\n<div class=\"wp-block-column is-layout-flow wp-container-core-column-is-layout-8a368f38 wp-block-column-is-layout-flow\">\n<div class=\"wp-block-group home-map-ctv is-layout-flow wp-block-group-is-layout-flow\">\n<figure class=\"wp-block-image aligncenter size-full is-resized animated fadeInUp slow delay-500ms\"><img decoding=\"async\" width=\"903\" height=\"229\" sizes=\"(max-width: 497px) 100vw, 497px\" src=\"https:\/\/madeincamp.fr\/wp-content\/uploads\/2024\/02\/fleur.png\" alt=\"flower\" class=\"wp-image-121\" style=\"object-fit:cover;width:497px;height:auto\" srcset=\"https:\/\/madeincamp.fr\/wp-content\/uploads\/2024\/02\/fleur.png 903w, https:\/\/madeincamp.fr\/wp-content\/uploads\/2024\/02\/fleur-300x76.png 300w, https:\/\/madeincamp.fr\/wp-content\/uploads\/2024\/02\/fleur-768x195.png 768w\" \/><\/figure>\n<\/div>\n\n\n\n<div class=\"wp-block-group animated fadeIn slow has-global-padding is-layout-constrained wp-block-group-is-layout-constrained\">\n<figure class=\"wp-block-image size-full\"><img data-dominant-color=\"85866c\" data-has-transparency=\"false\" decoding=\"async\" width=\"1280\" height=\"739\" sizes=\"(max-width: 620px) 100vw, 620px\" src=\"https:\/\/madeincamp.fr\/wp-content\/uploads\/2024\/04\/Montaigu_1280_739.webp\" alt=\"chateau de montaigu in summer\" class=\"wp-image-1736 not-transparent\" style=\"--dominant-color: #85866c; aspect-ratio:1;object-fit:cover\" srcset=\"https:\/\/madeincamp.fr\/wp-content\/uploads\/2024\/04\/Montaigu_1280_739.webp 1280w, https:\/\/madeincamp.fr\/wp-content\/uploads\/2024\/04\/Montaigu_1280_739-300x173.webp 300w, https:\/\/madeincamp.fr\/wp-content\/uploads\/2024\/04\/Montaigu_1280_739-1024x591.webp 1024w, https:\/\/madeincamp.fr\/wp-content\/uploads\/2024\/04\/Montaigu_1280_739-768x443.webp 768w\" \/><\/figure>\n<\/div>\n<\/div>\n<\/div>\n<\/div>\n\n\n\n<div class=\"wp-block-group alignfull animated fadeIn slow has-border-color has-base-2-border-color has-base-2-color has-text-color has-background has-link-color wp-elements-254c8274ec2cd0c957a9b89734367bc7 has-global-padding is-layout-constrained wp-container-core-group-is-layout-130aeeef wp-block-group-is-layout-constrained\" style=\"border-width:2rem;background:linear-gradient(0deg,rgb(56,78,90) 87%,rgb(255,255,255) 87%);padding-top:0;padding-right:var(--wp--preset--spacing--50);padding-bottom:var(--wp--preset--spacing--40);padding-left:var(--wp--preset--spacing--50)\">\n<div class=\"wp-block-columns alignfull is-layout-flex wp-container-core-columns-is-layout-cbe57604 wp-block-columns-is-layout-flex\">\n<div class=\"wp-block-column is-vertically-aligned-top is-layout-flow wp-block-column-is-layout-flow\" style=\"padding-top:var(--wp--preset--spacing--60);padding-right:0;padding-bottom:0;padding-left:0\">\n<h3 class=\"wp-block-heading has-base-2-color has-text-color has-link-color has-x-large-font-size wp-elements-45b36ec93f910850ed18e7fb8a3f3b4b\" style=\"font-style:normal;font-weight:300\"><strong>Camping Le <\/strong>Fief Melin<\/h3>\n\n\n\n<p>The <a href=\"https:\/\/madeincamp.fr\/le-fief-melin\/\">Le Fief Melin<\/a> <strong>campsite near Dolus d&#8217;Ol\u00e9ron<\/strong>, located on <strong>the Ile d&#8217;Ol\u00e9ron<\/strong> in the heart of a <strong>natural and relaxing environment in Charente-Maritime<\/strong>, is much more than just a destination: it&#8217;s designed for <strong>nature lovers in<\/strong> search of serenity. Its location, just a stone&#8217;s throw from the beaches and bustle of Oleron, makes it the ideal choice for an unforgettable vacation. <\/p>\n\n\n\n<p>When you choose our <strong>campsite near Dolus d&#8217;Ol\u00e9ron<\/strong>, you&#8217;re choosing a <strong>4-star environment<\/strong> where everything is designed for your comfort and relaxation. Our teams are here to make your stay as pleasant as possible, offering a <strong>variety of activities<\/strong>, <strong>games and personalized services<\/strong> for the whole family. <\/p>\n\n\n\n<h2 class=\"wp-block-heading has-base-2-color has-text-color has-link-color wp-elements-39421d816650cf988be49e42c29d7c2c\">Campsite <strong>accommodation<\/strong> <\/h2>\n\n\n\n<p>At Le <strong>Fief Melin<\/strong>, our <a href=\"https:\/\/madeincamp.fr\/en\/camping-charente-maritime\/\">campsite in Charente-Maritime<\/a>, we offer a <strong>range of accommodation<\/strong> to suit your needs. You can rent <a href=\"https:\/\/madeincamp.fr\/en\/camping-charente-maritime\/mobil-homes\/\">mobile homes<\/a> in Charente Maritime or <strong>Lodge cabins<\/strong> offering all the comforts for an independent stay, with spacious bedrooms, fully-equipped kitchens and private terraces to enjoy summer evenings in the open air.   <\/p>\n\n\n\n<p>For those who prefer the <strong>charm of traditional camping<\/strong>, our shaded <a href=\"https:\/\/madeincamp.fr\/en\/camping-charente-maritime\/locations\/\">campsites<\/a> in Charente Maritime welcome you to a peaceful setting in the heart of nature, for an authentic experience with family or friends.<\/p>\n\n\n\n<p>Our <strong>accommodations<\/strong> are designed to guarantee you a pleasant stay, where <strong>privacy<\/strong> and <strong>serenity<\/strong> reign supreme. Staying at our <a href=\"https:\/\/madeincamp.fr\/en\/camping-charente-maritime\/camping-ile-oleron\/\">campsite on the Ile d&#8217;Ol\u00e9ron<\/a><strong> near Dolus d&#8217;Ol\u00e9ron<\/strong> allows you to combine comfort and freedom, all in an idyllic setting close to the Atlantic. <\/p>\n<\/div>\n\n\n\n<div class=\"wp-block-column is-vertically-aligned-top is-layout-flow wp-block-column-is-layout-flow\">\n<figure class=\"wp-block-image size-full\"><img decoding=\"async\" width=\"641\" height=\"833\" sizes=\"(max-width: 620px) 100vw, 620px\" src=\"https:\/\/madeincamp.fr\/wp-content\/uploads\/2024\/02\/location-camping.jpg\" alt=\"le Roc mobile homes in summer\" class=\"wp-image-257\" style=\"aspect-ratio:1;object-fit:cover\" srcset=\"https:\/\/madeincamp.fr\/wp-content\/uploads\/2024\/02\/location-camping.jpg 641w, https:\/\/madeincamp.fr\/wp-content\/uploads\/2024\/02\/location-camping-231x300.jpg 231w\" \/><\/figure>\n<\/div>\n<\/div>\n\n\n\n<div class=\"wp-block-buttons is-content-justification-center is-layout-flex wp-container-core-buttons-is-layout-a89b3969 wp-block-buttons-is-layout-flex\">\n<div class=\"wp-block-button is-style-gt-drop-right animated fadeIn slow delay-200ms\"><a class=\"wp-block-button__link has-base-color has-base-2-background-color has-text-color has-background has-link-color has-border-color has-chennai-font-family has-custom-font-size wp-element-button\" href=\"https:\/\/madeincamp.fr\/le-fief-melin\/\" style=\"border-color:#a98e67;border-width:2px;border-radius:2rem;padding-top:0.5rem;padding-right:var(--wp--preset--spacing--20);padding-bottom:0.5rem;padding-left:var(--wp--preset--spacing--20);font-size:clamp(0.984rem, 0.984rem + ((1vw - 0.2rem) * 0.86), 1.5rem);font-style:normal;font-weight:300;line-height:1\">Discover the campsite<\/a><\/div>\n<\/div>\n<\/div>\n\n\n\n<h3 class=\"wp-block-heading\">The water park at the campsite near Dolus d&#8217;Ol\u00e9ron<\/h3>\n\n\n\n<p>The water park at this <strong>campsite near Dolus d&#8217;Ol\u00e9ron<\/strong> is a major asset. Our star-rated campsite in Charente Maritime on <strong>the Ile d&#8217;Ol\u00e9ron<\/strong>, with its indoor heated pool and <strong>play areas<\/strong>, is perfect for days of relaxation and family fun. We make a point of offering a <strong>safe space<\/strong> where everyone can enjoy at their own pace: a relaxing swim for parents, <strong>water games and a paddling pool<\/strong> for children, and a <strong>solarium<\/strong> for those who prefer to <strong>lounge on deckchairs<\/strong>.  <\/p>\n\n\n\n<p>The <a href=\"https:\/\/madeincamp.fr\/en\/camping-charente-maritime\/pool\/\">water park<\/a> is designed to meet the expectations of holidaymakers, whether they&#8217;re <strong>sports or relaxation enthusiasts<\/strong>. Thanks to our <strong>Made in Water<\/strong> commitment, we ensure that every moment spent at the pool is a source of well-being. Take full advantage of this space for unforgettable moments at the <strong>campsite near Dolus d&#8217;Ol\u00e9ron<\/strong>.  <\/p>\n\n\n\n<div class=\"wp-block-cover alignfull is-light has-custom-content-position is-position-top-center animated fadeIn slow has-border-color has-base-2-border-color\" style=\"border-width:2rem;padding-top:0;padding-right:0;padding-bottom:0;padding-left:0;min-height:80vh;aspect-ratio:unset;\" id=\"made-in-travel\"><video class=\"wp-block-cover__video-background intrinsic-ignore\" autoplay muted loop playsinline playsinline src=\"https:\/\/madeincamp.fr\/wp-content\/uploads\/2024\/04\/plage-coquuillage-1.webm\" data-object-fit=\"cover\"><\/video><span aria-hidden=\"true\" class=\"wp-block-cover__background has-base-2-background-color has-background-dim-0 has-background-dim\"><\/span><div class=\"wp-block-cover__inner-container has-global-padding is-layout-constrained wp-container-core-cover-is-layout-da604d14 wp-block-cover-is-layout-constrained\">\n<div class=\"wp-block-group alignfull has-base-2-background-color has-background has-global-padding is-layout-constrained wp-block-group-is-layout-constrained\" style=\"min-height:3rem;padding-top:0;padding-bottom:0\"><\/div>\n\n\n\n<div class=\"wp-block-group has-global-padding is-layout-constrained wp-container-core-group-is-layout-081cea82 wp-block-group-is-layout-constrained\">\n<div class=\"wp-block-group alignfull gt-cover-top-title has-base-2-background-color has-background is-layout-flow wp-block-group-is-layout-flow\">\n<h2 class=\"wp-block-heading has-text-align-center has-base-color has-text-color has-link-color has-x-large-font-size wp-elements-e8ecc77b48f7e0abf705e90ea480c5a3\" style=\"padding-top:0;padding-right:var(--wp--preset--spacing--30);padding-bottom:var(--wp--preset--spacing--10);padding-left:var(--wp--preset--spacing--30)\">Dolus d&#8217;Ol\u00e9ron must-sees on the Ile d&#8217;Ol\u00e9ron<\/h2>\n<\/div>\n<\/div>\n<\/div><\/div>\n\n\n\n<div class=\"wp-block-group alignwide is-layout-flow wp-block-group-is-layout-flow\" style=\"padding-bottom:var(--wp--preset--spacing--40)\">\n<p><strong>Dolus d&#8217;Ol\u00e9ron<\/strong>, ideally situated in the heart of <strong>the Ile d&#8217;Ol\u00e9ron<\/strong>, is brimming with sites and activities that will appeal to lovers of nature, culture and relaxation. Here&#8217;s a list of its must-sees: <\/p>\n\n\n\n<ul class=\"wp-block-list\">\n<li><strong>Nature: explore the Marais aux Oiseaux<\/strong>, a protected natural site ideal for observing numerous local animal and plant species. This educational site also offers marked trails for nature walks. <\/li>\n\n\n\n<li><strong>Beaches: enjoy the beaches of Vert-Bois and La R\u00e9migeasse<\/strong>, two jewels of Dolus d&#8217;Ol\u00e9ron. <strong>Vert-Bois beach<\/strong> is famous for its fine sand, perfect waves for surfing and wilderness atmosphere, ideal for recharging your batteries. Just a few kilometers away, the <strong>beach at La R\u00e9migeasse<\/strong> offers a family-friendly setting, perfect for safe swimming or a romantic stroll at sunset.  <\/li>\n\n\n\n<li><strong>Gastronomy: discover the Dolus market<\/strong>, held every Saturday morning in the heart of the village. Here you can sample local specialities such as Marennes-Ol\u00e9ron oysters, pineau des Charentes and a wide variety of seafood and fresh produce. <\/li>\n\n\n\n<li><strong>Culture: visit Saint-Andr\u00e9 church<\/strong>, located in the heart of <strong>Dolus d&#8217;Ol\u00e9ron<\/strong>, a typical<strong>Ile d&#8217;Ol\u00e9ron<\/strong> building with its traditional architecture and historic charm.<\/li>\n\n\n\n<li><strong>Leisure: set off by bike on the many cycle paths<\/strong> in and around <strong>Dolus d&#8217;Ol\u00e9ron<\/strong>, winding between beaches, forests and typical villages. A pleasant, environmentally-friendly way to discover the commune. <\/li>\n<\/ul>\n\n\n\n<p>These sites and activities make <strong>Dolus d&#8217;Ol\u00e9ron<\/strong> an ideal destination for a holiday combining nature, relaxation and authentic discoveries on <strong>the Ile d&#8217;Ol\u00e9ron<\/strong>.<\/p>\n\n\n\n<div class=\"wp-block-buttons is-content-justification-center is-layout-flex wp-container-core-buttons-is-layout-a89b3969 wp-block-buttons-is-layout-flex\">\n<div class=\"wp-block-button is-style-gt-drop-right animated fadeIn slow delay-200ms\"><a class=\"wp-block-button__link has-base-color has-base-2-background-color has-text-color has-background has-link-color has-border-color has-chennai-font-family has-custom-font-size wp-element-button\" href=\"https:\/\/madeincamp.fr\/en\/made-in-travel\/\" style=\"border-color:#a98e67;border-width:2px;border-radius:2rem;padding-top:0.5rem;padding-right:var(--wp--preset--spacing--20);padding-bottom:0.5rem;padding-left:var(--wp--preset--spacing--20);font-size:clamp(0.984rem, 0.984rem + ((1vw - 0.2rem) * 0.86), 1.5rem);font-style:normal;font-weight:300;line-height:1\">Discover the Atlantic coast<\/a><\/div>\n<\/div>\n<\/div>\n\n\n\n<div class=\"wp-block-cover alignfull rellaxed animated fadeIn slow is-style-gt-bg-right has-border-color has-base-2-border-color\" style=\"border-width:2rem;padding-top:0;padding-bottom:0;padding-left:0;min-height:120vh;aspect-ratio:unset;\"><img data-dominant-color=\"4f413a\" data-has-transparency=\"false\" style=\"--dominant-color: #4f413a;\" decoding=\"async\" width=\"1344\" height=\"896\" sizes=\"100vw\" class=\"wp-block-cover__image-background wp-image-1743 not-transparent\" alt=\"homme endormi en fin de journ\u00e9e transat\" src=\"https:\/\/madeincamp.fr\/wp-content\/uploads\/2024\/04\/0_3-9.png\" data-object-fit=\"cover\" srcset=\"https:\/\/madeincamp.fr\/wp-content\/uploads\/2024\/04\/0_3-9.png 1344w, https:\/\/madeincamp.fr\/wp-content\/uploads\/2024\/04\/0_3-9-300x200.png 300w, https:\/\/madeincamp.fr\/wp-content\/uploads\/2024\/04\/0_3-9-1024x683.png 1024w, https:\/\/madeincamp.fr\/wp-content\/uploads\/2024\/04\/0_3-9-768x512.png 768w\" \/><span aria-hidden=\"true\" class=\"wp-block-cover__background has-background-dim-0 has-background-dim\" style=\"background-color:#635146\"><\/span><div class=\"wp-block-cover__inner-container is-layout-flow wp-block-cover-is-layout-flow\">\n<div class=\"wp-block-group alignwide is-layout-flow wp-block-group-is-layout-flow\" style=\"padding-top:0;padding-right:20vw;padding-bottom:0\">\n<div class=\"wp-block-columns are-vertically-aligned-center has-base-2-background-color has-background is-layout-flex wp-container-core-columns-is-layout-ec004ae0 wp-block-columns-is-layout-flex\" style=\"padding-top:var(--wp--preset--spacing--10);padding-right:var(--wp--preset--spacing--10);padding-bottom:var(--wp--preset--spacing--10);padding-left:var(--wp--preset--spacing--10)\">\n<div class=\"wp-block-column is-vertically-aligned-center is-layout-flow wp-block-column-is-layout-flow\">\n<h2 class=\"wp-block-heading has-base-color has-text-color has-link-color has-large-font-size wp-elements-4bc0fddcb07a4245c166df8545183cbd\" style=\"font-style:normal;font-weight:300\">Camping vacations near Dolus d&#8217;Ol\u00e9ron<\/h2>\n\n\n\n<p class=\"has-base-color has-text-color has-link-color wp-elements-beee5057a4efa37e612b1975212f2545\">When you choose our <strong>Michelin-starred campsite just a stone&#8217;s throw from Dolus d&#8217;Ol\u00e9ron<\/strong>, you&#8217;re opting <strong>for a vacation on the Ile d&#8217;Ol\u00e9ron that combines comfort and authenticity<\/strong>. Thanks to our <a href=\"https:\/\/madeincamp.fr\/en\/made-in-water\/\">Made in Water<\/a> concept, enjoy our water park for moments of relaxation and family fun. With <a href=\"https:\/\/madeincamp.fr\/en\/made-in-life\/\">Made in Services<\/a>, we provide you with <strong>equipment and services<\/strong> designed to simplify your life: <strong>on-site snack bar, free wifi, access to books and board games, entertainment<\/strong> for young and old. Everything is designed to make your stay as pleasant as possible, and to provide you with a quality vacation.   <\/p>\n\n\n\n<p class=\"has-base-color has-text-color has-link-color wp-elements-6e38eecdfc8ba31b07cfd6777c58ee39\"><a href=\"https:\/\/madeincamp.fr\/en\/made-in-life\/\">Made in Life<\/a> embodies <strong>the friendly atmosphere that reigns at Fief Melin<\/strong>. Over a meal in our snack bar, during a themed evening or a <strong>p\u00e9tanque tournament<\/strong>, every moment spent here is an opportunity to <strong>share unforgettable moments<\/strong> with other holidaymakers. Our <strong>campsite near Dolus d&#8217;Ol\u00e9ron<\/strong> is a place where you can feel at home, surrounded by an <strong>attentive and friendly team<\/strong>, just a stone&#8217;s throw from the magnificent beaches of the Atlantic.  <\/p>\n\n\n\n<div style=\"height:0.5rem\" aria-hidden=\"true\" class=\"wp-block-spacer\"><\/div>\n\n\n\n<div class=\"wp-block-buttons is-content-justification-left is-layout-flex wp-container-core-buttons-is-layout-fc4fd283 wp-block-buttons-is-layout-flex\">\n<div class=\"wp-block-button animated fadeIn slow delay-200ms is-style-outline is-style-outline--1\"><a class=\"wp-block-button__link has-base-color has-base-2-background-color has-text-color has-background has-link-color has-border-color has-chennai-font-family has-custom-font-size wp-element-button\" href=\"https:\/\/madeincamp.fr\/en\/made-in-life\/\" style=\"border-color:#a98e67;border-width:2px;border-radius:2rem;padding-top:0.5rem;padding-right:var(--wp--preset--spacing--20);padding-bottom:0.5rem;padding-left:var(--wp--preset--spacing--20);font-size:clamp(0.984rem, 0.984rem + ((1vw - 0.2rem) * 0.86), 1.5rem);font-style:normal;font-weight:300;line-height:1\">Our services<\/a><\/div>\n<\/div>\n<\/div>\n\n\n\n<div class=\"wp-block-column is-vertically-aligned-center is-layout-flow wp-container-core-column-is-layout-22223934 wp-block-column-is-layout-flow\">\n<figure class=\"wp-block-image size-full animated fadeIn slow\"><img data-dominant-color=\"846253\" data-has-transparency=\"false\" decoding=\"async\" width=\"1707\" height=\"2560\" sizes=\"(max-width: 620px) 100vw, 620px\" src=\"https:\/\/madeincamp.fr\/wp-content\/uploads\/2024\/04\/femme-chapeau-paille-portrait-scaled.webp\" alt=\"woman straw hat portrait\" class=\"wp-image-1742 not-transparent\" style=\"--dominant-color: #846253; aspect-ratio:3\/4;object-fit:cover\" srcset=\"https:\/\/madeincamp.fr\/wp-content\/uploads\/2024\/04\/femme-chapeau-paille-portrait-scaled.webp 1707w, https:\/\/madeincamp.fr\/wp-content\/uploads\/2024\/04\/femme-chapeau-paille-portrait-200x300.webp 200w, https:\/\/madeincamp.fr\/wp-content\/uploads\/2024\/04\/femme-chapeau-paille-portrait-683x1024.webp 683w, https:\/\/madeincamp.fr\/wp-content\/uploads\/2024\/04\/femme-chapeau-paille-portrait-768x1152.webp 768w, https:\/\/madeincamp.fr\/wp-content\/uploads\/2024\/04\/femme-chapeau-paille-portrait-1024x1536.webp 1024w, https:\/\/madeincamp.fr\/wp-content\/uploads\/2024\/04\/femme-chapeau-paille-portrait-1365x2048.webp 1365w\" \/><\/figure>\n<\/div>\n<\/div>\n<\/div>\n<\/div><\/div>\n\n\n\n<div class=\"wp-block-group alignwide is-layout-flow wp-block-group-is-layout-flow\" style=\"margin-bottom:var(--wp--preset--spacing--60);padding-top:var(--wp--preset--spacing--30)\">\n<h2 class=\"wp-block-heading animated fadeIn slow has-base-color has-text-color has-link-color wp-elements-dab13bde4cf88b1328961914d6a2e501\">Frequently asked questions<\/h2>\n\n\n\n<div style=\"height:1rem\" aria-hidden=\"true\" class=\"wp-block-spacer\"><\/div>\n\n\n\n<div class=\"wp-block-columns is-layout-flex wp-container-core-columns-is-layout-7fc3d43a wp-block-columns-is-layout-flex\">\n<div class=\"wp-block-column is-vertically-aligned-top animated fadeIn delay-200ms has-medium-font-size is-layout-flow wp-block-column-is-layout-flow\" style=\"flex-basis:66.66%\">\n<details class=\"wp-block-details animated fadeInDown is-layout-flow wp-block-details-is-layout-flow\"><summary>What facilities are available at Fief Melin?<\/summary>\n<p>We offer you a wide range of services and facilities at our campsite on the Ile d&#8217;Ol\u00e9ron: heated swimming pool, children&#8217;s playground, sports fields, restaurant&#8230; Everything you need to enjoy a peaceful stay at the campsite near Dolus d&#8217;Ol\u00e9ron, in a quality atmosphere.<\/p>\n<\/details>\n\n\n\n<details class=\"wp-block-details animated fadeInDown delay-200ms slow is-layout-flow wp-block-details-is-layout-flow\"><summary>Is the campsite suitable for families with children?<\/summary>\n<p>Yes, our star-rated campsite on the edge of Dolus d&#8217;Ol\u00e9ron is designed to welcome families. We offer activities for all ages, a safe aquatic area and a wide range of entertainment so that young and old alike can enjoy themselves in complete safety on the Ile d&#8217;Ol\u00e9ron. <\/p>\n<\/details>\n\n\n\n<details class=\"wp-block-details animated fadeIn slow delay-500ms is-layout-flow wp-block-details-is-layout-flow\" open><summary>What accommodation is available at the campsite?<\/summary>\n<p>Le Fief Melin campsite in Charente Maritime offers comfortable mobile homes, unusual cabins and pitches for those who prefer traditional camping, to meet the expectations of every holidaymaker on the Ile d&#8217;Ol\u00e9ron.<\/p>\n<\/details>\n\n\n\n<details class=\"wp-block-details animated fadeIn slow delay-500ms is-layout-flow wp-block-details-is-layout-flow\" open><summary>Is Le Fief Melin close to the beach?<\/summary>\n<p>Absolutely, our campsite at the gateway to Dolus d&#8217;Ol\u00e9ron is ideally located for access to the most beautiful beaches on the Ile d&#8217;Ol\u00e9ron, allowing you to enjoy unrestricted days by the sea for a memorable vacation with family or friends.<span id=\"docs-internal-guid-134216ee-7fff-5f0d-a164-2a9d33cf9391\"><\/span><\/p>\n<\/details>\n<\/div>\n\n\n\n<div class=\"wp-block-column is-layout-flow wp-block-column-is-layout-flow\">\n<figure class=\"wp-block-image size-full animated fadeIn slow\"><img data-dominant-color=\"80633f\" data-has-transparency=\"false\" decoding=\"async\" width=\"1024\" height=\"1024\" sizes=\"(max-width: 620px) 100vw, 620px\" src=\"https:\/\/madeincamp.fr\/wp-content\/uploads\/2024\/04\/femme-court-au-soleil-couchant.webp\" alt=\"woman running into the sunset\" class=\"wp-image-1745 not-transparent\" style=\"--dominant-color: #80633f; aspect-ratio:1;object-fit:cover\" srcset=\"https:\/\/madeincamp.fr\/wp-content\/uploads\/2024\/04\/femme-court-au-soleil-couchant.webp 1024w, https:\/\/madeincamp.fr\/wp-content\/uploads\/2024\/04\/femme-court-au-soleil-couchant-300x300.webp 300w, https:\/\/madeincamp.fr\/wp-content\/uploads\/2024\/04\/femme-court-au-soleil-couchant-150x150.webp 150w, https:\/\/madeincamp.fr\/wp-content\/uploads\/2024\/04\/femme-court-au-soleil-couchant-768x768.webp 768w\" \/><\/figure>\n<\/div>\n<\/div>\n<\/div>\n","protected":false},"excerpt":{"rendered":"<p>Come on an adventure with Made in Camp and discover a camping holiday on the Atlantic Coast, on the Ile d&#8217;Ol\u00e9ron near Dolus d&#8217;Ol\u00e9ron. Renowned for our family spirit and our commitment to nature, we offer unforgettable vacations combining comfort and tranquillity in Charente-Maritime, with quality facilities at every turn. Our star-rated campsite near Dolus [&hellip;]<\/p>\n","protected":false},"author":2,"featured_media":21420,"parent":21220,"menu_order":0,"comment_status":"closed","ping_status":"closed","template":"","meta":{"_acf_changed":false,"footnotes":""},"class_list":["post-21408","page","type-page","status-publish","has-post-thumbnail","hentry"],"acf":[],"yoast_head":"<!-- This site is optimized with the Yoast SEO plugin v24.5 - https:\/\/yoast.com\/wordpress\/plugins\/seo\/ -->\n<title>Camping Dolus d&#039;Ol\u00e9ron : Mobile home and swimming pool<\/title>\n<meta name=\"description\" content=\"Discover our campsites in Dolus d&#039;Ol\u00e9ron and enjoy an unforgettable vacation on the Ile d&#039;Ol\u00e9ron. Comfortable accommodation, family activities and unspoilt nature await you for an ideal stay.\" \/>\n<meta name=\"robots\" content=\"index, follow, max-snippet:-1, max-image-preview:large, max-video-preview:-1\" \/>\n<link rel=\"canonical\" href=\"https:\/\/madeincamp.fr\/en\/camping-charente-maritime\/camping-ile-oleron\/dolus-oleron\/\" \/>\n<meta property=\"og:locale\" content=\"en_US\" \/>\n<meta property=\"og:type\" content=\"article\" \/>\n<meta property=\"og:title\" content=\"Camping Dolus d&#039;Ol\u00e9ron : Mobile home and swimming pool\" \/>\n<meta property=\"og:description\" content=\"Discover our campsites in Dolus d&#039;Ol\u00e9ron and enjoy an unforgettable vacation on the Ile d&#039;Ol\u00e9ron. Comfortable accommodation, family activities and unspoilt nature await you for an ideal stay.\" \/>\n<meta property=\"og:url\" content=\"https:\/\/madeincamp.fr\/en\/camping-charente-maritime\/camping-ile-oleron\/dolus-oleron\/\" \/>\n<meta property=\"og:site_name\" content=\"Made in camp\" \/>\n<meta property=\"article:modified_time\" content=\"2026-02-25T13:54:05+00:00\" \/>\n<meta property=\"og:image\" content=\"https:\/\/madeincamp.fr\/wp-content\/uploads\/2025\/01\/campings-dolus-oleron.jpg\" \/>\n\t<meta property=\"og:image:width\" content=\"1903\" \/>\n\t<meta property=\"og:image:height\" content=\"500\" \/>\n\t<meta property=\"og:image:type\" content=\"image\/jpeg\" \/>\n<script type=\"application\/ld+json\" class=\"yoast-schema-graph\">{\"@context\":\"https:\/\/schema.org\",\"@graph\":[{\"@type\":\"WebPage\",\"@id\":\"https:\/\/madeincamp.fr\/en\/camping-charente-maritime\/camping-ile-oleron\/dolus-oleron\/\",\"url\":\"https:\/\/madeincamp.fr\/en\/camping-charente-maritime\/camping-ile-oleron\/dolus-oleron\/\",\"name\":\"Camping Dolus d'Ol\u00e9ron : Mobile home and swimming pool\",\"isPartOf\":{\"@id\":\"https:\/\/madeincamp.fr\/en\/#website\"},\"primaryImageOfPage\":{\"@id\":\"https:\/\/madeincamp.fr\/en\/camping-charente-maritime\/camping-ile-oleron\/dolus-oleron\/#primaryimage\"},\"image\":{\"@id\":\"https:\/\/madeincamp.fr\/en\/camping-charente-maritime\/camping-ile-oleron\/dolus-oleron\/#primaryimage\"},\"thumbnailUrl\":\"https:\/\/madeincamp.fr\/wp-content\/uploads\/2025\/01\/campings-dolus-oleron.jpg\",\"datePublished\":\"2025-01-28T12:53:57+00:00\",\"dateModified\":\"2026-02-25T13:54:05+00:00\",\"description\":\"Discover our campsites in Dolus d'Ol\u00e9ron and enjoy an unforgettable vacation on the Ile d'Ol\u00e9ron. Comfortable accommodation, family activities and unspoilt nature await you for an ideal stay.\",\"breadcrumb\":{\"@id\":\"https:\/\/madeincamp.fr\/en\/camping-charente-maritime\/camping-ile-oleron\/dolus-oleron\/#breadcrumb\"},\"inLanguage\":\"en-US\",\"potentialAction\":[{\"@type\":\"ReadAction\",\"target\":[\"https:\/\/madeincamp.fr\/en\/camping-charente-maritime\/camping-ile-oleron\/dolus-oleron\/\"]}]},{\"@type\":\"ImageObject\",\"inLanguage\":\"en-US\",\"@id\":\"https:\/\/madeincamp.fr\/en\/camping-charente-maritime\/camping-ile-oleron\/dolus-oleron\/#primaryimage\",\"url\":\"https:\/\/madeincamp.fr\/wp-content\/uploads\/2025\/01\/campings-dolus-oleron.jpg\",\"contentUrl\":\"https:\/\/madeincamp.fr\/wp-content\/uploads\/2025\/01\/campings-dolus-oleron.jpg\",\"width\":1903,\"height\":500},{\"@type\":\"BreadcrumbList\",\"@id\":\"https:\/\/madeincamp.fr\/en\/camping-charente-maritime\/camping-ile-oleron\/dolus-oleron\/#breadcrumb\",\"itemListElement\":[{\"@type\":\"ListItem\",\"position\":1,\"name\":\"Campings Made in Camp\",\"item\":\"https:\/\/madeincamp.fr\/en\/\"},{\"@type\":\"ListItem\",\"position\":2,\"name\":\"Campsite Charente Maritime\",\"item\":\"https:\/\/madeincamp.fr\/en\/camping-charente-maritime\/\"},{\"@type\":\"ListItem\",\"position\":3,\"name\":\"Camping Ile d'Ol\u00e9ron\",\"item\":\"https:\/\/madeincamp.fr\/en\/camping-charente-maritime\/camping-ile-oleron\/\"},{\"@type\":\"ListItem\",\"position\":4,\"name\":\"Camping Dolus d'Ol\u00e9ron\"}]},{\"@type\":\"WebSite\",\"@id\":\"https:\/\/madeincamp.fr\/en\/#website\",\"url\":\"https:\/\/madeincamp.fr\/en\/\",\"name\":\"Made in Camp\",\"description\":\"Artisans de vos vacances\",\"publisher\":{\"@id\":\"https:\/\/madeincamp.fr\/en\/#organization\"},\"inLanguage\":\"en-US\"},{\"@type\":\"Organization\",\"@id\":\"https:\/\/madeincamp.fr\/en\/#organization\",\"name\":\"Made in Camp\",\"url\":\"https:\/\/madeincamp.fr\/en\/\",\"logo\":{\"@type\":\"ImageObject\",\"inLanguage\":\"en-US\",\"@id\":\"https:\/\/madeincamp.fr\/en\/#\/schema\/logo\/image\/\",\"url\":\"https:\/\/madeincamp.fr\/wp-content\/uploads\/2024\/01\/made-in-camp-logo.png\",\"contentUrl\":\"https:\/\/madeincamp.fr\/wp-content\/uploads\/2024\/01\/made-in-camp-logo.png\",\"width\":224,\"height\":91,\"caption\":\"Made in Camp\"},\"image\":{\"@id\":\"https:\/\/madeincamp.fr\/en\/#\/schema\/logo\/image\/\"}}]}<\/script>\n<!-- \/ Yoast SEO plugin. -->","yoast_head_json":{"title":"Camping Dolus d'Ol\u00e9ron : Mobile home and swimming pool","description":"Discover our campsites in Dolus d'Ol\u00e9ron and enjoy an unforgettable vacation on the Ile d'Ol\u00e9ron. Comfortable accommodation, family activities and unspoilt nature await you for an ideal stay.","robots":{"index":"index","follow":"follow","max-snippet":"max-snippet:-1","max-image-preview":"max-image-preview:large","max-video-preview":"max-video-preview:-1"},"canonical":"https:\/\/madeincamp.fr\/en\/camping-charente-maritime\/camping-ile-oleron\/dolus-oleron\/","og_locale":"en_US","og_type":"article","og_title":"Camping Dolus d'Ol\u00e9ron : Mobile home and swimming pool","og_description":"Discover our campsites in Dolus d'Ol\u00e9ron and enjoy an unforgettable vacation on the Ile d'Ol\u00e9ron. Comfortable accommodation, family activities and unspoilt nature await you for an ideal stay.","og_url":"https:\/\/madeincamp.fr\/en\/camping-charente-maritime\/camping-ile-oleron\/dolus-oleron\/","og_site_name":"Made in camp","article_modified_time":"2026-02-25T13:54:05+00:00","og_image":[{"width":1903,"height":500,"url":"https:\/\/madeincamp.fr\/wp-content\/uploads\/2025\/01\/campings-dolus-oleron.jpg","type":"image\/jpeg"}],"schema":{"@context":"https:\/\/schema.org","@graph":[{"@type":"WebPage","@id":"https:\/\/madeincamp.fr\/en\/camping-charente-maritime\/camping-ile-oleron\/dolus-oleron\/","url":"https:\/\/madeincamp.fr\/en\/camping-charente-maritime\/camping-ile-oleron\/dolus-oleron\/","name":"Camping Dolus d'Ol\u00e9ron : Mobile home and swimming pool","isPartOf":{"@id":"https:\/\/madeincamp.fr\/en\/#website"},"primaryImageOfPage":{"@id":"https:\/\/madeincamp.fr\/en\/camping-charente-maritime\/camping-ile-oleron\/dolus-oleron\/#primaryimage"},"image":{"@id":"https:\/\/madeincamp.fr\/en\/camping-charente-maritime\/camping-ile-oleron\/dolus-oleron\/#primaryimage"},"thumbnailUrl":"https:\/\/madeincamp.fr\/wp-content\/uploads\/2025\/01\/campings-dolus-oleron.jpg","datePublished":"2025-01-28T12:53:57+00:00","dateModified":"2026-02-25T13:54:05+00:00","description":"Discover our campsites in Dolus d'Ol\u00e9ron and enjoy an unforgettable vacation on the Ile d'Ol\u00e9ron. Comfortable accommodation, family activities and unspoilt nature await you for an ideal stay.","breadcrumb":{"@id":"https:\/\/madeincamp.fr\/en\/camping-charente-maritime\/camping-ile-oleron\/dolus-oleron\/#breadcrumb"},"inLanguage":"en-US","potentialAction":[{"@type":"ReadAction","target":["https:\/\/madeincamp.fr\/en\/camping-charente-maritime\/camping-ile-oleron\/dolus-oleron\/"]}]},{"@type":"ImageObject","inLanguage":"en-US","@id":"https:\/\/madeincamp.fr\/en\/camping-charente-maritime\/camping-ile-oleron\/dolus-oleron\/#primaryimage","url":"https:\/\/madeincamp.fr\/wp-content\/uploads\/2025\/01\/campings-dolus-oleron.jpg","contentUrl":"https:\/\/madeincamp.fr\/wp-content\/uploads\/2025\/01\/campings-dolus-oleron.jpg","width":1903,"height":500},{"@type":"BreadcrumbList","@id":"https:\/\/madeincamp.fr\/en\/camping-charente-maritime\/camping-ile-oleron\/dolus-oleron\/#breadcrumb","itemListElement":[{"@type":"ListItem","position":1,"name":"Campings Made in Camp","item":"https:\/\/madeincamp.fr\/en\/"},{"@type":"ListItem","position":2,"name":"Campsite Charente Maritime","item":"https:\/\/madeincamp.fr\/en\/camping-charente-maritime\/"},{"@type":"ListItem","position":3,"name":"Camping Ile d'Ol\u00e9ron","item":"https:\/\/madeincamp.fr\/en\/camping-charente-maritime\/camping-ile-oleron\/"},{"@type":"ListItem","position":4,"name":"Camping Dolus d'Ol\u00e9ron"}]},{"@type":"WebSite","@id":"https:\/\/madeincamp.fr\/en\/#website","url":"https:\/\/madeincamp.fr\/en\/","name":"Made in Camp","description":"Artisans de vos vacances","publisher":{"@id":"https:\/\/madeincamp.fr\/en\/#organization"},"inLanguage":"en-US"},{"@type":"Organization","@id":"https:\/\/madeincamp.fr\/en\/#organization","name":"Made in Camp","url":"https:\/\/madeincamp.fr\/en\/","logo":{"@type":"ImageObject","inLanguage":"en-US","@id":"https:\/\/madeincamp.fr\/en\/#\/schema\/logo\/image\/","url":"https:\/\/madeincamp.fr\/wp-content\/uploads\/2024\/01\/made-in-camp-logo.png","contentUrl":"https:\/\/madeincamp.fr\/wp-content\/uploads\/2024\/01\/made-in-camp-logo.png","width":224,"height":91,"caption":"Made in Camp"},"image":{"@id":"https:\/\/madeincamp.fr\/en\/#\/schema\/logo\/image\/"}}]}},"_links":{"self":[{"href":"https:\/\/madeincamp.fr\/en\/wp-json\/wp\/v2\/pages\/21408","targetHints":{"allow":["GET"]}}],"collection":[{"href":"https:\/\/madeincamp.fr\/en\/wp-json\/wp\/v2\/pages"}],"about":[{"href":"https:\/\/madeincamp.fr\/en\/wp-json\/wp\/v2\/types\/page"}],"author":[{"embeddable":true,"href":"https:\/\/madeincamp.fr\/en\/wp-json\/wp\/v2\/users\/2"}],"replies":[{"embeddable":true,"href":"https:\/\/madeincamp.fr\/en\/wp-json\/wp\/v2\/comments?post=21408"}],"version-history":[{"count":11,"href":"https:\/\/madeincamp.fr\/en\/wp-json\/wp\/v2\/pages\/21408\/revisions"}],"predecessor-version":[{"id":41398,"href":"https:\/\/madeincamp.fr\/en\/wp-json\/wp\/v2\/pages\/21408\/revisions\/41398"}],"up":[{"embeddable":true,"href":"https:\/\/madeincamp.fr\/en\/wp-json\/wp\/v2\/pages\/21220"}],"wp:featuredmedia":[{"embeddable":true,"href":"https:\/\/madeincamp.fr\/en\/wp-json\/wp\/v2\/media\/21420"}],"wp:attachment":[{"href":"https:\/\/madeincamp.fr\/en\/wp-json\/wp\/v2\/media?parent=21408"}],"curies":[{"name":"wp","href":"https:\/\/api.w.org\/{rel}","templated":true}]}}