{"id":21187,"date":"2024-12-12T11:13:19","date_gmt":"2024-12-12T10:13:19","guid":{"rendered":"https:\/\/madeincamp.fr\/location-insolite\/"},"modified":"2025-01-24T09:57:11","modified_gmt":"2025-01-24T08:57:11","slug":"location-insolite","status":"publish","type":"page","link":"https:\/\/madeincamp.fr\/en\/camping-charente-maritime\/location-insolite\/","title":{"rendered":"Unusual rentals in Charente Maritime"},"content":{"rendered":"\n<div class=\"wp-block-group alignwide is-layout-flow wp-block-group-is-layout-flow\" id=\"mobil-homes\" style=\"padding-top:var(--wp--preset--spacing--50);padding-bottom:var(--wp--preset--spacing--50)\">\n<div class=\"wp-block-columns is-layout-flex wp-container-core-columns-is-layout-28f84493 wp-block-columns-is-layout-flex\">\n<div class=\"wp-block-column is-layout-flow wp-block-column-is-layout-flow\">\n<p>What if this year you opted for an original vacation? Discover the<strong> unusual accommodation <\/strong>on our campsite in the heart of the Ile d&#8217;Ol\u00e9ron, <a href=\"\/le-fief-melin\/\">Le Fief Melin in Ch\u00e2teau d&#8217;Ol\u00e9ron<\/a> (Charente-Maritime).<\/p>\n\n\n\n<p>Our <a href=\"https:\/\/madeincamp.fr\/en\/camping-charente-maritime\/\">4-star campsite in Charente Maritime<\/a> welcomes you in a variety of atypical accommodations, each more charming and cosy than the next.<\/p>\n\n\n\n<p>Get ready for a pleasant <a href=\"\/\">camping vacation on the Atlantic Coast<\/a> in an <strong>unusual Charente-Maritime rental<\/strong> that&#8217;s sure to delight the whole family!<\/p>\n\n\n\n<div style=\"height:1rem\" aria-hidden=\"true\" class=\"wp-block-spacer\"><\/div>\n\n\n\n<div class=\"wp-block-buttons is-content-justification-left is-layout-flex wp-container-core-buttons-is-layout-fc4fd283 wp-block-buttons-is-layout-flex\">\n<div class=\"wp-block-button has-custom-font-size is-style-gt-drop-right animated fadeIn slow delay-200ms has-chennai-font-family\" style=\"font-size:clamp(0.984rem, 0.984rem + ((1vw - 0.2rem) * 0.86), 1.5rem);font-style:normal;font-weight:300;line-height:1\"><a class=\"wp-block-button__link has-base-color has-base-2-background-color has-text-color has-background has-link-color has-border-color wp-element-button\" href=\"https:\/\/madeincamp.fr\/le-fief-melin\/locations-mobil-home-ile-oleron\/\" style=\"border-color:#a98e67;border-width:2px;border-radius:2rem;padding-top:0.5rem;padding-right:var(--wp--preset--spacing--20);padding-bottom:0.5rem;padding-left:var(--wp--preset--spacing--20)\">The Fief Melin mobile homes<\/a><\/div>\n<\/div>\n<\/div>\n\n\n\n<div class=\"wp-block-column is-layout-flow wp-container-core-column-is-layout-8a368f38 wp-block-column-is-layout-flow\">\n<div class=\"wp-block-group home-map-ctv is-layout-flow wp-block-group-is-layout-flow\">\n<figure class=\"wp-block-image aligncenter size-full animated fadeInUp slow delay-500ms\"><img decoding=\"async\" width=\"903\" height=\"229\" sizes=\"(max-width: 620px) 100vw, 620px\" src=\"https:\/\/madeincamp.fr\/wp-content\/uploads\/2024\/02\/fleur.png\" alt=\"flower\" class=\"wp-image-121\" style=\"object-fit:cover\" srcset=\"https:\/\/madeincamp.fr\/wp-content\/uploads\/2024\/02\/fleur.png 903w, https:\/\/madeincamp.fr\/wp-content\/uploads\/2024\/02\/fleur-300x76.png 300w, https:\/\/madeincamp.fr\/wp-content\/uploads\/2024\/02\/fleur-768x195.png 768w\" \/><\/figure>\n<\/div>\n\n\n\n<div class=\"wp-block-group animated fadeIn slow has-global-padding is-layout-constrained wp-block-group-is-layout-constrained\">\n<figure data-wp-context=\"{&quot;imageId&quot;:&quot;69f23349e6be7&quot;}\" data-wp-interactive=\"core\/image\" class=\"wp-block-image size-full wp-lightbox-container\"><img decoding=\"async\" width=\"1232\" height=\"1200\" data-wp-class--hide=\"state.isContentHidden\" data-wp-class--show=\"state.isContentVisible\" data-wp-init=\"callbacks.setButtonStyles\" data-wp-on-async--click=\"actions.showLightbox\" data-wp-on-async--load=\"callbacks.setButtonStyles\" data-wp-on-async-window--resize=\"callbacks.setButtonStyles\" sizes=\"(max-width: 620px) 100vw, 620px\" src=\"https:\/\/madeincamp.fr\/wp-content\/uploads\/2024\/03\/famille-terrasse-chalet-e1711555251897.webp\" alt=\"family terrace chalet\" class=\"wp-image-1542\" style=\"aspect-ratio:1;object-fit:cover\" srcset=\"https:\/\/madeincamp.fr\/wp-content\/uploads\/2024\/03\/famille-terrasse-chalet-e1711555251897.webp 1232w, https:\/\/madeincamp.fr\/wp-content\/uploads\/2024\/03\/famille-terrasse-chalet-e1711555251897-300x292.webp 300w, https:\/\/madeincamp.fr\/wp-content\/uploads\/2024\/03\/famille-terrasse-chalet-e1711555251897-1024x997.webp 1024w, https:\/\/madeincamp.fr\/wp-content\/uploads\/2024\/03\/famille-terrasse-chalet-e1711555251897-768x748.webp 768w\" \/><button\n\t\t\tclass=\"lightbox-trigger\"\n\t\t\ttype=\"button\"\n\t\t\taria-haspopup=\"dialog\"\n\t\t\taria-label=\"Enlarge\"\n\t\t\tdata-wp-init=\"callbacks.initTriggerButton\"\n\t\t\tdata-wp-on-async--click=\"actions.showLightbox\"\n\t\t\tdata-wp-style--right=\"state.imageButtonRight\"\n\t\t\tdata-wp-style--top=\"state.imageButtonTop\"\n\t\t>\n\t\t\t<svg xmlns=\"http:\/\/www.w3.org\/2000\/svg\" width=\"12\" height=\"12\" fill=\"none\" viewBox=\"0 0 12 12\">\n\t\t\t\t<path fill=\"#fff\" d=\"M2 0a2 2 0 0 0-2 2v2h1.5V2a.5.5 0 0 1 .5-.5h2V0H2Zm2 10.5H2a.5.5 0 0 1-.5-.5V8H0v2a2 2 0 0 0 2 2h2v-1.5ZM8 12v-1.5h2a.5.5 0 0 0 .5-.5V8H12v2a2 2 0 0 1-2 2H8Zm2-12a2 2 0 0 1 2 2v2h-1.5V2a.5.5 0 0 0-.5-.5H8V0h2Z\" \/>\n\t\t\t<\/svg>\n\t\t<\/button><\/figure>\n<\/div>\n<\/div>\n<\/div>\n<\/div>\n\n\n\n<div class=\"wp-block-cover alignfull has-custom-content-position is-position-bottom-left animated fadeIn slow\" style=\"padding-top:var(--wp--preset--spacing--40);padding-right:var(--wp--preset--spacing--40);padding-bottom:var(--wp--preset--spacing--40);padding-left:var(--wp--preset--spacing--40);min-height:100vh;aspect-ratio:unset;\" id=\"emplacements\"><span aria-hidden=\"true\" class=\"wp-block-cover__background has-background-dim-80 has-background-dim wp-block-cover__gradient-background has-background-gradient\" style=\"background:linear-gradient(135deg,rgb(0,0,0) 0%,rgba(0,0,0,0.59) 100%)\"><\/span><img decoding=\"async\" width=\"1000\" height=\"527\" sizes=\"100vw\" class=\"wp-block-cover__image-background wp-image-1245\" alt=\"camping lecolombier emplacements\" src=\"https:\/\/madeincamp.fr\/wp-content\/uploads\/2024\/03\/camping-lecolombier_emplacements.jpg\" data-object-fit=\"cover\" srcset=\"https:\/\/madeincamp.fr\/wp-content\/uploads\/2024\/03\/camping-lecolombier_emplacements.jpg 1000w, https:\/\/madeincamp.fr\/wp-content\/uploads\/2024\/03\/camping-lecolombier_emplacements-300x158.jpg 300w, https:\/\/madeincamp.fr\/wp-content\/uploads\/2024\/03\/camping-lecolombier_emplacements-768x405.jpg 768w\" \/><div class=\"wp-block-cover__inner-container has-global-padding is-layout-constrained wp-container-core-cover-is-layout-52009084 wp-block-cover-is-layout-constrained\">\n<div class=\"wp-block-group has-base-2-color has-text-color has-link-color wp-elements-d3e739b55c69c50104d572b84251ebc4 is-layout-flow wp-container-core-group-is-layout-e356762d wp-block-group-is-layout-flow\" style=\"margin-top:0;margin-bottom:0\">\n<h2 class=\"wp-block-heading animated fadeIn slow has-base-2-color has-text-color has-link-color has-x-large-font-size wp-elements-c0b8c6d147de311c8b644aa82f384cda\" style=\"font-style:normal;font-weight:300\">Book unusual accommodation in Charente Maritime<\/h2>\n\n\n\n<p>Our campsite has <strong>3 types of unusual accommodation<\/strong> that promise you an unforgettable stay in Charente-Maritime.<\/p>\n\n\n\n<h3 class=\"wp-block-heading has-contrast-color has-text-color has-link-color wp-elements-58e008740f29633f29995296a491e6fa\">The Lodge Premium cabin<\/h3>\n\n\n\n<p>This is<strong> the largest <\/strong>of our unusual rentals. With a surface area of 34<sup>m2<\/sup>, this cabin can accommodate up to 4 people. If you&#8217;re dreaming of an <strong>unusual family vacation on the Ile d&#8217;Ol\u00e9ron<\/strong>, don&#8217;t hesitate to opt for this charming 2-bedroom vacation rental! What do we think? Your kids will love it straight away!    <\/p>\n\n\n\n<p>From the outside, you&#8217;ll be seduced by the <strong>great cachet<\/strong> of this dwelling, with its canvas roof and wooden structure. Wood is the dominant material inside this delightful <strong>unusual rental in Charente-Maritime<\/strong>. <\/p>\n\n\n\n<h3 class=\"wp-block-heading\">Le Camp\u00e9toile<\/h3>\n\n\n\n<p>You&#8217;ll be amazed to discover this amazing <a href=\"https:\/\/madeincamp.fr\/en\/camping-charente-maritime\/bord-de-mer\/\">seaside camping<\/a> vacation rental <a href=\"https:\/\/madeincamp.fr\/en\/camping-charente-maritime\/bord-de-mer\/\">in Charente Maritime<\/a>. Measuring <strong>just 6<sup>m2<\/sup><\/strong>, this charming little bubble includes 1 bedroom in which you&#8217;ll spend a pleasant night. Perched high on stilts, this <strong>unusual holiday rental in Charente-Maritime<\/strong> resembles a small chicken coop, but with added charm.  <\/p>\n\n\n\n<h3 class=\"wp-block-heading\">The unusual Cop Coon<\/h3>\n\n\n\n<p><strong>Ideal for a couple<\/strong> for a weekend, this tiny, unusual cabin measures <strong>just 4<sup>m2<\/sup><\/strong>. It contains just one bedroom, and no bathroom or toilet. On the other hand, a pleasant terrace adjoins this little dwelling, for convivial moments with your loved ones.  <\/p>\n<\/div>\n<\/div><\/div>\n\n\n\n<div class=\"wp-block-group alignwide is-layout-flow wp-block-group-is-layout-flow\" id=\"devenez-proprietaire\" style=\"padding-top:var(--wp--preset--spacing--60);padding-bottom:var(--wp--preset--spacing--60)\">\n<div class=\"wp-block-columns are-vertically-aligned-center is-layout-flex wp-container-core-columns-is-layout-7fc3d43a wp-block-columns-is-layout-flex\">\n<div class=\"wp-block-column is-vertically-aligned-center is-layout-flow wp-container-core-column-is-layout-8a368f38 wp-block-column-is-layout-flow\">\n<div class=\"wp-block-group home-map-ctv is-layout-flow wp-block-group-is-layout-flow\">\n<figure class=\"wp-block-image aligncenter size-full animated fadeInUp slow delay-500ms\"><img decoding=\"async\" width=\"903\" height=\"229\" sizes=\"(max-width: 620px) 100vw, 620px\" src=\"https:\/\/madeincamp.fr\/wp-content\/uploads\/2024\/02\/fleur.png\" alt=\"flower\" class=\"wp-image-121\" style=\"object-fit:cover\" srcset=\"https:\/\/madeincamp.fr\/wp-content\/uploads\/2024\/02\/fleur.png 903w, https:\/\/madeincamp.fr\/wp-content\/uploads\/2024\/02\/fleur-300x76.png 300w, https:\/\/madeincamp.fr\/wp-content\/uploads\/2024\/02\/fleur-768x195.png 768w\" \/><\/figure>\n<\/div>\n\n\n\n<div class=\"wp-block-group animated fadeIn slow has-global-padding is-layout-constrained wp-block-group-is-layout-constrained\">\n<figure data-wp-context=\"{&quot;imageId&quot;:&quot;69f23349e73f8&quot;}\" data-wp-interactive=\"core\/image\" class=\"wp-block-image size-full wp-lightbox-container\"><img decoding=\"async\" width=\"1920\" height=\"1200\" data-wp-class--hide=\"state.isContentHidden\" data-wp-class--show=\"state.isContentVisible\" data-wp-init=\"callbacks.setButtonStyles\" data-wp-on-async--click=\"actions.showLightbox\" data-wp-on-async--load=\"callbacks.setButtonStyles\" data-wp-on-async-window--resize=\"callbacks.setButtonStyles\" sizes=\"(max-width: 620px) 100vw, 620px\" src=\"https:\/\/madeincamp.fr\/wp-content\/uploads\/2024\/03\/couple-plage.webp\" alt=\"beach couple\" class=\"wp-image-1254\" style=\"aspect-ratio:1;object-fit:cover\" srcset=\"https:\/\/madeincamp.fr\/wp-content\/uploads\/2024\/03\/couple-plage.webp 1920w, https:\/\/madeincamp.fr\/wp-content\/uploads\/2024\/03\/couple-plage-300x188.webp 300w, https:\/\/madeincamp.fr\/wp-content\/uploads\/2024\/03\/couple-plage-1024x640.webp 1024w, https:\/\/madeincamp.fr\/wp-content\/uploads\/2024\/03\/couple-plage-768x480.webp 768w, https:\/\/madeincamp.fr\/wp-content\/uploads\/2024\/03\/couple-plage-1536x960.webp 1536w\" \/><button\n\t\t\tclass=\"lightbox-trigger\"\n\t\t\ttype=\"button\"\n\t\t\taria-haspopup=\"dialog\"\n\t\t\taria-label=\"Enlarge\"\n\t\t\tdata-wp-init=\"callbacks.initTriggerButton\"\n\t\t\tdata-wp-on-async--click=\"actions.showLightbox\"\n\t\t\tdata-wp-style--right=\"state.imageButtonRight\"\n\t\t\tdata-wp-style--top=\"state.imageButtonTop\"\n\t\t>\n\t\t\t<svg xmlns=\"http:\/\/www.w3.org\/2000\/svg\" width=\"12\" height=\"12\" fill=\"none\" viewBox=\"0 0 12 12\">\n\t\t\t\t<path fill=\"#fff\" d=\"M2 0a2 2 0 0 0-2 2v2h1.5V2a.5.5 0 0 1 .5-.5h2V0H2Zm2 10.5H2a.5.5 0 0 1-.5-.5V8H0v2a2 2 0 0 0 2 2h2v-1.5ZM8 12v-1.5h2a.5.5 0 0 0 .5-.5V8H12v2a2 2 0 0 1-2 2H8Zm2-12a2 2 0 0 1 2 2v2h-1.5V2a.5.5 0 0 0-.5-.5H8V0h2Z\" \/>\n\t\t\t<\/svg>\n\t\t<\/button><\/figure>\n<\/div>\n<\/div>\n\n\n\n<div class=\"wp-block-column is-vertically-aligned-center is-layout-flow wp-block-column-is-layout-flow\">\n<h2 class=\"wp-block-heading has-base-color has-text-color has-link-color has-x-large-font-size wp-elements-c607852e55db33e453caba994727a5c9\">An unusual weekend in Charente Maritime<\/h2>\n\n\n\n<p>Are you looking for an original vacation idea for a romantic weekend in our <a href=\"https:\/\/madeincamp.fr\/en\/camping-charente-maritime\/pas-cher\/\">inexpensive campsite in Charente Maritime<\/a>? Why not spend it in an <strong>unusual rental in Charente-Maritime<\/strong>? Our 3 cosy and charming rentals are just waiting for you, and promise an <strong>atypical stay on the Ile d&#8217;Ol\u00e9ron<\/strong>.<\/p>\n\n\n\n<p>You&#8217;ll enjoy a moment just for you at our quiet, quality 4-star campsite, with its <strong>many activities and comprehensive services<\/strong>.<\/p>\n\n\n\n<p>Each night will be sweeter than the last, and you&#8217;ll be in great shape for a romantic visit to the most beautiful parts of Charente-Maritime (La Rochelle, Ile d&#8217;Ol\u00e9ron, Ile de R\u00e9&#8230;) <strong>.<\/strong> You can also return to the comfort of your own home by <a href=\"https:\/\/madeincamp.fr\/en\/camping-charente-maritime\/mobil-homes\/\">renting a mobile home in Charente Maritime<\/a>. Fans of traditional camping will find <a href=\"https:\/\/madeincamp.fr\/en\/camping-charente-maritime\/locations\/\">camping pitches in Charente<\/a> Maritime.  <\/p>\n\n\n\n<div class=\"wp-block-buttons is-content-justification-left is-layout-flex wp-container-core-buttons-is-layout-fc4fd283 wp-block-buttons-is-layout-flex\">\n<div class=\"wp-block-button has-custom-font-size is-style-gt-drop-right animated fadeIn slow has-chennai-font-family\" style=\"font-size:clamp(0.984rem, 0.984rem + ((1vw - 0.2rem) * 0.86), 1.5rem);font-style:normal;font-weight:200\"><a class=\"wp-block-button__link has-base-color has-base-2-background-color has-text-color has-background has-link-color wp-element-button\" href=\"https:\/\/madeincamp.fr\/le-fief-melin\/locations-mobil-home-ile-oleron\/\" style=\"border-style:none;border-width:0px;padding-right:0;padding-left:0\">Rent a mobile home at Fief Melin<\/a><\/div>\n<\/div>\n<\/div>\n<\/div>\n<\/div>\n\n\n\n<section class=\"wp-block-group alignfull has-global-padding is-layout-constrained wp-block-group-is-layout-constrained\">\n<div class=\"wp-block-columns alignfull is-style-gt-galerie is-layout-flex wp-container-core-columns-is-layout-e0e4babd wp-block-columns-is-layout-flex\" style=\"padding-right:0;padding-left:0\">\n<div class=\"wp-block-column is-layout-flow wp-block-column-is-layout-flow\" style=\"flex-basis:50%\">\n<figure data-wp-context=\"{&quot;imageId&quot;:&quot;69f23349e7a23&quot;}\" data-wp-interactive=\"core\/image\" class=\"wp-block-image size-full animated fadeIn slow wp-lightbox-container\"><img decoding=\"async\" width=\"1000\" height=\"1320\" data-wp-class--hide=\"state.isContentHidden\" data-wp-class--show=\"state.isContentVisible\" data-wp-init=\"callbacks.setButtonStyles\" data-wp-on-async--click=\"actions.showLightbox\" data-wp-on-async--load=\"callbacks.setButtonStyles\" data-wp-on-async-window--resize=\"callbacks.setButtonStyles\" sizes=\"(max-width: 620px) 100vw, 620px\" src=\"https:\/\/madeincamp.fr\/wp-content\/uploads\/2024\/03\/chambre-parentale-mobil-home-made-in-camp.webp\" alt=\"master bedroom mobile home made in camp\" class=\"wp-image-1551\" srcset=\"https:\/\/madeincamp.fr\/wp-content\/uploads\/2024\/03\/chambre-parentale-mobil-home-made-in-camp.webp 1000w, https:\/\/madeincamp.fr\/wp-content\/uploads\/2024\/03\/chambre-parentale-mobil-home-made-in-camp-227x300.webp 227w, https:\/\/madeincamp.fr\/wp-content\/uploads\/2024\/03\/chambre-parentale-mobil-home-made-in-camp-776x1024.webp 776w, https:\/\/madeincamp.fr\/wp-content\/uploads\/2024\/03\/chambre-parentale-mobil-home-made-in-camp-768x1014.webp 768w\" \/><button\n\t\t\tclass=\"lightbox-trigger\"\n\t\t\ttype=\"button\"\n\t\t\taria-haspopup=\"dialog\"\n\t\t\taria-label=\"Enlarge\"\n\t\t\tdata-wp-init=\"callbacks.initTriggerButton\"\n\t\t\tdata-wp-on-async--click=\"actions.showLightbox\"\n\t\t\tdata-wp-style--right=\"state.imageButtonRight\"\n\t\t\tdata-wp-style--top=\"state.imageButtonTop\"\n\t\t>\n\t\t\t<svg xmlns=\"http:\/\/www.w3.org\/2000\/svg\" width=\"12\" height=\"12\" fill=\"none\" viewBox=\"0 0 12 12\">\n\t\t\t\t<path fill=\"#fff\" d=\"M2 0a2 2 0 0 0-2 2v2h1.5V2a.5.5 0 0 1 .5-.5h2V0H2Zm2 10.5H2a.5.5 0 0 1-.5-.5V8H0v2a2 2 0 0 0 2 2h2v-1.5ZM8 12v-1.5h2a.5.5 0 0 0 .5-.5V8H12v2a2 2 0 0 1-2 2H8Zm2-12a2 2 0 0 1 2 2v2h-1.5V2a.5.5 0 0 0-.5-.5H8V0h2Z\" \/>\n\t\t\t<\/svg>\n\t\t<\/button><\/figure>\n\n\n\n<figure data-wp-context=\"{&quot;imageId&quot;:&quot;69f23349e7b86&quot;}\" data-wp-interactive=\"core\/image\" class=\"wp-block-image size-full animated fadeIn wp-lightbox-container\"><img data-dominant-color=\"a49fa1\" data-has-transparency=\"false\" style=\"--dominant-color: #a49fa1;\" decoding=\"async\" width=\"1176\" height=\"1243\" data-wp-class--hide=\"state.isContentHidden\" data-wp-class--show=\"state.isContentVisible\" data-wp-init=\"callbacks.setButtonStyles\" data-wp-on-async--click=\"actions.showLightbox\" data-wp-on-async--load=\"callbacks.setButtonStyles\" data-wp-on-async-window--resize=\"callbacks.setButtonStyles\" sizes=\"(max-width: 620px) 100vw, 620px\" src=\"https:\/\/madeincamp.fr\/wp-content\/uploads\/2024\/03\/chambre-deux-lits-mobil-home-made-in-camp.webp\" alt=\"bedroom two beds mobile home made in camp\" class=\"wp-image-1553 not-transparent\" srcset=\"https:\/\/madeincamp.fr\/wp-content\/uploads\/2024\/03\/chambre-deux-lits-mobil-home-made-in-camp.webp 1176w, https:\/\/madeincamp.fr\/wp-content\/uploads\/2024\/03\/chambre-deux-lits-mobil-home-made-in-camp-568x600.webp 568w, https:\/\/madeincamp.fr\/wp-content\/uploads\/2024\/03\/chambre-deux-lits-mobil-home-made-in-camp-1135x1200.webp 1135w, https:\/\/madeincamp.fr\/wp-content\/uploads\/2024\/03\/chambre-deux-lits-mobil-home-made-in-camp-768x812.webp 768w\" \/><button\n\t\t\tclass=\"lightbox-trigger\"\n\t\t\ttype=\"button\"\n\t\t\taria-haspopup=\"dialog\"\n\t\t\taria-label=\"Enlarge\"\n\t\t\tdata-wp-init=\"callbacks.initTriggerButton\"\n\t\t\tdata-wp-on-async--click=\"actions.showLightbox\"\n\t\t\tdata-wp-style--right=\"state.imageButtonRight\"\n\t\t\tdata-wp-style--top=\"state.imageButtonTop\"\n\t\t>\n\t\t\t<svg xmlns=\"http:\/\/www.w3.org\/2000\/svg\" width=\"12\" height=\"12\" fill=\"none\" viewBox=\"0 0 12 12\">\n\t\t\t\t<path fill=\"#fff\" d=\"M2 0a2 2 0 0 0-2 2v2h1.5V2a.5.5 0 0 1 .5-.5h2V0H2Zm2 10.5H2a.5.5 0 0 1-.5-.5V8H0v2a2 2 0 0 0 2 2h2v-1.5ZM8 12v-1.5h2a.5.5 0 0 0 .5-.5V8H12v2a2 2 0 0 1-2 2H8Zm2-12a2 2 0 0 1 2 2v2h-1.5V2a.5.5 0 0 0-.5-.5H8V0h2Z\" \/>\n\t\t\t<\/svg>\n\t\t<\/button><\/figure>\n<\/div>\n\n\n\n<div class=\"wp-block-column is-layout-flow wp-container-core-column-is-layout-e3d1c41b wp-block-column-is-layout-flow\" style=\"flex-basis:66.66%\">\n<figure class=\"wp-block-gallery has-nested-images columns-2 is-cropped wp-block-gallery-1 is-layout-flex wp-block-gallery-is-layout-flex\">\n<figure data-wp-context=\"{&quot;imageId&quot;:&quot;69f23349e7d40&quot;}\" data-wp-interactive=\"core\/image\" class=\"wp-block-image size-full animated fadeIn delay-100ms wp-lightbox-container\"><img data-dominant-color=\"948e89\" data-has-transparency=\"false\" style=\"--dominant-color: #948e89;\" decoding=\"async\" width=\"548\" height=\"776\" data-wp-class--hide=\"state.isContentHidden\" data-wp-class--show=\"state.isContentVisible\" data-wp-init=\"callbacks.setButtonStyles\" data-wp-on-async--click=\"actions.showLightbox\" data-wp-on-async--load=\"callbacks.setButtonStyles\" data-wp-on-async-window--resize=\"callbacks.setButtonStyles\" sizes=\"(max-width: 548px) 100vw, 548px\" data-id=\"1550\" src=\"https:\/\/madeincamp.fr\/wp-content\/uploads\/2024\/03\/salle-a-manger-cuisine-Mobil-home-made-in-camp-2.webp\" alt=\"dining room kitchen Mobil home made in camp 2\" class=\"wp-image-1550 not-transparent\" srcset=\"https:\/\/madeincamp.fr\/wp-content\/uploads\/2024\/03\/salle-a-manger-cuisine-Mobil-home-made-in-camp-2.webp 548w, https:\/\/madeincamp.fr\/wp-content\/uploads\/2024\/03\/salle-a-manger-cuisine-Mobil-home-made-in-camp-2-424x600.webp 424w\" \/><button\n\t\t\tclass=\"lightbox-trigger\"\n\t\t\ttype=\"button\"\n\t\t\taria-haspopup=\"dialog\"\n\t\t\taria-label=\"Enlarge\"\n\t\t\tdata-wp-init=\"callbacks.initTriggerButton\"\n\t\t\tdata-wp-on-async--click=\"actions.showLightbox\"\n\t\t\tdata-wp-style--right=\"state.imageButtonRight\"\n\t\t\tdata-wp-style--top=\"state.imageButtonTop\"\n\t\t>\n\t\t\t<svg xmlns=\"http:\/\/www.w3.org\/2000\/svg\" width=\"12\" height=\"12\" fill=\"none\" viewBox=\"0 0 12 12\">\n\t\t\t\t<path fill=\"#fff\" d=\"M2 0a2 2 0 0 0-2 2v2h1.5V2a.5.5 0 0 1 .5-.5h2V0H2Zm2 10.5H2a.5.5 0 0 1-.5-.5V8H0v2a2 2 0 0 0 2 2h2v-1.5ZM8 12v-1.5h2a.5.5 0 0 0 .5-.5V8H12v2a2 2 0 0 1-2 2H8Zm2-12a2 2 0 0 1 2 2v2h-1.5V2a.5.5 0 0 0-.5-.5H8V0h2Z\" \/>\n\t\t\t<\/svg>\n\t\t<\/button><\/figure>\n\n\n\n<figure data-wp-context=\"{&quot;imageId&quot;:&quot;69f23349e7e8d&quot;}\" data-wp-interactive=\"core\/image\" class=\"wp-block-image size-full animated fadeIn delay-200ms slow wp-lightbox-container\"><img data-dominant-color=\"c2c6c5\" data-has-transparency=\"false\" style=\"--dominant-color: #c2c6c5;\" decoding=\"async\" width=\"1000\" height=\"1502\" data-wp-class--hide=\"state.isContentHidden\" data-wp-class--show=\"state.isContentVisible\" data-wp-init=\"callbacks.setButtonStyles\" data-wp-on-async--click=\"actions.showLightbox\" data-wp-on-async--load=\"callbacks.setButtonStyles\" data-wp-on-async-window--resize=\"callbacks.setButtonStyles\" sizes=\"(max-width: 620px) 100vw, 620px\" data-id=\"1552\" src=\"https:\/\/madeincamp.fr\/wp-content\/uploads\/2024\/03\/salle-de-bain-mobil-home-made-in-camp.webp\" alt=\"mobile home bathroom made in camp\" class=\"wp-image-1552 not-transparent\" srcset=\"https:\/\/madeincamp.fr\/wp-content\/uploads\/2024\/03\/salle-de-bain-mobil-home-made-in-camp.webp 1000w, https:\/\/madeincamp.fr\/wp-content\/uploads\/2024\/03\/salle-de-bain-mobil-home-made-in-camp-399x600.webp 399w, https:\/\/madeincamp.fr\/wp-content\/uploads\/2024\/03\/salle-de-bain-mobil-home-made-in-camp-799x1200.webp 799w, https:\/\/madeincamp.fr\/wp-content\/uploads\/2024\/03\/salle-de-bain-mobil-home-made-in-camp-768x1154.webp 768w\" \/><button\n\t\t\tclass=\"lightbox-trigger\"\n\t\t\ttype=\"button\"\n\t\t\taria-haspopup=\"dialog\"\n\t\t\taria-label=\"Enlarge\"\n\t\t\tdata-wp-init=\"callbacks.initTriggerButton\"\n\t\t\tdata-wp-on-async--click=\"actions.showLightbox\"\n\t\t\tdata-wp-style--right=\"state.imageButtonRight\"\n\t\t\tdata-wp-style--top=\"state.imageButtonTop\"\n\t\t>\n\t\t\t<svg xmlns=\"http:\/\/www.w3.org\/2000\/svg\" width=\"12\" height=\"12\" fill=\"none\" viewBox=\"0 0 12 12\">\n\t\t\t\t<path fill=\"#fff\" d=\"M2 0a2 2 0 0 0-2 2v2h1.5V2a.5.5 0 0 1 .5-.5h2V0H2Zm2 10.5H2a.5.5 0 0 1-.5-.5V8H0v2a2 2 0 0 0 2 2h2v-1.5ZM8 12v-1.5h2a.5.5 0 0 0 .5-.5V8H12v2a2 2 0 0 1-2 2H8Zm2-12a2 2 0 0 1 2 2v2h-1.5V2a.5.5 0 0 0-.5-.5H8V0h2Z\" \/>\n\t\t\t<\/svg>\n\t\t<\/button><\/figure>\n\n\n\n<figure data-wp-context=\"{&quot;imageId&quot;:&quot;69f23349e7fcb&quot;}\" data-wp-interactive=\"core\/image\" class=\"wp-block-image size-full animated fadeIn slow wp-lightbox-container\"><img decoding=\"async\" width=\"1176\" height=\"882\" data-wp-class--hide=\"state.isContentHidden\" data-wp-class--show=\"state.isContentVisible\" data-wp-init=\"callbacks.setButtonStyles\" data-wp-on-async--click=\"actions.showLightbox\" data-wp-on-async--load=\"callbacks.setButtonStyles\" data-wp-on-async-window--resize=\"callbacks.setButtonStyles\" sizes=\"(max-width: 620px) 100vw, 620px\" data-id=\"1252\" src=\"https:\/\/madeincamp.fr\/wp-content\/uploads\/2024\/03\/mobil-home-made-in-camp-Le-colombier.webp\" alt=\"mobil home made in camp Le colombier\" class=\"wp-image-1252\" srcset=\"https:\/\/madeincamp.fr\/wp-content\/uploads\/2024\/03\/mobil-home-made-in-camp-Le-colombier.webp 1176w, https:\/\/madeincamp.fr\/wp-content\/uploads\/2024\/03\/mobil-home-made-in-camp-Le-colombier-300x225.webp 300w, https:\/\/madeincamp.fr\/wp-content\/uploads\/2024\/03\/mobil-home-made-in-camp-Le-colombier-1024x768.webp 1024w, https:\/\/madeincamp.fr\/wp-content\/uploads\/2024\/03\/mobil-home-made-in-camp-Le-colombier-768x576.webp 768w\" \/><button\n\t\t\tclass=\"lightbox-trigger\"\n\t\t\ttype=\"button\"\n\t\t\taria-haspopup=\"dialog\"\n\t\t\taria-label=\"Enlarge\"\n\t\t\tdata-wp-init=\"callbacks.initTriggerButton\"\n\t\t\tdata-wp-on-async--click=\"actions.showLightbox\"\n\t\t\tdata-wp-style--right=\"state.imageButtonRight\"\n\t\t\tdata-wp-style--top=\"state.imageButtonTop\"\n\t\t>\n\t\t\t<svg xmlns=\"http:\/\/www.w3.org\/2000\/svg\" width=\"12\" height=\"12\" fill=\"none\" viewBox=\"0 0 12 12\">\n\t\t\t\t<path fill=\"#fff\" d=\"M2 0a2 2 0 0 0-2 2v2h1.5V2a.5.5 0 0 1 .5-.5h2V0H2Zm2 10.5H2a.5.5 0 0 1-.5-.5V8H0v2a2 2 0 0 0 2 2h2v-1.5ZM8 12v-1.5h2a.5.5 0 0 0 .5-.5V8H12v2a2 2 0 0 1-2 2H8Zm2-12a2 2 0 0 1 2 2v2h-1.5V2a.5.5 0 0 0-.5-.5H8V0h2Z\" \/>\n\t\t\t<\/svg>\n\t\t<\/button><\/figure>\n\n\n\n<figure data-wp-context=\"{&quot;imageId&quot;:&quot;69f23349e80fb&quot;}\" data-wp-interactive=\"core\/image\" class=\"wp-block-image size-full animated fadeIn slow delay-100ms wp-lightbox-container\"><img data-dominant-color=\"ada8a0\" data-has-transparency=\"false\" style=\"--dominant-color: #ada8a0;\" decoding=\"async\" width=\"874\" height=\"585\" data-wp-class--hide=\"state.isContentHidden\" data-wp-class--show=\"state.isContentVisible\" data-wp-init=\"callbacks.setButtonStyles\" data-wp-on-async--click=\"actions.showLightbox\" data-wp-on-async--load=\"callbacks.setButtonStyles\" data-wp-on-async-window--resize=\"callbacks.setButtonStyles\" sizes=\"(max-width: 620px) 100vw, 620px\" data-id=\"1549\" src=\"https:\/\/madeincamp.fr\/wp-content\/uploads\/2024\/03\/cuisine-mobil-home-made-in-camp.webp\" alt=\"mobile home kitchen made in camp\" class=\"wp-image-1549 not-transparent\" srcset=\"https:\/\/madeincamp.fr\/wp-content\/uploads\/2024\/03\/cuisine-mobil-home-made-in-camp.webp 874w, https:\/\/madeincamp.fr\/wp-content\/uploads\/2024\/03\/cuisine-mobil-home-made-in-camp-800x535.webp 800w, https:\/\/madeincamp.fr\/wp-content\/uploads\/2024\/03\/cuisine-mobil-home-made-in-camp-768x514.webp 768w\" \/><button\n\t\t\tclass=\"lightbox-trigger\"\n\t\t\ttype=\"button\"\n\t\t\taria-haspopup=\"dialog\"\n\t\t\taria-label=\"Enlarge\"\n\t\t\tdata-wp-init=\"callbacks.initTriggerButton\"\n\t\t\tdata-wp-on-async--click=\"actions.showLightbox\"\n\t\t\tdata-wp-style--right=\"state.imageButtonRight\"\n\t\t\tdata-wp-style--top=\"state.imageButtonTop\"\n\t\t>\n\t\t\t<svg xmlns=\"http:\/\/www.w3.org\/2000\/svg\" width=\"12\" height=\"12\" fill=\"none\" viewBox=\"0 0 12 12\">\n\t\t\t\t<path fill=\"#fff\" d=\"M2 0a2 2 0 0 0-2 2v2h1.5V2a.5.5 0 0 1 .5-.5h2V0H2Zm2 10.5H2a.5.5 0 0 1-.5-.5V8H0v2a2 2 0 0 0 2 2h2v-1.5ZM8 12v-1.5h2a.5.5 0 0 0 .5-.5V8H12v2a2 2 0 0 1-2 2H8Zm2-12a2 2 0 0 1 2 2v2h-1.5V2a.5.5 0 0 0-.5-.5H8V0h2Z\" \/>\n\t\t\t<\/svg>\n\t\t<\/button><\/figure>\n<\/figure>\n\n\n\n<figure data-wp-context=\"{&quot;imageId&quot;:&quot;69f23349e8282&quot;}\" data-wp-interactive=\"core\/image\" class=\"wp-block-image size-full animated fadeIn delay-100ms slow wp-lightbox-container\"><img decoding=\"async\" width=\"800\" height=\"600\" data-wp-class--hide=\"state.isContentHidden\" data-wp-class--show=\"state.isContentVisible\" data-wp-init=\"callbacks.setButtonStyles\" data-wp-on-async--click=\"actions.showLightbox\" data-wp-on-async--load=\"callbacks.setButtonStyles\" data-wp-on-async-window--resize=\"callbacks.setButtonStyles\" sizes=\"(max-width: 620px) 100vw, 620px\" src=\"https:\/\/madeincamp.fr\/wp-content\/uploads\/2024\/03\/mobil-home-made-in-camp.webp\" alt=\"mobil home made in camp\" class=\"wp-image-1247\" srcset=\"https:\/\/madeincamp.fr\/wp-content\/uploads\/2024\/03\/mobil-home-made-in-camp.webp 800w, https:\/\/madeincamp.fr\/wp-content\/uploads\/2024\/03\/mobil-home-made-in-camp-300x225.webp 300w, https:\/\/madeincamp.fr\/wp-content\/uploads\/2024\/03\/mobil-home-made-in-camp-768x576.webp 768w\" \/><button\n\t\t\tclass=\"lightbox-trigger\"\n\t\t\ttype=\"button\"\n\t\t\taria-haspopup=\"dialog\"\n\t\t\taria-label=\"Enlarge\"\n\t\t\tdata-wp-init=\"callbacks.initTriggerButton\"\n\t\t\tdata-wp-on-async--click=\"actions.showLightbox\"\n\t\t\tdata-wp-style--right=\"state.imageButtonRight\"\n\t\t\tdata-wp-style--top=\"state.imageButtonTop\"\n\t\t>\n\t\t\t<svg xmlns=\"http:\/\/www.w3.org\/2000\/svg\" width=\"12\" height=\"12\" fill=\"none\" viewBox=\"0 0 12 12\">\n\t\t\t\t<path fill=\"#fff\" d=\"M2 0a2 2 0 0 0-2 2v2h1.5V2a.5.5 0 0 1 .5-.5h2V0H2Zm2 10.5H2a.5.5 0 0 1-.5-.5V8H0v2a2 2 0 0 0 2 2h2v-1.5ZM8 12v-1.5h2a.5.5 0 0 0 .5-.5V8H12v2a2 2 0 0 1-2 2H8Zm2-12a2 2 0 0 1 2 2v2h-1.5V2a.5.5 0 0 0-.5-.5H8V0h2Z\" \/>\n\t\t\t<\/svg>\n\t\t<\/button><\/figure>\n<\/div>\n<\/div>\n<\/section>\n\n\n\n<div class=\"wp-block-cover alignfull is-light rellaxed animated fadeIn slow is-style-gt-bg-right has-border-color has-base-2-border-color\" style=\"border-width:2rem;padding-top:0;padding-bottom:0;padding-left:0;min-height:120vh;aspect-ratio:unset;\"><span aria-hidden=\"true\" class=\"wp-block-cover__background has-background-dim-0 has-background-dim\"><\/span><img decoding=\"async\" width=\"1920\" height=\"1000\" sizes=\"100vw\" class=\"wp-block-cover__image-background wp-image-1376\" alt=\"hebergements camping le roc\" src=\"https:\/\/madeincamp.fr\/wp-content\/uploads\/2024\/03\/hebergements-camping-le-roc.webp\" style=\"object-position:44% 51%\" data-object-fit=\"cover\" data-object-position=\"44% 51%\" srcset=\"https:\/\/madeincamp.fr\/wp-content\/uploads\/2024\/03\/hebergements-camping-le-roc.webp 1920w, https:\/\/madeincamp.fr\/wp-content\/uploads\/2024\/03\/hebergements-camping-le-roc-300x156.webp 300w, https:\/\/madeincamp.fr\/wp-content\/uploads\/2024\/03\/hebergements-camping-le-roc-1024x533.webp 1024w, https:\/\/madeincamp.fr\/wp-content\/uploads\/2024\/03\/hebergements-camping-le-roc-768x400.webp 768w, https:\/\/madeincamp.fr\/wp-content\/uploads\/2024\/03\/hebergements-camping-le-roc-1536x800.webp 1536w\" \/><div class=\"wp-block-cover__inner-container has-global-padding is-layout-constrained wp-container-core-cover-is-layout-42b5475c wp-block-cover-is-layout-constrained\">\n<div class=\"wp-block-group alignwide is-layout-flow wp-block-group-is-layout-flow\" style=\"padding-top:0;padding-right:20vw;padding-bottom:0\">\n<div class=\"wp-block-columns are-vertically-aligned-center has-base-2-background-color has-background is-layout-flex wp-container-core-columns-is-layout-271a479c wp-block-columns-is-layout-flex\" style=\"padding-top:var(--wp--preset--spacing--20);padding-right:var(--wp--preset--spacing--20);padding-bottom:var(--wp--preset--spacing--20);padding-left:var(--wp--preset--spacing--20)\">\n<div class=\"wp-block-column is-vertically-aligned-center is-layout-flow wp-block-column-is-layout-flow\">\n<h2 class=\"wp-block-heading has-base-color has-text-color has-link-color has-large-font-size wp-elements-a1daa532d7abb393456f6da23790a6dc\" style=\"font-style:normal;font-weight:300\">Unusual activities near the campsite<\/h2>\n\n\n\n<p>Close to our <strong>4-star campsite on the Ile d&#8217;Ol\u00e9ron<\/strong>, discover unusual activities and places in Charente Maritime for a unique and memorable experience for lovers:<\/p>\n\n\n\n<p><strong>Grottes du R\u00e9gulus<\/strong>: visit these troglodytic dwellings dug into the limestone cliffs at Meschers-sur-Gironde during your weekend.Our campsite with <strong>mobile home rentals in Charente Maritime<\/strong> also offers a variety of activities for all ages, from playgrounds for the youngest to lively evenings for the whole family. Enjoy an exceptional natural setting between sea and land, just a few minutes from the beach, and the conviviality of a <a href=\"https:\/\/madeincamp.fr\/en\/made-in-life\/\">family campsite on the Atlantic coast<\/a> for unforgettable memories. Don&#8217;t wait to book your<strong> mobile home rental in Charente Maritime<\/strong>!  <\/p>\n\n\n\n<p><strong>Ultralight flight <\/strong>: during your stay in an <strong>unusual rental in Charente-Maritime<\/strong>, fly over the Charente islands with an experienced pilot from the Marennes airfield, with the possibility of tasting oysters in flight.<\/p>\n\n\n\n<p><strong>Cit\u00e9 de l&#8217;Hu\u00eetre <\/strong>: immerse yourself in the world of oyster farming in Marennes, with bike rides and geocaching treasure hunts to discover the Charente-Maritime marshes.<\/p>\n\n\n\n<p><strong>Ch\u00e2teau fort de Saint Jean d&#8217;Angle<\/strong>: visit this medieval castle in the Charente-Maritime region, with its gardens, farmyard animals and activities such as archery and orienteering.<\/p>\n\n\n\n<p><strong>Le Cep Enchant\u00e9 <\/strong>: enjoy getaway games, golf cart rides through the vineyards and wine tastings in Macqueville.<\/p>\n\n\n\n<p><strong>Escape game in the open air in La Rochelle<\/strong>: during your stay in an <strong>unusual rental in Charente-Maritime<\/strong>, solve riddles while discovering the old port and its marine secrets in a fun way.<\/p>\n\n\n\n<div style=\"height:0.5rem\" aria-hidden=\"true\" class=\"wp-block-spacer\"><\/div>\n\n\n\n<div class=\"wp-block-buttons is-content-justification-left is-layout-flex wp-container-core-buttons-is-layout-fc4fd283 wp-block-buttons-is-layout-flex\">\n<div class=\"wp-block-button has-custom-font-size is-style-gt-drop-right animated fadeIn slow delay-200ms has-chennai-font-family\" style=\"font-size:clamp(0.984rem, 0.984rem + ((1vw - 0.2rem) * 0.86), 1.5rem);font-style:normal;font-weight:300;line-height:1\"><a class=\"wp-block-button__link has-base-color has-base-2-background-color has-text-color has-background has-link-color has-border-color wp-element-button\" href=\"https:\/\/madeincamp.fr\/en\/rental-mobile-home-cote-atlantique\/\" style=\"border-color:#a98e67;border-width:2px;border-radius:2rem;padding-top:0.5rem;padding-right:var(--wp--preset--spacing--20);padding-bottom:0.5rem;padding-left:var(--wp--preset--spacing--20)\">Discover our accommodations<\/a><\/div>\n<\/div>\n<\/div>\n\n\n\n<div class=\"wp-block-column is-vertically-aligned-center is-layout-flow wp-container-core-column-is-layout-22223934 wp-block-column-is-layout-flow\">\n<figure class=\"wp-block-image size-full animated fadeIn slow\"><img decoding=\"async\" width=\"641\" height=\"833\" sizes=\"(max-width: 620px) 100vw, 620px\" src=\"https:\/\/madeincamp.fr\/wp-content\/uploads\/2024\/02\/location-camping.jpg\" alt=\"camping rental\" class=\"wp-image-257\" srcset=\"https:\/\/madeincamp.fr\/wp-content\/uploads\/2024\/02\/location-camping.jpg 641w, https:\/\/madeincamp.fr\/wp-content\/uploads\/2024\/02\/location-camping-231x300.jpg 231w\" \/><\/figure>\n<\/div>\n<\/div>\n<\/div>\n<\/div><\/div>\n\n\n\n<div class=\"wp-block-group alignwide has-base-color has-text-color has-link-color has-black-crow-font-family wp-elements-4556a0668ce0fb6453d171060ad1aaaa is-content-justification-center is-layout-flex wp-container-core-group-is-layout-1d21e971 wp-block-group-is-layout-flex\" style=\"padding-top:var(--wp--preset--spacing--40);padding-bottom:var(--wp--preset--spacing--40);font-size:clamp(3.8rem, 3.8rem + ((1vw - 0.2rem) * 7), 8rem);line-height:0.9;text-transform:uppercase\">\n<p class=\"animated fadeIn slow\">You are here<\/p>\n\n\n\n<p class=\"o-typing-slow animated fadeIn delay-200ms slow has-contrast-color has-text-color has-link-color wp-elements-7035cb4226ae2a9fdf8db043a0d23090\">at home<\/p>\n<\/div>\n\n\n\n<div class=\"wp-block-group alignfull is-content-justification-space-between is-nowrap is-layout-flex wp-container-core-group-is-layout-4e2e7437 wp-block-group-is-layout-flex\"><a href=\"https:\/\/madeincamp.fr\/camping-familial-cote-atlantique\/\"    class=\"no-icon animated fadeIn slow wp-block-tiptip-hyperlink-group-block\" >\n<div class=\"wp-block-cover has-custom-content-position is-position-bottom-right has-contrast-2-color has-text-color has-link-color wp-elements-9174cfeacc0e7bd1cb35d01f80ef6291\" style=\"padding-top:var(--wp--preset--spacing--40);padding-right:var(--wp--preset--spacing--40);padding-bottom:var(--wp--preset--spacing--40);padding-left:var(--wp--preset--spacing--40);min-height:65vh;aspect-ratio:unset;\"><span aria-hidden=\"true\" class=\"wp-block-cover__background has-background-dim-100 has-background-dim wp-block-cover__gradient-background has-background-gradient\" style=\"background:linear-gradient(180deg,rgba(255,255,255,0) 17%,rgb(255,255,255) 83%)\"><\/span><img decoding=\"async\" width=\"1080\" height=\"1500\" sizes=\"(max-width: 620px) 100vw, 620px\" class=\"wp-block-cover__image-background wp-image-1317\" alt=\"hamburger\" src=\"https:\/\/madeincamp.fr\/wp-content\/uploads\/2024\/03\/hamburger.webp\" data-object-fit=\"cover\" srcset=\"https:\/\/madeincamp.fr\/wp-content\/uploads\/2024\/03\/hamburger.webp 1080w, https:\/\/madeincamp.fr\/wp-content\/uploads\/2024\/03\/hamburger-216x300.webp 216w, https:\/\/madeincamp.fr\/wp-content\/uploads\/2024\/03\/hamburger-737x1024.webp 737w, https:\/\/madeincamp.fr\/wp-content\/uploads\/2024\/03\/hamburger-768x1067.webp 768w\" \/><div class=\"wp-block-cover__inner-container has-global-padding is-layout-constrained wp-container-core-cover-is-layout-52009084 wp-block-cover-is-layout-constrained\">\n<div class=\"wp-block-group has-contrast-2-color has-text-color has-link-color wp-elements-7e17805336856d41c62eac8c33a3abbd is-vertical is-content-justification-right is-layout-flex wp-container-core-group-is-layout-05e4ae02 wp-block-group-is-layout-flex\" style=\"margin-top:0;margin-bottom:0\">\n<p class=\"has-text-align-right animated fadeIn slow has-base-color has-text-color has-link-color has-chennai-font-family has-large-font-size wp-elements-4f50d7f1328c6920346dc20c769282e3\" style=\"line-height:1.2\">Made in<br>Life<\/p>\n\n\n\n<p class=\"has-text-align-right animated fadeIn slow delay-100ms has-small-font-size\">Discover the<br>services of all our<br>Made in Camp campsites.<\/p>\n\n\n\n<div class=\"wp-block-group is-nowrap is-layout-flex wp-container-core-group-is-layout-542c142b wp-block-group-is-layout-flex\">\n<p class=\"has-text-align-right animated fadeIn delay-200ms slow has-small-font-size\" style=\"margin-top:var(--wp--preset--spacing--10)\"><strong>Our services<\/strong><\/p>\n\n\n\n<figure class=\"wp-block-image size-full is-resized animated fadeInLeft delay-500ms slow wp-duotone-222323-222323-3\"><img decoding=\"async\" width=\"107\" height=\"76\" sizes=\"(max-width: 28px) 100vw, 28px\" src=\"https:\/\/madeincamp.fr\/wp-content\/uploads\/2024\/02\/arrow-big.png\" alt=\"arrow big\" class=\"wp-image-422\" style=\"width:28px;height:auto\" \/><\/figure>\n<\/div>\n<\/div>\n<\/div><\/div>\n<\/a>\n\n<a href=\"https:\/\/madeincamp.fr\/camping-cote-atlantique-animations\/\"    style=\"padding-top:4rem;\" class=\"no-icon animated fadeIn delay-200ms slow wp-block-tiptip-hyperlink-group-block\" >\n<div class=\"wp-block-cover has-custom-content-position is-position-bottom-right has-contrast-2-color has-text-color has-link-color wp-elements-9bcefc1eb8991dbfcb992595bedabdd9\" style=\"padding-top:var(--wp--preset--spacing--40);padding-right:var(--wp--preset--spacing--40);padding-bottom:var(--wp--preset--spacing--40);padding-left:var(--wp--preset--spacing--40);min-height:75vh;aspect-ratio:unset;\"><span aria-hidden=\"true\" class=\"wp-block-cover__background has-background-dim-100 has-background-dim wp-block-cover__gradient-background has-background-gradient\" style=\"background:linear-gradient(180deg,rgba(255,255,255,0) 17%,rgb(255,255,255) 83%)\"><\/span><img decoding=\"async\" width=\"1080\" height=\"1500\" sizes=\"(max-width: 620px) 100vw, 620px\" class=\"wp-block-cover__image-background wp-image-1259\" alt=\"enfant joue parc acrobranche\" src=\"https:\/\/madeincamp.fr\/wp-content\/uploads\/2024\/03\/enfant-joue-parc-acrobranche.webp\" data-object-fit=\"cover\" srcset=\"https:\/\/madeincamp.fr\/wp-content\/uploads\/2024\/03\/enfant-joue-parc-acrobranche.webp 1080w, https:\/\/madeincamp.fr\/wp-content\/uploads\/2024\/03\/enfant-joue-parc-acrobranche-216x300.webp 216w, https:\/\/madeincamp.fr\/wp-content\/uploads\/2024\/03\/enfant-joue-parc-acrobranche-737x1024.webp 737w, https:\/\/madeincamp.fr\/wp-content\/uploads\/2024\/03\/enfant-joue-parc-acrobranche-768x1067.webp 768w\" \/><div class=\"wp-block-cover__inner-container has-global-padding is-layout-constrained wp-container-core-cover-is-layout-52009084 wp-block-cover-is-layout-constrained\">\n<div class=\"wp-block-group has-contrast-2-color has-text-color has-link-color wp-elements-3b89d3c639b172e815dbdab2d4542344 is-vertical is-content-justification-right is-layout-flex wp-container-core-group-is-layout-05e4ae02 wp-block-group-is-layout-flex\" style=\"margin-top:0;margin-bottom:0\">\n<p class=\"has-text-align-right animated fadeIn slow has-base-color has-text-color has-link-color has-chennai-font-family has-large-font-size wp-elements-8c2b8ddd3826b91d642466fc5b482054\" style=\"line-height:1.2\">Made in<br>Fun<\/p>\n\n\n\n<p class=\"has-text-align-right animated fadeIn slow delay-100ms has-small-font-size\">Discover the<br>events at our<br>Made in Camp campsites.<\/p>\n\n\n\n<div class=\"wp-block-group is-nowrap is-layout-flex wp-container-core-group-is-layout-542c142b wp-block-group-is-layout-flex\">\n<p class=\"has-text-align-right animated fadeIn delay-200ms slow has-small-font-size\" style=\"margin-top:var(--wp--preset--spacing--10)\"><strong>Our events<\/strong><\/p>\n\n\n\n<figure class=\"wp-block-image size-full is-resized animated fadeInLeft delay-500ms slow wp-duotone-222323-222323-5\"><img decoding=\"async\" width=\"107\" height=\"76\" sizes=\"(max-width: 28px) 100vw, 28px\" src=\"https:\/\/madeincamp.fr\/wp-content\/uploads\/2024\/02\/arrow-big.png\" alt=\"arrow big\" class=\"wp-image-422\" style=\"width:28px;height:auto\" \/><\/figure>\n<\/div>\n<\/div>\n<\/div><\/div>\n<\/a>\n\n<a href=\"https:\/\/madeincamp.fr\/camping-cote-atlantique-espace-aquatique\/\"    style=\"padding-bottom:0;padding-top:8rem;\" class=\"no-icon animated fadeIn delay-500ms slow wp-block-tiptip-hyperlink-group-block\" >\n<div class=\"wp-block-cover has-custom-content-position is-position-bottom-right has-contrast-2-color has-text-color has-link-color wp-elements-1f88e9f1edf64497e101af5b716fc078\" style=\"padding-top:var(--wp--preset--spacing--40);padding-right:var(--wp--preset--spacing--40);padding-bottom:var(--wp--preset--spacing--40);padding-left:var(--wp--preset--spacing--40);min-height:85vh;aspect-ratio:unset;\"><span aria-hidden=\"true\" class=\"wp-block-cover__background has-background-dim-100 has-background-dim wp-block-cover__gradient-background has-background-gradient\" style=\"background:linear-gradient(180deg,rgba(255,255,255,0) 17%,rgb(255,255,255) 83%)\"><\/span><video class=\"wp-block-cover__video-background intrinsic-ignore\" autoplay muted loop playsinline playsinline src=\"https:\/\/madeincamp.fr\/wp-content\/uploads\/2024\/03\/pieds-bord-de-mer.webm\" data-object-fit=\"cover\"><\/video><div class=\"wp-block-cover__inner-container has-global-padding is-layout-constrained wp-container-core-cover-is-layout-52009084 wp-block-cover-is-layout-constrained\">\n<div class=\"wp-block-group has-contrast-2-color has-text-color has-link-color wp-elements-93ab54f3f889c3adaf0850be78fc7500 is-vertical is-content-justification-right is-layout-flex wp-container-core-group-is-layout-05e4ae02 wp-block-group-is-layout-flex\" style=\"margin-top:0;margin-bottom:0\">\n<p class=\"has-text-align-right animated fadeIn slow has-base-color has-text-color has-link-color has-chennai-font-family has-large-font-size wp-elements-93751af5f537002fceebd378548c1dd6\" style=\"line-height:1.2\">Made in<br>Water<\/p>\n\n\n\n<p class=\"has-text-align-right animated fadeIn slow delay-100ms has-small-font-size\">Discover the aquatic areas of our<br>Made in Camp campsites.<\/p>\n\n\n\n<div class=\"wp-block-group is-nowrap is-layout-flex wp-container-core-group-is-layout-542c142b wp-block-group-is-layout-flex\">\n<p class=\"has-text-align-right animated fadeIn delay-200ms slow has-small-font-size\" style=\"margin-top:var(--wp--preset--spacing--10)\"><strong>Our aquatic spaces<\/strong><\/p>\n\n\n\n<figure class=\"wp-block-image size-full is-resized animated fadeInLeft delay-500ms slow wp-duotone-222323-222323-7\"><img decoding=\"async\" width=\"107\" height=\"76\" sizes=\"(max-width: 544px) 100vw, 544px\" src=\"https:\/\/madeincamp.fr\/wp-content\/uploads\/2024\/02\/arrow-big.png\" alt=\"arrow big\" class=\"wp-image-422\" style=\"width:28px;height:auto\" \/><\/figure>\n<\/div>\n<\/div>\n<\/div><\/div>\n<\/a><\/div>\n","protected":false},"excerpt":{"rendered":"<p>What if this year you opted for an original vacation? Discover the unusual accommodation on our campsite in the heart of the Ile d&#8217;Ol\u00e9ron, Le Fief Melin in Ch\u00e2teau d&#8217;Ol\u00e9ron (Charente-Maritime). Our 4-star campsite in Charente Maritime welcomes you in a variety of atypical accommodations, each more charming and cosy than the next. Get ready [&hellip;]<\/p>\n","protected":false},"author":2,"featured_media":5087,"parent":21156,"menu_order":0,"comment_status":"closed","ping_status":"closed","template":"","meta":{"_acf_changed":false,"footnotes":""},"class_list":["post-21187","page","type-page","status-publish","has-post-thumbnail","hentry"],"acf":[],"yoast_head":"<!-- This site is optimized with the Yoast SEO plugin v24.5 - https:\/\/yoast.com\/wordpress\/plugins\/seo\/ -->\n<title>Location insolite Charente Maritime - Unusual night Made in Camp<\/title>\n<meta name=\"description\" content=\"Discover unusual rentals in Charente-Maritime with Made in Camp. Treat yourself to a unique experience in atypical accommodation, combining nature, comfort and originality.\" \/>\n<meta name=\"robots\" content=\"index, follow, max-snippet:-1, max-image-preview:large, max-video-preview:-1\" \/>\n<link rel=\"canonical\" href=\"https:\/\/madeincamp.fr\/en\/camping-charente-maritime\/location-insolite\/\" \/>\n<meta property=\"og:locale\" content=\"en_US\" \/>\n<meta property=\"og:type\" content=\"article\" \/>\n<meta property=\"og:title\" content=\"Location insolite Charente Maritime - Unusual night Made in Camp\" \/>\n<meta property=\"og:description\" content=\"Discover unusual rentals in Charente-Maritime with Made in Camp. Treat yourself to a unique experience in atypical accommodation, combining nature, comfort and originality.\" \/>\n<meta property=\"og:url\" content=\"https:\/\/madeincamp.fr\/en\/camping-charente-maritime\/location-insolite\/\" \/>\n<meta property=\"og:site_name\" content=\"Made in camp\" \/>\n<meta property=\"article:modified_time\" content=\"2025-01-24T08:57:11+00:00\" \/>\n<meta property=\"og:image\" content=\"https:\/\/madeincamp.fr\/wp-content\/uploads\/2024\/06\/location-mobil_home-charente-maritime.webp\" \/>\n\t<meta property=\"og:image:width\" content=\"1994\" \/>\n\t<meta property=\"og:image:height\" content=\"1321\" \/>\n\t<meta property=\"og:image:type\" content=\"image\/webp\" \/>\n<script type=\"application\/ld+json\" class=\"yoast-schema-graph\">{\"@context\":\"https:\/\/schema.org\",\"@graph\":[{\"@type\":\"WebPage\",\"@id\":\"https:\/\/madeincamp.fr\/en\/camping-charente-maritime\/location-insolite\/\",\"url\":\"https:\/\/madeincamp.fr\/en\/camping-charente-maritime\/location-insolite\/\",\"name\":\"Location insolite Charente Maritime - Unusual night Made in Camp\",\"isPartOf\":{\"@id\":\"https:\/\/madeincamp.fr\/en\/#website\"},\"primaryImageOfPage\":{\"@id\":\"https:\/\/madeincamp.fr\/en\/camping-charente-maritime\/location-insolite\/#primaryimage\"},\"image\":{\"@id\":\"https:\/\/madeincamp.fr\/en\/camping-charente-maritime\/location-insolite\/#primaryimage\"},\"thumbnailUrl\":\"https:\/\/madeincamp.fr\/wp-content\/uploads\/2024\/06\/location-mobil_home-charente-maritime.webp\",\"datePublished\":\"2024-12-12T10:13:19+00:00\",\"dateModified\":\"2025-01-24T08:57:11+00:00\",\"description\":\"Discover unusual rentals in Charente-Maritime with Made in Camp. Treat yourself to a unique experience in atypical accommodation, combining nature, comfort and originality.\",\"breadcrumb\":{\"@id\":\"https:\/\/madeincamp.fr\/en\/camping-charente-maritime\/location-insolite\/#breadcrumb\"},\"inLanguage\":\"en-US\",\"potentialAction\":[{\"@type\":\"ReadAction\",\"target\":[\"https:\/\/madeincamp.fr\/en\/camping-charente-maritime\/location-insolite\/\"]}]},{\"@type\":\"ImageObject\",\"inLanguage\":\"en-US\",\"@id\":\"https:\/\/madeincamp.fr\/en\/camping-charente-maritime\/location-insolite\/#primaryimage\",\"url\":\"https:\/\/madeincamp.fr\/wp-content\/uploads\/2024\/06\/location-mobil_home-charente-maritime.webp\",\"contentUrl\":\"https:\/\/madeincamp.fr\/wp-content\/uploads\/2024\/06\/location-mobil_home-charente-maritime.webp\",\"width\":1994,\"height\":1321},{\"@type\":\"BreadcrumbList\",\"@id\":\"https:\/\/madeincamp.fr\/en\/camping-charente-maritime\/location-insolite\/#breadcrumb\",\"itemListElement\":[{\"@type\":\"ListItem\",\"position\":1,\"name\":\"Campings Made in Camp\",\"item\":\"https:\/\/madeincamp.fr\/en\/\"},{\"@type\":\"ListItem\",\"position\":2,\"name\":\"Campsite Charente Maritime\",\"item\":\"https:\/\/madeincamp.fr\/en\/camping-charente-maritime\/\"},{\"@type\":\"ListItem\",\"position\":3,\"name\":\"Unusual rental Charente Maritime\"}]},{\"@type\":\"WebSite\",\"@id\":\"https:\/\/madeincamp.fr\/en\/#website\",\"url\":\"https:\/\/madeincamp.fr\/en\/\",\"name\":\"Made in Camp\",\"description\":\"Artisans de vos vacances\",\"publisher\":{\"@id\":\"https:\/\/madeincamp.fr\/en\/#organization\"},\"inLanguage\":\"en-US\"},{\"@type\":\"Organization\",\"@id\":\"https:\/\/madeincamp.fr\/en\/#organization\",\"name\":\"Made in Camp\",\"url\":\"https:\/\/madeincamp.fr\/en\/\",\"logo\":{\"@type\":\"ImageObject\",\"inLanguage\":\"en-US\",\"@id\":\"https:\/\/madeincamp.fr\/en\/#\/schema\/logo\/image\/\",\"url\":\"https:\/\/madeincamp.fr\/wp-content\/uploads\/2024\/01\/made-in-camp-logo.png\",\"contentUrl\":\"https:\/\/madeincamp.fr\/wp-content\/uploads\/2024\/01\/made-in-camp-logo.png\",\"width\":224,\"height\":91,\"caption\":\"Made in Camp\"},\"image\":{\"@id\":\"https:\/\/madeincamp.fr\/en\/#\/schema\/logo\/image\/\"}}]}<\/script>\n<!-- \/ Yoast SEO plugin. -->","yoast_head_json":{"title":"Location insolite Charente Maritime - Unusual night Made in Camp","description":"Discover unusual rentals in Charente-Maritime with Made in Camp. Treat yourself to a unique experience in atypical accommodation, combining nature, comfort and originality.","robots":{"index":"index","follow":"follow","max-snippet":"max-snippet:-1","max-image-preview":"max-image-preview:large","max-video-preview":"max-video-preview:-1"},"canonical":"https:\/\/madeincamp.fr\/en\/camping-charente-maritime\/location-insolite\/","og_locale":"en_US","og_type":"article","og_title":"Location insolite Charente Maritime - Unusual night Made in Camp","og_description":"Discover unusual rentals in Charente-Maritime with Made in Camp. Treat yourself to a unique experience in atypical accommodation, combining nature, comfort and originality.","og_url":"https:\/\/madeincamp.fr\/en\/camping-charente-maritime\/location-insolite\/","og_site_name":"Made in camp","article_modified_time":"2025-01-24T08:57:11+00:00","og_image":[{"width":1994,"height":1321,"url":"https:\/\/madeincamp.fr\/wp-content\/uploads\/2024\/06\/location-mobil_home-charente-maritime.webp","type":"image\/webp"}],"schema":{"@context":"https:\/\/schema.org","@graph":[{"@type":"WebPage","@id":"https:\/\/madeincamp.fr\/en\/camping-charente-maritime\/location-insolite\/","url":"https:\/\/madeincamp.fr\/en\/camping-charente-maritime\/location-insolite\/","name":"Location insolite Charente Maritime - Unusual night Made in Camp","isPartOf":{"@id":"https:\/\/madeincamp.fr\/en\/#website"},"primaryImageOfPage":{"@id":"https:\/\/madeincamp.fr\/en\/camping-charente-maritime\/location-insolite\/#primaryimage"},"image":{"@id":"https:\/\/madeincamp.fr\/en\/camping-charente-maritime\/location-insolite\/#primaryimage"},"thumbnailUrl":"https:\/\/madeincamp.fr\/wp-content\/uploads\/2024\/06\/location-mobil_home-charente-maritime.webp","datePublished":"2024-12-12T10:13:19+00:00","dateModified":"2025-01-24T08:57:11+00:00","description":"Discover unusual rentals in Charente-Maritime with Made in Camp. Treat yourself to a unique experience in atypical accommodation, combining nature, comfort and originality.","breadcrumb":{"@id":"https:\/\/madeincamp.fr\/en\/camping-charente-maritime\/location-insolite\/#breadcrumb"},"inLanguage":"en-US","potentialAction":[{"@type":"ReadAction","target":["https:\/\/madeincamp.fr\/en\/camping-charente-maritime\/location-insolite\/"]}]},{"@type":"ImageObject","inLanguage":"en-US","@id":"https:\/\/madeincamp.fr\/en\/camping-charente-maritime\/location-insolite\/#primaryimage","url":"https:\/\/madeincamp.fr\/wp-content\/uploads\/2024\/06\/location-mobil_home-charente-maritime.webp","contentUrl":"https:\/\/madeincamp.fr\/wp-content\/uploads\/2024\/06\/location-mobil_home-charente-maritime.webp","width":1994,"height":1321},{"@type":"BreadcrumbList","@id":"https:\/\/madeincamp.fr\/en\/camping-charente-maritime\/location-insolite\/#breadcrumb","itemListElement":[{"@type":"ListItem","position":1,"name":"Campings Made in Camp","item":"https:\/\/madeincamp.fr\/en\/"},{"@type":"ListItem","position":2,"name":"Campsite Charente Maritime","item":"https:\/\/madeincamp.fr\/en\/camping-charente-maritime\/"},{"@type":"ListItem","position":3,"name":"Unusual rental Charente Maritime"}]},{"@type":"WebSite","@id":"https:\/\/madeincamp.fr\/en\/#website","url":"https:\/\/madeincamp.fr\/en\/","name":"Made in Camp","description":"Artisans de vos vacances","publisher":{"@id":"https:\/\/madeincamp.fr\/en\/#organization"},"inLanguage":"en-US"},{"@type":"Organization","@id":"https:\/\/madeincamp.fr\/en\/#organization","name":"Made in Camp","url":"https:\/\/madeincamp.fr\/en\/","logo":{"@type":"ImageObject","inLanguage":"en-US","@id":"https:\/\/madeincamp.fr\/en\/#\/schema\/logo\/image\/","url":"https:\/\/madeincamp.fr\/wp-content\/uploads\/2024\/01\/made-in-camp-logo.png","contentUrl":"https:\/\/madeincamp.fr\/wp-content\/uploads\/2024\/01\/made-in-camp-logo.png","width":224,"height":91,"caption":"Made in Camp"},"image":{"@id":"https:\/\/madeincamp.fr\/en\/#\/schema\/logo\/image\/"}}]}},"_links":{"self":[{"href":"https:\/\/madeincamp.fr\/en\/wp-json\/wp\/v2\/pages\/21187","targetHints":{"allow":["GET"]}}],"collection":[{"href":"https:\/\/madeincamp.fr\/en\/wp-json\/wp\/v2\/pages"}],"about":[{"href":"https:\/\/madeincamp.fr\/en\/wp-json\/wp\/v2\/types\/page"}],"author":[{"embeddable":true,"href":"https:\/\/madeincamp.fr\/en\/wp-json\/wp\/v2\/users\/2"}],"replies":[{"embeddable":true,"href":"https:\/\/madeincamp.fr\/en\/wp-json\/wp\/v2\/comments?post=21187"}],"version-history":[{"count":9,"href":"https:\/\/madeincamp.fr\/en\/wp-json\/wp\/v2\/pages\/21187\/revisions"}],"predecessor-version":[{"id":21375,"href":"https:\/\/madeincamp.fr\/en\/wp-json\/wp\/v2\/pages\/21187\/revisions\/21375"}],"up":[{"embeddable":true,"href":"https:\/\/madeincamp.fr\/en\/wp-json\/wp\/v2\/pages\/21156"}],"wp:featuredmedia":[{"embeddable":true,"href":"https:\/\/madeincamp.fr\/en\/wp-json\/wp\/v2\/media\/5087"}],"wp:attachment":[{"href":"https:\/\/madeincamp.fr\/en\/wp-json\/wp\/v2\/media?parent=21187"}],"curies":[{"name":"wp","href":"https:\/\/api.w.org\/{rel}","templated":true}]}}